{"id":5961,"date":"2017-09-28T17:37:46","date_gmt":"2017-09-28T21:37:46","guid":{"rendered":"https:\/\/emeucom.mywhc.ca\/2017\/09\/28\/le-jeudi-12-mars-2015-a-1918-bernard-pelletier-dit-jai-73-ans-dapres-un-chiro-jaurais-4-disques-faible-au-bas-du-dos-et-ca-cause-des-douleurs-surtout-au-niveau-des-disque-ou-de-nerf\/"},"modified":"2017-12-08T08:41:51","modified_gmt":"2017-12-08T13:41:51","slug":"le-jeudi-12-mars-2015-a-1918-bernard-pelletier-dit-jai-73-ans-dapres-un-chiro-jaurais-4-disques-faible-au-bas-du-dos-et-ca-cause-des-douleurs-surtout-au-niveau-des-disque-ou-de-nerf","status":"publish","type":"ufaq","link":"https:\/\/emeucharlevoix.com\/en\/ufaqs\/le-jeudi-12-mars-2015-a-1918-bernard-pelletier-dit-jai-73-ans-dapres-un-chiro-jaurais-4-disques-faible-au-bas-du-dos-et-ca-cause-des-douleurs-surtout-au-niveau-des-disque-ou-de-nerf\/","title":{"rendered":"Le jeudi 12 mars 2015 \u00e0 19:18\u00a0Bernard P. dit: J&#8217;ai 73 ans D&#8217;apr\u00e8s un chiro j&#8217;aurais 4 disques faible au bas du dos et ca cause des douleurs surtout au niveau des disque ou de nerf? les anti-inflammatoire comme la griffe du diable est tr\u00e8s bien mais cause probl\u00e8mes secondaire .. pr\u00e9sentement les douleurs son intermittent je fais des exercices d&#8217;\u00e9tirement qui fait du bien mais les douleurs reviennes parfois tous va bien sans douleur autre je n&#8217;ai pas de douleur musculaire a cette endroit Je ne vous ai jamais contact\u00e9 mais je serais int\u00e9ress\u00e9 a aller vous voir."},"content":{"rendered":"<style>.ewd-ufaq-faq-title .ewd-ufaq-post-margin-symbol span { font-size: 12px !important; }div.ewd-ufaq-faq-title h5 { font-size: 9 !important; }div.ewd-ufaq-faq-post p { font-size: 7 !important; }div.ewd-ufaq-faq-post p { color: #007680 !important; }div.ewd-ufaq-author-date { font-size: 7 !important; }div.ewd-ufaq-author-date { color: #007680 !important; }div.ewd-ufaq-faq-categories, div.ewd-ufaq-faq-tags { font-size: 7 !important; }.ufaq-faq-title h5 {\r\nfont-weight:normal;\r\nmargin:10px!important;\r\n}\r\n\r\n.ufaq-faq-body .submit {\r\ncolor:#fff;\r\n}\r\n\r\n.ufaq-faq-display-style-Minimalist {\r\nborder-bottom:1px solid #007680;\r\n}\r\n\r\n.ewd-otp-field-label {\r\nwidth:auto!important;\r\ndisplay:none;\r\n}<\/style><div  class=\"ewd-ufaq-faq-list ewd-ufaq-page-type-load_more ewd-ufaq-category-tabs-\" id='ewd-ufaq-faq-list'>\n\n\t<input type='hidden' name='show_on_load' value='' id='ewd-ufaq-show-on-load' \/>\n<input type='hidden' name='include_category' value='' id='ewd-ufaq-include-category' \/>\n<input type='hidden' name='exclude_category' value='' id='ewd-ufaq-exclude-category' \/>\n<input type='hidden' name='orderby' value='date' id='ewd-ufaq-orderby' \/>\n<input type='hidden' name='order' value='desc' id='ewd-ufaq-order' \/>\n<input type='hidden' name='post_count' value='-1' id='ewd-ufaq-post-count' \/>\n<input type='hidden' name='current_url' value='\/en\/wp-json\/wp\/v2\/ufaq\/5961' id='ewd-ufaq-current-url' \/>\n\t\n\t\n\t<div class='ewd-ufaq-faqs'>\n\n\t\t<div  class=\"ewd-ufaq-faq-div ewd-ufaq-faq-column-count-one ewd-ufaq-faq-responsive-columns- ewd-ufaq-faq-display-style-one ewd-ufaq-can-be-toggled\" id='ewd-ufaq-post-5961-WZlcKxNQDZ' data-post_id='5961'>\n\n\t\t\n\t<div class='ewd-ufaq-faq-title ewd-ufaq-faq-toggle'>\n\t\n\t<a class='ewd-ufaq-post-margin'  href='#' role=\"button\">\n\n\t\t<div class='ewd-ufaq-post-margin-symbol ewd-ufaq-square'>\n\t\t\t<span >B<\/span>\n\t\t<\/div>\n\n\t\t<div class='ewd-ufaq-faq-title-text'>\n\n\t\t\t<h5>\n\t\t\t\tLe jeudi 12 mars 2015 \u00e0 19:18\u00a0Bernard P. dit: J&#8217;ai 73 ans D&#8217;apr\u00e8s un chiro j&#8217;aurais 4 disques faible au bas du dos et ca cause des douleurs surtout au niveau des disque ou de nerf? les anti-inflammatoire comme la griffe du diable est tr\u00e8s bien mais cause probl\u00e8mes secondaire .. pr\u00e9sentement les douleurs son intermittent je fais des exercices d&#8217;\u00e9tirement qui fait du bien mais les douleurs reviennes parfois tous va bien sans douleur autre je n&#8217;ai pas de douleur musculaire a cette endroit Je ne vous ai jamais contact\u00e9 mais je serais int\u00e9ress\u00e9 a aller vous voir.\t\t\t<\/h5>\n\n\t\t<\/div>\n\n\t\t<div class='ewd-ufaq-clear'><\/div>\n\n\t<\/a>\n\t\n<\/div>\n\t\n\t<div class='ewd-ufaq-faq-body' >\n\n\t\t\n\t\t\t\n\t\t\n\t\t\t<div class='ewd-ufaq-post-margin ewd-ufaq-faq-post'>\n\t<p>Le vendredi 13 mars 2015 \u00e0 10:37\u00a0Emeu Charlevoix\u00a0dit: Bonjour M. Pelletier, il nous ferait plaisir de vous recevoir afin de vous conseiller. \u00cates-vous actuellement \u00e0 Qu\u00e9bec? Si c&#8217;est le cas, vous pouvez venir nous visiter \u00e0 l&#8217;une de nos deux boutiques. L&#8217;une \u00e9tant situ\u00e9e au March\u00e9 du Vieux-Port de Qu\u00e9bec et l&#8217;autre \u00e0 Beauport. Si vous \u00eates dans la r\u00e9gion de Charlevoix, il est toujours possible de prendre rendez-vous pour qu&#8217;une de nos conseill\u00e8re puisse vous servir. Nous pouvons vous aider \u00e0 soulager vos douleurs \u00e0 l&#8217;aide de l&#8217;Huile d&#8217;\u00e9meu 100% pure et de la Cr\u00e8me pour Friction. Vous pouvez toujours nous contacter par t\u00e9l\u00e9phone au 418-667-5443. Merci beaucoup et bonne journ\u00e9e.<\/p>\n<\/div>\n\t\t\n\t\t\t<div class='ewd-ufaq-faq-custom-fields'>\n\n\t\n<\/div>\n\t\t\n\t\t\t\n\t\t\n\t\t\t\n\t\t\n\t\t\t\n\t\t\n\t\t\t\n\t\t\n\t\t\t\n\t\t\n\t\t\t\n\t\t\n\t\t\t\n\t\t\n\t<\/div>\n\n<\/div>\n\t<\/div>\n\n\t\n<\/div>","protected":false},"excerpt":{"rendered":"<p>B Le jeudi 12 mars 2015 \u00e0 19:18\u00a0Bernard P. dit: J&#8217;ai 73 ans D&#8217;apr\u00e8s un chiro j&#8217;aurais 4 disques faible au bas du dos et ca cause des douleurs surtout au niveau des disque ou de nerf? les anti-inflammatoire comme la griffe du diable est tr\u00e8s bien mais cause probl\u00e8mes secondaire .. pr\u00e9sentement les douleurs [&#8230;]\n","protected":false},"author":1,"featured_media":0,"comment_status":"closed","ping_status":"closed","template":"","ufaq-category":[372],"ufaq-tag":[],"class_list":["post-5961","ufaq","type-ufaq","status-publish","hentry","ufaq-category-douleur"],"yoast_head":"<!-- This site is optimized with the Yoast SEO plugin v27.1.1 - https:\/\/yoast.com\/product\/yoast-seo-wordpress\/ -->\n<title>Le jeudi 12 mars 2015 \u00e0 19:18\u00a0Bernard P. dit: J&#039;ai 73 ans D&#039;apr\u00e8s un chiro j&#039;aurais 4 disques faible au bas du dos et ca cause des douleurs surtout au niveau des disque ou de nerf? les anti-inflammatoire comme la griffe du diable est tr\u00e8s bien mais cause probl\u00e8mes secondaire .. pr\u00e9sentement les douleurs son intermittent je fais des exercices d&#039;\u00e9tirement qui fait du bien mais les douleurs reviennes parfois tous va bien sans douleur autre je n&#039;ai pas de douleur musculaire a cette endroit Je ne vous ai jamais contact\u00e9 mais je serais int\u00e9ress\u00e9 a aller vous voir. - Emeu Charlevoix<\/title>\n<meta name=\"robots\" content=\"index, follow, max-snippet:-1, max-image-preview:large, max-video-preview:-1\" \/>\n<link rel=\"canonical\" href=\"https:\/\/emeucharlevoix.com\/en\/ufaqs\/le-jeudi-12-mars-2015-a-1918-bernard-pelletier-dit-jai-73-ans-dapres-un-chiro-jaurais-4-disques-faible-au-bas-du-dos-et-ca-cause-des-douleurs-surtout-au-niveau-des-disque-ou-de-nerf\/\" \/>\n<meta property=\"og:locale\" content=\"en_US\" \/>\n<meta property=\"og:type\" content=\"article\" \/>\n<meta property=\"og:title\" content=\"Le jeudi 12 mars 2015 \u00e0 19:18\u00a0Bernard P. dit: J&#039;ai 73 ans D&#039;apr\u00e8s un chiro j&#039;aurais 4 disques faible au bas du dos et ca cause des douleurs surtout au niveau des disque ou de nerf? les anti-inflammatoire comme la griffe du diable est tr\u00e8s bien mais cause probl\u00e8mes secondaire .. pr\u00e9sentement les douleurs son intermittent je fais des exercices d&#039;\u00e9tirement qui fait du bien mais les douleurs reviennes parfois tous va bien sans douleur autre je n&#039;ai pas de douleur musculaire a cette endroit Je ne vous ai jamais contact\u00e9 mais je serais int\u00e9ress\u00e9 a aller vous voir. - Emeu Charlevoix\" \/>\n<meta property=\"og:description\" content=\"B Le jeudi 12 mars 2015 \u00e0 19:18\u00a0Bernard P. dit: J&#8217;ai 73 ans D&#8217;apr\u00e8s un chiro j&#8217;aurais 4 disques faible au bas du dos et ca cause des douleurs surtout au niveau des disque ou de nerf? les anti-inflammatoire comme la griffe du diable est tr\u00e8s bien mais cause probl\u00e8mes secondaire .. pr\u00e9sentement les douleurs [...]\" \/>\n<meta property=\"og:url\" content=\"https:\/\/emeucharlevoix.com\/en\/ufaqs\/le-jeudi-12-mars-2015-a-1918-bernard-pelletier-dit-jai-73-ans-dapres-un-chiro-jaurais-4-disques-faible-au-bas-du-dos-et-ca-cause-des-douleurs-surtout-au-niveau-des-disque-ou-de-nerf\/\" \/>\n<meta property=\"og:site_name\" content=\"Emeu Charlevoix\" \/>\n<meta property=\"article:publisher\" content=\"https:\/\/www.facebook.com\/Emeucharlevoix\" \/>\n<meta property=\"article:modified_time\" content=\"2017-12-08T13:41:51+00:00\" \/>\n<meta name=\"twitter:card\" content=\"summary_large_image\" \/>\n<meta name=\"twitter:site\" content=\"@emeucharlevoix\" \/>\n<meta name=\"twitter:label1\" content=\"Est. reading time\" \/>\n\t<meta name=\"twitter:data1\" content=\"1 minute\" \/>\n<script type=\"application\/ld+json\" class=\"yoast-schema-graph\">{\"@context\":\"https:\/\/schema.org\",\"@graph\":[{\"@type\":[\"WebPage\",\"FAQPage\"],\"@id\":\"https:\/\/emeucharlevoix.com\/en\/ufaqs\/le-jeudi-12-mars-2015-a-1918-bernard-pelletier-dit-jai-73-ans-dapres-un-chiro-jaurais-4-disques-faible-au-bas-du-dos-et-ca-cause-des-douleurs-surtout-au-niveau-des-disque-ou-de-nerf\/\",\"url\":\"https:\/\/emeucharlevoix.com\/en\/ufaqs\/le-jeudi-12-mars-2015-a-1918-bernard-pelletier-dit-jai-73-ans-dapres-un-chiro-jaurais-4-disques-faible-au-bas-du-dos-et-ca-cause-des-douleurs-surtout-au-niveau-des-disque-ou-de-nerf\/\",\"name\":\"Le jeudi 12 mars 2015 \u00e0 19:18\u00a0Bernard P. dit: J'ai 73 ans D'apr\u00e8s un chiro j'aurais 4 disques faible au bas du dos et ca cause des douleurs surtout au niveau des disque ou de nerf? les anti-inflammatoire comme la griffe du diable est tr\u00e8s bien mais cause probl\u00e8mes secondaire .. pr\u00e9sentement les douleurs son intermittent je fais des exercices d'\u00e9tirement qui fait du bien mais les douleurs reviennes parfois tous va bien sans douleur autre je n'ai pas de douleur musculaire a cette endroit Je ne vous ai jamais contact\u00e9 mais je serais int\u00e9ress\u00e9 a aller vous voir. - Emeu Charlevoix\",\"isPartOf\":{\"@id\":\"https:\/\/emeucharlevoix.com\/en\/#website\"},\"datePublished\":\"2017-09-28T21:37:46+00:00\",\"dateModified\":\"2017-12-08T13:41:51+00:00\",\"breadcrumb\":{\"@id\":\"https:\/\/emeucharlevoix.com\/en\/ufaqs\/le-jeudi-12-mars-2015-a-1918-bernard-pelletier-dit-jai-73-ans-dapres-un-chiro-jaurais-4-disques-faible-au-bas-du-dos-et-ca-cause-des-douleurs-surtout-au-niveau-des-disque-ou-de-nerf\/#breadcrumb\"},\"inLanguage\":\"en-CA\",\"potentialAction\":[{\"@type\":\"ReadAction\",\"target\":[\"https:\/\/emeucharlevoix.com\/en\/ufaqs\/le-jeudi-12-mars-2015-a-1918-bernard-pelletier-dit-jai-73-ans-dapres-un-chiro-jaurais-4-disques-faible-au-bas-du-dos-et-ca-cause-des-douleurs-surtout-au-niveau-des-disque-ou-de-nerf\/\"]}]},{\"@type\":\"BreadcrumbList\",\"@id\":\"https:\/\/emeucharlevoix.com\/en\/ufaqs\/le-jeudi-12-mars-2015-a-1918-bernard-pelletier-dit-jai-73-ans-dapres-un-chiro-jaurais-4-disques-faible-au-bas-du-dos-et-ca-cause-des-douleurs-surtout-au-niveau-des-disque-ou-de-nerf\/#breadcrumb\",\"itemListElement\":[{\"@type\":\"ListItem\",\"position\":1,\"name\":\"FAQs\",\"item\":\"https:\/\/emeucharlevoix.com\/en\/ufaqs\/\"},{\"@type\":\"ListItem\",\"position\":2,\"name\":\"Le jeudi 12 mars 2015 \u00e0 19:18\u00a0Bernard P. dit: J&#8217;ai 73 ans D&#8217;apr\u00e8s un chiro j&#8217;aurais 4 disques faible au bas du dos et ca cause des douleurs surtout au niveau des disque ou de nerf? les anti-inflammatoire comme la griffe du diable est tr\u00e8s bien mais cause probl\u00e8mes secondaire .. pr\u00e9sentement les douleurs son intermittent je fais des exercices d&#8217;\u00e9tirement qui fait du bien mais les douleurs reviennes parfois tous va bien sans douleur autre je n&#8217;ai pas de douleur musculaire a cette endroit Je ne vous ai jamais contact\u00e9 mais je serais int\u00e9ress\u00e9 a aller vous voir.\"}]},{\"@type\":\"WebSite\",\"@id\":\"https:\/\/emeucharlevoix.com\/en\/#website\",\"url\":\"https:\/\/emeucharlevoix.com\/en\/\",\"name\":\"Emeu Charlevoix\",\"description\":\"Nature&#039;s gift to your skin\",\"publisher\":{\"@id\":\"https:\/\/emeucharlevoix.com\/en\/#organization\"},\"potentialAction\":[{\"@type\":\"SearchAction\",\"target\":{\"@type\":\"EntryPoint\",\"urlTemplate\":\"https:\/\/emeucharlevoix.com\/en\/?s={search_term_string}\"},\"query-input\":{\"@type\":\"PropertyValueSpecification\",\"valueRequired\":true,\"valueName\":\"search_term_string\"}}],\"inLanguage\":\"en-CA\"},{\"@type\":\"Organization\",\"@id\":\"https:\/\/emeucharlevoix.com\/en\/#organization\",\"name\":\"Emeu Charlevoix\",\"url\":\"https:\/\/emeucharlevoix.com\/en\/\",\"logo\":{\"@type\":\"ImageObject\",\"inLanguage\":\"en-CA\",\"@id\":\"https:\/\/emeucharlevoix.com\/en\/#\/schema\/logo\/image\/\",\"url\":\"https:\/\/emeucharlevoix.com\/wp-content\/uploads\/2017\/07\/emeu-charlevoix-top.png\",\"contentUrl\":\"https:\/\/emeucharlevoix.com\/wp-content\/uploads\/2017\/07\/emeu-charlevoix-top.png\",\"width\":288,\"height\":229,\"caption\":\"Emeu Charlevoix\"},\"image\":{\"@id\":\"https:\/\/emeucharlevoix.com\/en\/#\/schema\/logo\/image\/\"},\"sameAs\":[\"https:\/\/www.facebook.com\/Emeucharlevoix\",\"https:\/\/x.com\/emeucharlevoix\",\"https:\/\/www.youtube.com\/channel\/UCsaMSpbpc9n05S0brEVo7jg\"]}]}<\/script>\n<!-- \/ Yoast SEO plugin. -->","yoast_head_json":{"title":"Le jeudi 12 mars 2015 \u00e0 19:18\u00a0Bernard P. dit: J'ai 73 ans D'apr\u00e8s un chiro j'aurais 4 disques faible au bas du dos et ca cause des douleurs surtout au niveau des disque ou de nerf? les anti-inflammatoire comme la griffe du diable est tr\u00e8s bien mais cause probl\u00e8mes secondaire .. pr\u00e9sentement les douleurs son intermittent je fais des exercices d'\u00e9tirement qui fait du bien mais les douleurs reviennes parfois tous va bien sans douleur autre je n'ai pas de douleur musculaire a cette endroit Je ne vous ai jamais contact\u00e9 mais je serais int\u00e9ress\u00e9 a aller vous voir. - Emeu Charlevoix","robots":{"index":"index","follow":"follow","max-snippet":"max-snippet:-1","max-image-preview":"max-image-preview:large","max-video-preview":"max-video-preview:-1"},"canonical":"https:\/\/emeucharlevoix.com\/en\/ufaqs\/le-jeudi-12-mars-2015-a-1918-bernard-pelletier-dit-jai-73-ans-dapres-un-chiro-jaurais-4-disques-faible-au-bas-du-dos-et-ca-cause-des-douleurs-surtout-au-niveau-des-disque-ou-de-nerf\/","og_locale":"en_US","og_type":"article","og_title":"Le jeudi 12 mars 2015 \u00e0 19:18\u00a0Bernard P. dit: J'ai 73 ans D'apr\u00e8s un chiro j'aurais 4 disques faible au bas du dos et ca cause des douleurs surtout au niveau des disque ou de nerf? les anti-inflammatoire comme la griffe du diable est tr\u00e8s bien mais cause probl\u00e8mes secondaire .. pr\u00e9sentement les douleurs son intermittent je fais des exercices d'\u00e9tirement qui fait du bien mais les douleurs reviennes parfois tous va bien sans douleur autre je n'ai pas de douleur musculaire a cette endroit Je ne vous ai jamais contact\u00e9 mais je serais int\u00e9ress\u00e9 a aller vous voir. - Emeu Charlevoix","og_description":"B Le jeudi 12 mars 2015 \u00e0 19:18\u00a0Bernard P. dit: J&#8217;ai 73 ans D&#8217;apr\u00e8s un chiro j&#8217;aurais 4 disques faible au bas du dos et ca cause des douleurs surtout au niveau des disque ou de nerf? les anti-inflammatoire comme la griffe du diable est tr\u00e8s bien mais cause probl\u00e8mes secondaire .. pr\u00e9sentement les douleurs [...]","og_url":"https:\/\/emeucharlevoix.com\/en\/ufaqs\/le-jeudi-12-mars-2015-a-1918-bernard-pelletier-dit-jai-73-ans-dapres-un-chiro-jaurais-4-disques-faible-au-bas-du-dos-et-ca-cause-des-douleurs-surtout-au-niveau-des-disque-ou-de-nerf\/","og_site_name":"Emeu Charlevoix","article_publisher":"https:\/\/www.facebook.com\/Emeucharlevoix","article_modified_time":"2017-12-08T13:41:51+00:00","twitter_card":"summary_large_image","twitter_site":"@emeucharlevoix","twitter_misc":{"Est. reading time":"1 minute"},"schema":{"@context":"https:\/\/schema.org","@graph":[{"@type":["WebPage","FAQPage"],"@id":"https:\/\/emeucharlevoix.com\/en\/ufaqs\/le-jeudi-12-mars-2015-a-1918-bernard-pelletier-dit-jai-73-ans-dapres-un-chiro-jaurais-4-disques-faible-au-bas-du-dos-et-ca-cause-des-douleurs-surtout-au-niveau-des-disque-ou-de-nerf\/","url":"https:\/\/emeucharlevoix.com\/en\/ufaqs\/le-jeudi-12-mars-2015-a-1918-bernard-pelletier-dit-jai-73-ans-dapres-un-chiro-jaurais-4-disques-faible-au-bas-du-dos-et-ca-cause-des-douleurs-surtout-au-niveau-des-disque-ou-de-nerf\/","name":"Le jeudi 12 mars 2015 \u00e0 19:18\u00a0Bernard P. dit: J'ai 73 ans D'apr\u00e8s un chiro j'aurais 4 disques faible au bas du dos et ca cause des douleurs surtout au niveau des disque ou de nerf? les anti-inflammatoire comme la griffe du diable est tr\u00e8s bien mais cause probl\u00e8mes secondaire .. pr\u00e9sentement les douleurs son intermittent je fais des exercices d'\u00e9tirement qui fait du bien mais les douleurs reviennes parfois tous va bien sans douleur autre je n'ai pas de douleur musculaire a cette endroit Je ne vous ai jamais contact\u00e9 mais je serais int\u00e9ress\u00e9 a aller vous voir. - Emeu Charlevoix","isPartOf":{"@id":"https:\/\/emeucharlevoix.com\/en\/#website"},"datePublished":"2017-09-28T21:37:46+00:00","dateModified":"2017-12-08T13:41:51+00:00","breadcrumb":{"@id":"https:\/\/emeucharlevoix.com\/en\/ufaqs\/le-jeudi-12-mars-2015-a-1918-bernard-pelletier-dit-jai-73-ans-dapres-un-chiro-jaurais-4-disques-faible-au-bas-du-dos-et-ca-cause-des-douleurs-surtout-au-niveau-des-disque-ou-de-nerf\/#breadcrumb"},"inLanguage":"en-CA","potentialAction":[{"@type":"ReadAction","target":["https:\/\/emeucharlevoix.com\/en\/ufaqs\/le-jeudi-12-mars-2015-a-1918-bernard-pelletier-dit-jai-73-ans-dapres-un-chiro-jaurais-4-disques-faible-au-bas-du-dos-et-ca-cause-des-douleurs-surtout-au-niveau-des-disque-ou-de-nerf\/"]}]},{"@type":"BreadcrumbList","@id":"https:\/\/emeucharlevoix.com\/en\/ufaqs\/le-jeudi-12-mars-2015-a-1918-bernard-pelletier-dit-jai-73-ans-dapres-un-chiro-jaurais-4-disques-faible-au-bas-du-dos-et-ca-cause-des-douleurs-surtout-au-niveau-des-disque-ou-de-nerf\/#breadcrumb","itemListElement":[{"@type":"ListItem","position":1,"name":"FAQs","item":"https:\/\/emeucharlevoix.com\/en\/ufaqs\/"},{"@type":"ListItem","position":2,"name":"Le jeudi 12 mars 2015 \u00e0 19:18\u00a0Bernard P. dit: J&#8217;ai 73 ans D&#8217;apr\u00e8s un chiro j&#8217;aurais 4 disques faible au bas du dos et ca cause des douleurs surtout au niveau des disque ou de nerf? les anti-inflammatoire comme la griffe du diable est tr\u00e8s bien mais cause probl\u00e8mes secondaire .. pr\u00e9sentement les douleurs son intermittent je fais des exercices d&#8217;\u00e9tirement qui fait du bien mais les douleurs reviennes parfois tous va bien sans douleur autre je n&#8217;ai pas de douleur musculaire a cette endroit Je ne vous ai jamais contact\u00e9 mais je serais int\u00e9ress\u00e9 a aller vous voir."}]},{"@type":"WebSite","@id":"https:\/\/emeucharlevoix.com\/en\/#website","url":"https:\/\/emeucharlevoix.com\/en\/","name":"Emeu Charlevoix","description":"Nature&#039;s gift to your skin","publisher":{"@id":"https:\/\/emeucharlevoix.com\/en\/#organization"},"potentialAction":[{"@type":"SearchAction","target":{"@type":"EntryPoint","urlTemplate":"https:\/\/emeucharlevoix.com\/en\/?s={search_term_string}"},"query-input":{"@type":"PropertyValueSpecification","valueRequired":true,"valueName":"search_term_string"}}],"inLanguage":"en-CA"},{"@type":"Organization","@id":"https:\/\/emeucharlevoix.com\/en\/#organization","name":"Emeu Charlevoix","url":"https:\/\/emeucharlevoix.com\/en\/","logo":{"@type":"ImageObject","inLanguage":"en-CA","@id":"https:\/\/emeucharlevoix.com\/en\/#\/schema\/logo\/image\/","url":"https:\/\/emeucharlevoix.com\/wp-content\/uploads\/2017\/07\/emeu-charlevoix-top.png","contentUrl":"https:\/\/emeucharlevoix.com\/wp-content\/uploads\/2017\/07\/emeu-charlevoix-top.png","width":288,"height":229,"caption":"Emeu Charlevoix"},"image":{"@id":"https:\/\/emeucharlevoix.com\/en\/#\/schema\/logo\/image\/"},"sameAs":["https:\/\/www.facebook.com\/Emeucharlevoix","https:\/\/x.com\/emeucharlevoix","https:\/\/www.youtube.com\/channel\/UCsaMSpbpc9n05S0brEVo7jg"]}]}},"_links":{"self":[{"href":"https:\/\/emeucharlevoix.com\/en\/wp-json\/wp\/v2\/ufaq\/5961","targetHints":{"allow":["GET"]}}],"collection":[{"href":"https:\/\/emeucharlevoix.com\/en\/wp-json\/wp\/v2\/ufaq"}],"about":[{"href":"https:\/\/emeucharlevoix.com\/en\/wp-json\/wp\/v2\/types\/ufaq"}],"author":[{"embeddable":true,"href":"https:\/\/emeucharlevoix.com\/en\/wp-json\/wp\/v2\/users\/1"}],"replies":[{"embeddable":true,"href":"https:\/\/emeucharlevoix.com\/en\/wp-json\/wp\/v2\/comments?post=5961"}],"wp:attachment":[{"href":"https:\/\/emeucharlevoix.com\/en\/wp-json\/wp\/v2\/media?parent=5961"}],"wp:term":[{"taxonomy":"ufaq-category","embeddable":true,"href":"https:\/\/emeucharlevoix.com\/en\/wp-json\/wp\/v2\/ufaq-category?post=5961"},{"taxonomy":"ufaq-tag","embeddable":true,"href":"https:\/\/emeucharlevoix.com\/en\/wp-json\/wp\/v2\/ufaq-tag?post=5961"}],"curies":[{"name":"wp","href":"https:\/\/api.w.org\/{rel}","templated":true}]}}