{"id":6535,"date":"2017-09-28T17:37:48","date_gmt":"2017-09-28T21:37:48","guid":{"rendered":"https:\/\/emeucom.mywhc.ca\/ufaqs\/le-mardi-5-janvier-2016-a-2312-marielle-boyle-dit-mon-petit-fils-1-an-5mois-depuis-qu-il-est-bebe-rougeur-sur-le-corp-comme-ecxema-je-veux-savoir-huile-emeu-peu-faire-partir-ou-pas-je-suis\/"},"modified":"2017-12-08T08:39:16","modified_gmt":"2017-12-08T13:39:16","slug":"le-mardi-5-janvier-2016-a-2312-marielle-boyle-dit-mon-petit-fils-1-an-5mois-depuis-qu-il-est-bebe-rougeur-sur-le-corp-comme-ecxema-je-veux-savoir-huile-emeu-peu-faire-partir-ou-pas-je-suis","status":"publish","type":"ufaq","link":"https:\/\/emeucharlevoix.com\/en\/ufaqs\/le-mardi-5-janvier-2016-a-2312-marielle-boyle-dit-mon-petit-fils-1-an-5mois-depuis-qu-il-est-bebe-rougeur-sur-le-corp-comme-ecxema-je-veux-savoir-huile-emeu-peu-faire-partir-ou-pas-je-suis\/","title":{"rendered":"Le mardi 5 janvier 2016 \u00e0 23:12\u00a0Marielle B. dit: MOn petit fils 1 AN 5MOIS DEPUIS QU IL EST BEBE ROUGEUR SUR LE CORP COMME ECXEMA JE VEUX SAVOIR hUILE EMEU PEU FAIRE PARTIR OU PAS JE SUIS PEINER DE LE VOIR COMME ATEND REPONSE MERCI A L AVANCE BYE"},"content":{"rendered":"<style>.ewd-ufaq-faq-title .ewd-ufaq-post-margin-symbol span { font-size: 12px !important; }div.ewd-ufaq-faq-title h5 { font-size: 9 !important; }div.ewd-ufaq-faq-post p { font-size: 7 !important; }div.ewd-ufaq-faq-post p { color: #007680 !important; }div.ewd-ufaq-author-date { font-size: 7 !important; }div.ewd-ufaq-author-date { color: #007680 !important; }div.ewd-ufaq-faq-categories, div.ewd-ufaq-faq-tags { font-size: 7 !important; }.ufaq-faq-title h5 {\r\nfont-weight:normal;\r\nmargin:10px!important;\r\n}\r\n\r\n.ufaq-faq-body .submit {\r\ncolor:#fff;\r\n}\r\n\r\n.ufaq-faq-display-style-Minimalist {\r\nborder-bottom:1px solid #007680;\r\n}\r\n\r\n.ewd-otp-field-label {\r\nwidth:auto!important;\r\ndisplay:none;\r\n}<\/style><div  class=\"ewd-ufaq-faq-list ewd-ufaq-page-type-load_more ewd-ufaq-category-tabs-\" id='ewd-ufaq-faq-list'>\n\n\t<input type='hidden' name='show_on_load' value='' id='ewd-ufaq-show-on-load' \/>\n<input type='hidden' name='include_category' value='' id='ewd-ufaq-include-category' \/>\n<input type='hidden' name='exclude_category' value='' id='ewd-ufaq-exclude-category' \/>\n<input type='hidden' name='orderby' value='date' id='ewd-ufaq-orderby' \/>\n<input type='hidden' name='order' value='desc' id='ewd-ufaq-order' \/>\n<input type='hidden' name='post_count' value='-1' id='ewd-ufaq-post-count' \/>\n<input type='hidden' name='current_url' value='\/en\/wp-json\/wp\/v2\/ufaq\/6535' id='ewd-ufaq-current-url' \/>\n\t\n\t\n\t<div class='ewd-ufaq-faqs'>\n\n\t\t<div  class=\"ewd-ufaq-faq-div ewd-ufaq-faq-column-count-one ewd-ufaq-faq-responsive-columns- ewd-ufaq-faq-display-style-one ewd-ufaq-can-be-toggled\" id='ewd-ufaq-post-6535-eEiX8deBOO' data-post_id='6535'>\n\n\t\t\n\t<div class='ewd-ufaq-faq-title ewd-ufaq-faq-toggle'>\n\t\n\t<a class='ewd-ufaq-post-margin'  href='#' role=\"button\">\n\n\t\t<div class='ewd-ufaq-post-margin-symbol ewd-ufaq-square'>\n\t\t\t<span >B<\/span>\n\t\t<\/div>\n\n\t\t<div class='ewd-ufaq-faq-title-text'>\n\n\t\t\t<h5>\n\t\t\t\tLe mardi 5 janvier 2016 \u00e0 23:12\u00a0Marielle B. dit: MOn petit fils 1 AN 5MOIS DEPUIS QU IL EST BEBE ROUGEUR SUR LE CORP COMME ECXEMA JE VEUX SAVOIR hUILE EMEU PEU FAIRE PARTIR OU PAS JE SUIS PEINER DE LE VOIR COMME ATEND REPONSE MERCI A L AVANCE BYE\t\t\t<\/h5>\n\n\t\t<\/div>\n\n\t\t<div class='ewd-ufaq-clear'><\/div>\n\n\t<\/a>\n\t\n<\/div>\n\t\n\t<div class='ewd-ufaq-faq-body' >\n\n\t\t\n\t\t\t\n\t\t\n\t\t\t<div class='ewd-ufaq-post-margin ewd-ufaq-faq-post'>\n\t<p>Le mercredi 6 janvier 2016 \u00e0 12:29\u00a0Emeu Charlevoix\u00a0dit: Bonjour, l&#8217;efficacit\u00e9 \u00e9tonnante de l&#8217;huile d&#8217;\u00e9meu pure aide \u00e0 r\u00e9duire les sympt\u00f4mes associ\u00e9s \u00e0 l&#8217;ecz\u00e9ma autant pour les adultes, les enfants et les b\u00e9b\u00e9s, donc vous pouvez en appliquer sur votre petit fils de 1 an et 5 mois. L&#8217;huile aide \u00e0 r\u00e9duire l&#8217;inflammation et \u00e0 att\u00e9nuer l&#8217;inconfort engendr\u00e9 par l&#8217;ecz\u00e9ma, car c&#8217;est une huile s\u00e8che qui p\u00e9n\u00e8tre en profondeur dans la peau. Hydratant exceptionnel, l&#8217;huile d&#8217;\u00e9meu est un produit 100% naturel qui r\u00e9g\u00e9n\u00e8re la peau. Elle est hypoallerg\u00e9nique et pourra aider \u00e0 att\u00e9nuer les rougeurs. De plus, je vous conseille \u00e9galement le pain de savon \u00e0 l&#8217;huile d&#8217;\u00e9meu et lait de ch\u00e8vre pure douceur (tout \u00e0 fait naturel, inodore et enrichi de Vitamine E). Il mousse bien sans laisser de r\u00e9sidus sur la peau, il hydrate bien la peau et surtout ne donne pas de d\u00e9mangeaisons. C&#8217;est le pain de savon recommand\u00e9 pour les b\u00e9b\u00e9s naissants et pour les personnes intol\u00e9rantes au parfum ou pr\u00e9sentant une peau tr\u00e8s sensible. Il est excellent pour aider dans le cas d&#8217;ecz\u00e9ma, en compl\u00e9ment avec l&#8217;huile d&#8217;\u00e9meu pure. Cette huile est plus aidante lorsqu&#8217;elle est appliqu\u00e9e en petite quantit\u00e9 et ce, sur une base quotidienne ( 2 \u00e0 3 fois\/ jour). Si vous avez d&#8217;autres questions, n&#8217;h\u00e9sitez pas. Merci et bonne journ\u00e9e ! Si vous avez d&#8217;autres questions, je reste disponible pour vous alors n\u2019h\u00e9sitez pas.<\/p>\n<\/div>\n\t\t\n\t\t\t<div class='ewd-ufaq-faq-custom-fields'>\n\n\t\n<\/div>\n\t\t\n\t\t\t\n\t\t\n\t\t\t\n\t\t\n\t\t\t\n\t\t\n\t\t\t\n\t\t\n\t\t\t\n\t\t\n\t\t\t\n\t\t\n\t\t\t\n\t\t\n\t<\/div>\n\n<\/div>\n\t<\/div>\n\n\t\n<\/div>","protected":false},"excerpt":{"rendered":"<p>B Le mardi 5 janvier 2016 \u00e0 23:12\u00a0Marielle B. dit: MOn petit fils 1 AN 5MOIS DEPUIS QU IL EST BEBE ROUGEUR SUR LE CORP COMME ECXEMA JE VEUX SAVOIR hUILE EMEU PEU FAIRE PARTIR OU PAS JE SUIS PEINER DE LE VOIR COMME ATEND REPONSE MERCI A L AVANCE BYE Le mercredi 6 janvier [&#8230;]\n","protected":false},"author":1,"featured_media":0,"comment_status":"closed","ping_status":"closed","template":"","ufaq-category":[548],"ufaq-tag":[],"class_list":["post-6535","ufaq","type-ufaq","status-publish","hentry","ufaq-category-itching"],"yoast_head":"<!-- This site is optimized with the Yoast SEO plugin v27.1.1 - https:\/\/yoast.com\/product\/yoast-seo-wordpress\/ -->\n<title>Le mardi 5 janvier 2016 \u00e0 23:12\u00a0Marielle B. dit: MOn petit fils 1 AN 5MOIS DEPUIS QU IL EST BEBE ROUGEUR SUR LE CORP COMME ECXEMA JE VEUX SAVOIR hUILE EMEU PEU FAIRE PARTIR OU PAS JE SUIS PEINER DE LE VOIR COMME ATEND REPONSE MERCI A L AVANCE BYE - Emeu Charlevoix<\/title>\n<meta name=\"robots\" content=\"index, follow, max-snippet:-1, max-image-preview:large, max-video-preview:-1\" \/>\n<link rel=\"canonical\" href=\"https:\/\/emeucharlevoix.com\/en\/ufaqs\/le-mardi-5-janvier-2016-a-2312-marielle-boyle-dit-mon-petit-fils-1-an-5mois-depuis-qu-il-est-bebe-rougeur-sur-le-corp-comme-ecxema-je-veux-savoir-huile-emeu-peu-faire-partir-ou-pas-je-suis\/\" \/>\n<meta property=\"og:locale\" content=\"en_US\" \/>\n<meta property=\"og:type\" content=\"article\" \/>\n<meta property=\"og:title\" content=\"Le mardi 5 janvier 2016 \u00e0 23:12\u00a0Marielle B. dit: MOn petit fils 1 AN 5MOIS DEPUIS QU IL EST BEBE ROUGEUR SUR LE CORP COMME ECXEMA JE VEUX SAVOIR hUILE EMEU PEU FAIRE PARTIR OU PAS JE SUIS PEINER DE LE VOIR COMME ATEND REPONSE MERCI A L AVANCE BYE - Emeu Charlevoix\" \/>\n<meta property=\"og:description\" content=\"B Le mardi 5 janvier 2016 \u00e0 23:12\u00a0Marielle B. dit: MOn petit fils 1 AN 5MOIS DEPUIS QU IL EST BEBE ROUGEUR SUR LE CORP COMME ECXEMA JE VEUX SAVOIR hUILE EMEU PEU FAIRE PARTIR OU PAS JE SUIS PEINER DE LE VOIR COMME ATEND REPONSE MERCI A L AVANCE BYE Le mercredi 6 janvier [...]\" \/>\n<meta property=\"og:url\" content=\"https:\/\/emeucharlevoix.com\/en\/ufaqs\/le-mardi-5-janvier-2016-a-2312-marielle-boyle-dit-mon-petit-fils-1-an-5mois-depuis-qu-il-est-bebe-rougeur-sur-le-corp-comme-ecxema-je-veux-savoir-huile-emeu-peu-faire-partir-ou-pas-je-suis\/\" \/>\n<meta property=\"og:site_name\" content=\"Emeu Charlevoix\" \/>\n<meta property=\"article:publisher\" content=\"https:\/\/www.facebook.com\/Emeucharlevoix\" \/>\n<meta property=\"article:modified_time\" content=\"2017-12-08T13:39:16+00:00\" \/>\n<meta name=\"twitter:card\" content=\"summary_large_image\" \/>\n<meta name=\"twitter:site\" content=\"@emeucharlevoix\" \/>\n<meta name=\"twitter:label1\" content=\"Est. reading time\" \/>\n\t<meta name=\"twitter:data1\" content=\"1 minute\" \/>\n<script type=\"application\/ld+json\" class=\"yoast-schema-graph\">{\"@context\":\"https:\/\/schema.org\",\"@graph\":[{\"@type\":[\"WebPage\",\"FAQPage\"],\"@id\":\"https:\/\/emeucharlevoix.com\/en\/ufaqs\/le-mardi-5-janvier-2016-a-2312-marielle-boyle-dit-mon-petit-fils-1-an-5mois-depuis-qu-il-est-bebe-rougeur-sur-le-corp-comme-ecxema-je-veux-savoir-huile-emeu-peu-faire-partir-ou-pas-je-suis\/\",\"url\":\"https:\/\/emeucharlevoix.com\/en\/ufaqs\/le-mardi-5-janvier-2016-a-2312-marielle-boyle-dit-mon-petit-fils-1-an-5mois-depuis-qu-il-est-bebe-rougeur-sur-le-corp-comme-ecxema-je-veux-savoir-huile-emeu-peu-faire-partir-ou-pas-je-suis\/\",\"name\":\"Le mardi 5 janvier 2016 \u00e0 23:12\u00a0Marielle B. dit: MOn petit fils 1 AN 5MOIS DEPUIS QU IL EST BEBE ROUGEUR SUR LE CORP COMME ECXEMA JE VEUX SAVOIR hUILE EMEU PEU FAIRE PARTIR OU PAS JE SUIS PEINER DE LE VOIR COMME ATEND REPONSE MERCI A L AVANCE BYE - Emeu Charlevoix\",\"isPartOf\":{\"@id\":\"https:\/\/emeucharlevoix.com\/en\/#website\"},\"datePublished\":\"2017-09-28T21:37:48+00:00\",\"dateModified\":\"2017-12-08T13:39:16+00:00\",\"breadcrumb\":{\"@id\":\"https:\/\/emeucharlevoix.com\/en\/ufaqs\/le-mardi-5-janvier-2016-a-2312-marielle-boyle-dit-mon-petit-fils-1-an-5mois-depuis-qu-il-est-bebe-rougeur-sur-le-corp-comme-ecxema-je-veux-savoir-huile-emeu-peu-faire-partir-ou-pas-je-suis\/#breadcrumb\"},\"inLanguage\":\"en-CA\",\"potentialAction\":[{\"@type\":\"ReadAction\",\"target\":[\"https:\/\/emeucharlevoix.com\/en\/ufaqs\/le-mardi-5-janvier-2016-a-2312-marielle-boyle-dit-mon-petit-fils-1-an-5mois-depuis-qu-il-est-bebe-rougeur-sur-le-corp-comme-ecxema-je-veux-savoir-huile-emeu-peu-faire-partir-ou-pas-je-suis\/\"]}]},{\"@type\":\"BreadcrumbList\",\"@id\":\"https:\/\/emeucharlevoix.com\/en\/ufaqs\/le-mardi-5-janvier-2016-a-2312-marielle-boyle-dit-mon-petit-fils-1-an-5mois-depuis-qu-il-est-bebe-rougeur-sur-le-corp-comme-ecxema-je-veux-savoir-huile-emeu-peu-faire-partir-ou-pas-je-suis\/#breadcrumb\",\"itemListElement\":[{\"@type\":\"ListItem\",\"position\":1,\"name\":\"FAQs\",\"item\":\"https:\/\/emeucharlevoix.com\/en\/ufaqs\/\"},{\"@type\":\"ListItem\",\"position\":2,\"name\":\"Le mardi 5 janvier 2016 \u00e0 23:12\u00a0Marielle B. dit: MOn petit fils 1 AN 5MOIS DEPUIS QU IL EST BEBE ROUGEUR SUR LE CORP COMME ECXEMA JE VEUX SAVOIR hUILE EMEU PEU FAIRE PARTIR OU PAS JE SUIS PEINER DE LE VOIR COMME ATEND REPONSE MERCI A L AVANCE BYE\"}]},{\"@type\":\"WebSite\",\"@id\":\"https:\/\/emeucharlevoix.com\/en\/#website\",\"url\":\"https:\/\/emeucharlevoix.com\/en\/\",\"name\":\"Emeu Charlevoix\",\"description\":\"Nature&#039;s gift to your skin\",\"publisher\":{\"@id\":\"https:\/\/emeucharlevoix.com\/en\/#organization\"},\"potentialAction\":[{\"@type\":\"SearchAction\",\"target\":{\"@type\":\"EntryPoint\",\"urlTemplate\":\"https:\/\/emeucharlevoix.com\/en\/?s={search_term_string}\"},\"query-input\":{\"@type\":\"PropertyValueSpecification\",\"valueRequired\":true,\"valueName\":\"search_term_string\"}}],\"inLanguage\":\"en-CA\"},{\"@type\":\"Organization\",\"@id\":\"https:\/\/emeucharlevoix.com\/en\/#organization\",\"name\":\"Emeu Charlevoix\",\"url\":\"https:\/\/emeucharlevoix.com\/en\/\",\"logo\":{\"@type\":\"ImageObject\",\"inLanguage\":\"en-CA\",\"@id\":\"https:\/\/emeucharlevoix.com\/en\/#\/schema\/logo\/image\/\",\"url\":\"https:\/\/emeucharlevoix.com\/wp-content\/uploads\/2017\/07\/emeu-charlevoix-top.png\",\"contentUrl\":\"https:\/\/emeucharlevoix.com\/wp-content\/uploads\/2017\/07\/emeu-charlevoix-top.png\",\"width\":288,\"height\":229,\"caption\":\"Emeu Charlevoix\"},\"image\":{\"@id\":\"https:\/\/emeucharlevoix.com\/en\/#\/schema\/logo\/image\/\"},\"sameAs\":[\"https:\/\/www.facebook.com\/Emeucharlevoix\",\"https:\/\/x.com\/emeucharlevoix\",\"https:\/\/www.youtube.com\/channel\/UCsaMSpbpc9n05S0brEVo7jg\"]}]}<\/script>\n<!-- \/ Yoast SEO plugin. -->","yoast_head_json":{"title":"Le mardi 5 janvier 2016 \u00e0 23:12\u00a0Marielle B. dit: MOn petit fils 1 AN 5MOIS DEPUIS QU IL EST BEBE ROUGEUR SUR LE CORP COMME ECXEMA JE VEUX SAVOIR hUILE EMEU PEU FAIRE PARTIR OU PAS JE SUIS PEINER DE LE VOIR COMME ATEND REPONSE MERCI A L AVANCE BYE - Emeu Charlevoix","robots":{"index":"index","follow":"follow","max-snippet":"max-snippet:-1","max-image-preview":"max-image-preview:large","max-video-preview":"max-video-preview:-1"},"canonical":"https:\/\/emeucharlevoix.com\/en\/ufaqs\/le-mardi-5-janvier-2016-a-2312-marielle-boyle-dit-mon-petit-fils-1-an-5mois-depuis-qu-il-est-bebe-rougeur-sur-le-corp-comme-ecxema-je-veux-savoir-huile-emeu-peu-faire-partir-ou-pas-je-suis\/","og_locale":"en_US","og_type":"article","og_title":"Le mardi 5 janvier 2016 \u00e0 23:12\u00a0Marielle B. dit: MOn petit fils 1 AN 5MOIS DEPUIS QU IL EST BEBE ROUGEUR SUR LE CORP COMME ECXEMA JE VEUX SAVOIR hUILE EMEU PEU FAIRE PARTIR OU PAS JE SUIS PEINER DE LE VOIR COMME ATEND REPONSE MERCI A L AVANCE BYE - Emeu Charlevoix","og_description":"B Le mardi 5 janvier 2016 \u00e0 23:12\u00a0Marielle B. dit: MOn petit fils 1 AN 5MOIS DEPUIS QU IL EST BEBE ROUGEUR SUR LE CORP COMME ECXEMA JE VEUX SAVOIR hUILE EMEU PEU FAIRE PARTIR OU PAS JE SUIS PEINER DE LE VOIR COMME ATEND REPONSE MERCI A L AVANCE BYE Le mercredi 6 janvier [...]","og_url":"https:\/\/emeucharlevoix.com\/en\/ufaqs\/le-mardi-5-janvier-2016-a-2312-marielle-boyle-dit-mon-petit-fils-1-an-5mois-depuis-qu-il-est-bebe-rougeur-sur-le-corp-comme-ecxema-je-veux-savoir-huile-emeu-peu-faire-partir-ou-pas-je-suis\/","og_site_name":"Emeu Charlevoix","article_publisher":"https:\/\/www.facebook.com\/Emeucharlevoix","article_modified_time":"2017-12-08T13:39:16+00:00","twitter_card":"summary_large_image","twitter_site":"@emeucharlevoix","twitter_misc":{"Est. reading time":"1 minute"},"schema":{"@context":"https:\/\/schema.org","@graph":[{"@type":["WebPage","FAQPage"],"@id":"https:\/\/emeucharlevoix.com\/en\/ufaqs\/le-mardi-5-janvier-2016-a-2312-marielle-boyle-dit-mon-petit-fils-1-an-5mois-depuis-qu-il-est-bebe-rougeur-sur-le-corp-comme-ecxema-je-veux-savoir-huile-emeu-peu-faire-partir-ou-pas-je-suis\/","url":"https:\/\/emeucharlevoix.com\/en\/ufaqs\/le-mardi-5-janvier-2016-a-2312-marielle-boyle-dit-mon-petit-fils-1-an-5mois-depuis-qu-il-est-bebe-rougeur-sur-le-corp-comme-ecxema-je-veux-savoir-huile-emeu-peu-faire-partir-ou-pas-je-suis\/","name":"Le mardi 5 janvier 2016 \u00e0 23:12\u00a0Marielle B. dit: MOn petit fils 1 AN 5MOIS DEPUIS QU IL EST BEBE ROUGEUR SUR LE CORP COMME ECXEMA JE VEUX SAVOIR hUILE EMEU PEU FAIRE PARTIR OU PAS JE SUIS PEINER DE LE VOIR COMME ATEND REPONSE MERCI A L AVANCE BYE - Emeu Charlevoix","isPartOf":{"@id":"https:\/\/emeucharlevoix.com\/en\/#website"},"datePublished":"2017-09-28T21:37:48+00:00","dateModified":"2017-12-08T13:39:16+00:00","breadcrumb":{"@id":"https:\/\/emeucharlevoix.com\/en\/ufaqs\/le-mardi-5-janvier-2016-a-2312-marielle-boyle-dit-mon-petit-fils-1-an-5mois-depuis-qu-il-est-bebe-rougeur-sur-le-corp-comme-ecxema-je-veux-savoir-huile-emeu-peu-faire-partir-ou-pas-je-suis\/#breadcrumb"},"inLanguage":"en-CA","potentialAction":[{"@type":"ReadAction","target":["https:\/\/emeucharlevoix.com\/en\/ufaqs\/le-mardi-5-janvier-2016-a-2312-marielle-boyle-dit-mon-petit-fils-1-an-5mois-depuis-qu-il-est-bebe-rougeur-sur-le-corp-comme-ecxema-je-veux-savoir-huile-emeu-peu-faire-partir-ou-pas-je-suis\/"]}]},{"@type":"BreadcrumbList","@id":"https:\/\/emeucharlevoix.com\/en\/ufaqs\/le-mardi-5-janvier-2016-a-2312-marielle-boyle-dit-mon-petit-fils-1-an-5mois-depuis-qu-il-est-bebe-rougeur-sur-le-corp-comme-ecxema-je-veux-savoir-huile-emeu-peu-faire-partir-ou-pas-je-suis\/#breadcrumb","itemListElement":[{"@type":"ListItem","position":1,"name":"FAQs","item":"https:\/\/emeucharlevoix.com\/en\/ufaqs\/"},{"@type":"ListItem","position":2,"name":"Le mardi 5 janvier 2016 \u00e0 23:12\u00a0Marielle B. dit: MOn petit fils 1 AN 5MOIS DEPUIS QU IL EST BEBE ROUGEUR SUR LE CORP COMME ECXEMA JE VEUX SAVOIR hUILE EMEU PEU FAIRE PARTIR OU PAS JE SUIS PEINER DE LE VOIR COMME ATEND REPONSE MERCI A L AVANCE BYE"}]},{"@type":"WebSite","@id":"https:\/\/emeucharlevoix.com\/en\/#website","url":"https:\/\/emeucharlevoix.com\/en\/","name":"Emeu Charlevoix","description":"Nature&#039;s gift to your skin","publisher":{"@id":"https:\/\/emeucharlevoix.com\/en\/#organization"},"potentialAction":[{"@type":"SearchAction","target":{"@type":"EntryPoint","urlTemplate":"https:\/\/emeucharlevoix.com\/en\/?s={search_term_string}"},"query-input":{"@type":"PropertyValueSpecification","valueRequired":true,"valueName":"search_term_string"}}],"inLanguage":"en-CA"},{"@type":"Organization","@id":"https:\/\/emeucharlevoix.com\/en\/#organization","name":"Emeu Charlevoix","url":"https:\/\/emeucharlevoix.com\/en\/","logo":{"@type":"ImageObject","inLanguage":"en-CA","@id":"https:\/\/emeucharlevoix.com\/en\/#\/schema\/logo\/image\/","url":"https:\/\/emeucharlevoix.com\/wp-content\/uploads\/2017\/07\/emeu-charlevoix-top.png","contentUrl":"https:\/\/emeucharlevoix.com\/wp-content\/uploads\/2017\/07\/emeu-charlevoix-top.png","width":288,"height":229,"caption":"Emeu Charlevoix"},"image":{"@id":"https:\/\/emeucharlevoix.com\/en\/#\/schema\/logo\/image\/"},"sameAs":["https:\/\/www.facebook.com\/Emeucharlevoix","https:\/\/x.com\/emeucharlevoix","https:\/\/www.youtube.com\/channel\/UCsaMSpbpc9n05S0brEVo7jg"]}]}},"_links":{"self":[{"href":"https:\/\/emeucharlevoix.com\/en\/wp-json\/wp\/v2\/ufaq\/6535","targetHints":{"allow":["GET"]}}],"collection":[{"href":"https:\/\/emeucharlevoix.com\/en\/wp-json\/wp\/v2\/ufaq"}],"about":[{"href":"https:\/\/emeucharlevoix.com\/en\/wp-json\/wp\/v2\/types\/ufaq"}],"author":[{"embeddable":true,"href":"https:\/\/emeucharlevoix.com\/en\/wp-json\/wp\/v2\/users\/1"}],"replies":[{"embeddable":true,"href":"https:\/\/emeucharlevoix.com\/en\/wp-json\/wp\/v2\/comments?post=6535"}],"wp:attachment":[{"href":"https:\/\/emeucharlevoix.com\/en\/wp-json\/wp\/v2\/media?parent=6535"}],"wp:term":[{"taxonomy":"ufaq-category","embeddable":true,"href":"https:\/\/emeucharlevoix.com\/en\/wp-json\/wp\/v2\/ufaq-category?post=6535"},{"taxonomy":"ufaq-tag","embeddable":true,"href":"https:\/\/emeucharlevoix.com\/en\/wp-json\/wp\/v2\/ufaq-tag?post=6535"}],"curies":[{"name":"wp","href":"https:\/\/api.w.org\/{rel}","templated":true}]}}