{"id":6604,"date":"2017-09-28T17:37:41","date_gmt":"2017-09-28T21:37:41","guid":{"rendered":"https:\/\/emeucom.mywhc.ca\/ufaqs\/le-mercredi-11-fevrier-2015-a-0742-sylvie-breton-dit-bonjour-jai-de-leczema-sur-les-paupieres-puis-je-utiliser-de-lhuile-demeu-pour-me-traite-pour-trouver-vos-produits-dans-la-r\/"},"modified":"2017-12-08T11:25:45","modified_gmt":"2017-12-08T16:25:45","slug":"le-mercredi-11-fevrier-2015-a-0742-sylvie-breton-dit-bonjour-jai-de-leczema-sur-les-paupieres-puis-je-utiliser-de-lhuile-demeu-pour-me-traite-pour-trouver-vos-produits-dans-la-r","status":"publish","type":"ufaq","link":"https:\/\/emeucharlevoix.com\/en\/ufaqs\/le-mercredi-11-fevrier-2015-a-0742-sylvie-breton-dit-bonjour-jai-de-leczema-sur-les-paupieres-puis-je-utiliser-de-lhuile-demeu-pour-me-traite-pour-trouver-vos-produits-dans-la-r\/","title":{"rendered":"Le mercredi 11 f\u00e9vrier 2015 \u00e0 07:42\u00a0Sylvie B. dit: Bonjour, j&#8217;ai de l&#8217;ecz\u00e9ma sur les paupi\u00e9res puis-je utiliser de l&#8217;huile d&#8217;\u00e9meu pour me trait\u00e9 ? Pour trouver vos produits dans la r\u00e9gion de Montr\u00e9al, j&#8217;ai cliqu\u00e9 sur le lien, j&#8217;ai mis mon code postal mais il n&#8217;y a que des adresses dans la r\u00e9gion de Qu\u00e9bec qui sont apparues. J&#8217;ai refait l&#8217;op\u00e9ration et j&#8217;ai eu le m\u00eame r\u00e9sultat pouvez-vous m&#8217;aider ?"},"content":{"rendered":"<style>.ewd-ufaq-faq-title .ewd-ufaq-post-margin-symbol span { font-size: 12px !important; }div.ewd-ufaq-faq-title h5 { font-size: 9 !important; }div.ewd-ufaq-faq-post p { font-size: 7 !important; }div.ewd-ufaq-faq-post p { color: #007680 !important; }div.ewd-ufaq-author-date { font-size: 7 !important; }div.ewd-ufaq-author-date { color: #007680 !important; }div.ewd-ufaq-faq-categories, div.ewd-ufaq-faq-tags { font-size: 7 !important; }.ufaq-faq-title h5 {\r\nfont-weight:normal;\r\nmargin:10px!important;\r\n}\r\n\r\n.ufaq-faq-body .submit {\r\ncolor:#fff;\r\n}\r\n\r\n.ufaq-faq-display-style-Minimalist {\r\nborder-bottom:1px solid #007680;\r\n}\r\n\r\n.ewd-otp-field-label {\r\nwidth:auto!important;\r\ndisplay:none;\r\n}<\/style><div  class=\"ewd-ufaq-faq-list ewd-ufaq-page-type-load_more ewd-ufaq-category-tabs-\" id='ewd-ufaq-faq-list'>\n\n\t<input type='hidden' name='show_on_load' value='' id='ewd-ufaq-show-on-load' \/>\n<input type='hidden' name='include_category' value='' id='ewd-ufaq-include-category' \/>\n<input type='hidden' name='exclude_category' value='' id='ewd-ufaq-exclude-category' \/>\n<input type='hidden' name='orderby' value='date' id='ewd-ufaq-orderby' \/>\n<input type='hidden' name='order' value='desc' id='ewd-ufaq-order' \/>\n<input type='hidden' name='post_count' value='-1' id='ewd-ufaq-post-count' \/>\n<input type='hidden' name='current_url' value='\/en\/wp-json\/wp\/v2\/ufaq\/6604' id='ewd-ufaq-current-url' \/>\n\t\n\t\n\t<div class='ewd-ufaq-faqs'>\n\n\t\t<div  class=\"ewd-ufaq-faq-div ewd-ufaq-faq-column-count-one ewd-ufaq-faq-responsive-columns- ewd-ufaq-faq-display-style-one ewd-ufaq-can-be-toggled\" id='ewd-ufaq-post-6604-UiSAVf6THN' data-post_id='6604'>\n\n\t\t\n\t<div class='ewd-ufaq-faq-title ewd-ufaq-faq-toggle'>\n\t\n\t<a class='ewd-ufaq-post-margin'  href='#' role=\"button\">\n\n\t\t<div class='ewd-ufaq-post-margin-symbol ewd-ufaq-square'>\n\t\t\t<span >B<\/span>\n\t\t<\/div>\n\n\t\t<div class='ewd-ufaq-faq-title-text'>\n\n\t\t\t<h5>\n\t\t\t\tLe mercredi 11 f\u00e9vrier 2015 \u00e0 07:42\u00a0Sylvie B. dit: Bonjour, j&#8217;ai de l&#8217;ecz\u00e9ma sur les paupi\u00e9res puis-je utiliser de l&#8217;huile d&#8217;\u00e9meu pour me trait\u00e9 ? Pour trouver vos produits dans la r\u00e9gion de Montr\u00e9al, j&#8217;ai cliqu\u00e9 sur le lien, j&#8217;ai mis mon code postal mais il n&#8217;y a que des adresses dans la r\u00e9gion de Qu\u00e9bec qui sont apparues. J&#8217;ai refait l&#8217;op\u00e9ration et j&#8217;ai eu le m\u00eame r\u00e9sultat pouvez-vous m&#8217;aider ?\t\t\t<\/h5>\n\n\t\t<\/div>\n\n\t\t<div class='ewd-ufaq-clear'><\/div>\n\n\t<\/a>\n\t\n<\/div>\n\t\n\t<div class='ewd-ufaq-faq-body' >\n\n\t\t\n\t\t\t\n\t\t\n\t\t\t<div class='ewd-ufaq-post-margin ewd-ufaq-faq-post'>\n\t<p>Le mercredi 11 f\u00e9vrier 2015 \u00e0 09:05\u00a0Emeu Charlevoix\u00a0dit: Bonjour Mme Breton, Vous pouvez en effet appliquer de l&#8217;huile d&#8217;\u00e9meu directement sur vos paupi\u00e8res et m\u00eame sur le reste du visage. Dans plusieurs cas, des clientes ayant une peau sensible aux d\u00e9maquillants utilisent \u00e9galement l&#8217;huile d&#8217;\u00e9meu pour se d\u00e9maquiller (impliquant les paupi\u00e8res et les cils). Nous vous sugg\u00e9rons d&#8217;en appliquer 3 \u00e0 4 fois par jour en petite quantit\u00e9. Pour trouver un d\u00e9taillant pr\u00e8s de chez vous, si vous avez des difficult\u00e9s, nous vous conseillons de t\u00e9l\u00e9phoner aux bureaux administratifs afin que nous puissions vous fournir le nom des boutiques \u00e0 proximit\u00e9 (418-667-5443). Merci beaucoup.<\/p>\n<\/div>\n\t\t\n\t\t\t<div class='ewd-ufaq-faq-custom-fields'>\n\n\t\n<\/div>\n\t\t\n\t\t\t\n\t\t\n\t\t\t\n\t\t\n\t\t\t\n\t\t\n\t\t\t\n\t\t\n\t\t\t\n\t\t\n\t\t\t\n\t\t\n\t\t\t\n\t\t\n\t<\/div>\n\n<\/div>\n\t<\/div>\n\n\t\n<\/div>","protected":false},"excerpt":{"rendered":"<p>B Le mercredi 11 f\u00e9vrier 2015 \u00e0 07:42\u00a0Sylvie B. dit: Bonjour, j&#8217;ai de l&#8217;ecz\u00e9ma sur les paupi\u00e9res puis-je utiliser de l&#8217;huile d&#8217;\u00e9meu pour me trait\u00e9 ? Pour trouver vos produits dans la r\u00e9gion de Montr\u00e9al, j&#8217;ai cliqu\u00e9 sur le lien, j&#8217;ai mis mon code postal mais il n&#8217;y a que des adresses dans la r\u00e9gion [&#8230;]\n","protected":false},"author":1,"featured_media":0,"comment_status":"closed","ping_status":"closed","template":"","ufaq-category":[338,547],"ufaq-tag":[657],"class_list":["post-6604","ufaq","type-ufaq","status-publish","hentry","ufaq-category-eczema-en","ufaq-category-eczema-cream","ufaq-tag-creme-eczema-en"],"yoast_head":"<!-- This site is optimized with the Yoast SEO plugin v27.1.1 - https:\/\/yoast.com\/product\/yoast-seo-wordpress\/ -->\n<title>Le mercredi 11 f\u00e9vrier 2015 \u00e0 07:42\u00a0Sylvie B. dit: Bonjour, j&#039;ai de l&#039;ecz\u00e9ma sur les paupi\u00e9res puis-je utiliser de l&#039;huile d&#039;\u00e9meu pour me trait\u00e9 ? Pour trouver vos produits dans la r\u00e9gion de Montr\u00e9al, j&#039;ai cliqu\u00e9 sur le lien, j&#039;ai mis mon code postal mais il n&#039;y a que des adresses dans la r\u00e9gion de Qu\u00e9bec qui sont apparues. J&#039;ai refait l&#039;op\u00e9ration et j&#039;ai eu le m\u00eame r\u00e9sultat pouvez-vous m&#039;aider ? - Emeu Charlevoix<\/title>\n<meta name=\"robots\" content=\"index, follow, max-snippet:-1, max-image-preview:large, max-video-preview:-1\" \/>\n<link rel=\"canonical\" href=\"https:\/\/emeucharlevoix.com\/en\/ufaqs\/le-mercredi-11-fevrier-2015-a-0742-sylvie-breton-dit-bonjour-jai-de-leczema-sur-les-paupieres-puis-je-utiliser-de-lhuile-demeu-pour-me-traite-pour-trouver-vos-produits-dans-la-r\/\" \/>\n<meta property=\"og:locale\" content=\"en_US\" \/>\n<meta property=\"og:type\" content=\"article\" \/>\n<meta property=\"og:title\" content=\"Le mercredi 11 f\u00e9vrier 2015 \u00e0 07:42\u00a0Sylvie B. dit: Bonjour, j&#039;ai de l&#039;ecz\u00e9ma sur les paupi\u00e9res puis-je utiliser de l&#039;huile d&#039;\u00e9meu pour me trait\u00e9 ? Pour trouver vos produits dans la r\u00e9gion de Montr\u00e9al, j&#039;ai cliqu\u00e9 sur le lien, j&#039;ai mis mon code postal mais il n&#039;y a que des adresses dans la r\u00e9gion de Qu\u00e9bec qui sont apparues. J&#039;ai refait l&#039;op\u00e9ration et j&#039;ai eu le m\u00eame r\u00e9sultat pouvez-vous m&#039;aider ? - Emeu Charlevoix\" \/>\n<meta property=\"og:description\" content=\"B Le mercredi 11 f\u00e9vrier 2015 \u00e0 07:42\u00a0Sylvie B. dit: Bonjour, j&#8217;ai de l&#8217;ecz\u00e9ma sur les paupi\u00e9res puis-je utiliser de l&#8217;huile d&#8217;\u00e9meu pour me trait\u00e9 ? Pour trouver vos produits dans la r\u00e9gion de Montr\u00e9al, j&#8217;ai cliqu\u00e9 sur le lien, j&#8217;ai mis mon code postal mais il n&#8217;y a que des adresses dans la r\u00e9gion [...]\" \/>\n<meta property=\"og:url\" content=\"https:\/\/emeucharlevoix.com\/en\/ufaqs\/le-mercredi-11-fevrier-2015-a-0742-sylvie-breton-dit-bonjour-jai-de-leczema-sur-les-paupieres-puis-je-utiliser-de-lhuile-demeu-pour-me-traite-pour-trouver-vos-produits-dans-la-r\/\" \/>\n<meta property=\"og:site_name\" content=\"Emeu Charlevoix\" \/>\n<meta property=\"article:publisher\" content=\"https:\/\/www.facebook.com\/Emeucharlevoix\" \/>\n<meta property=\"article:modified_time\" content=\"2017-12-08T16:25:45+00:00\" \/>\n<meta name=\"twitter:card\" content=\"summary_large_image\" \/>\n<meta name=\"twitter:site\" content=\"@emeucharlevoix\" \/>\n<meta name=\"twitter:label1\" content=\"Est. reading time\" \/>\n\t<meta name=\"twitter:data1\" content=\"1 minute\" \/>\n<script type=\"application\/ld+json\" class=\"yoast-schema-graph\">{\"@context\":\"https:\/\/schema.org\",\"@graph\":[{\"@type\":[\"WebPage\",\"FAQPage\"],\"@id\":\"https:\/\/emeucharlevoix.com\/en\/ufaqs\/le-mercredi-11-fevrier-2015-a-0742-sylvie-breton-dit-bonjour-jai-de-leczema-sur-les-paupieres-puis-je-utiliser-de-lhuile-demeu-pour-me-traite-pour-trouver-vos-produits-dans-la-r\/\",\"url\":\"https:\/\/emeucharlevoix.com\/en\/ufaqs\/le-mercredi-11-fevrier-2015-a-0742-sylvie-breton-dit-bonjour-jai-de-leczema-sur-les-paupieres-puis-je-utiliser-de-lhuile-demeu-pour-me-traite-pour-trouver-vos-produits-dans-la-r\/\",\"name\":\"Le mercredi 11 f\u00e9vrier 2015 \u00e0 07:42\u00a0Sylvie B. dit: Bonjour, j'ai de l'ecz\u00e9ma sur les paupi\u00e9res puis-je utiliser de l'huile d'\u00e9meu pour me trait\u00e9 ? Pour trouver vos produits dans la r\u00e9gion de Montr\u00e9al, j'ai cliqu\u00e9 sur le lien, j'ai mis mon code postal mais il n'y a que des adresses dans la r\u00e9gion de Qu\u00e9bec qui sont apparues. J'ai refait l'op\u00e9ration et j'ai eu le m\u00eame r\u00e9sultat pouvez-vous m'aider ? - Emeu Charlevoix\",\"isPartOf\":{\"@id\":\"https:\/\/emeucharlevoix.com\/en\/#website\"},\"datePublished\":\"2017-09-28T21:37:41+00:00\",\"dateModified\":\"2017-12-08T16:25:45+00:00\",\"breadcrumb\":{\"@id\":\"https:\/\/emeucharlevoix.com\/en\/ufaqs\/le-mercredi-11-fevrier-2015-a-0742-sylvie-breton-dit-bonjour-jai-de-leczema-sur-les-paupieres-puis-je-utiliser-de-lhuile-demeu-pour-me-traite-pour-trouver-vos-produits-dans-la-r\/#breadcrumb\"},\"inLanguage\":\"en-CA\",\"potentialAction\":[{\"@type\":\"ReadAction\",\"target\":[\"https:\/\/emeucharlevoix.com\/en\/ufaqs\/le-mercredi-11-fevrier-2015-a-0742-sylvie-breton-dit-bonjour-jai-de-leczema-sur-les-paupieres-puis-je-utiliser-de-lhuile-demeu-pour-me-traite-pour-trouver-vos-produits-dans-la-r\/\"]}]},{\"@type\":\"BreadcrumbList\",\"@id\":\"https:\/\/emeucharlevoix.com\/en\/ufaqs\/le-mercredi-11-fevrier-2015-a-0742-sylvie-breton-dit-bonjour-jai-de-leczema-sur-les-paupieres-puis-je-utiliser-de-lhuile-demeu-pour-me-traite-pour-trouver-vos-produits-dans-la-r\/#breadcrumb\",\"itemListElement\":[{\"@type\":\"ListItem\",\"position\":1,\"name\":\"FAQs\",\"item\":\"https:\/\/emeucharlevoix.com\/en\/ufaqs\/\"},{\"@type\":\"ListItem\",\"position\":2,\"name\":\"Le mercredi 11 f\u00e9vrier 2015 \u00e0 07:42\u00a0Sylvie B. dit: Bonjour, j&#8217;ai de l&#8217;ecz\u00e9ma sur les paupi\u00e9res puis-je utiliser de l&#8217;huile d&#8217;\u00e9meu pour me trait\u00e9 ? Pour trouver vos produits dans la r\u00e9gion de Montr\u00e9al, j&#8217;ai cliqu\u00e9 sur le lien, j&#8217;ai mis mon code postal mais il n&#8217;y a que des adresses dans la r\u00e9gion de Qu\u00e9bec qui sont apparues. J&#8217;ai refait l&#8217;op\u00e9ration et j&#8217;ai eu le m\u00eame r\u00e9sultat pouvez-vous m&#8217;aider ?\"}]},{\"@type\":\"WebSite\",\"@id\":\"https:\/\/emeucharlevoix.com\/en\/#website\",\"url\":\"https:\/\/emeucharlevoix.com\/en\/\",\"name\":\"Emeu Charlevoix\",\"description\":\"Nature&#039;s gift to your skin\",\"publisher\":{\"@id\":\"https:\/\/emeucharlevoix.com\/en\/#organization\"},\"potentialAction\":[{\"@type\":\"SearchAction\",\"target\":{\"@type\":\"EntryPoint\",\"urlTemplate\":\"https:\/\/emeucharlevoix.com\/en\/?s={search_term_string}\"},\"query-input\":{\"@type\":\"PropertyValueSpecification\",\"valueRequired\":true,\"valueName\":\"search_term_string\"}}],\"inLanguage\":\"en-CA\"},{\"@type\":\"Organization\",\"@id\":\"https:\/\/emeucharlevoix.com\/en\/#organization\",\"name\":\"Emeu Charlevoix\",\"url\":\"https:\/\/emeucharlevoix.com\/en\/\",\"logo\":{\"@type\":\"ImageObject\",\"inLanguage\":\"en-CA\",\"@id\":\"https:\/\/emeucharlevoix.com\/en\/#\/schema\/logo\/image\/\",\"url\":\"https:\/\/emeucharlevoix.com\/wp-content\/uploads\/2017\/07\/emeu-charlevoix-top.png\",\"contentUrl\":\"https:\/\/emeucharlevoix.com\/wp-content\/uploads\/2017\/07\/emeu-charlevoix-top.png\",\"width\":288,\"height\":229,\"caption\":\"Emeu Charlevoix\"},\"image\":{\"@id\":\"https:\/\/emeucharlevoix.com\/en\/#\/schema\/logo\/image\/\"},\"sameAs\":[\"https:\/\/www.facebook.com\/Emeucharlevoix\",\"https:\/\/x.com\/emeucharlevoix\",\"https:\/\/www.youtube.com\/channel\/UCsaMSpbpc9n05S0brEVo7jg\"]}]}<\/script>\n<!-- \/ Yoast SEO plugin. -->","yoast_head_json":{"title":"Le mercredi 11 f\u00e9vrier 2015 \u00e0 07:42\u00a0Sylvie B. dit: Bonjour, j'ai de l'ecz\u00e9ma sur les paupi\u00e9res puis-je utiliser de l'huile d'\u00e9meu pour me trait\u00e9 ? Pour trouver vos produits dans la r\u00e9gion de Montr\u00e9al, j'ai cliqu\u00e9 sur le lien, j'ai mis mon code postal mais il n'y a que des adresses dans la r\u00e9gion de Qu\u00e9bec qui sont apparues. J'ai refait l'op\u00e9ration et j'ai eu le m\u00eame r\u00e9sultat pouvez-vous m'aider ? - Emeu Charlevoix","robots":{"index":"index","follow":"follow","max-snippet":"max-snippet:-1","max-image-preview":"max-image-preview:large","max-video-preview":"max-video-preview:-1"},"canonical":"https:\/\/emeucharlevoix.com\/en\/ufaqs\/le-mercredi-11-fevrier-2015-a-0742-sylvie-breton-dit-bonjour-jai-de-leczema-sur-les-paupieres-puis-je-utiliser-de-lhuile-demeu-pour-me-traite-pour-trouver-vos-produits-dans-la-r\/","og_locale":"en_US","og_type":"article","og_title":"Le mercredi 11 f\u00e9vrier 2015 \u00e0 07:42\u00a0Sylvie B. dit: Bonjour, j'ai de l'ecz\u00e9ma sur les paupi\u00e9res puis-je utiliser de l'huile d'\u00e9meu pour me trait\u00e9 ? Pour trouver vos produits dans la r\u00e9gion de Montr\u00e9al, j'ai cliqu\u00e9 sur le lien, j'ai mis mon code postal mais il n'y a que des adresses dans la r\u00e9gion de Qu\u00e9bec qui sont apparues. J'ai refait l'op\u00e9ration et j'ai eu le m\u00eame r\u00e9sultat pouvez-vous m'aider ? - Emeu Charlevoix","og_description":"B Le mercredi 11 f\u00e9vrier 2015 \u00e0 07:42\u00a0Sylvie B. dit: Bonjour, j&#8217;ai de l&#8217;ecz\u00e9ma sur les paupi\u00e9res puis-je utiliser de l&#8217;huile d&#8217;\u00e9meu pour me trait\u00e9 ? Pour trouver vos produits dans la r\u00e9gion de Montr\u00e9al, j&#8217;ai cliqu\u00e9 sur le lien, j&#8217;ai mis mon code postal mais il n&#8217;y a que des adresses dans la r\u00e9gion [...]","og_url":"https:\/\/emeucharlevoix.com\/en\/ufaqs\/le-mercredi-11-fevrier-2015-a-0742-sylvie-breton-dit-bonjour-jai-de-leczema-sur-les-paupieres-puis-je-utiliser-de-lhuile-demeu-pour-me-traite-pour-trouver-vos-produits-dans-la-r\/","og_site_name":"Emeu Charlevoix","article_publisher":"https:\/\/www.facebook.com\/Emeucharlevoix","article_modified_time":"2017-12-08T16:25:45+00:00","twitter_card":"summary_large_image","twitter_site":"@emeucharlevoix","twitter_misc":{"Est. reading time":"1 minute"},"schema":{"@context":"https:\/\/schema.org","@graph":[{"@type":["WebPage","FAQPage"],"@id":"https:\/\/emeucharlevoix.com\/en\/ufaqs\/le-mercredi-11-fevrier-2015-a-0742-sylvie-breton-dit-bonjour-jai-de-leczema-sur-les-paupieres-puis-je-utiliser-de-lhuile-demeu-pour-me-traite-pour-trouver-vos-produits-dans-la-r\/","url":"https:\/\/emeucharlevoix.com\/en\/ufaqs\/le-mercredi-11-fevrier-2015-a-0742-sylvie-breton-dit-bonjour-jai-de-leczema-sur-les-paupieres-puis-je-utiliser-de-lhuile-demeu-pour-me-traite-pour-trouver-vos-produits-dans-la-r\/","name":"Le mercredi 11 f\u00e9vrier 2015 \u00e0 07:42\u00a0Sylvie B. dit: Bonjour, j'ai de l'ecz\u00e9ma sur les paupi\u00e9res puis-je utiliser de l'huile d'\u00e9meu pour me trait\u00e9 ? Pour trouver vos produits dans la r\u00e9gion de Montr\u00e9al, j'ai cliqu\u00e9 sur le lien, j'ai mis mon code postal mais il n'y a que des adresses dans la r\u00e9gion de Qu\u00e9bec qui sont apparues. J'ai refait l'op\u00e9ration et j'ai eu le m\u00eame r\u00e9sultat pouvez-vous m'aider ? - Emeu Charlevoix","isPartOf":{"@id":"https:\/\/emeucharlevoix.com\/en\/#website"},"datePublished":"2017-09-28T21:37:41+00:00","dateModified":"2017-12-08T16:25:45+00:00","breadcrumb":{"@id":"https:\/\/emeucharlevoix.com\/en\/ufaqs\/le-mercredi-11-fevrier-2015-a-0742-sylvie-breton-dit-bonjour-jai-de-leczema-sur-les-paupieres-puis-je-utiliser-de-lhuile-demeu-pour-me-traite-pour-trouver-vos-produits-dans-la-r\/#breadcrumb"},"inLanguage":"en-CA","potentialAction":[{"@type":"ReadAction","target":["https:\/\/emeucharlevoix.com\/en\/ufaqs\/le-mercredi-11-fevrier-2015-a-0742-sylvie-breton-dit-bonjour-jai-de-leczema-sur-les-paupieres-puis-je-utiliser-de-lhuile-demeu-pour-me-traite-pour-trouver-vos-produits-dans-la-r\/"]}]},{"@type":"BreadcrumbList","@id":"https:\/\/emeucharlevoix.com\/en\/ufaqs\/le-mercredi-11-fevrier-2015-a-0742-sylvie-breton-dit-bonjour-jai-de-leczema-sur-les-paupieres-puis-je-utiliser-de-lhuile-demeu-pour-me-traite-pour-trouver-vos-produits-dans-la-r\/#breadcrumb","itemListElement":[{"@type":"ListItem","position":1,"name":"FAQs","item":"https:\/\/emeucharlevoix.com\/en\/ufaqs\/"},{"@type":"ListItem","position":2,"name":"Le mercredi 11 f\u00e9vrier 2015 \u00e0 07:42\u00a0Sylvie B. dit: Bonjour, j&#8217;ai de l&#8217;ecz\u00e9ma sur les paupi\u00e9res puis-je utiliser de l&#8217;huile d&#8217;\u00e9meu pour me trait\u00e9 ? Pour trouver vos produits dans la r\u00e9gion de Montr\u00e9al, j&#8217;ai cliqu\u00e9 sur le lien, j&#8217;ai mis mon code postal mais il n&#8217;y a que des adresses dans la r\u00e9gion de Qu\u00e9bec qui sont apparues. J&#8217;ai refait l&#8217;op\u00e9ration et j&#8217;ai eu le m\u00eame r\u00e9sultat pouvez-vous m&#8217;aider ?"}]},{"@type":"WebSite","@id":"https:\/\/emeucharlevoix.com\/en\/#website","url":"https:\/\/emeucharlevoix.com\/en\/","name":"Emeu Charlevoix","description":"Nature&#039;s gift to your skin","publisher":{"@id":"https:\/\/emeucharlevoix.com\/en\/#organization"},"potentialAction":[{"@type":"SearchAction","target":{"@type":"EntryPoint","urlTemplate":"https:\/\/emeucharlevoix.com\/en\/?s={search_term_string}"},"query-input":{"@type":"PropertyValueSpecification","valueRequired":true,"valueName":"search_term_string"}}],"inLanguage":"en-CA"},{"@type":"Organization","@id":"https:\/\/emeucharlevoix.com\/en\/#organization","name":"Emeu Charlevoix","url":"https:\/\/emeucharlevoix.com\/en\/","logo":{"@type":"ImageObject","inLanguage":"en-CA","@id":"https:\/\/emeucharlevoix.com\/en\/#\/schema\/logo\/image\/","url":"https:\/\/emeucharlevoix.com\/wp-content\/uploads\/2017\/07\/emeu-charlevoix-top.png","contentUrl":"https:\/\/emeucharlevoix.com\/wp-content\/uploads\/2017\/07\/emeu-charlevoix-top.png","width":288,"height":229,"caption":"Emeu Charlevoix"},"image":{"@id":"https:\/\/emeucharlevoix.com\/en\/#\/schema\/logo\/image\/"},"sameAs":["https:\/\/www.facebook.com\/Emeucharlevoix","https:\/\/x.com\/emeucharlevoix","https:\/\/www.youtube.com\/channel\/UCsaMSpbpc9n05S0brEVo7jg"]}]}},"_links":{"self":[{"href":"https:\/\/emeucharlevoix.com\/en\/wp-json\/wp\/v2\/ufaq\/6604","targetHints":{"allow":["GET"]}}],"collection":[{"href":"https:\/\/emeucharlevoix.com\/en\/wp-json\/wp\/v2\/ufaq"}],"about":[{"href":"https:\/\/emeucharlevoix.com\/en\/wp-json\/wp\/v2\/types\/ufaq"}],"author":[{"embeddable":true,"href":"https:\/\/emeucharlevoix.com\/en\/wp-json\/wp\/v2\/users\/1"}],"replies":[{"embeddable":true,"href":"https:\/\/emeucharlevoix.com\/en\/wp-json\/wp\/v2\/comments?post=6604"}],"wp:attachment":[{"href":"https:\/\/emeucharlevoix.com\/en\/wp-json\/wp\/v2\/media?parent=6604"}],"wp:term":[{"taxonomy":"ufaq-category","embeddable":true,"href":"https:\/\/emeucharlevoix.com\/en\/wp-json\/wp\/v2\/ufaq-category?post=6604"},{"taxonomy":"ufaq-tag","embeddable":true,"href":"https:\/\/emeucharlevoix.com\/en\/wp-json\/wp\/v2\/ufaq-tag?post=6604"}],"curies":[{"name":"wp","href":"https:\/\/api.w.org\/{rel}","templated":true}]}}