{"id":6624,"date":"2017-09-28T17:37:40","date_gmt":"2017-09-28T21:37:40","guid":{"rendered":"https:\/\/emeucom.mywhc.ca\/ufaqs\/le-lundi-16-fevrier-2015-a-1420-kim-dit-bonjour-ca-serait-pour-avoir-des-informations-pour-un-bebe-de-5-mois-il-fait-de-leczema-severe-car-sa-peau-est-humide-et-qui-a-de-la-pue-qui-va\/"},"modified":"2017-09-28T17:37:40","modified_gmt":"2017-09-28T21:37:40","slug":"le-lundi-16-fevrier-2015-a-1420-kim-dit-bonjour-ca-serait-pour-avoir-des-informations-pour-un-bebe-de-5-mois-il-fait-de-leczema-severe-car-sa-peau-est-humide-et-qui-a-de-la-pue-qui-va","status":"publish","type":"ufaq","link":"https:\/\/emeucharlevoix.com\/en\/ufaqs\/le-lundi-16-fevrier-2015-a-1420-kim-dit-bonjour-ca-serait-pour-avoir-des-informations-pour-un-bebe-de-5-mois-il-fait-de-leczema-severe-car-sa-peau-est-humide-et-qui-a-de-la-pue-qui-va\/","title":{"rendered":"Le lundi 16 f\u00e9vrier 2015 \u00e0 14:20\u00a0Kim\u00a0dit: Bonjour, Ca serait pour avoir des informations pour un b\u00e9b\u00e9 de 5 mois, il fait de l&#8217;ecz\u00e9ma s\u00e9v\u00e8re, car sa peau est humide et qui a de la pue qui va avec ?? Comment puis-je gu\u00e9rir mon b\u00e9b\u00e9 ?? c&#8217;est tu la cause de sont lait ?? Enfamil A+ ? une all\u00e9gie ?? avec plusieurs questions et beaucoup de cr\u00e8me, c&#8217;est toujours pire :("},"content":{"rendered":"<style>.ewd-ufaq-faq-title .ewd-ufaq-post-margin-symbol span { font-size: 12px !important; }div.ewd-ufaq-faq-title h5 { font-size: 9 !important; }div.ewd-ufaq-faq-post p { font-size: 7 !important; }div.ewd-ufaq-faq-post p { color: #007680 !important; }div.ewd-ufaq-author-date { font-size: 7 !important; }div.ewd-ufaq-author-date { color: #007680 !important; }div.ewd-ufaq-faq-categories, div.ewd-ufaq-faq-tags { font-size: 7 !important; }.ufaq-faq-title h5 {\r\nfont-weight:normal;\r\nmargin:10px!important;\r\n}\r\n\r\n.ufaq-faq-body .submit {\r\ncolor:#fff;\r\n}\r\n\r\n.ufaq-faq-display-style-Minimalist {\r\nborder-bottom:1px solid #007680;\r\n}\r\n\r\n.ewd-otp-field-label {\r\nwidth:auto!important;\r\ndisplay:none;\r\n}<\/style><div  class=\"ewd-ufaq-faq-list ewd-ufaq-page-type-load_more ewd-ufaq-category-tabs-\" id='ewd-ufaq-faq-list'>\n\n\t<input type='hidden' name='show_on_load' value='' id='ewd-ufaq-show-on-load' \/>\n<input type='hidden' name='include_category' value='' id='ewd-ufaq-include-category' \/>\n<input type='hidden' name='exclude_category' value='' id='ewd-ufaq-exclude-category' \/>\n<input type='hidden' name='orderby' value='date' id='ewd-ufaq-orderby' \/>\n<input type='hidden' name='order' value='desc' id='ewd-ufaq-order' \/>\n<input type='hidden' name='post_count' value='-1' id='ewd-ufaq-post-count' \/>\n<input type='hidden' name='current_url' value='\/en\/wp-json\/wp\/v2\/ufaq\/6624' id='ewd-ufaq-current-url' \/>\n\t\n\t\n\t<div class='ewd-ufaq-faqs'>\n\n\t\t<div  class=\"ewd-ufaq-faq-div ewd-ufaq-faq-column-count-one ewd-ufaq-faq-responsive-columns- ewd-ufaq-faq-display-style-one ewd-ufaq-can-be-toggled\" id='ewd-ufaq-post-6624-AlTGUU56ze' data-post_id='6624'>\n\n\t\t\n\t<div class='ewd-ufaq-faq-title ewd-ufaq-faq-toggle'>\n\t\n\t<a class='ewd-ufaq-post-margin'  href='#' role=\"button\">\n\n\t\t<div class='ewd-ufaq-post-margin-symbol ewd-ufaq-square'>\n\t\t\t<span >B<\/span>\n\t\t<\/div>\n\n\t\t<div class='ewd-ufaq-faq-title-text'>\n\n\t\t\t<h5>\n\t\t\t\tLe lundi 16 f\u00e9vrier 2015 \u00e0 14:20\u00a0Kim\u00a0dit: Bonjour, Ca serait pour avoir des informations pour un b\u00e9b\u00e9 de 5 mois, il fait de l&#8217;ecz\u00e9ma s\u00e9v\u00e8re, car sa peau est humide et qui a de la pue qui va avec ?? Comment puis-je gu\u00e9rir mon b\u00e9b\u00e9 ?? c&#8217;est tu la cause de sont lait ?? Enfamil A+ ? une all\u00e9gie ?? avec plusieurs questions et beaucoup de cr\u00e8me, c&#8217;est toujours pire \ud83d\ude41\t\t\t<\/h5>\n\n\t\t<\/div>\n\n\t\t<div class='ewd-ufaq-clear'><\/div>\n\n\t<\/a>\n\t\n<\/div>\n\t\n\t<div class='ewd-ufaq-faq-body' >\n\n\t\t\n\t\t\t\n\t\t\n\t\t\t<div class='ewd-ufaq-post-margin ewd-ufaq-faq-post'>\n\t<p>Le mardi 17 f\u00e9vrier 2015 \u00e0 15:38\u00a0Emeu Charlevoix\u00a0dit: Bonjour, avant tout, avez-vous chang\u00e9 de marque de lait? Depuis combien de temps votre enfant pr\u00e9sente-t-il ces sympt\u00f4mes et sur quelles r\u00e9gions du corps? Il s&#8217;agit ici de points importants qui peuvent expliquer la cause de l&#8217;ecz\u00e9ma de votre b\u00e9b\u00e9. Nous recommandons toutefois l&#8217;utilisation de l&#8217;Huile d&#8217;\u00e9meu 100% pure 3 \u00e0 4 fois par jour sur le corps de votre b\u00e9b\u00e9. Lorsque vous le nettoyez, utiliser un savon doux \u00e0 l&#8217;huile d&#8217;\u00e9meu (celui sans parfum). Nous vous sugg\u00e9rons \u00e9galement de mettre un peu d&#8217;huile d&#8217;\u00e9meu dans le bain pour calmer les irritations. Soyez toutefois alertes aux changements pass\u00e9s. Valider si cela ne serait pas caus\u00e9 par un changement de marque de savon, de savon \u00e0 lessive, de lait en poudre ou m\u00eame de c\u00e9r\u00e9ale (s&#8217;il est rendu \u00e0 cette \u00e9tape). Pour les \u00e9ruptions cutan\u00e9es (prurit), n&#8217;h\u00e9sitez pas \u00e0 appliquer de l&#8217;huile d&#8217;\u00e9meu. Merci.<\/p>\n<\/div>\n\t\t\n\t\t\t<div class='ewd-ufaq-faq-custom-fields'>\n\n\t\n<\/div>\n\t\t\n\t\t\t\n\t\t\n\t\t\t\n\t\t\n\t\t\t\n\t\t\n\t\t\t\n\t\t\n\t\t\t\n\t\t\n\t\t\t\n\t\t\n\t\t\t\n\t\t\n\t<\/div>\n\n<\/div>\n\t<\/div>\n\n\t\n<\/div>","protected":false},"excerpt":{"rendered":"<p>B Le lundi 16 f\u00e9vrier 2015 \u00e0 14:20\u00a0Kim\u00a0dit: Bonjour, Ca serait pour avoir des informations pour un b\u00e9b\u00e9 de 5 mois, il fait de l&#8217;ecz\u00e9ma s\u00e9v\u00e8re, car sa peau est humide et qui a de la pue qui va avec ?? Comment puis-je gu\u00e9rir mon b\u00e9b\u00e9 ?? c&#8217;est tu la cause de sont lait ?? [&#8230;]\n","protected":false},"author":1,"featured_media":0,"comment_status":"closed","ping_status":"closed","template":"","ufaq-category":[561,338,547,582],"ufaq-tag":[601,423,595],"class_list":["post-6624","ufaq","type-ufaq","status-publish","hentry","ufaq-category-100-pure-emu-oil","ufaq-category-eczema-en","ufaq-category-eczema-cream","ufaq-category-soap-pure-sweetness","ufaq-tag-creme-pour-eczema-en","ufaq-tag-huile-emeu-100pure-en","ufaq-tag-savon-pure-douceur-en"],"yoast_head":"<!-- This site is optimized with the Yoast SEO plugin v27.1.1 - https:\/\/yoast.com\/product\/yoast-seo-wordpress\/ -->\n<title>Le lundi 16 f\u00e9vrier 2015 \u00e0 14:20\u00a0Kim\u00a0dit: Bonjour, Ca serait pour avoir des informations pour un b\u00e9b\u00e9 de 5 mois, il fait de l&#039;ecz\u00e9ma s\u00e9v\u00e8re, car sa peau est humide et qui a de la pue qui va avec ?? Comment puis-je gu\u00e9rir mon b\u00e9b\u00e9 ?? c&#039;est tu la cause de sont lait ?? Enfamil A+ ? une all\u00e9gie ?? avec plusieurs questions et beaucoup de cr\u00e8me, c&#039;est toujours pire :( - Emeu Charlevoix<\/title>\n<meta name=\"robots\" content=\"index, follow, max-snippet:-1, max-image-preview:large, max-video-preview:-1\" \/>\n<link rel=\"canonical\" href=\"https:\/\/emeucharlevoix.com\/en\/ufaqs\/le-lundi-16-fevrier-2015-a-1420-kim-dit-bonjour-ca-serait-pour-avoir-des-informations-pour-un-bebe-de-5-mois-il-fait-de-leczema-severe-car-sa-peau-est-humide-et-qui-a-de-la-pue-qui-va\/\" \/>\n<meta property=\"og:locale\" content=\"en_US\" \/>\n<meta property=\"og:type\" content=\"article\" \/>\n<meta property=\"og:title\" content=\"Le lundi 16 f\u00e9vrier 2015 \u00e0 14:20\u00a0Kim\u00a0dit: Bonjour, Ca serait pour avoir des informations pour un b\u00e9b\u00e9 de 5 mois, il fait de l&#039;ecz\u00e9ma s\u00e9v\u00e8re, car sa peau est humide et qui a de la pue qui va avec ?? Comment puis-je gu\u00e9rir mon b\u00e9b\u00e9 ?? c&#039;est tu la cause de sont lait ?? Enfamil A+ ? une all\u00e9gie ?? avec plusieurs questions et beaucoup de cr\u00e8me, c&#039;est toujours pire :( - Emeu Charlevoix\" \/>\n<meta property=\"og:description\" content=\"B Le lundi 16 f\u00e9vrier 2015 \u00e0 14:20\u00a0Kim\u00a0dit: Bonjour, Ca serait pour avoir des informations pour un b\u00e9b\u00e9 de 5 mois, il fait de l&#8217;ecz\u00e9ma s\u00e9v\u00e8re, car sa peau est humide et qui a de la pue qui va avec ?? Comment puis-je gu\u00e9rir mon b\u00e9b\u00e9 ?? c&#8217;est tu la cause de sont lait ?? [...]\" \/>\n<meta property=\"og:url\" content=\"https:\/\/emeucharlevoix.com\/en\/ufaqs\/le-lundi-16-fevrier-2015-a-1420-kim-dit-bonjour-ca-serait-pour-avoir-des-informations-pour-un-bebe-de-5-mois-il-fait-de-leczema-severe-car-sa-peau-est-humide-et-qui-a-de-la-pue-qui-va\/\" \/>\n<meta property=\"og:site_name\" content=\"Emeu Charlevoix\" \/>\n<meta property=\"article:publisher\" content=\"https:\/\/www.facebook.com\/Emeucharlevoix\" \/>\n<meta name=\"twitter:card\" content=\"summary_large_image\" \/>\n<meta name=\"twitter:site\" content=\"@emeucharlevoix\" \/>\n<meta name=\"twitter:label1\" content=\"Est. reading time\" \/>\n\t<meta name=\"twitter:data1\" content=\"1 minute\" \/>\n<script type=\"application\/ld+json\" class=\"yoast-schema-graph\">{\"@context\":\"https:\/\/schema.org\",\"@graph\":[{\"@type\":[\"WebPage\",\"FAQPage\"],\"@id\":\"https:\/\/emeucharlevoix.com\/en\/ufaqs\/le-lundi-16-fevrier-2015-a-1420-kim-dit-bonjour-ca-serait-pour-avoir-des-informations-pour-un-bebe-de-5-mois-il-fait-de-leczema-severe-car-sa-peau-est-humide-et-qui-a-de-la-pue-qui-va\/\",\"url\":\"https:\/\/emeucharlevoix.com\/en\/ufaqs\/le-lundi-16-fevrier-2015-a-1420-kim-dit-bonjour-ca-serait-pour-avoir-des-informations-pour-un-bebe-de-5-mois-il-fait-de-leczema-severe-car-sa-peau-est-humide-et-qui-a-de-la-pue-qui-va\/\",\"name\":\"Le lundi 16 f\u00e9vrier 2015 \u00e0 14:20\u00a0Kim\u00a0dit: Bonjour, Ca serait pour avoir des informations pour un b\u00e9b\u00e9 de 5 mois, il fait de l'ecz\u00e9ma s\u00e9v\u00e8re, car sa peau est humide et qui a de la pue qui va avec ?? Comment puis-je gu\u00e9rir mon b\u00e9b\u00e9 ?? c'est tu la cause de sont lait ?? Enfamil A+ ? une all\u00e9gie ?? avec plusieurs questions et beaucoup de cr\u00e8me, c'est toujours pire :( - Emeu Charlevoix\",\"isPartOf\":{\"@id\":\"https:\/\/emeucharlevoix.com\/en\/#website\"},\"datePublished\":\"2017-09-28T21:37:40+00:00\",\"breadcrumb\":{\"@id\":\"https:\/\/emeucharlevoix.com\/en\/ufaqs\/le-lundi-16-fevrier-2015-a-1420-kim-dit-bonjour-ca-serait-pour-avoir-des-informations-pour-un-bebe-de-5-mois-il-fait-de-leczema-severe-car-sa-peau-est-humide-et-qui-a-de-la-pue-qui-va\/#breadcrumb\"},\"inLanguage\":\"en-CA\",\"potentialAction\":[{\"@type\":\"ReadAction\",\"target\":[\"https:\/\/emeucharlevoix.com\/en\/ufaqs\/le-lundi-16-fevrier-2015-a-1420-kim-dit-bonjour-ca-serait-pour-avoir-des-informations-pour-un-bebe-de-5-mois-il-fait-de-leczema-severe-car-sa-peau-est-humide-et-qui-a-de-la-pue-qui-va\/\"]}]},{\"@type\":\"BreadcrumbList\",\"@id\":\"https:\/\/emeucharlevoix.com\/en\/ufaqs\/le-lundi-16-fevrier-2015-a-1420-kim-dit-bonjour-ca-serait-pour-avoir-des-informations-pour-un-bebe-de-5-mois-il-fait-de-leczema-severe-car-sa-peau-est-humide-et-qui-a-de-la-pue-qui-va\/#breadcrumb\",\"itemListElement\":[{\"@type\":\"ListItem\",\"position\":1,\"name\":\"FAQs\",\"item\":\"https:\/\/emeucharlevoix.com\/en\/ufaqs\/\"},{\"@type\":\"ListItem\",\"position\":2,\"name\":\"Le lundi 16 f\u00e9vrier 2015 \u00e0 14:20\u00a0Kim\u00a0dit: Bonjour, Ca serait pour avoir des informations pour un b\u00e9b\u00e9 de 5 mois, il fait de l&#8217;ecz\u00e9ma s\u00e9v\u00e8re, car sa peau est humide et qui a de la pue qui va avec ?? Comment puis-je gu\u00e9rir mon b\u00e9b\u00e9 ?? c&#8217;est tu la cause de sont lait ?? Enfamil A+ ? une all\u00e9gie ?? avec plusieurs questions et beaucoup de cr\u00e8me, c&#8217;est toujours pire :(\"}]},{\"@type\":\"WebSite\",\"@id\":\"https:\/\/emeucharlevoix.com\/en\/#website\",\"url\":\"https:\/\/emeucharlevoix.com\/en\/\",\"name\":\"Emeu Charlevoix\",\"description\":\"Nature&#039;s gift to your skin\",\"publisher\":{\"@id\":\"https:\/\/emeucharlevoix.com\/en\/#organization\"},\"potentialAction\":[{\"@type\":\"SearchAction\",\"target\":{\"@type\":\"EntryPoint\",\"urlTemplate\":\"https:\/\/emeucharlevoix.com\/en\/?s={search_term_string}\"},\"query-input\":{\"@type\":\"PropertyValueSpecification\",\"valueRequired\":true,\"valueName\":\"search_term_string\"}}],\"inLanguage\":\"en-CA\"},{\"@type\":\"Organization\",\"@id\":\"https:\/\/emeucharlevoix.com\/en\/#organization\",\"name\":\"Emeu Charlevoix\",\"url\":\"https:\/\/emeucharlevoix.com\/en\/\",\"logo\":{\"@type\":\"ImageObject\",\"inLanguage\":\"en-CA\",\"@id\":\"https:\/\/emeucharlevoix.com\/en\/#\/schema\/logo\/image\/\",\"url\":\"https:\/\/emeucharlevoix.com\/wp-content\/uploads\/2017\/07\/emeu-charlevoix-top.png\",\"contentUrl\":\"https:\/\/emeucharlevoix.com\/wp-content\/uploads\/2017\/07\/emeu-charlevoix-top.png\",\"width\":288,\"height\":229,\"caption\":\"Emeu Charlevoix\"},\"image\":{\"@id\":\"https:\/\/emeucharlevoix.com\/en\/#\/schema\/logo\/image\/\"},\"sameAs\":[\"https:\/\/www.facebook.com\/Emeucharlevoix\",\"https:\/\/x.com\/emeucharlevoix\",\"https:\/\/www.youtube.com\/channel\/UCsaMSpbpc9n05S0brEVo7jg\"]}]}<\/script>\n<!-- \/ Yoast SEO plugin. -->","yoast_head_json":{"title":"Le lundi 16 f\u00e9vrier 2015 \u00e0 14:20\u00a0Kim\u00a0dit: Bonjour, Ca serait pour avoir des informations pour un b\u00e9b\u00e9 de 5 mois, il fait de l'ecz\u00e9ma s\u00e9v\u00e8re, car sa peau est humide et qui a de la pue qui va avec ?? Comment puis-je gu\u00e9rir mon b\u00e9b\u00e9 ?? c'est tu la cause de sont lait ?? Enfamil A+ ? une all\u00e9gie ?? avec plusieurs questions et beaucoup de cr\u00e8me, c'est toujours pire :( - Emeu Charlevoix","robots":{"index":"index","follow":"follow","max-snippet":"max-snippet:-1","max-image-preview":"max-image-preview:large","max-video-preview":"max-video-preview:-1"},"canonical":"https:\/\/emeucharlevoix.com\/en\/ufaqs\/le-lundi-16-fevrier-2015-a-1420-kim-dit-bonjour-ca-serait-pour-avoir-des-informations-pour-un-bebe-de-5-mois-il-fait-de-leczema-severe-car-sa-peau-est-humide-et-qui-a-de-la-pue-qui-va\/","og_locale":"en_US","og_type":"article","og_title":"Le lundi 16 f\u00e9vrier 2015 \u00e0 14:20\u00a0Kim\u00a0dit: Bonjour, Ca serait pour avoir des informations pour un b\u00e9b\u00e9 de 5 mois, il fait de l'ecz\u00e9ma s\u00e9v\u00e8re, car sa peau est humide et qui a de la pue qui va avec ?? Comment puis-je gu\u00e9rir mon b\u00e9b\u00e9 ?? c'est tu la cause de sont lait ?? Enfamil A+ ? une all\u00e9gie ?? avec plusieurs questions et beaucoup de cr\u00e8me, c'est toujours pire :( - Emeu Charlevoix","og_description":"B Le lundi 16 f\u00e9vrier 2015 \u00e0 14:20\u00a0Kim\u00a0dit: Bonjour, Ca serait pour avoir des informations pour un b\u00e9b\u00e9 de 5 mois, il fait de l&#8217;ecz\u00e9ma s\u00e9v\u00e8re, car sa peau est humide et qui a de la pue qui va avec ?? Comment puis-je gu\u00e9rir mon b\u00e9b\u00e9 ?? c&#8217;est tu la cause de sont lait ?? [...]","og_url":"https:\/\/emeucharlevoix.com\/en\/ufaqs\/le-lundi-16-fevrier-2015-a-1420-kim-dit-bonjour-ca-serait-pour-avoir-des-informations-pour-un-bebe-de-5-mois-il-fait-de-leczema-severe-car-sa-peau-est-humide-et-qui-a-de-la-pue-qui-va\/","og_site_name":"Emeu Charlevoix","article_publisher":"https:\/\/www.facebook.com\/Emeucharlevoix","twitter_card":"summary_large_image","twitter_site":"@emeucharlevoix","twitter_misc":{"Est. reading time":"1 minute"},"schema":{"@context":"https:\/\/schema.org","@graph":[{"@type":["WebPage","FAQPage"],"@id":"https:\/\/emeucharlevoix.com\/en\/ufaqs\/le-lundi-16-fevrier-2015-a-1420-kim-dit-bonjour-ca-serait-pour-avoir-des-informations-pour-un-bebe-de-5-mois-il-fait-de-leczema-severe-car-sa-peau-est-humide-et-qui-a-de-la-pue-qui-va\/","url":"https:\/\/emeucharlevoix.com\/en\/ufaqs\/le-lundi-16-fevrier-2015-a-1420-kim-dit-bonjour-ca-serait-pour-avoir-des-informations-pour-un-bebe-de-5-mois-il-fait-de-leczema-severe-car-sa-peau-est-humide-et-qui-a-de-la-pue-qui-va\/","name":"Le lundi 16 f\u00e9vrier 2015 \u00e0 14:20\u00a0Kim\u00a0dit: Bonjour, Ca serait pour avoir des informations pour un b\u00e9b\u00e9 de 5 mois, il fait de l'ecz\u00e9ma s\u00e9v\u00e8re, car sa peau est humide et qui a de la pue qui va avec ?? Comment puis-je gu\u00e9rir mon b\u00e9b\u00e9 ?? c'est tu la cause de sont lait ?? Enfamil A+ ? une all\u00e9gie ?? avec plusieurs questions et beaucoup de cr\u00e8me, c'est toujours pire :( - Emeu Charlevoix","isPartOf":{"@id":"https:\/\/emeucharlevoix.com\/en\/#website"},"datePublished":"2017-09-28T21:37:40+00:00","breadcrumb":{"@id":"https:\/\/emeucharlevoix.com\/en\/ufaqs\/le-lundi-16-fevrier-2015-a-1420-kim-dit-bonjour-ca-serait-pour-avoir-des-informations-pour-un-bebe-de-5-mois-il-fait-de-leczema-severe-car-sa-peau-est-humide-et-qui-a-de-la-pue-qui-va\/#breadcrumb"},"inLanguage":"en-CA","potentialAction":[{"@type":"ReadAction","target":["https:\/\/emeucharlevoix.com\/en\/ufaqs\/le-lundi-16-fevrier-2015-a-1420-kim-dit-bonjour-ca-serait-pour-avoir-des-informations-pour-un-bebe-de-5-mois-il-fait-de-leczema-severe-car-sa-peau-est-humide-et-qui-a-de-la-pue-qui-va\/"]}]},{"@type":"BreadcrumbList","@id":"https:\/\/emeucharlevoix.com\/en\/ufaqs\/le-lundi-16-fevrier-2015-a-1420-kim-dit-bonjour-ca-serait-pour-avoir-des-informations-pour-un-bebe-de-5-mois-il-fait-de-leczema-severe-car-sa-peau-est-humide-et-qui-a-de-la-pue-qui-va\/#breadcrumb","itemListElement":[{"@type":"ListItem","position":1,"name":"FAQs","item":"https:\/\/emeucharlevoix.com\/en\/ufaqs\/"},{"@type":"ListItem","position":2,"name":"Le lundi 16 f\u00e9vrier 2015 \u00e0 14:20\u00a0Kim\u00a0dit: Bonjour, Ca serait pour avoir des informations pour un b\u00e9b\u00e9 de 5 mois, il fait de l&#8217;ecz\u00e9ma s\u00e9v\u00e8re, car sa peau est humide et qui a de la pue qui va avec ?? Comment puis-je gu\u00e9rir mon b\u00e9b\u00e9 ?? c&#8217;est tu la cause de sont lait ?? Enfamil A+ ? une all\u00e9gie ?? avec plusieurs questions et beaucoup de cr\u00e8me, c&#8217;est toujours pire :("}]},{"@type":"WebSite","@id":"https:\/\/emeucharlevoix.com\/en\/#website","url":"https:\/\/emeucharlevoix.com\/en\/","name":"Emeu Charlevoix","description":"Nature&#039;s gift to your skin","publisher":{"@id":"https:\/\/emeucharlevoix.com\/en\/#organization"},"potentialAction":[{"@type":"SearchAction","target":{"@type":"EntryPoint","urlTemplate":"https:\/\/emeucharlevoix.com\/en\/?s={search_term_string}"},"query-input":{"@type":"PropertyValueSpecification","valueRequired":true,"valueName":"search_term_string"}}],"inLanguage":"en-CA"},{"@type":"Organization","@id":"https:\/\/emeucharlevoix.com\/en\/#organization","name":"Emeu Charlevoix","url":"https:\/\/emeucharlevoix.com\/en\/","logo":{"@type":"ImageObject","inLanguage":"en-CA","@id":"https:\/\/emeucharlevoix.com\/en\/#\/schema\/logo\/image\/","url":"https:\/\/emeucharlevoix.com\/wp-content\/uploads\/2017\/07\/emeu-charlevoix-top.png","contentUrl":"https:\/\/emeucharlevoix.com\/wp-content\/uploads\/2017\/07\/emeu-charlevoix-top.png","width":288,"height":229,"caption":"Emeu Charlevoix"},"image":{"@id":"https:\/\/emeucharlevoix.com\/en\/#\/schema\/logo\/image\/"},"sameAs":["https:\/\/www.facebook.com\/Emeucharlevoix","https:\/\/x.com\/emeucharlevoix","https:\/\/www.youtube.com\/channel\/UCsaMSpbpc9n05S0brEVo7jg"]}]}},"_links":{"self":[{"href":"https:\/\/emeucharlevoix.com\/en\/wp-json\/wp\/v2\/ufaq\/6624","targetHints":{"allow":["GET"]}}],"collection":[{"href":"https:\/\/emeucharlevoix.com\/en\/wp-json\/wp\/v2\/ufaq"}],"about":[{"href":"https:\/\/emeucharlevoix.com\/en\/wp-json\/wp\/v2\/types\/ufaq"}],"author":[{"embeddable":true,"href":"https:\/\/emeucharlevoix.com\/en\/wp-json\/wp\/v2\/users\/1"}],"replies":[{"embeddable":true,"href":"https:\/\/emeucharlevoix.com\/en\/wp-json\/wp\/v2\/comments?post=6624"}],"wp:attachment":[{"href":"https:\/\/emeucharlevoix.com\/en\/wp-json\/wp\/v2\/media?parent=6624"}],"wp:term":[{"taxonomy":"ufaq-category","embeddable":true,"href":"https:\/\/emeucharlevoix.com\/en\/wp-json\/wp\/v2\/ufaq-category?post=6624"},{"taxonomy":"ufaq-tag","embeddable":true,"href":"https:\/\/emeucharlevoix.com\/en\/wp-json\/wp\/v2\/ufaq-tag?post=6624"}],"curies":[{"name":"wp","href":"https:\/\/api.w.org\/{rel}","templated":true}]}}