{"id":6625,"date":"2017-09-28T17:37:39","date_gmt":"2017-09-28T21:37:39","guid":{"rendered":"https:\/\/emeucom.mywhc.ca\/ufaqs\/le-lundi-24-juillet-2017-a-1142-monique-rivest-dit-bonjour-moi-cest-ma-fille-qui-a-50-ans-et-depuis-que-elle-est-bebe-elle-a-de-lexzema-mais-aujourdhui-cest-sur-tout-le-corps\/"},"modified":"2017-12-08T11:28:08","modified_gmt":"2017-12-08T16:28:08","slug":"le-lundi-24-juillet-2017-a-1142-monique-rivest-dit-bonjour-moi-cest-ma-fille-qui-a-50-ans-et-depuis-que-elle-est-bebe-elle-a-de-lexzema-mais-aujourdhui-cest-sur-tout-le-corps","status":"publish","type":"ufaq","link":"https:\/\/emeucharlevoix.com\/en\/ufaqs\/le-lundi-24-juillet-2017-a-1142-monique-rivest-dit-bonjour-moi-cest-ma-fille-qui-a-50-ans-et-depuis-que-elle-est-bebe-elle-a-de-lexzema-mais-aujourdhui-cest-sur-tout-le-corps\/","title":{"rendered":"Le lundi 24 juillet 2017 \u00e0 11:42\u00a0Monique R. dit: Bonjour , moi c&#8217;est ma fille qui a 50 ans et depuis que elle est bebe elle a de l&#8217;exzema , mais aujourd&#8217;hui c&#8217;est sur tout le corps , les mains et surtout le visage les yeux , le cou , les bras . Je sais que elle ne sais plus a quel saint se vouer mais ont cherche ."},"content":{"rendered":"<style>.ewd-ufaq-faq-title .ewd-ufaq-post-margin-symbol span { font-size: 12px !important; }div.ewd-ufaq-faq-title h5 { font-size: 9 !important; }div.ewd-ufaq-faq-post p { font-size: 7 !important; }div.ewd-ufaq-faq-post p { color: #007680 !important; }div.ewd-ufaq-author-date { font-size: 7 !important; }div.ewd-ufaq-author-date { color: #007680 !important; }div.ewd-ufaq-faq-categories, div.ewd-ufaq-faq-tags { font-size: 7 !important; }.ufaq-faq-title h5 {\r\nfont-weight:normal;\r\nmargin:10px!important;\r\n}\r\n\r\n.ufaq-faq-body .submit {\r\ncolor:#fff;\r\n}\r\n\r\n.ufaq-faq-display-style-Minimalist {\r\nborder-bottom:1px solid #007680;\r\n}\r\n\r\n.ewd-otp-field-label {\r\nwidth:auto!important;\r\ndisplay:none;\r\n}<\/style><div  class=\"ewd-ufaq-faq-list ewd-ufaq-page-type-load_more ewd-ufaq-category-tabs-\" id='ewd-ufaq-faq-list'>\n\n\t<input type='hidden' name='show_on_load' value='' id='ewd-ufaq-show-on-load' \/>\n<input type='hidden' name='include_category' value='' id='ewd-ufaq-include-category' \/>\n<input type='hidden' name='exclude_category' value='' id='ewd-ufaq-exclude-category' \/>\n<input type='hidden' name='orderby' value='date' id='ewd-ufaq-orderby' \/>\n<input type='hidden' name='order' value='desc' id='ewd-ufaq-order' \/>\n<input type='hidden' name='post_count' value='-1' id='ewd-ufaq-post-count' \/>\n<input type='hidden' name='current_url' value='\/en\/wp-json\/wp\/v2\/ufaq\/6625' id='ewd-ufaq-current-url' \/>\n\t\n\t\n\t<div class='ewd-ufaq-faqs'>\n\n\t\t<div  class=\"ewd-ufaq-faq-div ewd-ufaq-faq-column-count-one ewd-ufaq-faq-responsive-columns- ewd-ufaq-faq-display-style-one ewd-ufaq-can-be-toggled\" id='ewd-ufaq-post-6625-i9dm37FnC1' data-post_id='6625'>\n\n\t\t\n\t<div class='ewd-ufaq-faq-title ewd-ufaq-faq-toggle'>\n\t\n\t<a class='ewd-ufaq-post-margin'  href='#' role=\"button\">\n\n\t\t<div class='ewd-ufaq-post-margin-symbol ewd-ufaq-square'>\n\t\t\t<span >B<\/span>\n\t\t<\/div>\n\n\t\t<div class='ewd-ufaq-faq-title-text'>\n\n\t\t\t<h5>\n\t\t\t\tLe lundi 24 juillet 2017 \u00e0 11:42\u00a0Monique R. dit: Bonjour , moi c&#8217;est ma fille qui a 50 ans et depuis que elle est bebe elle a de l&#8217;exzema , mais aujourd&#8217;hui c&#8217;est sur tout le corps , les mains et surtout le visage les yeux , le cou , les bras . Je sais que elle ne sais plus a quel saint se vouer mais ont cherche .\t\t\t<\/h5>\n\n\t\t<\/div>\n\n\t\t<div class='ewd-ufaq-clear'><\/div>\n\n\t<\/a>\n\t\n<\/div>\n\t\n\t<div class='ewd-ufaq-faq-body' >\n\n\t\t\n\t\t\t\n\t\t\n\t\t\t<div class='ewd-ufaq-post-margin ewd-ufaq-faq-post'>\n\t<p>Le mardi 25 juillet 2017 \u00e0 11:21\u00a0Emeucharlevoix\u00a0dit: Bonjour, nous vous conseillons l&#8217;huile d&#8217;\u00e9meu 100 % pure ainsi que notre pain de savon pure douceur. L&#8217;huile d&#8217;\u00e9meu Emeu Charlevoix est reconnue pour ses b\u00e9n\u00e9fices sur la peau. Elle hydrate la peau s\u00e8che et att\u00e9nue les d\u00e9mangeaisons caus\u00e9es par la peau s\u00e8che. Elle p\u00e9n\u00e8tre en profondeur dans la peau. Nous vous conseillons d&#8217;en appliquer en petites quantit\u00e9s et de r\u00e9p\u00e9ter plus souvent. De plus, notre pain de savon Pure Douceur qui est 100 % naturel, fait \u00e0 base de lait de ch\u00e8vre et d&#8217;huile d&#8217;\u00e9meu est utilis\u00e9 pour les peaux fragilis\u00e9es et les b\u00e9b\u00e9s naissant, il hydrate sans laisser de r\u00e9sidus sur la peau. Le pain de savon est un bon compl\u00e9ment \u00e0 l&#8217;huile d&#8217;\u00e9meu pour aider la peau \u00e0 s&#8217;hydrater. Merci et bonne journ\u00e9e<\/p>\n<\/div>\n\t\t\n\t\t\t<div class='ewd-ufaq-faq-custom-fields'>\n\n\t\n<\/div>\n\t\t\n\t\t\t\n\t\t\n\t\t\t\n\t\t\n\t\t\t\n\t\t\n\t\t\t\n\t\t\n\t\t\t\n\t\t\n\t\t\t\n\t\t\n\t\t\t\n\t\t\n\t<\/div>\n\n<\/div>\n\t<\/div>\n\n\t\n<\/div>","protected":false},"excerpt":{"rendered":"<p>B Le lundi 24 juillet 2017 \u00e0 11:42\u00a0Monique R. dit: Bonjour , moi c&#8217;est ma fille qui a 50 ans et depuis que elle est bebe elle a de l&#8217;exzema , mais aujourd&#8217;hui c&#8217;est sur tout le corps , les mains et surtout le visage les yeux , le cou , les bras . Je [&#8230;]\n","protected":false},"author":1,"featured_media":0,"comment_status":"closed","ping_status":"closed","template":"","ufaq-category":[561,338,547,582],"ufaq-tag":[657,423,595],"class_list":["post-6625","ufaq","type-ufaq","status-publish","hentry","ufaq-category-100-pure-emu-oil","ufaq-category-eczema-en","ufaq-category-eczema-cream","ufaq-category-soap-pure-sweetness","ufaq-tag-creme-eczema-en","ufaq-tag-huile-emeu-100pure-en","ufaq-tag-savon-pure-douceur-en"],"yoast_head":"<!-- This site is optimized with the Yoast SEO plugin v27.1.1 - https:\/\/yoast.com\/product\/yoast-seo-wordpress\/ -->\n<title>Le lundi 24 juillet 2017 \u00e0 11:42\u00a0Monique R. dit: Bonjour , moi c&#039;est ma fille qui a 50 ans et depuis que elle est bebe elle a de l&#039;exzema , mais aujourd&#039;hui c&#039;est sur tout le corps , les mains et surtout le visage les yeux , le cou , les bras . Je sais que elle ne sais plus a quel saint se vouer mais ont cherche . - Emeu Charlevoix<\/title>\n<meta name=\"robots\" content=\"index, follow, max-snippet:-1, max-image-preview:large, max-video-preview:-1\" \/>\n<link rel=\"canonical\" href=\"https:\/\/emeucharlevoix.com\/en\/ufaqs\/le-lundi-24-juillet-2017-a-1142-monique-rivest-dit-bonjour-moi-cest-ma-fille-qui-a-50-ans-et-depuis-que-elle-est-bebe-elle-a-de-lexzema-mais-aujourdhui-cest-sur-tout-le-corps\/\" \/>\n<meta property=\"og:locale\" content=\"en_US\" \/>\n<meta property=\"og:type\" content=\"article\" \/>\n<meta property=\"og:title\" content=\"Le lundi 24 juillet 2017 \u00e0 11:42\u00a0Monique R. dit: Bonjour , moi c&#039;est ma fille qui a 50 ans et depuis que elle est bebe elle a de l&#039;exzema , mais aujourd&#039;hui c&#039;est sur tout le corps , les mains et surtout le visage les yeux , le cou , les bras . Je sais que elle ne sais plus a quel saint se vouer mais ont cherche . - Emeu Charlevoix\" \/>\n<meta property=\"og:description\" content=\"B Le lundi 24 juillet 2017 \u00e0 11:42\u00a0Monique R. dit: Bonjour , moi c&#8217;est ma fille qui a 50 ans et depuis que elle est bebe elle a de l&#8217;exzema , mais aujourd&#8217;hui c&#8217;est sur tout le corps , les mains et surtout le visage les yeux , le cou , les bras . Je [...]\" \/>\n<meta property=\"og:url\" content=\"https:\/\/emeucharlevoix.com\/en\/ufaqs\/le-lundi-24-juillet-2017-a-1142-monique-rivest-dit-bonjour-moi-cest-ma-fille-qui-a-50-ans-et-depuis-que-elle-est-bebe-elle-a-de-lexzema-mais-aujourdhui-cest-sur-tout-le-corps\/\" \/>\n<meta property=\"og:site_name\" content=\"Emeu Charlevoix\" \/>\n<meta property=\"article:publisher\" content=\"https:\/\/www.facebook.com\/Emeucharlevoix\" \/>\n<meta property=\"article:modified_time\" content=\"2017-12-08T16:28:08+00:00\" \/>\n<meta name=\"twitter:card\" content=\"summary_large_image\" \/>\n<meta name=\"twitter:site\" content=\"@emeucharlevoix\" \/>\n<meta name=\"twitter:label1\" content=\"Est. reading time\" \/>\n\t<meta name=\"twitter:data1\" content=\"1 minute\" \/>\n<script type=\"application\/ld+json\" class=\"yoast-schema-graph\">{\"@context\":\"https:\/\/schema.org\",\"@graph\":[{\"@type\":[\"WebPage\",\"FAQPage\"],\"@id\":\"https:\/\/emeucharlevoix.com\/en\/ufaqs\/le-lundi-24-juillet-2017-a-1142-monique-rivest-dit-bonjour-moi-cest-ma-fille-qui-a-50-ans-et-depuis-que-elle-est-bebe-elle-a-de-lexzema-mais-aujourdhui-cest-sur-tout-le-corps\/\",\"url\":\"https:\/\/emeucharlevoix.com\/en\/ufaqs\/le-lundi-24-juillet-2017-a-1142-monique-rivest-dit-bonjour-moi-cest-ma-fille-qui-a-50-ans-et-depuis-que-elle-est-bebe-elle-a-de-lexzema-mais-aujourdhui-cest-sur-tout-le-corps\/\",\"name\":\"Le lundi 24 juillet 2017 \u00e0 11:42\u00a0Monique R. dit: Bonjour , moi c'est ma fille qui a 50 ans et depuis que elle est bebe elle a de l'exzema , mais aujourd'hui c'est sur tout le corps , les mains et surtout le visage les yeux , le cou , les bras . Je sais que elle ne sais plus a quel saint se vouer mais ont cherche . - Emeu Charlevoix\",\"isPartOf\":{\"@id\":\"https:\/\/emeucharlevoix.com\/en\/#website\"},\"datePublished\":\"2017-09-28T21:37:39+00:00\",\"dateModified\":\"2017-12-08T16:28:08+00:00\",\"breadcrumb\":{\"@id\":\"https:\/\/emeucharlevoix.com\/en\/ufaqs\/le-lundi-24-juillet-2017-a-1142-monique-rivest-dit-bonjour-moi-cest-ma-fille-qui-a-50-ans-et-depuis-que-elle-est-bebe-elle-a-de-lexzema-mais-aujourdhui-cest-sur-tout-le-corps\/#breadcrumb\"},\"inLanguage\":\"en-CA\",\"potentialAction\":[{\"@type\":\"ReadAction\",\"target\":[\"https:\/\/emeucharlevoix.com\/en\/ufaqs\/le-lundi-24-juillet-2017-a-1142-monique-rivest-dit-bonjour-moi-cest-ma-fille-qui-a-50-ans-et-depuis-que-elle-est-bebe-elle-a-de-lexzema-mais-aujourdhui-cest-sur-tout-le-corps\/\"]}]},{\"@type\":\"BreadcrumbList\",\"@id\":\"https:\/\/emeucharlevoix.com\/en\/ufaqs\/le-lundi-24-juillet-2017-a-1142-monique-rivest-dit-bonjour-moi-cest-ma-fille-qui-a-50-ans-et-depuis-que-elle-est-bebe-elle-a-de-lexzema-mais-aujourdhui-cest-sur-tout-le-corps\/#breadcrumb\",\"itemListElement\":[{\"@type\":\"ListItem\",\"position\":1,\"name\":\"FAQs\",\"item\":\"https:\/\/emeucharlevoix.com\/en\/ufaqs\/\"},{\"@type\":\"ListItem\",\"position\":2,\"name\":\"Le lundi 24 juillet 2017 \u00e0 11:42\u00a0Monique R. dit: Bonjour , moi c&#8217;est ma fille qui a 50 ans et depuis que elle est bebe elle a de l&#8217;exzema , mais aujourd&#8217;hui c&#8217;est sur tout le corps , les mains et surtout le visage les yeux , le cou , les bras . Je sais que elle ne sais plus a quel saint se vouer mais ont cherche .\"}]},{\"@type\":\"WebSite\",\"@id\":\"https:\/\/emeucharlevoix.com\/en\/#website\",\"url\":\"https:\/\/emeucharlevoix.com\/en\/\",\"name\":\"Emeu Charlevoix\",\"description\":\"Nature&#039;s gift to your skin\",\"publisher\":{\"@id\":\"https:\/\/emeucharlevoix.com\/en\/#organization\"},\"potentialAction\":[{\"@type\":\"SearchAction\",\"target\":{\"@type\":\"EntryPoint\",\"urlTemplate\":\"https:\/\/emeucharlevoix.com\/en\/?s={search_term_string}\"},\"query-input\":{\"@type\":\"PropertyValueSpecification\",\"valueRequired\":true,\"valueName\":\"search_term_string\"}}],\"inLanguage\":\"en-CA\"},{\"@type\":\"Organization\",\"@id\":\"https:\/\/emeucharlevoix.com\/en\/#organization\",\"name\":\"Emeu Charlevoix\",\"url\":\"https:\/\/emeucharlevoix.com\/en\/\",\"logo\":{\"@type\":\"ImageObject\",\"inLanguage\":\"en-CA\",\"@id\":\"https:\/\/emeucharlevoix.com\/en\/#\/schema\/logo\/image\/\",\"url\":\"https:\/\/emeucharlevoix.com\/wp-content\/uploads\/2017\/07\/emeu-charlevoix-top.png\",\"contentUrl\":\"https:\/\/emeucharlevoix.com\/wp-content\/uploads\/2017\/07\/emeu-charlevoix-top.png\",\"width\":288,\"height\":229,\"caption\":\"Emeu Charlevoix\"},\"image\":{\"@id\":\"https:\/\/emeucharlevoix.com\/en\/#\/schema\/logo\/image\/\"},\"sameAs\":[\"https:\/\/www.facebook.com\/Emeucharlevoix\",\"https:\/\/x.com\/emeucharlevoix\",\"https:\/\/www.youtube.com\/channel\/UCsaMSpbpc9n05S0brEVo7jg\"]}]}<\/script>\n<!-- \/ Yoast SEO plugin. -->","yoast_head_json":{"title":"Le lundi 24 juillet 2017 \u00e0 11:42\u00a0Monique R. dit: Bonjour , moi c'est ma fille qui a 50 ans et depuis que elle est bebe elle a de l'exzema , mais aujourd'hui c'est sur tout le corps , les mains et surtout le visage les yeux , le cou , les bras . Je sais que elle ne sais plus a quel saint se vouer mais ont cherche . - Emeu Charlevoix","robots":{"index":"index","follow":"follow","max-snippet":"max-snippet:-1","max-image-preview":"max-image-preview:large","max-video-preview":"max-video-preview:-1"},"canonical":"https:\/\/emeucharlevoix.com\/en\/ufaqs\/le-lundi-24-juillet-2017-a-1142-monique-rivest-dit-bonjour-moi-cest-ma-fille-qui-a-50-ans-et-depuis-que-elle-est-bebe-elle-a-de-lexzema-mais-aujourdhui-cest-sur-tout-le-corps\/","og_locale":"en_US","og_type":"article","og_title":"Le lundi 24 juillet 2017 \u00e0 11:42\u00a0Monique R. dit: Bonjour , moi c'est ma fille qui a 50 ans et depuis que elle est bebe elle a de l'exzema , mais aujourd'hui c'est sur tout le corps , les mains et surtout le visage les yeux , le cou , les bras . Je sais que elle ne sais plus a quel saint se vouer mais ont cherche . - Emeu Charlevoix","og_description":"B Le lundi 24 juillet 2017 \u00e0 11:42\u00a0Monique R. dit: Bonjour , moi c&#8217;est ma fille qui a 50 ans et depuis que elle est bebe elle a de l&#8217;exzema , mais aujourd&#8217;hui c&#8217;est sur tout le corps , les mains et surtout le visage les yeux , le cou , les bras . Je [...]","og_url":"https:\/\/emeucharlevoix.com\/en\/ufaqs\/le-lundi-24-juillet-2017-a-1142-monique-rivest-dit-bonjour-moi-cest-ma-fille-qui-a-50-ans-et-depuis-que-elle-est-bebe-elle-a-de-lexzema-mais-aujourdhui-cest-sur-tout-le-corps\/","og_site_name":"Emeu Charlevoix","article_publisher":"https:\/\/www.facebook.com\/Emeucharlevoix","article_modified_time":"2017-12-08T16:28:08+00:00","twitter_card":"summary_large_image","twitter_site":"@emeucharlevoix","twitter_misc":{"Est. reading time":"1 minute"},"schema":{"@context":"https:\/\/schema.org","@graph":[{"@type":["WebPage","FAQPage"],"@id":"https:\/\/emeucharlevoix.com\/en\/ufaqs\/le-lundi-24-juillet-2017-a-1142-monique-rivest-dit-bonjour-moi-cest-ma-fille-qui-a-50-ans-et-depuis-que-elle-est-bebe-elle-a-de-lexzema-mais-aujourdhui-cest-sur-tout-le-corps\/","url":"https:\/\/emeucharlevoix.com\/en\/ufaqs\/le-lundi-24-juillet-2017-a-1142-monique-rivest-dit-bonjour-moi-cest-ma-fille-qui-a-50-ans-et-depuis-que-elle-est-bebe-elle-a-de-lexzema-mais-aujourdhui-cest-sur-tout-le-corps\/","name":"Le lundi 24 juillet 2017 \u00e0 11:42\u00a0Monique R. dit: Bonjour , moi c'est ma fille qui a 50 ans et depuis que elle est bebe elle a de l'exzema , mais aujourd'hui c'est sur tout le corps , les mains et surtout le visage les yeux , le cou , les bras . Je sais que elle ne sais plus a quel saint se vouer mais ont cherche . - Emeu Charlevoix","isPartOf":{"@id":"https:\/\/emeucharlevoix.com\/en\/#website"},"datePublished":"2017-09-28T21:37:39+00:00","dateModified":"2017-12-08T16:28:08+00:00","breadcrumb":{"@id":"https:\/\/emeucharlevoix.com\/en\/ufaqs\/le-lundi-24-juillet-2017-a-1142-monique-rivest-dit-bonjour-moi-cest-ma-fille-qui-a-50-ans-et-depuis-que-elle-est-bebe-elle-a-de-lexzema-mais-aujourdhui-cest-sur-tout-le-corps\/#breadcrumb"},"inLanguage":"en-CA","potentialAction":[{"@type":"ReadAction","target":["https:\/\/emeucharlevoix.com\/en\/ufaqs\/le-lundi-24-juillet-2017-a-1142-monique-rivest-dit-bonjour-moi-cest-ma-fille-qui-a-50-ans-et-depuis-que-elle-est-bebe-elle-a-de-lexzema-mais-aujourdhui-cest-sur-tout-le-corps\/"]}]},{"@type":"BreadcrumbList","@id":"https:\/\/emeucharlevoix.com\/en\/ufaqs\/le-lundi-24-juillet-2017-a-1142-monique-rivest-dit-bonjour-moi-cest-ma-fille-qui-a-50-ans-et-depuis-que-elle-est-bebe-elle-a-de-lexzema-mais-aujourdhui-cest-sur-tout-le-corps\/#breadcrumb","itemListElement":[{"@type":"ListItem","position":1,"name":"FAQs","item":"https:\/\/emeucharlevoix.com\/en\/ufaqs\/"},{"@type":"ListItem","position":2,"name":"Le lundi 24 juillet 2017 \u00e0 11:42\u00a0Monique R. dit: Bonjour , moi c&#8217;est ma fille qui a 50 ans et depuis que elle est bebe elle a de l&#8217;exzema , mais aujourd&#8217;hui c&#8217;est sur tout le corps , les mains et surtout le visage les yeux , le cou , les bras . Je sais que elle ne sais plus a quel saint se vouer mais ont cherche ."}]},{"@type":"WebSite","@id":"https:\/\/emeucharlevoix.com\/en\/#website","url":"https:\/\/emeucharlevoix.com\/en\/","name":"Emeu Charlevoix","description":"Nature&#039;s gift to your skin","publisher":{"@id":"https:\/\/emeucharlevoix.com\/en\/#organization"},"potentialAction":[{"@type":"SearchAction","target":{"@type":"EntryPoint","urlTemplate":"https:\/\/emeucharlevoix.com\/en\/?s={search_term_string}"},"query-input":{"@type":"PropertyValueSpecification","valueRequired":true,"valueName":"search_term_string"}}],"inLanguage":"en-CA"},{"@type":"Organization","@id":"https:\/\/emeucharlevoix.com\/en\/#organization","name":"Emeu Charlevoix","url":"https:\/\/emeucharlevoix.com\/en\/","logo":{"@type":"ImageObject","inLanguage":"en-CA","@id":"https:\/\/emeucharlevoix.com\/en\/#\/schema\/logo\/image\/","url":"https:\/\/emeucharlevoix.com\/wp-content\/uploads\/2017\/07\/emeu-charlevoix-top.png","contentUrl":"https:\/\/emeucharlevoix.com\/wp-content\/uploads\/2017\/07\/emeu-charlevoix-top.png","width":288,"height":229,"caption":"Emeu Charlevoix"},"image":{"@id":"https:\/\/emeucharlevoix.com\/en\/#\/schema\/logo\/image\/"},"sameAs":["https:\/\/www.facebook.com\/Emeucharlevoix","https:\/\/x.com\/emeucharlevoix","https:\/\/www.youtube.com\/channel\/UCsaMSpbpc9n05S0brEVo7jg"]}]}},"_links":{"self":[{"href":"https:\/\/emeucharlevoix.com\/en\/wp-json\/wp\/v2\/ufaq\/6625","targetHints":{"allow":["GET"]}}],"collection":[{"href":"https:\/\/emeucharlevoix.com\/en\/wp-json\/wp\/v2\/ufaq"}],"about":[{"href":"https:\/\/emeucharlevoix.com\/en\/wp-json\/wp\/v2\/types\/ufaq"}],"author":[{"embeddable":true,"href":"https:\/\/emeucharlevoix.com\/en\/wp-json\/wp\/v2\/users\/1"}],"replies":[{"embeddable":true,"href":"https:\/\/emeucharlevoix.com\/en\/wp-json\/wp\/v2\/comments?post=6625"}],"wp:attachment":[{"href":"https:\/\/emeucharlevoix.com\/en\/wp-json\/wp\/v2\/media?parent=6625"}],"wp:term":[{"taxonomy":"ufaq-category","embeddable":true,"href":"https:\/\/emeucharlevoix.com\/en\/wp-json\/wp\/v2\/ufaq-category?post=6625"},{"taxonomy":"ufaq-tag","embeddable":true,"href":"https:\/\/emeucharlevoix.com\/en\/wp-json\/wp\/v2\/ufaq-tag?post=6625"}],"curies":[{"name":"wp","href":"https:\/\/api.w.org\/{rel}","templated":true}]}}