{"id":6650,"date":"2017-09-28T17:37:35","date_gmt":"2017-09-28T21:37:35","guid":{"rendered":"https:\/\/emeucom.mywhc.ca\/ufaqs\/le-vendredi-15-avril-2016-a-1230-liette-laplante-dit-bonjour-pour-debuter-jaimerais-vous-dire-que-jadore-vos-produits-et-je-suis-une-fidele-consommatrice-jutilise-la-creme-hydra-fem\/"},"modified":"2017-12-08T11:34:54","modified_gmt":"2017-12-08T16:34:54","slug":"le-vendredi-15-avril-2016-a-1230-liette-laplante-dit-bonjour-pour-debuter-jaimerais-vous-dire-que-jadore-vos-produits-et-je-suis-une-fidele-consommatrice-jutilise-la-creme-hydra-fem","status":"publish","type":"ufaq","link":"https:\/\/emeucharlevoix.com\/en\/ufaqs\/le-vendredi-15-avril-2016-a-1230-liette-laplante-dit-bonjour-pour-debuter-jaimerais-vous-dire-que-jadore-vos-produits-et-je-suis-une-fidele-consommatrice-jutilise-la-creme-hydra-fem\/","title":{"rendered":"Le vendredi 15 avril 2016 \u00e0 12:30\u00a0Liette L. dit: Bonjour Pour d\u00e9buter j&#8217;aimerais vous dire que j&#8217;adore vos produits et je suis une fid\u00e8le consommatrice. J&#8217;utilise la cr\u00e8me hydra femme plus, et lors de ma derni\u00e8re commande, jai remarqu\u00e9 que le produit \u00e9tait bcp plus liquide que d&#8217;habitude. En fait, j&#8217;aime bcp mieux une texture plus cr\u00e9meuse car j&#8217;ai l&#8217;impression qu&#8217;il me faut une plus grande quantit\u00e9 car ma peau semble moins bien hydrat\u00e9. Est-ce normal ??? Merci beaucoup"},"content":{"rendered":"<style>.ewd-ufaq-faq-title .ewd-ufaq-post-margin-symbol span { font-size: 12px !important; }div.ewd-ufaq-faq-title h5 { font-size: 9 !important; }div.ewd-ufaq-faq-post p { font-size: 7 !important; }div.ewd-ufaq-faq-post p { color: #007680 !important; }div.ewd-ufaq-author-date { font-size: 7 !important; }div.ewd-ufaq-author-date { color: #007680 !important; }div.ewd-ufaq-faq-categories, div.ewd-ufaq-faq-tags { font-size: 7 !important; }.ufaq-faq-title h5 {\r\nfont-weight:normal;\r\nmargin:10px!important;\r\n}\r\n\r\n.ufaq-faq-body .submit {\r\ncolor:#fff;\r\n}\r\n\r\n.ufaq-faq-display-style-Minimalist {\r\nborder-bottom:1px solid #007680;\r\n}\r\n\r\n.ewd-otp-field-label {\r\nwidth:auto!important;\r\ndisplay:none;\r\n}<\/style><div  class=\"ewd-ufaq-faq-list ewd-ufaq-page-type-load_more ewd-ufaq-category-tabs-\" id='ewd-ufaq-faq-list'>\n\n\t<input type='hidden' name='show_on_load' value='' id='ewd-ufaq-show-on-load' \/>\n<input type='hidden' name='include_category' value='' id='ewd-ufaq-include-category' \/>\n<input type='hidden' name='exclude_category' value='' id='ewd-ufaq-exclude-category' \/>\n<input type='hidden' name='orderby' value='date' id='ewd-ufaq-orderby' \/>\n<input type='hidden' name='order' value='desc' id='ewd-ufaq-order' \/>\n<input type='hidden' name='post_count' value='-1' id='ewd-ufaq-post-count' \/>\n<input type='hidden' name='current_url' value='\/en\/wp-json\/wp\/v2\/ufaq\/6650' id='ewd-ufaq-current-url' \/>\n\t\n\t\n\t<div class='ewd-ufaq-faqs'>\n\n\t\t<div  class=\"ewd-ufaq-faq-div ewd-ufaq-faq-column-count-one ewd-ufaq-faq-responsive-columns- ewd-ufaq-faq-display-style-one ewd-ufaq-can-be-toggled\" id='ewd-ufaq-post-6650-WqGRyjfqMU' data-post_id='6650'>\n\n\t\t\n\t<div class='ewd-ufaq-faq-title ewd-ufaq-faq-toggle'>\n\t\n\t<a class='ewd-ufaq-post-margin'  href='#' role=\"button\">\n\n\t\t<div class='ewd-ufaq-post-margin-symbol ewd-ufaq-square'>\n\t\t\t<span >B<\/span>\n\t\t<\/div>\n\n\t\t<div class='ewd-ufaq-faq-title-text'>\n\n\t\t\t<h5>\n\t\t\t\tLe vendredi 15 avril 2016 \u00e0 12:30\u00a0Liette L. dit: Bonjour Pour d\u00e9buter j&#8217;aimerais vous dire que j&#8217;adore vos produits et je suis une fid\u00e8le consommatrice. J&#8217;utilise la cr\u00e8me hydra femme plus, et lors de ma derni\u00e8re commande, jai remarqu\u00e9 que le produit \u00e9tait bcp plus liquide que d&#8217;habitude. En fait, j&#8217;aime bcp mieux une texture plus cr\u00e9meuse car j&#8217;ai l&#8217;impression qu&#8217;il me faut une plus grande quantit\u00e9 car ma peau semble moins bien hydrat\u00e9. Est-ce normal ??? Merci beaucoup\t\t\t<\/h5>\n\n\t\t<\/div>\n\n\t\t<div class='ewd-ufaq-clear'><\/div>\n\n\t<\/a>\n\t\n<\/div>\n\t\n\t<div class='ewd-ufaq-faq-body' >\n\n\t\t\n\t\t\t\n\t\t\n\t\t\t<div class='ewd-ufaq-post-margin ewd-ufaq-faq-post'>\n\t<p>Le mercredi 20 avril 2016 \u00e0 09:28\u00a0EMEUCHARLEVOIX\u00a0dit: Bonjour et merci pour vos bons commentaires. Pour votre cr\u00e8me hydra fem +, nous n&#8217;avons rien chang\u00e9 dans notre formule, la texture devrait \u00eatre la m\u00eame qu&#8217;\u00e0 l&#8217;habitude. Il s&#8217;agit peut-\u00eatre de la temp\u00e9rature de la pi\u00e8ce o\u00f9 vous ranger votre cr\u00e8me ? L&#8217;huile d&#8217;\u00e9meu 100 % pure est une huile s\u00e8che qui p\u00e9n\u00e8tre en profondeur et comme il y en a dans la cr\u00e8me, il ne faut pas en appliquer une trop grande quantit\u00e9. Nous vous contacterons sous peu par t\u00e9l\u00e9phone pour discuter avec vous. Merci et bonne journ\u00e9e !<\/p>\n<\/div>\n\t\t\n\t\t\t<div class='ewd-ufaq-faq-custom-fields'>\n\n\t\n<\/div>\n\t\t\n\t\t\t\n\t\t\n\t\t\t\n\t\t\n\t\t\t\n\t\t\n\t\t\t\n\t\t\n\t\t\t\n\t\t\n\t\t\t\n\t\t\n\t\t\t\n\t\t\n\t<\/div>\n\n<\/div>\n\t<\/div>\n\n\t\n<\/div>","protected":false},"excerpt":{"rendered":"<p>B Le vendredi 15 avril 2016 \u00e0 12:30\u00a0Liette L. dit: Bonjour Pour d\u00e9buter j&#8217;aimerais vous dire que j&#8217;adore vos produits et je suis une fid\u00e8le consommatrice. J&#8217;utilise la cr\u00e8me hydra femme plus, et lors de ma derni\u00e8re commande, jai remarqu\u00e9 que le produit \u00e9tait bcp plus liquide que d&#8217;habitude. En fait, j&#8217;aime bcp mieux une [&#8230;]\n","protected":false},"author":1,"featured_media":0,"comment_status":"closed","ping_status":"closed","template":"","ufaq-category":[564,544],"ufaq-tag":[596,602],"class_list":["post-6650","ufaq","type-ufaq","status-publish","hentry","ufaq-category-emu-oil-wrinkles","ufaq-category-face-cream-hydra-fem","ufaq-tag-creme-visage-hydra-fem-en","ufaq-tag-huile-emeu-rides-en"],"yoast_head":"<!-- This site is optimized with the Yoast SEO plugin v27.1.1 - https:\/\/yoast.com\/product\/yoast-seo-wordpress\/ -->\n<title>Le vendredi 15 avril 2016 \u00e0 12:30\u00a0Liette L. dit: Bonjour Pour d\u00e9buter j&#039;aimerais vous dire que j&#039;adore vos produits et je suis une fid\u00e8le consommatrice. J&#039;utilise la cr\u00e8me hydra femme plus, et lors de ma derni\u00e8re commande, jai remarqu\u00e9 que le produit \u00e9tait bcp plus liquide que d&#039;habitude. En fait, j&#039;aime bcp mieux une texture plus cr\u00e9meuse car j&#039;ai l&#039;impression qu&#039;il me faut une plus grande quantit\u00e9 car ma peau semble moins bien hydrat\u00e9. Est-ce normal ??? Merci beaucoup - Emeu Charlevoix<\/title>\n<meta name=\"robots\" content=\"index, follow, max-snippet:-1, max-image-preview:large, max-video-preview:-1\" \/>\n<link rel=\"canonical\" href=\"https:\/\/emeucharlevoix.com\/en\/ufaqs\/le-vendredi-15-avril-2016-a-1230-liette-laplante-dit-bonjour-pour-debuter-jaimerais-vous-dire-que-jadore-vos-produits-et-je-suis-une-fidele-consommatrice-jutilise-la-creme-hydra-fem\/\" \/>\n<meta property=\"og:locale\" content=\"en_US\" \/>\n<meta property=\"og:type\" content=\"article\" \/>\n<meta property=\"og:title\" content=\"Le vendredi 15 avril 2016 \u00e0 12:30\u00a0Liette L. dit: Bonjour Pour d\u00e9buter j&#039;aimerais vous dire que j&#039;adore vos produits et je suis une fid\u00e8le consommatrice. J&#039;utilise la cr\u00e8me hydra femme plus, et lors de ma derni\u00e8re commande, jai remarqu\u00e9 que le produit \u00e9tait bcp plus liquide que d&#039;habitude. En fait, j&#039;aime bcp mieux une texture plus cr\u00e9meuse car j&#039;ai l&#039;impression qu&#039;il me faut une plus grande quantit\u00e9 car ma peau semble moins bien hydrat\u00e9. Est-ce normal ??? Merci beaucoup - Emeu Charlevoix\" \/>\n<meta property=\"og:description\" content=\"B Le vendredi 15 avril 2016 \u00e0 12:30\u00a0Liette L. dit: Bonjour Pour d\u00e9buter j&#8217;aimerais vous dire que j&#8217;adore vos produits et je suis une fid\u00e8le consommatrice. J&#8217;utilise la cr\u00e8me hydra femme plus, et lors de ma derni\u00e8re commande, jai remarqu\u00e9 que le produit \u00e9tait bcp plus liquide que d&#8217;habitude. En fait, j&#8217;aime bcp mieux une [...]\" \/>\n<meta property=\"og:url\" content=\"https:\/\/emeucharlevoix.com\/en\/ufaqs\/le-vendredi-15-avril-2016-a-1230-liette-laplante-dit-bonjour-pour-debuter-jaimerais-vous-dire-que-jadore-vos-produits-et-je-suis-une-fidele-consommatrice-jutilise-la-creme-hydra-fem\/\" \/>\n<meta property=\"og:site_name\" content=\"Emeu Charlevoix\" \/>\n<meta property=\"article:publisher\" content=\"https:\/\/www.facebook.com\/Emeucharlevoix\" \/>\n<meta property=\"article:modified_time\" content=\"2017-12-08T16:34:54+00:00\" \/>\n<meta name=\"twitter:card\" content=\"summary_large_image\" \/>\n<meta name=\"twitter:site\" content=\"@emeucharlevoix\" \/>\n<meta name=\"twitter:label1\" content=\"Est. reading time\" \/>\n\t<meta name=\"twitter:data1\" content=\"1 minute\" \/>\n<script type=\"application\/ld+json\" class=\"yoast-schema-graph\">{\"@context\":\"https:\/\/schema.org\",\"@graph\":[{\"@type\":[\"WebPage\",\"FAQPage\"],\"@id\":\"https:\/\/emeucharlevoix.com\/en\/ufaqs\/le-vendredi-15-avril-2016-a-1230-liette-laplante-dit-bonjour-pour-debuter-jaimerais-vous-dire-que-jadore-vos-produits-et-je-suis-une-fidele-consommatrice-jutilise-la-creme-hydra-fem\/\",\"url\":\"https:\/\/emeucharlevoix.com\/en\/ufaqs\/le-vendredi-15-avril-2016-a-1230-liette-laplante-dit-bonjour-pour-debuter-jaimerais-vous-dire-que-jadore-vos-produits-et-je-suis-une-fidele-consommatrice-jutilise-la-creme-hydra-fem\/\",\"name\":\"Le vendredi 15 avril 2016 \u00e0 12:30\u00a0Liette L. dit: Bonjour Pour d\u00e9buter j'aimerais vous dire que j'adore vos produits et je suis une fid\u00e8le consommatrice. J'utilise la cr\u00e8me hydra femme plus, et lors de ma derni\u00e8re commande, jai remarqu\u00e9 que le produit \u00e9tait bcp plus liquide que d'habitude. En fait, j'aime bcp mieux une texture plus cr\u00e9meuse car j'ai l'impression qu'il me faut une plus grande quantit\u00e9 car ma peau semble moins bien hydrat\u00e9. Est-ce normal ??? Merci beaucoup - Emeu Charlevoix\",\"isPartOf\":{\"@id\":\"https:\/\/emeucharlevoix.com\/en\/#website\"},\"datePublished\":\"2017-09-28T21:37:35+00:00\",\"dateModified\":\"2017-12-08T16:34:54+00:00\",\"breadcrumb\":{\"@id\":\"https:\/\/emeucharlevoix.com\/en\/ufaqs\/le-vendredi-15-avril-2016-a-1230-liette-laplante-dit-bonjour-pour-debuter-jaimerais-vous-dire-que-jadore-vos-produits-et-je-suis-une-fidele-consommatrice-jutilise-la-creme-hydra-fem\/#breadcrumb\"},\"inLanguage\":\"en-CA\",\"potentialAction\":[{\"@type\":\"ReadAction\",\"target\":[\"https:\/\/emeucharlevoix.com\/en\/ufaqs\/le-vendredi-15-avril-2016-a-1230-liette-laplante-dit-bonjour-pour-debuter-jaimerais-vous-dire-que-jadore-vos-produits-et-je-suis-une-fidele-consommatrice-jutilise-la-creme-hydra-fem\/\"]}]},{\"@type\":\"BreadcrumbList\",\"@id\":\"https:\/\/emeucharlevoix.com\/en\/ufaqs\/le-vendredi-15-avril-2016-a-1230-liette-laplante-dit-bonjour-pour-debuter-jaimerais-vous-dire-que-jadore-vos-produits-et-je-suis-une-fidele-consommatrice-jutilise-la-creme-hydra-fem\/#breadcrumb\",\"itemListElement\":[{\"@type\":\"ListItem\",\"position\":1,\"name\":\"FAQs\",\"item\":\"https:\/\/emeucharlevoix.com\/en\/ufaqs\/\"},{\"@type\":\"ListItem\",\"position\":2,\"name\":\"Le vendredi 15 avril 2016 \u00e0 12:30\u00a0Liette L. dit: Bonjour Pour d\u00e9buter j&#8217;aimerais vous dire que j&#8217;adore vos produits et je suis une fid\u00e8le consommatrice. J&#8217;utilise la cr\u00e8me hydra femme plus, et lors de ma derni\u00e8re commande, jai remarqu\u00e9 que le produit \u00e9tait bcp plus liquide que d&#8217;habitude. En fait, j&#8217;aime bcp mieux une texture plus cr\u00e9meuse car j&#8217;ai l&#8217;impression qu&#8217;il me faut une plus grande quantit\u00e9 car ma peau semble moins bien hydrat\u00e9. Est-ce normal ??? Merci beaucoup\"}]},{\"@type\":\"WebSite\",\"@id\":\"https:\/\/emeucharlevoix.com\/en\/#website\",\"url\":\"https:\/\/emeucharlevoix.com\/en\/\",\"name\":\"Emeu Charlevoix\",\"description\":\"Nature&#039;s gift to your skin\",\"publisher\":{\"@id\":\"https:\/\/emeucharlevoix.com\/en\/#organization\"},\"potentialAction\":[{\"@type\":\"SearchAction\",\"target\":{\"@type\":\"EntryPoint\",\"urlTemplate\":\"https:\/\/emeucharlevoix.com\/en\/?s={search_term_string}\"},\"query-input\":{\"@type\":\"PropertyValueSpecification\",\"valueRequired\":true,\"valueName\":\"search_term_string\"}}],\"inLanguage\":\"en-CA\"},{\"@type\":\"Organization\",\"@id\":\"https:\/\/emeucharlevoix.com\/en\/#organization\",\"name\":\"Emeu Charlevoix\",\"url\":\"https:\/\/emeucharlevoix.com\/en\/\",\"logo\":{\"@type\":\"ImageObject\",\"inLanguage\":\"en-CA\",\"@id\":\"https:\/\/emeucharlevoix.com\/en\/#\/schema\/logo\/image\/\",\"url\":\"https:\/\/emeucharlevoix.com\/wp-content\/uploads\/2017\/07\/emeu-charlevoix-top.png\",\"contentUrl\":\"https:\/\/emeucharlevoix.com\/wp-content\/uploads\/2017\/07\/emeu-charlevoix-top.png\",\"width\":288,\"height\":229,\"caption\":\"Emeu Charlevoix\"},\"image\":{\"@id\":\"https:\/\/emeucharlevoix.com\/en\/#\/schema\/logo\/image\/\"},\"sameAs\":[\"https:\/\/www.facebook.com\/Emeucharlevoix\",\"https:\/\/x.com\/emeucharlevoix\",\"https:\/\/www.youtube.com\/channel\/UCsaMSpbpc9n05S0brEVo7jg\"]}]}<\/script>\n<!-- \/ Yoast SEO plugin. -->","yoast_head_json":{"title":"Le vendredi 15 avril 2016 \u00e0 12:30\u00a0Liette L. dit: Bonjour Pour d\u00e9buter j'aimerais vous dire que j'adore vos produits et je suis une fid\u00e8le consommatrice. J'utilise la cr\u00e8me hydra femme plus, et lors de ma derni\u00e8re commande, jai remarqu\u00e9 que le produit \u00e9tait bcp plus liquide que d'habitude. En fait, j'aime bcp mieux une texture plus cr\u00e9meuse car j'ai l'impression qu'il me faut une plus grande quantit\u00e9 car ma peau semble moins bien hydrat\u00e9. Est-ce normal ??? Merci beaucoup - Emeu Charlevoix","robots":{"index":"index","follow":"follow","max-snippet":"max-snippet:-1","max-image-preview":"max-image-preview:large","max-video-preview":"max-video-preview:-1"},"canonical":"https:\/\/emeucharlevoix.com\/en\/ufaqs\/le-vendredi-15-avril-2016-a-1230-liette-laplante-dit-bonjour-pour-debuter-jaimerais-vous-dire-que-jadore-vos-produits-et-je-suis-une-fidele-consommatrice-jutilise-la-creme-hydra-fem\/","og_locale":"en_US","og_type":"article","og_title":"Le vendredi 15 avril 2016 \u00e0 12:30\u00a0Liette L. dit: Bonjour Pour d\u00e9buter j'aimerais vous dire que j'adore vos produits et je suis une fid\u00e8le consommatrice. J'utilise la cr\u00e8me hydra femme plus, et lors de ma derni\u00e8re commande, jai remarqu\u00e9 que le produit \u00e9tait bcp plus liquide que d'habitude. En fait, j'aime bcp mieux une texture plus cr\u00e9meuse car j'ai l'impression qu'il me faut une plus grande quantit\u00e9 car ma peau semble moins bien hydrat\u00e9. Est-ce normal ??? Merci beaucoup - Emeu Charlevoix","og_description":"B Le vendredi 15 avril 2016 \u00e0 12:30\u00a0Liette L. dit: Bonjour Pour d\u00e9buter j&#8217;aimerais vous dire que j&#8217;adore vos produits et je suis une fid\u00e8le consommatrice. J&#8217;utilise la cr\u00e8me hydra femme plus, et lors de ma derni\u00e8re commande, jai remarqu\u00e9 que le produit \u00e9tait bcp plus liquide que d&#8217;habitude. En fait, j&#8217;aime bcp mieux une [...]","og_url":"https:\/\/emeucharlevoix.com\/en\/ufaqs\/le-vendredi-15-avril-2016-a-1230-liette-laplante-dit-bonjour-pour-debuter-jaimerais-vous-dire-que-jadore-vos-produits-et-je-suis-une-fidele-consommatrice-jutilise-la-creme-hydra-fem\/","og_site_name":"Emeu Charlevoix","article_publisher":"https:\/\/www.facebook.com\/Emeucharlevoix","article_modified_time":"2017-12-08T16:34:54+00:00","twitter_card":"summary_large_image","twitter_site":"@emeucharlevoix","twitter_misc":{"Est. reading time":"1 minute"},"schema":{"@context":"https:\/\/schema.org","@graph":[{"@type":["WebPage","FAQPage"],"@id":"https:\/\/emeucharlevoix.com\/en\/ufaqs\/le-vendredi-15-avril-2016-a-1230-liette-laplante-dit-bonjour-pour-debuter-jaimerais-vous-dire-que-jadore-vos-produits-et-je-suis-une-fidele-consommatrice-jutilise-la-creme-hydra-fem\/","url":"https:\/\/emeucharlevoix.com\/en\/ufaqs\/le-vendredi-15-avril-2016-a-1230-liette-laplante-dit-bonjour-pour-debuter-jaimerais-vous-dire-que-jadore-vos-produits-et-je-suis-une-fidele-consommatrice-jutilise-la-creme-hydra-fem\/","name":"Le vendredi 15 avril 2016 \u00e0 12:30\u00a0Liette L. dit: Bonjour Pour d\u00e9buter j'aimerais vous dire que j'adore vos produits et je suis une fid\u00e8le consommatrice. J'utilise la cr\u00e8me hydra femme plus, et lors de ma derni\u00e8re commande, jai remarqu\u00e9 que le produit \u00e9tait bcp plus liquide que d'habitude. En fait, j'aime bcp mieux une texture plus cr\u00e9meuse car j'ai l'impression qu'il me faut une plus grande quantit\u00e9 car ma peau semble moins bien hydrat\u00e9. Est-ce normal ??? Merci beaucoup - Emeu Charlevoix","isPartOf":{"@id":"https:\/\/emeucharlevoix.com\/en\/#website"},"datePublished":"2017-09-28T21:37:35+00:00","dateModified":"2017-12-08T16:34:54+00:00","breadcrumb":{"@id":"https:\/\/emeucharlevoix.com\/en\/ufaqs\/le-vendredi-15-avril-2016-a-1230-liette-laplante-dit-bonjour-pour-debuter-jaimerais-vous-dire-que-jadore-vos-produits-et-je-suis-une-fidele-consommatrice-jutilise-la-creme-hydra-fem\/#breadcrumb"},"inLanguage":"en-CA","potentialAction":[{"@type":"ReadAction","target":["https:\/\/emeucharlevoix.com\/en\/ufaqs\/le-vendredi-15-avril-2016-a-1230-liette-laplante-dit-bonjour-pour-debuter-jaimerais-vous-dire-que-jadore-vos-produits-et-je-suis-une-fidele-consommatrice-jutilise-la-creme-hydra-fem\/"]}]},{"@type":"BreadcrumbList","@id":"https:\/\/emeucharlevoix.com\/en\/ufaqs\/le-vendredi-15-avril-2016-a-1230-liette-laplante-dit-bonjour-pour-debuter-jaimerais-vous-dire-que-jadore-vos-produits-et-je-suis-une-fidele-consommatrice-jutilise-la-creme-hydra-fem\/#breadcrumb","itemListElement":[{"@type":"ListItem","position":1,"name":"FAQs","item":"https:\/\/emeucharlevoix.com\/en\/ufaqs\/"},{"@type":"ListItem","position":2,"name":"Le vendredi 15 avril 2016 \u00e0 12:30\u00a0Liette L. dit: Bonjour Pour d\u00e9buter j&#8217;aimerais vous dire que j&#8217;adore vos produits et je suis une fid\u00e8le consommatrice. J&#8217;utilise la cr\u00e8me hydra femme plus, et lors de ma derni\u00e8re commande, jai remarqu\u00e9 que le produit \u00e9tait bcp plus liquide que d&#8217;habitude. En fait, j&#8217;aime bcp mieux une texture plus cr\u00e9meuse car j&#8217;ai l&#8217;impression qu&#8217;il me faut une plus grande quantit\u00e9 car ma peau semble moins bien hydrat\u00e9. Est-ce normal ??? Merci beaucoup"}]},{"@type":"WebSite","@id":"https:\/\/emeucharlevoix.com\/en\/#website","url":"https:\/\/emeucharlevoix.com\/en\/","name":"Emeu Charlevoix","description":"Nature&#039;s gift to your skin","publisher":{"@id":"https:\/\/emeucharlevoix.com\/en\/#organization"},"potentialAction":[{"@type":"SearchAction","target":{"@type":"EntryPoint","urlTemplate":"https:\/\/emeucharlevoix.com\/en\/?s={search_term_string}"},"query-input":{"@type":"PropertyValueSpecification","valueRequired":true,"valueName":"search_term_string"}}],"inLanguage":"en-CA"},{"@type":"Organization","@id":"https:\/\/emeucharlevoix.com\/en\/#organization","name":"Emeu Charlevoix","url":"https:\/\/emeucharlevoix.com\/en\/","logo":{"@type":"ImageObject","inLanguage":"en-CA","@id":"https:\/\/emeucharlevoix.com\/en\/#\/schema\/logo\/image\/","url":"https:\/\/emeucharlevoix.com\/wp-content\/uploads\/2017\/07\/emeu-charlevoix-top.png","contentUrl":"https:\/\/emeucharlevoix.com\/wp-content\/uploads\/2017\/07\/emeu-charlevoix-top.png","width":288,"height":229,"caption":"Emeu Charlevoix"},"image":{"@id":"https:\/\/emeucharlevoix.com\/en\/#\/schema\/logo\/image\/"},"sameAs":["https:\/\/www.facebook.com\/Emeucharlevoix","https:\/\/x.com\/emeucharlevoix","https:\/\/www.youtube.com\/channel\/UCsaMSpbpc9n05S0brEVo7jg"]}]}},"_links":{"self":[{"href":"https:\/\/emeucharlevoix.com\/en\/wp-json\/wp\/v2\/ufaq\/6650","targetHints":{"allow":["GET"]}}],"collection":[{"href":"https:\/\/emeucharlevoix.com\/en\/wp-json\/wp\/v2\/ufaq"}],"about":[{"href":"https:\/\/emeucharlevoix.com\/en\/wp-json\/wp\/v2\/types\/ufaq"}],"author":[{"embeddable":true,"href":"https:\/\/emeucharlevoix.com\/en\/wp-json\/wp\/v2\/users\/1"}],"replies":[{"embeddable":true,"href":"https:\/\/emeucharlevoix.com\/en\/wp-json\/wp\/v2\/comments?post=6650"}],"wp:attachment":[{"href":"https:\/\/emeucharlevoix.com\/en\/wp-json\/wp\/v2\/media?parent=6650"}],"wp:term":[{"taxonomy":"ufaq-category","embeddable":true,"href":"https:\/\/emeucharlevoix.com\/en\/wp-json\/wp\/v2\/ufaq-category?post=6650"},{"taxonomy":"ufaq-tag","embeddable":true,"href":"https:\/\/emeucharlevoix.com\/en\/wp-json\/wp\/v2\/ufaq-tag?post=6650"}],"curies":[{"name":"wp","href":"https:\/\/api.w.org\/{rel}","templated":true}]}}