{"id":6670,"date":"2017-09-28T17:37:33","date_gmt":"2017-09-28T21:37:33","guid":{"rendered":"https:\/\/emeucom.mywhc.ca\/ufaqs\/le-jeudi-20-mars-2014-a-1704-neriman-dit-mon-bebe-de-3-mois-a-un-erytheme-fessier-avec-tres-peu-de-champignon-puis-je-l-utiliser-l-huilde-d-emeu-si-oui-est-ce-que-je-peux-utilise-a-chaqu\/"},"modified":"2017-09-28T17:37:33","modified_gmt":"2017-09-28T21:37:33","slug":"le-jeudi-20-mars-2014-a-1704-neriman-dit-mon-bebe-de-3-mois-a-un-erytheme-fessier-avec-tres-peu-de-champignon-puis-je-l-utiliser-l-huilde-d-emeu-si-oui-est-ce-que-je-peux-utilise-a-chaqu","status":"publish","type":"ufaq","link":"https:\/\/emeucharlevoix.com\/en\/ufaqs\/le-jeudi-20-mars-2014-a-1704-neriman-dit-mon-bebe-de-3-mois-a-un-erytheme-fessier-avec-tres-peu-de-champignon-puis-je-l-utiliser-l-huilde-d-emeu-si-oui-est-ce-que-je-peux-utilise-a-chaqu\/","title":{"rendered":"Le jeudi 20 mars 2014 \u00e0 17:04\u00a0Neriman\u00a0dit: Mon bebe de 3 mois a un erytheme fessier avec tres peu de champignon, puis je l utiliser l huilde d emeu? Si oui est ce que je peux utilise a chaque changement de couche&#8230;merci"},"content":{"rendered":"<style>.ewd-ufaq-faq-title .ewd-ufaq-post-margin-symbol span { font-size: 12px !important; }div.ewd-ufaq-faq-title h5 { font-size: 9 !important; }div.ewd-ufaq-faq-post p { font-size: 7 !important; }div.ewd-ufaq-faq-post p { color: #007680 !important; }div.ewd-ufaq-author-date { font-size: 7 !important; }div.ewd-ufaq-author-date { color: #007680 !important; }div.ewd-ufaq-faq-categories, div.ewd-ufaq-faq-tags { font-size: 7 !important; }.ufaq-faq-title h5 {\r\nfont-weight:normal;\r\nmargin:10px!important;\r\n}\r\n\r\n.ufaq-faq-body .submit {\r\ncolor:#fff;\r\n}\r\n\r\n.ufaq-faq-display-style-Minimalist {\r\nborder-bottom:1px solid #007680;\r\n}\r\n\r\n.ewd-otp-field-label {\r\nwidth:auto!important;\r\ndisplay:none;\r\n}<\/style><div  class=\"ewd-ufaq-faq-list ewd-ufaq-page-type-load_more ewd-ufaq-category-tabs-\" id='ewd-ufaq-faq-list'>\n\n\t<input type='hidden' name='show_on_load' value='' id='ewd-ufaq-show-on-load' \/>\n<input type='hidden' name='include_category' value='' id='ewd-ufaq-include-category' \/>\n<input type='hidden' name='exclude_category' value='' id='ewd-ufaq-exclude-category' \/>\n<input type='hidden' name='orderby' value='date' id='ewd-ufaq-orderby' \/>\n<input type='hidden' name='order' value='desc' id='ewd-ufaq-order' \/>\n<input type='hidden' name='post_count' value='-1' id='ewd-ufaq-post-count' \/>\n<input type='hidden' name='current_url' value='\/en\/wp-json\/wp\/v2\/ufaq\/6670' id='ewd-ufaq-current-url' \/>\n\t\n\t\n\t<div class='ewd-ufaq-faqs'>\n\n\t\t<div  class=\"ewd-ufaq-faq-div ewd-ufaq-faq-column-count-one ewd-ufaq-faq-responsive-columns- ewd-ufaq-faq-display-style-one ewd-ufaq-can-be-toggled\" id='ewd-ufaq-post-6670-i9WPd3tgJn' data-post_id='6670'>\n\n\t\t\n\t<div class='ewd-ufaq-faq-title ewd-ufaq-faq-toggle'>\n\t\n\t<a class='ewd-ufaq-post-margin'  href='#' role=\"button\">\n\n\t\t<div class='ewd-ufaq-post-margin-symbol ewd-ufaq-square'>\n\t\t\t<span >B<\/span>\n\t\t<\/div>\n\n\t\t<div class='ewd-ufaq-faq-title-text'>\n\n\t\t\t<h5>\n\t\t\t\tLe jeudi 20 mars 2014 \u00e0 17:04\u00a0Neriman\u00a0dit: Mon bebe de 3 mois a un erytheme fessier avec tres peu de champignon, puis je l utiliser l huilde d emeu? Si oui est ce que je peux utilise a chaque changement de couche&#8230;merci\t\t\t<\/h5>\n\n\t\t<\/div>\n\n\t\t<div class='ewd-ufaq-clear'><\/div>\n\n\t<\/a>\n\t\n<\/div>\n\t\n\t<div class='ewd-ufaq-faq-body' >\n\n\t\t\n\t\t\t\n\t\t\n\t\t\t<div class='ewd-ufaq-post-margin ewd-ufaq-faq-post'>\n\t<p>Le vendredi 21 mars 2014 \u00e0 09:43\u00a0Emeu Charlevoix\u00a0dit: Bonjour,l\u2019Huile d\u2019\u00e9meu 100% pure Emeu Charlevoix peut \u00eatre appliqu\u00e9e sur la peau d\u2019un b\u00e9b\u00e9 puisqu\u2019il s\u2019agit d\u2019une solution hypoallerg\u00e9nique et inodore. L\u2019huile d\u2019\u00e9meu aide \u00e0 soulager l\u2019irritation des fesses en agissant comme un anti-inflammatoire en plus d\u2019\u00eatre bact\u00e9riostatique (r\u00e9duit le d\u00e9veloppement des bact\u00e9ries). Nous vous conseillons, \u00e0 chaque changement de couches, de rincer les fesses de votre enfant \u00e0 l\u2019eau chaude avec le pain de savon \u00e0 l\u2019huile d\u2019\u00e9meu inodore qui convient pour les peaux fragiles. Ensuite, \u00e9ponger doucement la r\u00e9gion avec une serviette et mettre 3 \u00e0 4 fois par jour quelques gouttes d\u2019huile d\u2019\u00e9meu en massant bien. Les produits \u00e0 l\u2019huile d\u2019\u00e9meu Emeu Charlevoix se retrouvent chez plusieurs d\u00e9taillants (voir l&#8217;onglet \u00ab trouver un d\u00e9taillant \u00bb en haut \u00e0 droite) ou encore sur Internet (voir l\u2019onglet \u00ab passer la commande \u00bb en haut \u00e0 droite). Merci et bonne chance!<\/p>\n<\/div>\n\t\t\n\t\t\t<div class='ewd-ufaq-faq-custom-fields'>\n\n\t\n<\/div>\n\t\t\n\t\t\t\n\t\t\n\t\t\t\n\t\t\n\t\t\t\n\t\t\n\t\t\t\n\t\t\n\t\t\t\n\t\t\n\t\t\t\n\t\t\n\t\t\t\n\t\t\n\t<\/div>\n\n<\/div>\n\t<\/div>\n\n\t\n<\/div>","protected":false},"excerpt":{"rendered":"<p>B Le jeudi 20 mars 2014 \u00e0 17:04\u00a0Neriman\u00a0dit: Mon bebe de 3 mois a un erytheme fessier avec tres peu de champignon, puis je l utiliser l huilde d emeu? Si oui est ce que je peux utilise a chaque changement de couche&#8230;merci Le vendredi 21 mars 2014 \u00e0 09:43\u00a0Emeu Charlevoix\u00a0dit: Bonjour,l\u2019Huile d\u2019\u00e9meu 100% pure [&#8230;]\n","protected":false},"author":1,"featured_media":0,"comment_status":"closed","ping_status":"closed","template":"","ufaq-category":[339,587],"ufaq-tag":[608],"class_list":["post-6670","ufaq","type-ufaq","status-publish","hentry","ufaq-category-emu-oil","ufaq-category-newborn-care","ufaq-tag-huile-emeu-en"],"yoast_head":"<!-- This site is optimized with the Yoast SEO plugin v27.1.1 - https:\/\/yoast.com\/product\/yoast-seo-wordpress\/ -->\n<title>Le jeudi 20 mars 2014 \u00e0 17:04\u00a0Neriman\u00a0dit: Mon bebe de 3 mois a un erytheme fessier avec tres peu de champignon, puis je l utiliser l huilde d emeu? Si oui est ce que je peux utilise a chaque changement de couche...merci - Emeu Charlevoix<\/title>\n<meta name=\"robots\" content=\"index, follow, max-snippet:-1, max-image-preview:large, max-video-preview:-1\" \/>\n<link rel=\"canonical\" href=\"https:\/\/emeucharlevoix.com\/en\/ufaqs\/le-jeudi-20-mars-2014-a-1704-neriman-dit-mon-bebe-de-3-mois-a-un-erytheme-fessier-avec-tres-peu-de-champignon-puis-je-l-utiliser-l-huilde-d-emeu-si-oui-est-ce-que-je-peux-utilise-a-chaqu\/\" \/>\n<meta property=\"og:locale\" content=\"en_US\" \/>\n<meta property=\"og:type\" content=\"article\" \/>\n<meta property=\"og:title\" content=\"Le jeudi 20 mars 2014 \u00e0 17:04\u00a0Neriman\u00a0dit: Mon bebe de 3 mois a un erytheme fessier avec tres peu de champignon, puis je l utiliser l huilde d emeu? Si oui est ce que je peux utilise a chaque changement de couche...merci - Emeu Charlevoix\" \/>\n<meta property=\"og:description\" content=\"B Le jeudi 20 mars 2014 \u00e0 17:04\u00a0Neriman\u00a0dit: Mon bebe de 3 mois a un erytheme fessier avec tres peu de champignon, puis je l utiliser l huilde d emeu? Si oui est ce que je peux utilise a chaque changement de couche&#8230;merci Le vendredi 21 mars 2014 \u00e0 09:43\u00a0Emeu Charlevoix\u00a0dit: Bonjour,l\u2019Huile d\u2019\u00e9meu 100% pure [...]\" \/>\n<meta property=\"og:url\" content=\"https:\/\/emeucharlevoix.com\/en\/ufaqs\/le-jeudi-20-mars-2014-a-1704-neriman-dit-mon-bebe-de-3-mois-a-un-erytheme-fessier-avec-tres-peu-de-champignon-puis-je-l-utiliser-l-huilde-d-emeu-si-oui-est-ce-que-je-peux-utilise-a-chaqu\/\" \/>\n<meta property=\"og:site_name\" content=\"Emeu Charlevoix\" \/>\n<meta property=\"article:publisher\" content=\"https:\/\/www.facebook.com\/Emeucharlevoix\" \/>\n<meta name=\"twitter:card\" content=\"summary_large_image\" \/>\n<meta name=\"twitter:site\" content=\"@emeucharlevoix\" \/>\n<meta name=\"twitter:label1\" content=\"Est. reading time\" \/>\n\t<meta name=\"twitter:data1\" content=\"1 minute\" \/>\n<script type=\"application\/ld+json\" class=\"yoast-schema-graph\">{\"@context\":\"https:\/\/schema.org\",\"@graph\":[{\"@type\":[\"WebPage\",\"FAQPage\"],\"@id\":\"https:\/\/emeucharlevoix.com\/en\/ufaqs\/le-jeudi-20-mars-2014-a-1704-neriman-dit-mon-bebe-de-3-mois-a-un-erytheme-fessier-avec-tres-peu-de-champignon-puis-je-l-utiliser-l-huilde-d-emeu-si-oui-est-ce-que-je-peux-utilise-a-chaqu\/\",\"url\":\"https:\/\/emeucharlevoix.com\/en\/ufaqs\/le-jeudi-20-mars-2014-a-1704-neriman-dit-mon-bebe-de-3-mois-a-un-erytheme-fessier-avec-tres-peu-de-champignon-puis-je-l-utiliser-l-huilde-d-emeu-si-oui-est-ce-que-je-peux-utilise-a-chaqu\/\",\"name\":\"Le jeudi 20 mars 2014 \u00e0 17:04\u00a0Neriman\u00a0dit: Mon bebe de 3 mois a un erytheme fessier avec tres peu de champignon, puis je l utiliser l huilde d emeu? Si oui est ce que je peux utilise a chaque changement de couche...merci - Emeu Charlevoix\",\"isPartOf\":{\"@id\":\"https:\/\/emeucharlevoix.com\/en\/#website\"},\"datePublished\":\"2017-09-28T21:37:33+00:00\",\"breadcrumb\":{\"@id\":\"https:\/\/emeucharlevoix.com\/en\/ufaqs\/le-jeudi-20-mars-2014-a-1704-neriman-dit-mon-bebe-de-3-mois-a-un-erytheme-fessier-avec-tres-peu-de-champignon-puis-je-l-utiliser-l-huilde-d-emeu-si-oui-est-ce-que-je-peux-utilise-a-chaqu\/#breadcrumb\"},\"inLanguage\":\"en-CA\",\"potentialAction\":[{\"@type\":\"ReadAction\",\"target\":[\"https:\/\/emeucharlevoix.com\/en\/ufaqs\/le-jeudi-20-mars-2014-a-1704-neriman-dit-mon-bebe-de-3-mois-a-un-erytheme-fessier-avec-tres-peu-de-champignon-puis-je-l-utiliser-l-huilde-d-emeu-si-oui-est-ce-que-je-peux-utilise-a-chaqu\/\"]}]},{\"@type\":\"BreadcrumbList\",\"@id\":\"https:\/\/emeucharlevoix.com\/en\/ufaqs\/le-jeudi-20-mars-2014-a-1704-neriman-dit-mon-bebe-de-3-mois-a-un-erytheme-fessier-avec-tres-peu-de-champignon-puis-je-l-utiliser-l-huilde-d-emeu-si-oui-est-ce-que-je-peux-utilise-a-chaqu\/#breadcrumb\",\"itemListElement\":[{\"@type\":\"ListItem\",\"position\":1,\"name\":\"FAQs\",\"item\":\"https:\/\/emeucharlevoix.com\/en\/ufaqs\/\"},{\"@type\":\"ListItem\",\"position\":2,\"name\":\"Le jeudi 20 mars 2014 \u00e0 17:04\u00a0Neriman\u00a0dit: Mon bebe de 3 mois a un erytheme fessier avec tres peu de champignon, puis je l utiliser l huilde d emeu? Si oui est ce que je peux utilise a chaque changement de couche&#8230;merci\"}]},{\"@type\":\"WebSite\",\"@id\":\"https:\/\/emeucharlevoix.com\/en\/#website\",\"url\":\"https:\/\/emeucharlevoix.com\/en\/\",\"name\":\"Emeu Charlevoix\",\"description\":\"Nature&#039;s gift to your skin\",\"publisher\":{\"@id\":\"https:\/\/emeucharlevoix.com\/en\/#organization\"},\"potentialAction\":[{\"@type\":\"SearchAction\",\"target\":{\"@type\":\"EntryPoint\",\"urlTemplate\":\"https:\/\/emeucharlevoix.com\/en\/?s={search_term_string}\"},\"query-input\":{\"@type\":\"PropertyValueSpecification\",\"valueRequired\":true,\"valueName\":\"search_term_string\"}}],\"inLanguage\":\"en-CA\"},{\"@type\":\"Organization\",\"@id\":\"https:\/\/emeucharlevoix.com\/en\/#organization\",\"name\":\"Emeu Charlevoix\",\"url\":\"https:\/\/emeucharlevoix.com\/en\/\",\"logo\":{\"@type\":\"ImageObject\",\"inLanguage\":\"en-CA\",\"@id\":\"https:\/\/emeucharlevoix.com\/en\/#\/schema\/logo\/image\/\",\"url\":\"https:\/\/emeucharlevoix.com\/wp-content\/uploads\/2017\/07\/emeu-charlevoix-top.png\",\"contentUrl\":\"https:\/\/emeucharlevoix.com\/wp-content\/uploads\/2017\/07\/emeu-charlevoix-top.png\",\"width\":288,\"height\":229,\"caption\":\"Emeu Charlevoix\"},\"image\":{\"@id\":\"https:\/\/emeucharlevoix.com\/en\/#\/schema\/logo\/image\/\"},\"sameAs\":[\"https:\/\/www.facebook.com\/Emeucharlevoix\",\"https:\/\/x.com\/emeucharlevoix\",\"https:\/\/www.youtube.com\/channel\/UCsaMSpbpc9n05S0brEVo7jg\"]}]}<\/script>\n<!-- \/ Yoast SEO plugin. -->","yoast_head_json":{"title":"Le jeudi 20 mars 2014 \u00e0 17:04\u00a0Neriman\u00a0dit: Mon bebe de 3 mois a un erytheme fessier avec tres peu de champignon, puis je l utiliser l huilde d emeu? Si oui est ce que je peux utilise a chaque changement de couche...merci - Emeu Charlevoix","robots":{"index":"index","follow":"follow","max-snippet":"max-snippet:-1","max-image-preview":"max-image-preview:large","max-video-preview":"max-video-preview:-1"},"canonical":"https:\/\/emeucharlevoix.com\/en\/ufaqs\/le-jeudi-20-mars-2014-a-1704-neriman-dit-mon-bebe-de-3-mois-a-un-erytheme-fessier-avec-tres-peu-de-champignon-puis-je-l-utiliser-l-huilde-d-emeu-si-oui-est-ce-que-je-peux-utilise-a-chaqu\/","og_locale":"en_US","og_type":"article","og_title":"Le jeudi 20 mars 2014 \u00e0 17:04\u00a0Neriman\u00a0dit: Mon bebe de 3 mois a un erytheme fessier avec tres peu de champignon, puis je l utiliser l huilde d emeu? Si oui est ce que je peux utilise a chaque changement de couche...merci - Emeu Charlevoix","og_description":"B Le jeudi 20 mars 2014 \u00e0 17:04\u00a0Neriman\u00a0dit: Mon bebe de 3 mois a un erytheme fessier avec tres peu de champignon, puis je l utiliser l huilde d emeu? Si oui est ce que je peux utilise a chaque changement de couche&#8230;merci Le vendredi 21 mars 2014 \u00e0 09:43\u00a0Emeu Charlevoix\u00a0dit: Bonjour,l\u2019Huile d\u2019\u00e9meu 100% pure [...]","og_url":"https:\/\/emeucharlevoix.com\/en\/ufaqs\/le-jeudi-20-mars-2014-a-1704-neriman-dit-mon-bebe-de-3-mois-a-un-erytheme-fessier-avec-tres-peu-de-champignon-puis-je-l-utiliser-l-huilde-d-emeu-si-oui-est-ce-que-je-peux-utilise-a-chaqu\/","og_site_name":"Emeu Charlevoix","article_publisher":"https:\/\/www.facebook.com\/Emeucharlevoix","twitter_card":"summary_large_image","twitter_site":"@emeucharlevoix","twitter_misc":{"Est. reading time":"1 minute"},"schema":{"@context":"https:\/\/schema.org","@graph":[{"@type":["WebPage","FAQPage"],"@id":"https:\/\/emeucharlevoix.com\/en\/ufaqs\/le-jeudi-20-mars-2014-a-1704-neriman-dit-mon-bebe-de-3-mois-a-un-erytheme-fessier-avec-tres-peu-de-champignon-puis-je-l-utiliser-l-huilde-d-emeu-si-oui-est-ce-que-je-peux-utilise-a-chaqu\/","url":"https:\/\/emeucharlevoix.com\/en\/ufaqs\/le-jeudi-20-mars-2014-a-1704-neriman-dit-mon-bebe-de-3-mois-a-un-erytheme-fessier-avec-tres-peu-de-champignon-puis-je-l-utiliser-l-huilde-d-emeu-si-oui-est-ce-que-je-peux-utilise-a-chaqu\/","name":"Le jeudi 20 mars 2014 \u00e0 17:04\u00a0Neriman\u00a0dit: Mon bebe de 3 mois a un erytheme fessier avec tres peu de champignon, puis je l utiliser l huilde d emeu? Si oui est ce que je peux utilise a chaque changement de couche...merci - Emeu Charlevoix","isPartOf":{"@id":"https:\/\/emeucharlevoix.com\/en\/#website"},"datePublished":"2017-09-28T21:37:33+00:00","breadcrumb":{"@id":"https:\/\/emeucharlevoix.com\/en\/ufaqs\/le-jeudi-20-mars-2014-a-1704-neriman-dit-mon-bebe-de-3-mois-a-un-erytheme-fessier-avec-tres-peu-de-champignon-puis-je-l-utiliser-l-huilde-d-emeu-si-oui-est-ce-que-je-peux-utilise-a-chaqu\/#breadcrumb"},"inLanguage":"en-CA","potentialAction":[{"@type":"ReadAction","target":["https:\/\/emeucharlevoix.com\/en\/ufaqs\/le-jeudi-20-mars-2014-a-1704-neriman-dit-mon-bebe-de-3-mois-a-un-erytheme-fessier-avec-tres-peu-de-champignon-puis-je-l-utiliser-l-huilde-d-emeu-si-oui-est-ce-que-je-peux-utilise-a-chaqu\/"]}]},{"@type":"BreadcrumbList","@id":"https:\/\/emeucharlevoix.com\/en\/ufaqs\/le-jeudi-20-mars-2014-a-1704-neriman-dit-mon-bebe-de-3-mois-a-un-erytheme-fessier-avec-tres-peu-de-champignon-puis-je-l-utiliser-l-huilde-d-emeu-si-oui-est-ce-que-je-peux-utilise-a-chaqu\/#breadcrumb","itemListElement":[{"@type":"ListItem","position":1,"name":"FAQs","item":"https:\/\/emeucharlevoix.com\/en\/ufaqs\/"},{"@type":"ListItem","position":2,"name":"Le jeudi 20 mars 2014 \u00e0 17:04\u00a0Neriman\u00a0dit: Mon bebe de 3 mois a un erytheme fessier avec tres peu de champignon, puis je l utiliser l huilde d emeu? Si oui est ce que je peux utilise a chaque changement de couche&#8230;merci"}]},{"@type":"WebSite","@id":"https:\/\/emeucharlevoix.com\/en\/#website","url":"https:\/\/emeucharlevoix.com\/en\/","name":"Emeu Charlevoix","description":"Nature&#039;s gift to your skin","publisher":{"@id":"https:\/\/emeucharlevoix.com\/en\/#organization"},"potentialAction":[{"@type":"SearchAction","target":{"@type":"EntryPoint","urlTemplate":"https:\/\/emeucharlevoix.com\/en\/?s={search_term_string}"},"query-input":{"@type":"PropertyValueSpecification","valueRequired":true,"valueName":"search_term_string"}}],"inLanguage":"en-CA"},{"@type":"Organization","@id":"https:\/\/emeucharlevoix.com\/en\/#organization","name":"Emeu Charlevoix","url":"https:\/\/emeucharlevoix.com\/en\/","logo":{"@type":"ImageObject","inLanguage":"en-CA","@id":"https:\/\/emeucharlevoix.com\/en\/#\/schema\/logo\/image\/","url":"https:\/\/emeucharlevoix.com\/wp-content\/uploads\/2017\/07\/emeu-charlevoix-top.png","contentUrl":"https:\/\/emeucharlevoix.com\/wp-content\/uploads\/2017\/07\/emeu-charlevoix-top.png","width":288,"height":229,"caption":"Emeu Charlevoix"},"image":{"@id":"https:\/\/emeucharlevoix.com\/en\/#\/schema\/logo\/image\/"},"sameAs":["https:\/\/www.facebook.com\/Emeucharlevoix","https:\/\/x.com\/emeucharlevoix","https:\/\/www.youtube.com\/channel\/UCsaMSpbpc9n05S0brEVo7jg"]}]}},"_links":{"self":[{"href":"https:\/\/emeucharlevoix.com\/en\/wp-json\/wp\/v2\/ufaq\/6670","targetHints":{"allow":["GET"]}}],"collection":[{"href":"https:\/\/emeucharlevoix.com\/en\/wp-json\/wp\/v2\/ufaq"}],"about":[{"href":"https:\/\/emeucharlevoix.com\/en\/wp-json\/wp\/v2\/types\/ufaq"}],"author":[{"embeddable":true,"href":"https:\/\/emeucharlevoix.com\/en\/wp-json\/wp\/v2\/users\/1"}],"replies":[{"embeddable":true,"href":"https:\/\/emeucharlevoix.com\/en\/wp-json\/wp\/v2\/comments?post=6670"}],"wp:attachment":[{"href":"https:\/\/emeucharlevoix.com\/en\/wp-json\/wp\/v2\/media?parent=6670"}],"wp:term":[{"taxonomy":"ufaq-category","embeddable":true,"href":"https:\/\/emeucharlevoix.com\/en\/wp-json\/wp\/v2\/ufaq-category?post=6670"},{"taxonomy":"ufaq-tag","embeddable":true,"href":"https:\/\/emeucharlevoix.com\/en\/wp-json\/wp\/v2\/ufaq-tag?post=6670"}],"curies":[{"name":"wp","href":"https:\/\/api.w.org\/{rel}","templated":true}]}}