{"id":6688,"date":"2017-09-28T17:37:31","date_gmt":"2017-09-28T21:37:31","guid":{"rendered":"https:\/\/emeucom.mywhc.ca\/ufaqs\/le-lundi-29-septembre-2014-a-1540-bertrand-huet-dit-je-fait-du-lichen-plan-jai-de-plaque-rouge-et-sa-commence-par-un-bouton-aussi-qui-me-sort-surtout-sur-les-jambes-il-me-disent-que-cest\/"},"modified":"2017-12-08T13:10:01","modified_gmt":"2017-12-08T18:10:01","slug":"le-lundi-29-septembre-2014-a-1540-bertrand-huet-dit-je-fait-du-lichen-plan-jai-de-plaque-rouge-et-sa-commence-par-un-bouton-aussi-qui-me-sort-surtout-sur-les-jambes-il-me-disent-que-cest","status":"publish","type":"ufaq","link":"https:\/\/emeucharlevoix.com\/en\/ufaqs\/le-lundi-29-septembre-2014-a-1540-bertrand-huet-dit-je-fait-du-lichen-plan-jai-de-plaque-rouge-et-sa-commence-par-un-bouton-aussi-qui-me-sort-surtout-sur-les-jambes-il-me-disent-que-cest\/","title":{"rendered":"Le lundi 29 septembre 2014 \u00e0 15:40\u00a0bertrand h. dit: je fait du lichen plan j,ai de plaque rouge et sa commence par un bouton aussi qui me sort surtout sur les jambes il me disent que c,est nerveux est que l,huile d,\u00e9meu serait bon pour sa merci"},"content":{"rendered":"<style>.ewd-ufaq-faq-title .ewd-ufaq-post-margin-symbol span { font-size: 12px !important; }div.ewd-ufaq-faq-title h5 { font-size: 9 !important; }div.ewd-ufaq-faq-post p { font-size: 7 !important; }div.ewd-ufaq-faq-post p { color: #007680 !important; }div.ewd-ufaq-author-date { font-size: 7 !important; }div.ewd-ufaq-author-date { color: #007680 !important; }div.ewd-ufaq-faq-categories, div.ewd-ufaq-faq-tags { font-size: 7 !important; }.ufaq-faq-title h5 {\r\nfont-weight:normal;\r\nmargin:10px!important;\r\n}\r\n\r\n.ufaq-faq-body .submit {\r\ncolor:#fff;\r\n}\r\n\r\n.ufaq-faq-display-style-Minimalist {\r\nborder-bottom:1px solid #007680;\r\n}\r\n\r\n.ewd-otp-field-label {\r\nwidth:auto!important;\r\ndisplay:none;\r\n}<\/style><div  class=\"ewd-ufaq-faq-list ewd-ufaq-page-type-load_more ewd-ufaq-category-tabs-\" id='ewd-ufaq-faq-list'>\n\n\t<input type='hidden' name='show_on_load' value='' id='ewd-ufaq-show-on-load' \/>\n<input type='hidden' name='include_category' value='' id='ewd-ufaq-include-category' \/>\n<input type='hidden' name='exclude_category' value='' id='ewd-ufaq-exclude-category' \/>\n<input type='hidden' name='orderby' value='date' id='ewd-ufaq-orderby' \/>\n<input type='hidden' name='order' value='desc' id='ewd-ufaq-order' \/>\n<input type='hidden' name='post_count' value='-1' id='ewd-ufaq-post-count' \/>\n<input type='hidden' name='current_url' value='\/en\/wp-json\/wp\/v2\/ufaq\/6688' id='ewd-ufaq-current-url' \/>\n\t\n\t\n\t<div class='ewd-ufaq-faqs'>\n\n\t\t<div  class=\"ewd-ufaq-faq-div ewd-ufaq-faq-column-count-one ewd-ufaq-faq-responsive-columns- ewd-ufaq-faq-display-style-one ewd-ufaq-can-be-toggled\" id='ewd-ufaq-post-6688-oxQvQCeFoM' data-post_id='6688'>\n\n\t\t\n\t<div class='ewd-ufaq-faq-title ewd-ufaq-faq-toggle'>\n\t\n\t<a class='ewd-ufaq-post-margin'  href='#' role=\"button\">\n\n\t\t<div class='ewd-ufaq-post-margin-symbol ewd-ufaq-square'>\n\t\t\t<span >B<\/span>\n\t\t<\/div>\n\n\t\t<div class='ewd-ufaq-faq-title-text'>\n\n\t\t\t<h5>\n\t\t\t\tLe lundi 29 septembre 2014 \u00e0 15:40\u00a0bertrand h. dit: je fait du lichen plan j,ai de plaque rouge et sa commence par un bouton aussi qui me sort surtout sur les jambes il me disent que c,est nerveux est que l,huile d,\u00e9meu serait bon pour sa merci\t\t\t<\/h5>\n\n\t\t<\/div>\n\n\t\t<div class='ewd-ufaq-clear'><\/div>\n\n\t<\/a>\n\t\n<\/div>\n\t\n\t<div class='ewd-ufaq-faq-body' >\n\n\t\t\n\t\t\t\n\t\t\n\t\t\t<div class='ewd-ufaq-post-margin ewd-ufaq-faq-post'>\n\t<p>Le mardi 30 septembre 2014 \u00e0 09:30\u00a0Emeu Charlevoix\u00a0dit: Bonjour, en effet la cause exacte du Lichen plan est inconnue. Il existe cependant de nombreux facteurs favorisants cette maladie inflammatoire souvent li\u00e9e au stress. Lors des pouss\u00e9es d&#8217;\u00e9ruptions cutan\u00e9es, nous vous sugg\u00e9rons fortement d&#8217;appliquer imm\u00e9diatement de l&#8217;huile d&#8217;\u00e9meu 100% pure pour aider \u00e0 soulager l&#8217;inflammation et les picotements. Lorsque les pouss\u00e9es sont termin\u00e9es, que l&#8217;inflammation s&#8217;est calm\u00e9e et qu&#8217;une petite cro\u00fbte de peau s\u00e8che se forme, nous vous conseillons fortement d&#8217;exfolier 1 \u00e0 2 fois par semaine cette peau cro\u00fbt\u00e9e afin d&#8217;\u00e9liminer les cellules mortes et d&#8217;aider votre peau \u00e0 se r\u00e9g\u00e9n\u00e9rer. Appliquer \u00e0 nouveau de l&#8217;huile d&#8217;\u00e9meu apr\u00e8s l&#8217;exfoliation pour hydrater votre peau. Utiliser l&#8217;huile d&#8217;\u00e9meu sur une base quotidienne 2 \u00e0 3 fois par jour en petite quantit\u00e9 et au besoin durant les pouss\u00e9es d&#8217;\u00e9ruptions cutan\u00e9es. Utiliser en compl\u00e9ment un savon tr\u00e8s doux et hydratant comme le Savon hydratant \u00e0 l&#8217;huile d&#8217;\u00e9meu \u00ab Pure Douceur \u00bb (sans parfum). Nous vous invitons \u00e0 consulter notre page Internet traitant sur les \u00e9ruptions cutan\u00e9es\u00a0http:\/\/emeucharlevoix.com\/corporatif\/l-huile-d-emeu-et-le-zona-fr80.html. Merci.<\/p>\n<\/div>\n\t\t\n\t\t\t<div class='ewd-ufaq-faq-custom-fields'>\n\n\t\n<\/div>\n\t\t\n\t\t\t\n\t\t\n\t\t\t\n\t\t\n\t\t\t\n\t\t\n\t\t\t\n\t\t\n\t\t\t\n\t\t\n\t\t\t\n\t\t\n\t\t\t\n\t\t\n\t<\/div>\n\n<\/div>\n\t<\/div>\n\n\t\n<\/div>","protected":false},"excerpt":{"rendered":"<p>B Le lundi 29 septembre 2014 \u00e0 15:40\u00a0bertrand h. dit: je fait du lichen plan j,ai de plaque rouge et sa commence par un bouton aussi qui me sort surtout sur les jambes il me disent que c,est nerveux est que l,huile d,\u00e9meu serait bon pour sa merci Le mardi 30 septembre 2014 \u00e0 09:30\u00a0Emeu [&#8230;]\n","protected":false},"author":1,"featured_media":0,"comment_status":"closed","ping_status":"closed","template":"","ufaq-category":[339],"ufaq-tag":[608],"class_list":["post-6688","ufaq","type-ufaq","status-publish","hentry","ufaq-category-emu-oil","ufaq-tag-huile-emeu-en"],"yoast_head":"<!-- This site is optimized with the Yoast SEO plugin v27.1.1 - https:\/\/yoast.com\/product\/yoast-seo-wordpress\/ -->\n<title>Le lundi 29 septembre 2014 \u00e0 15:40\u00a0bertrand h. dit: je fait du lichen plan j,ai de plaque rouge et sa commence par un bouton aussi qui me sort surtout sur les jambes il me disent que c,est nerveux est que l,huile d,\u00e9meu serait bon pour sa merci - Emeu Charlevoix<\/title>\n<meta name=\"robots\" content=\"index, follow, max-snippet:-1, max-image-preview:large, max-video-preview:-1\" \/>\n<link rel=\"canonical\" href=\"https:\/\/emeucharlevoix.com\/en\/ufaqs\/le-lundi-29-septembre-2014-a-1540-bertrand-huet-dit-je-fait-du-lichen-plan-jai-de-plaque-rouge-et-sa-commence-par-un-bouton-aussi-qui-me-sort-surtout-sur-les-jambes-il-me-disent-que-cest\/\" \/>\n<meta property=\"og:locale\" content=\"en_US\" \/>\n<meta property=\"og:type\" content=\"article\" \/>\n<meta property=\"og:title\" content=\"Le lundi 29 septembre 2014 \u00e0 15:40\u00a0bertrand h. dit: je fait du lichen plan j,ai de plaque rouge et sa commence par un bouton aussi qui me sort surtout sur les jambes il me disent que c,est nerveux est que l,huile d,\u00e9meu serait bon pour sa merci - Emeu Charlevoix\" \/>\n<meta property=\"og:description\" content=\"B Le lundi 29 septembre 2014 \u00e0 15:40\u00a0bertrand h. dit: je fait du lichen plan j,ai de plaque rouge et sa commence par un bouton aussi qui me sort surtout sur les jambes il me disent que c,est nerveux est que l,huile d,\u00e9meu serait bon pour sa merci Le mardi 30 septembre 2014 \u00e0 09:30\u00a0Emeu [...]\" \/>\n<meta property=\"og:url\" content=\"https:\/\/emeucharlevoix.com\/en\/ufaqs\/le-lundi-29-septembre-2014-a-1540-bertrand-huet-dit-je-fait-du-lichen-plan-jai-de-plaque-rouge-et-sa-commence-par-un-bouton-aussi-qui-me-sort-surtout-sur-les-jambes-il-me-disent-que-cest\/\" \/>\n<meta property=\"og:site_name\" content=\"Emeu Charlevoix\" \/>\n<meta property=\"article:publisher\" content=\"https:\/\/www.facebook.com\/Emeucharlevoix\" \/>\n<meta property=\"article:modified_time\" content=\"2017-12-08T18:10:01+00:00\" \/>\n<meta name=\"twitter:card\" content=\"summary_large_image\" \/>\n<meta name=\"twitter:site\" content=\"@emeucharlevoix\" \/>\n<meta name=\"twitter:label1\" content=\"Est. reading time\" \/>\n\t<meta name=\"twitter:data1\" content=\"1 minute\" \/>\n<script type=\"application\/ld+json\" class=\"yoast-schema-graph\">{\"@context\":\"https:\/\/schema.org\",\"@graph\":[{\"@type\":[\"WebPage\",\"FAQPage\"],\"@id\":\"https:\/\/emeucharlevoix.com\/en\/ufaqs\/le-lundi-29-septembre-2014-a-1540-bertrand-huet-dit-je-fait-du-lichen-plan-jai-de-plaque-rouge-et-sa-commence-par-un-bouton-aussi-qui-me-sort-surtout-sur-les-jambes-il-me-disent-que-cest\/\",\"url\":\"https:\/\/emeucharlevoix.com\/en\/ufaqs\/le-lundi-29-septembre-2014-a-1540-bertrand-huet-dit-je-fait-du-lichen-plan-jai-de-plaque-rouge-et-sa-commence-par-un-bouton-aussi-qui-me-sort-surtout-sur-les-jambes-il-me-disent-que-cest\/\",\"name\":\"Le lundi 29 septembre 2014 \u00e0 15:40\u00a0bertrand h. dit: je fait du lichen plan j,ai de plaque rouge et sa commence par un bouton aussi qui me sort surtout sur les jambes il me disent que c,est nerveux est que l,huile d,\u00e9meu serait bon pour sa merci - Emeu Charlevoix\",\"isPartOf\":{\"@id\":\"https:\/\/emeucharlevoix.com\/en\/#website\"},\"datePublished\":\"2017-09-28T21:37:31+00:00\",\"dateModified\":\"2017-12-08T18:10:01+00:00\",\"breadcrumb\":{\"@id\":\"https:\/\/emeucharlevoix.com\/en\/ufaqs\/le-lundi-29-septembre-2014-a-1540-bertrand-huet-dit-je-fait-du-lichen-plan-jai-de-plaque-rouge-et-sa-commence-par-un-bouton-aussi-qui-me-sort-surtout-sur-les-jambes-il-me-disent-que-cest\/#breadcrumb\"},\"inLanguage\":\"en-CA\",\"potentialAction\":[{\"@type\":\"ReadAction\",\"target\":[\"https:\/\/emeucharlevoix.com\/en\/ufaqs\/le-lundi-29-septembre-2014-a-1540-bertrand-huet-dit-je-fait-du-lichen-plan-jai-de-plaque-rouge-et-sa-commence-par-un-bouton-aussi-qui-me-sort-surtout-sur-les-jambes-il-me-disent-que-cest\/\"]}]},{\"@type\":\"BreadcrumbList\",\"@id\":\"https:\/\/emeucharlevoix.com\/en\/ufaqs\/le-lundi-29-septembre-2014-a-1540-bertrand-huet-dit-je-fait-du-lichen-plan-jai-de-plaque-rouge-et-sa-commence-par-un-bouton-aussi-qui-me-sort-surtout-sur-les-jambes-il-me-disent-que-cest\/#breadcrumb\",\"itemListElement\":[{\"@type\":\"ListItem\",\"position\":1,\"name\":\"FAQs\",\"item\":\"https:\/\/emeucharlevoix.com\/en\/ufaqs\/\"},{\"@type\":\"ListItem\",\"position\":2,\"name\":\"Le lundi 29 septembre 2014 \u00e0 15:40\u00a0bertrand h. dit: je fait du lichen plan j,ai de plaque rouge et sa commence par un bouton aussi qui me sort surtout sur les jambes il me disent que c,est nerveux est que l,huile d,\u00e9meu serait bon pour sa merci\"}]},{\"@type\":\"WebSite\",\"@id\":\"https:\/\/emeucharlevoix.com\/en\/#website\",\"url\":\"https:\/\/emeucharlevoix.com\/en\/\",\"name\":\"Emeu Charlevoix\",\"description\":\"Nature&#039;s gift to your skin\",\"publisher\":{\"@id\":\"https:\/\/emeucharlevoix.com\/en\/#organization\"},\"potentialAction\":[{\"@type\":\"SearchAction\",\"target\":{\"@type\":\"EntryPoint\",\"urlTemplate\":\"https:\/\/emeucharlevoix.com\/en\/?s={search_term_string}\"},\"query-input\":{\"@type\":\"PropertyValueSpecification\",\"valueRequired\":true,\"valueName\":\"search_term_string\"}}],\"inLanguage\":\"en-CA\"},{\"@type\":\"Organization\",\"@id\":\"https:\/\/emeucharlevoix.com\/en\/#organization\",\"name\":\"Emeu Charlevoix\",\"url\":\"https:\/\/emeucharlevoix.com\/en\/\",\"logo\":{\"@type\":\"ImageObject\",\"inLanguage\":\"en-CA\",\"@id\":\"https:\/\/emeucharlevoix.com\/en\/#\/schema\/logo\/image\/\",\"url\":\"https:\/\/emeucharlevoix.com\/wp-content\/uploads\/2017\/07\/emeu-charlevoix-top.png\",\"contentUrl\":\"https:\/\/emeucharlevoix.com\/wp-content\/uploads\/2017\/07\/emeu-charlevoix-top.png\",\"width\":288,\"height\":229,\"caption\":\"Emeu Charlevoix\"},\"image\":{\"@id\":\"https:\/\/emeucharlevoix.com\/en\/#\/schema\/logo\/image\/\"},\"sameAs\":[\"https:\/\/www.facebook.com\/Emeucharlevoix\",\"https:\/\/x.com\/emeucharlevoix\",\"https:\/\/www.youtube.com\/channel\/UCsaMSpbpc9n05S0brEVo7jg\"]}]}<\/script>\n<!-- \/ Yoast SEO plugin. -->","yoast_head_json":{"title":"Le lundi 29 septembre 2014 \u00e0 15:40\u00a0bertrand h. dit: je fait du lichen plan j,ai de plaque rouge et sa commence par un bouton aussi qui me sort surtout sur les jambes il me disent que c,est nerveux est que l,huile d,\u00e9meu serait bon pour sa merci - Emeu Charlevoix","robots":{"index":"index","follow":"follow","max-snippet":"max-snippet:-1","max-image-preview":"max-image-preview:large","max-video-preview":"max-video-preview:-1"},"canonical":"https:\/\/emeucharlevoix.com\/en\/ufaqs\/le-lundi-29-septembre-2014-a-1540-bertrand-huet-dit-je-fait-du-lichen-plan-jai-de-plaque-rouge-et-sa-commence-par-un-bouton-aussi-qui-me-sort-surtout-sur-les-jambes-il-me-disent-que-cest\/","og_locale":"en_US","og_type":"article","og_title":"Le lundi 29 septembre 2014 \u00e0 15:40\u00a0bertrand h. dit: je fait du lichen plan j,ai de plaque rouge et sa commence par un bouton aussi qui me sort surtout sur les jambes il me disent que c,est nerveux est que l,huile d,\u00e9meu serait bon pour sa merci - Emeu Charlevoix","og_description":"B Le lundi 29 septembre 2014 \u00e0 15:40\u00a0bertrand h. dit: je fait du lichen plan j,ai de plaque rouge et sa commence par un bouton aussi qui me sort surtout sur les jambes il me disent que c,est nerveux est que l,huile d,\u00e9meu serait bon pour sa merci Le mardi 30 septembre 2014 \u00e0 09:30\u00a0Emeu [...]","og_url":"https:\/\/emeucharlevoix.com\/en\/ufaqs\/le-lundi-29-septembre-2014-a-1540-bertrand-huet-dit-je-fait-du-lichen-plan-jai-de-plaque-rouge-et-sa-commence-par-un-bouton-aussi-qui-me-sort-surtout-sur-les-jambes-il-me-disent-que-cest\/","og_site_name":"Emeu Charlevoix","article_publisher":"https:\/\/www.facebook.com\/Emeucharlevoix","article_modified_time":"2017-12-08T18:10:01+00:00","twitter_card":"summary_large_image","twitter_site":"@emeucharlevoix","twitter_misc":{"Est. reading time":"1 minute"},"schema":{"@context":"https:\/\/schema.org","@graph":[{"@type":["WebPage","FAQPage"],"@id":"https:\/\/emeucharlevoix.com\/en\/ufaqs\/le-lundi-29-septembre-2014-a-1540-bertrand-huet-dit-je-fait-du-lichen-plan-jai-de-plaque-rouge-et-sa-commence-par-un-bouton-aussi-qui-me-sort-surtout-sur-les-jambes-il-me-disent-que-cest\/","url":"https:\/\/emeucharlevoix.com\/en\/ufaqs\/le-lundi-29-septembre-2014-a-1540-bertrand-huet-dit-je-fait-du-lichen-plan-jai-de-plaque-rouge-et-sa-commence-par-un-bouton-aussi-qui-me-sort-surtout-sur-les-jambes-il-me-disent-que-cest\/","name":"Le lundi 29 septembre 2014 \u00e0 15:40\u00a0bertrand h. dit: je fait du lichen plan j,ai de plaque rouge et sa commence par un bouton aussi qui me sort surtout sur les jambes il me disent que c,est nerveux est que l,huile d,\u00e9meu serait bon pour sa merci - Emeu Charlevoix","isPartOf":{"@id":"https:\/\/emeucharlevoix.com\/en\/#website"},"datePublished":"2017-09-28T21:37:31+00:00","dateModified":"2017-12-08T18:10:01+00:00","breadcrumb":{"@id":"https:\/\/emeucharlevoix.com\/en\/ufaqs\/le-lundi-29-septembre-2014-a-1540-bertrand-huet-dit-je-fait-du-lichen-plan-jai-de-plaque-rouge-et-sa-commence-par-un-bouton-aussi-qui-me-sort-surtout-sur-les-jambes-il-me-disent-que-cest\/#breadcrumb"},"inLanguage":"en-CA","potentialAction":[{"@type":"ReadAction","target":["https:\/\/emeucharlevoix.com\/en\/ufaqs\/le-lundi-29-septembre-2014-a-1540-bertrand-huet-dit-je-fait-du-lichen-plan-jai-de-plaque-rouge-et-sa-commence-par-un-bouton-aussi-qui-me-sort-surtout-sur-les-jambes-il-me-disent-que-cest\/"]}]},{"@type":"BreadcrumbList","@id":"https:\/\/emeucharlevoix.com\/en\/ufaqs\/le-lundi-29-septembre-2014-a-1540-bertrand-huet-dit-je-fait-du-lichen-plan-jai-de-plaque-rouge-et-sa-commence-par-un-bouton-aussi-qui-me-sort-surtout-sur-les-jambes-il-me-disent-que-cest\/#breadcrumb","itemListElement":[{"@type":"ListItem","position":1,"name":"FAQs","item":"https:\/\/emeucharlevoix.com\/en\/ufaqs\/"},{"@type":"ListItem","position":2,"name":"Le lundi 29 septembre 2014 \u00e0 15:40\u00a0bertrand h. dit: je fait du lichen plan j,ai de plaque rouge et sa commence par un bouton aussi qui me sort surtout sur les jambes il me disent que c,est nerveux est que l,huile d,\u00e9meu serait bon pour sa merci"}]},{"@type":"WebSite","@id":"https:\/\/emeucharlevoix.com\/en\/#website","url":"https:\/\/emeucharlevoix.com\/en\/","name":"Emeu Charlevoix","description":"Nature&#039;s gift to your skin","publisher":{"@id":"https:\/\/emeucharlevoix.com\/en\/#organization"},"potentialAction":[{"@type":"SearchAction","target":{"@type":"EntryPoint","urlTemplate":"https:\/\/emeucharlevoix.com\/en\/?s={search_term_string}"},"query-input":{"@type":"PropertyValueSpecification","valueRequired":true,"valueName":"search_term_string"}}],"inLanguage":"en-CA"},{"@type":"Organization","@id":"https:\/\/emeucharlevoix.com\/en\/#organization","name":"Emeu Charlevoix","url":"https:\/\/emeucharlevoix.com\/en\/","logo":{"@type":"ImageObject","inLanguage":"en-CA","@id":"https:\/\/emeucharlevoix.com\/en\/#\/schema\/logo\/image\/","url":"https:\/\/emeucharlevoix.com\/wp-content\/uploads\/2017\/07\/emeu-charlevoix-top.png","contentUrl":"https:\/\/emeucharlevoix.com\/wp-content\/uploads\/2017\/07\/emeu-charlevoix-top.png","width":288,"height":229,"caption":"Emeu Charlevoix"},"image":{"@id":"https:\/\/emeucharlevoix.com\/en\/#\/schema\/logo\/image\/"},"sameAs":["https:\/\/www.facebook.com\/Emeucharlevoix","https:\/\/x.com\/emeucharlevoix","https:\/\/www.youtube.com\/channel\/UCsaMSpbpc9n05S0brEVo7jg"]}]}},"_links":{"self":[{"href":"https:\/\/emeucharlevoix.com\/en\/wp-json\/wp\/v2\/ufaq\/6688","targetHints":{"allow":["GET"]}}],"collection":[{"href":"https:\/\/emeucharlevoix.com\/en\/wp-json\/wp\/v2\/ufaq"}],"about":[{"href":"https:\/\/emeucharlevoix.com\/en\/wp-json\/wp\/v2\/types\/ufaq"}],"author":[{"embeddable":true,"href":"https:\/\/emeucharlevoix.com\/en\/wp-json\/wp\/v2\/users\/1"}],"replies":[{"embeddable":true,"href":"https:\/\/emeucharlevoix.com\/en\/wp-json\/wp\/v2\/comments?post=6688"}],"wp:attachment":[{"href":"https:\/\/emeucharlevoix.com\/en\/wp-json\/wp\/v2\/media?parent=6688"}],"wp:term":[{"taxonomy":"ufaq-category","embeddable":true,"href":"https:\/\/emeucharlevoix.com\/en\/wp-json\/wp\/v2\/ufaq-category?post=6688"},{"taxonomy":"ufaq-tag","embeddable":true,"href":"https:\/\/emeucharlevoix.com\/en\/wp-json\/wp\/v2\/ufaq-tag?post=6688"}],"curies":[{"name":"wp","href":"https:\/\/api.w.org\/{rel}","templated":true}]}}