{"id":6707,"date":"2017-09-28T17:37:29","date_gmt":"2017-09-28T21:37:29","guid":{"rendered":"https:\/\/emeucom.mywhc.ca\/ufaqs\/le-samedi-5-septembre-2015-a-1642-andree-berube-dit-bonjour-je-fais-du-psoriasis-du-cuir-chevelu-comment-lhuile-demeu-peut-maider-et-a-quelle-frequence-dois-je-lutiliser\/"},"modified":"2017-12-08T13:13:41","modified_gmt":"2017-12-08T18:13:41","slug":"le-samedi-5-septembre-2015-a-1642-andree-berube-dit-bonjour-je-fais-du-psoriasis-du-cuir-chevelu-comment-lhuile-demeu-peut-maider-et-a-quelle-frequence-dois-je-lutiliser","status":"publish","type":"ufaq","link":"https:\/\/emeucharlevoix.com\/en\/ufaqs\/le-samedi-5-septembre-2015-a-1642-andree-berube-dit-bonjour-je-fais-du-psoriasis-du-cuir-chevelu-comment-lhuile-demeu-peut-maider-et-a-quelle-frequence-dois-je-lutiliser\/","title":{"rendered":"Le samedi 5 septembre 2015 \u00e0 16:42\u00a0Andr\u00e9e B. dit: Bonjour, je fais du psoriasis du cuir chevelu, comment l&#8217;huile d&#8217;\u00e9meu peut m&#8217;aider, et a quelle fr\u00e9quence dois-je l&#8217;utiliser?"},"content":{"rendered":"<style>.ewd-ufaq-faq-title .ewd-ufaq-post-margin-symbol span { font-size: 12px !important; }div.ewd-ufaq-faq-title h5 { font-size: 9 !important; }div.ewd-ufaq-faq-post p { font-size: 7 !important; }div.ewd-ufaq-faq-post p { color: #007680 !important; }div.ewd-ufaq-author-date { font-size: 7 !important; }div.ewd-ufaq-author-date { color: #007680 !important; }div.ewd-ufaq-faq-categories, div.ewd-ufaq-faq-tags { font-size: 7 !important; }.ufaq-faq-title h5 {\r\nfont-weight:normal;\r\nmargin:10px!important;\r\n}\r\n\r\n.ufaq-faq-body .submit {\r\ncolor:#fff;\r\n}\r\n\r\n.ufaq-faq-display-style-Minimalist {\r\nborder-bottom:1px solid #007680;\r\n}\r\n\r\n.ewd-otp-field-label {\r\nwidth:auto!important;\r\ndisplay:none;\r\n}<\/style><div  class=\"ewd-ufaq-faq-list ewd-ufaq-page-type-load_more ewd-ufaq-category-tabs-\" id='ewd-ufaq-faq-list'>\n\n\t<input type='hidden' name='show_on_load' value='' id='ewd-ufaq-show-on-load' \/>\n<input type='hidden' name='include_category' value='' id='ewd-ufaq-include-category' \/>\n<input type='hidden' name='exclude_category' value='' id='ewd-ufaq-exclude-category' \/>\n<input type='hidden' name='orderby' value='date' id='ewd-ufaq-orderby' \/>\n<input type='hidden' name='order' value='desc' id='ewd-ufaq-order' \/>\n<input type='hidden' name='post_count' value='-1' id='ewd-ufaq-post-count' \/>\n<input type='hidden' name='current_url' value='\/en\/wp-json\/wp\/v2\/ufaq\/6707' id='ewd-ufaq-current-url' \/>\n\t\n\t\n\t<div class='ewd-ufaq-faqs'>\n\n\t\t<div  class=\"ewd-ufaq-faq-div ewd-ufaq-faq-column-count-one ewd-ufaq-faq-responsive-columns- ewd-ufaq-faq-display-style-one ewd-ufaq-can-be-toggled\" id='ewd-ufaq-post-6707-n0d4dBM2qw' data-post_id='6707'>\n\n\t\t\n\t<div class='ewd-ufaq-faq-title ewd-ufaq-faq-toggle'>\n\t\n\t<a class='ewd-ufaq-post-margin'  href='#' role=\"button\">\n\n\t\t<div class='ewd-ufaq-post-margin-symbol ewd-ufaq-square'>\n\t\t\t<span >B<\/span>\n\t\t<\/div>\n\n\t\t<div class='ewd-ufaq-faq-title-text'>\n\n\t\t\t<h5>\n\t\t\t\tLe samedi 5 septembre 2015 \u00e0 16:42\u00a0Andr\u00e9e B. dit: Bonjour, je fais du psoriasis du cuir chevelu, comment l&#8217;huile d&#8217;\u00e9meu peut m&#8217;aider, et a quelle fr\u00e9quence dois-je l&#8217;utiliser?\t\t\t<\/h5>\n\n\t\t<\/div>\n\n\t\t<div class='ewd-ufaq-clear'><\/div>\n\n\t<\/a>\n\t\n<\/div>\n\t\n\t<div class='ewd-ufaq-faq-body' >\n\n\t\t\n\t\t\t\n\t\t\n\t\t\t<div class='ewd-ufaq-post-margin ewd-ufaq-faq-post'>\n\t<p>Le mardi 8 septembre 2015 \u00e0 09:38\u00a0Emeu Charlevoix\u00a0dit: Bonjour, Nous vous sugg\u00e9rons de consulter notre page Internet \u00e0 ce sujet. Sur cette page, nous avons \u00e9galement une vid\u00e9o explicative Comment traiter les cheveux et le cuir chevelu dans le cas de psoriasis?. Nous vous sugg\u00e9rons fortement de consulter cette capsule. Si, par la suite, vous avez d&#8217;autres questions, n&#8217;h\u00e9sitez pas \u00e0 nous consulter. Merci!<\/p>\n<\/div>\n\t\t\n\t\t\t<div class='ewd-ufaq-faq-custom-fields'>\n\n\t\n<\/div>\n\t\t\n\t\t\t\n\t\t\n\t\t\t\n\t\t\n\t\t\t\n\t\t\n\t\t\t\n\t\t\n\t\t\t\n\t\t\n\t\t\t\n\t\t\n\t\t\t\n\t\t\n\t<\/div>\n\n<\/div>\n\t<\/div>\n\n\t\n<\/div>","protected":false},"excerpt":{"rendered":"<p>B Le samedi 5 septembre 2015 \u00e0 16:42\u00a0Andr\u00e9e B. dit: Bonjour, je fais du psoriasis du cuir chevelu, comment l&#8217;huile d&#8217;\u00e9meu peut m&#8217;aider, et a quelle fr\u00e9quence dois-je l&#8217;utiliser? Le mardi 8 septembre 2015 \u00e0 09:38\u00a0Emeu Charlevoix\u00a0dit: Bonjour, Nous vous sugg\u00e9rons de consulter notre page Internet \u00e0 ce sujet. Sur cette page, nous avons \u00e9galement [&#8230;]\n","protected":false},"author":1,"featured_media":0,"comment_status":"closed","ping_status":"closed","template":"","ufaq-category":[339,425],"ufaq-tag":[608],"class_list":["post-6707","ufaq","type-ufaq","status-publish","hentry","ufaq-category-emu-oil","ufaq-category-psoriasis-en","ufaq-tag-huile-emeu-en"],"yoast_head":"<!-- This site is optimized with the Yoast SEO plugin v27.1.1 - https:\/\/yoast.com\/product\/yoast-seo-wordpress\/ -->\n<title>Le samedi 5 septembre 2015 \u00e0 16:42\u00a0Andr\u00e9e B. dit: Bonjour, je fais du psoriasis du cuir chevelu, comment l&#039;huile d&#039;\u00e9meu peut m&#039;aider, et a quelle fr\u00e9quence dois-je l&#039;utiliser? - Emeu Charlevoix<\/title>\n<meta name=\"robots\" content=\"index, follow, max-snippet:-1, max-image-preview:large, max-video-preview:-1\" \/>\n<link rel=\"canonical\" href=\"https:\/\/emeucharlevoix.com\/en\/ufaqs\/le-samedi-5-septembre-2015-a-1642-andree-berube-dit-bonjour-je-fais-du-psoriasis-du-cuir-chevelu-comment-lhuile-demeu-peut-maider-et-a-quelle-frequence-dois-je-lutiliser\/\" \/>\n<meta property=\"og:locale\" content=\"en_US\" \/>\n<meta property=\"og:type\" content=\"article\" \/>\n<meta property=\"og:title\" content=\"Le samedi 5 septembre 2015 \u00e0 16:42\u00a0Andr\u00e9e B. dit: Bonjour, je fais du psoriasis du cuir chevelu, comment l&#039;huile d&#039;\u00e9meu peut m&#039;aider, et a quelle fr\u00e9quence dois-je l&#039;utiliser? - Emeu Charlevoix\" \/>\n<meta property=\"og:description\" content=\"B Le samedi 5 septembre 2015 \u00e0 16:42\u00a0Andr\u00e9e B. dit: Bonjour, je fais du psoriasis du cuir chevelu, comment l&#8217;huile d&#8217;\u00e9meu peut m&#8217;aider, et a quelle fr\u00e9quence dois-je l&#8217;utiliser? Le mardi 8 septembre 2015 \u00e0 09:38\u00a0Emeu Charlevoix\u00a0dit: Bonjour, Nous vous sugg\u00e9rons de consulter notre page Internet \u00e0 ce sujet. Sur cette page, nous avons \u00e9galement [...]\" \/>\n<meta property=\"og:url\" content=\"https:\/\/emeucharlevoix.com\/en\/ufaqs\/le-samedi-5-septembre-2015-a-1642-andree-berube-dit-bonjour-je-fais-du-psoriasis-du-cuir-chevelu-comment-lhuile-demeu-peut-maider-et-a-quelle-frequence-dois-je-lutiliser\/\" \/>\n<meta property=\"og:site_name\" content=\"Emeu Charlevoix\" \/>\n<meta property=\"article:publisher\" content=\"https:\/\/www.facebook.com\/Emeucharlevoix\" \/>\n<meta property=\"article:modified_time\" content=\"2017-12-08T18:13:41+00:00\" \/>\n<meta name=\"twitter:card\" content=\"summary_large_image\" \/>\n<meta name=\"twitter:site\" content=\"@emeucharlevoix\" \/>\n<script type=\"application\/ld+json\" class=\"yoast-schema-graph\">{\"@context\":\"https:\/\/schema.org\",\"@graph\":[{\"@type\":[\"WebPage\",\"FAQPage\"],\"@id\":\"https:\/\/emeucharlevoix.com\/en\/ufaqs\/le-samedi-5-septembre-2015-a-1642-andree-berube-dit-bonjour-je-fais-du-psoriasis-du-cuir-chevelu-comment-lhuile-demeu-peut-maider-et-a-quelle-frequence-dois-je-lutiliser\/\",\"url\":\"https:\/\/emeucharlevoix.com\/en\/ufaqs\/le-samedi-5-septembre-2015-a-1642-andree-berube-dit-bonjour-je-fais-du-psoriasis-du-cuir-chevelu-comment-lhuile-demeu-peut-maider-et-a-quelle-frequence-dois-je-lutiliser\/\",\"name\":\"Le samedi 5 septembre 2015 \u00e0 16:42\u00a0Andr\u00e9e B. dit: Bonjour, je fais du psoriasis du cuir chevelu, comment l'huile d'\u00e9meu peut m'aider, et a quelle fr\u00e9quence dois-je l'utiliser? - Emeu Charlevoix\",\"isPartOf\":{\"@id\":\"https:\/\/emeucharlevoix.com\/en\/#website\"},\"datePublished\":\"2017-09-28T21:37:29+00:00\",\"dateModified\":\"2017-12-08T18:13:41+00:00\",\"breadcrumb\":{\"@id\":\"https:\/\/emeucharlevoix.com\/en\/ufaqs\/le-samedi-5-septembre-2015-a-1642-andree-berube-dit-bonjour-je-fais-du-psoriasis-du-cuir-chevelu-comment-lhuile-demeu-peut-maider-et-a-quelle-frequence-dois-je-lutiliser\/#breadcrumb\"},\"inLanguage\":\"en-CA\",\"potentialAction\":[{\"@type\":\"ReadAction\",\"target\":[\"https:\/\/emeucharlevoix.com\/en\/ufaqs\/le-samedi-5-septembre-2015-a-1642-andree-berube-dit-bonjour-je-fais-du-psoriasis-du-cuir-chevelu-comment-lhuile-demeu-peut-maider-et-a-quelle-frequence-dois-je-lutiliser\/\"]}]},{\"@type\":\"BreadcrumbList\",\"@id\":\"https:\/\/emeucharlevoix.com\/en\/ufaqs\/le-samedi-5-septembre-2015-a-1642-andree-berube-dit-bonjour-je-fais-du-psoriasis-du-cuir-chevelu-comment-lhuile-demeu-peut-maider-et-a-quelle-frequence-dois-je-lutiliser\/#breadcrumb\",\"itemListElement\":[{\"@type\":\"ListItem\",\"position\":1,\"name\":\"FAQs\",\"item\":\"https:\/\/emeucharlevoix.com\/en\/ufaqs\/\"},{\"@type\":\"ListItem\",\"position\":2,\"name\":\"Le samedi 5 septembre 2015 \u00e0 16:42\u00a0Andr\u00e9e B. dit: Bonjour, je fais du psoriasis du cuir chevelu, comment l&#8217;huile d&#8217;\u00e9meu peut m&#8217;aider, et a quelle fr\u00e9quence dois-je l&#8217;utiliser?\"}]},{\"@type\":\"WebSite\",\"@id\":\"https:\/\/emeucharlevoix.com\/en\/#website\",\"url\":\"https:\/\/emeucharlevoix.com\/en\/\",\"name\":\"Emeu Charlevoix\",\"description\":\"Nature&#039;s gift to your skin\",\"publisher\":{\"@id\":\"https:\/\/emeucharlevoix.com\/en\/#organization\"},\"potentialAction\":[{\"@type\":\"SearchAction\",\"target\":{\"@type\":\"EntryPoint\",\"urlTemplate\":\"https:\/\/emeucharlevoix.com\/en\/?s={search_term_string}\"},\"query-input\":{\"@type\":\"PropertyValueSpecification\",\"valueRequired\":true,\"valueName\":\"search_term_string\"}}],\"inLanguage\":\"en-CA\"},{\"@type\":\"Organization\",\"@id\":\"https:\/\/emeucharlevoix.com\/en\/#organization\",\"name\":\"Emeu Charlevoix\",\"url\":\"https:\/\/emeucharlevoix.com\/en\/\",\"logo\":{\"@type\":\"ImageObject\",\"inLanguage\":\"en-CA\",\"@id\":\"https:\/\/emeucharlevoix.com\/en\/#\/schema\/logo\/image\/\",\"url\":\"https:\/\/emeucharlevoix.com\/wp-content\/uploads\/2017\/07\/emeu-charlevoix-top.png\",\"contentUrl\":\"https:\/\/emeucharlevoix.com\/wp-content\/uploads\/2017\/07\/emeu-charlevoix-top.png\",\"width\":288,\"height\":229,\"caption\":\"Emeu Charlevoix\"},\"image\":{\"@id\":\"https:\/\/emeucharlevoix.com\/en\/#\/schema\/logo\/image\/\"},\"sameAs\":[\"https:\/\/www.facebook.com\/Emeucharlevoix\",\"https:\/\/x.com\/emeucharlevoix\",\"https:\/\/www.youtube.com\/channel\/UCsaMSpbpc9n05S0brEVo7jg\"]}]}<\/script>\n<!-- \/ Yoast SEO plugin. -->","yoast_head_json":{"title":"Le samedi 5 septembre 2015 \u00e0 16:42\u00a0Andr\u00e9e B. dit: Bonjour, je fais du psoriasis du cuir chevelu, comment l'huile d'\u00e9meu peut m'aider, et a quelle fr\u00e9quence dois-je l'utiliser? - Emeu Charlevoix","robots":{"index":"index","follow":"follow","max-snippet":"max-snippet:-1","max-image-preview":"max-image-preview:large","max-video-preview":"max-video-preview:-1"},"canonical":"https:\/\/emeucharlevoix.com\/en\/ufaqs\/le-samedi-5-septembre-2015-a-1642-andree-berube-dit-bonjour-je-fais-du-psoriasis-du-cuir-chevelu-comment-lhuile-demeu-peut-maider-et-a-quelle-frequence-dois-je-lutiliser\/","og_locale":"en_US","og_type":"article","og_title":"Le samedi 5 septembre 2015 \u00e0 16:42\u00a0Andr\u00e9e B. dit: Bonjour, je fais du psoriasis du cuir chevelu, comment l'huile d'\u00e9meu peut m'aider, et a quelle fr\u00e9quence dois-je l'utiliser? - Emeu Charlevoix","og_description":"B Le samedi 5 septembre 2015 \u00e0 16:42\u00a0Andr\u00e9e B. dit: Bonjour, je fais du psoriasis du cuir chevelu, comment l&#8217;huile d&#8217;\u00e9meu peut m&#8217;aider, et a quelle fr\u00e9quence dois-je l&#8217;utiliser? Le mardi 8 septembre 2015 \u00e0 09:38\u00a0Emeu Charlevoix\u00a0dit: Bonjour, Nous vous sugg\u00e9rons de consulter notre page Internet \u00e0 ce sujet. Sur cette page, nous avons \u00e9galement [...]","og_url":"https:\/\/emeucharlevoix.com\/en\/ufaqs\/le-samedi-5-septembre-2015-a-1642-andree-berube-dit-bonjour-je-fais-du-psoriasis-du-cuir-chevelu-comment-lhuile-demeu-peut-maider-et-a-quelle-frequence-dois-je-lutiliser\/","og_site_name":"Emeu Charlevoix","article_publisher":"https:\/\/www.facebook.com\/Emeucharlevoix","article_modified_time":"2017-12-08T18:13:41+00:00","twitter_card":"summary_large_image","twitter_site":"@emeucharlevoix","schema":{"@context":"https:\/\/schema.org","@graph":[{"@type":["WebPage","FAQPage"],"@id":"https:\/\/emeucharlevoix.com\/en\/ufaqs\/le-samedi-5-septembre-2015-a-1642-andree-berube-dit-bonjour-je-fais-du-psoriasis-du-cuir-chevelu-comment-lhuile-demeu-peut-maider-et-a-quelle-frequence-dois-je-lutiliser\/","url":"https:\/\/emeucharlevoix.com\/en\/ufaqs\/le-samedi-5-septembre-2015-a-1642-andree-berube-dit-bonjour-je-fais-du-psoriasis-du-cuir-chevelu-comment-lhuile-demeu-peut-maider-et-a-quelle-frequence-dois-je-lutiliser\/","name":"Le samedi 5 septembre 2015 \u00e0 16:42\u00a0Andr\u00e9e B. dit: Bonjour, je fais du psoriasis du cuir chevelu, comment l'huile d'\u00e9meu peut m'aider, et a quelle fr\u00e9quence dois-je l'utiliser? - Emeu Charlevoix","isPartOf":{"@id":"https:\/\/emeucharlevoix.com\/en\/#website"},"datePublished":"2017-09-28T21:37:29+00:00","dateModified":"2017-12-08T18:13:41+00:00","breadcrumb":{"@id":"https:\/\/emeucharlevoix.com\/en\/ufaqs\/le-samedi-5-septembre-2015-a-1642-andree-berube-dit-bonjour-je-fais-du-psoriasis-du-cuir-chevelu-comment-lhuile-demeu-peut-maider-et-a-quelle-frequence-dois-je-lutiliser\/#breadcrumb"},"inLanguage":"en-CA","potentialAction":[{"@type":"ReadAction","target":["https:\/\/emeucharlevoix.com\/en\/ufaqs\/le-samedi-5-septembre-2015-a-1642-andree-berube-dit-bonjour-je-fais-du-psoriasis-du-cuir-chevelu-comment-lhuile-demeu-peut-maider-et-a-quelle-frequence-dois-je-lutiliser\/"]}]},{"@type":"BreadcrumbList","@id":"https:\/\/emeucharlevoix.com\/en\/ufaqs\/le-samedi-5-septembre-2015-a-1642-andree-berube-dit-bonjour-je-fais-du-psoriasis-du-cuir-chevelu-comment-lhuile-demeu-peut-maider-et-a-quelle-frequence-dois-je-lutiliser\/#breadcrumb","itemListElement":[{"@type":"ListItem","position":1,"name":"FAQs","item":"https:\/\/emeucharlevoix.com\/en\/ufaqs\/"},{"@type":"ListItem","position":2,"name":"Le samedi 5 septembre 2015 \u00e0 16:42\u00a0Andr\u00e9e B. dit: Bonjour, je fais du psoriasis du cuir chevelu, comment l&#8217;huile d&#8217;\u00e9meu peut m&#8217;aider, et a quelle fr\u00e9quence dois-je l&#8217;utiliser?"}]},{"@type":"WebSite","@id":"https:\/\/emeucharlevoix.com\/en\/#website","url":"https:\/\/emeucharlevoix.com\/en\/","name":"Emeu Charlevoix","description":"Nature&#039;s gift to your skin","publisher":{"@id":"https:\/\/emeucharlevoix.com\/en\/#organization"},"potentialAction":[{"@type":"SearchAction","target":{"@type":"EntryPoint","urlTemplate":"https:\/\/emeucharlevoix.com\/en\/?s={search_term_string}"},"query-input":{"@type":"PropertyValueSpecification","valueRequired":true,"valueName":"search_term_string"}}],"inLanguage":"en-CA"},{"@type":"Organization","@id":"https:\/\/emeucharlevoix.com\/en\/#organization","name":"Emeu Charlevoix","url":"https:\/\/emeucharlevoix.com\/en\/","logo":{"@type":"ImageObject","inLanguage":"en-CA","@id":"https:\/\/emeucharlevoix.com\/en\/#\/schema\/logo\/image\/","url":"https:\/\/emeucharlevoix.com\/wp-content\/uploads\/2017\/07\/emeu-charlevoix-top.png","contentUrl":"https:\/\/emeucharlevoix.com\/wp-content\/uploads\/2017\/07\/emeu-charlevoix-top.png","width":288,"height":229,"caption":"Emeu Charlevoix"},"image":{"@id":"https:\/\/emeucharlevoix.com\/en\/#\/schema\/logo\/image\/"},"sameAs":["https:\/\/www.facebook.com\/Emeucharlevoix","https:\/\/x.com\/emeucharlevoix","https:\/\/www.youtube.com\/channel\/UCsaMSpbpc9n05S0brEVo7jg"]}]}},"_links":{"self":[{"href":"https:\/\/emeucharlevoix.com\/en\/wp-json\/wp\/v2\/ufaq\/6707","targetHints":{"allow":["GET"]}}],"collection":[{"href":"https:\/\/emeucharlevoix.com\/en\/wp-json\/wp\/v2\/ufaq"}],"about":[{"href":"https:\/\/emeucharlevoix.com\/en\/wp-json\/wp\/v2\/types\/ufaq"}],"author":[{"embeddable":true,"href":"https:\/\/emeucharlevoix.com\/en\/wp-json\/wp\/v2\/users\/1"}],"replies":[{"embeddable":true,"href":"https:\/\/emeucharlevoix.com\/en\/wp-json\/wp\/v2\/comments?post=6707"}],"wp:attachment":[{"href":"https:\/\/emeucharlevoix.com\/en\/wp-json\/wp\/v2\/media?parent=6707"}],"wp:term":[{"taxonomy":"ufaq-category","embeddable":true,"href":"https:\/\/emeucharlevoix.com\/en\/wp-json\/wp\/v2\/ufaq-category?post=6707"},{"taxonomy":"ufaq-tag","embeddable":true,"href":"https:\/\/emeucharlevoix.com\/en\/wp-json\/wp\/v2\/ufaq-tag?post=6707"}],"curies":[{"name":"wp","href":"https:\/\/api.w.org\/{rel}","templated":true}]}}