{"id":6710,"date":"2017-09-28T17:37:29","date_gmt":"2017-09-28T21:37:29","guid":{"rendered":"https:\/\/emeucom.mywhc.ca\/ufaqs\/le-mercredi-19-aout-2015-a-2059-amal-dit-bonjour-je-voudrais-savoir-si-cette-huile-est-vraiment-efficace-pour-la-chute-de-cheveux-merci\/"},"modified":"2017-09-28T17:37:29","modified_gmt":"2017-09-28T21:37:29","slug":"le-mercredi-19-aout-2015-a-2059-amal-dit-bonjour-je-voudrais-savoir-si-cette-huile-est-vraiment-efficace-pour-la-chute-de-cheveux-merci","status":"publish","type":"ufaq","link":"https:\/\/emeucharlevoix.com\/en\/ufaqs\/le-mercredi-19-aout-2015-a-2059-amal-dit-bonjour-je-voudrais-savoir-si-cette-huile-est-vraiment-efficace-pour-la-chute-de-cheveux-merci\/","title":{"rendered":"Le mercredi 19 ao\u00fbt 2015 \u00e0 20:59\u00a0Amal\u00a0dit: Bonjour, je voudrais savoir si cette huile est vraiment efficace pour la chute de cheveux. Merci!"},"content":{"rendered":"<style>.ewd-ufaq-faq-title .ewd-ufaq-post-margin-symbol span { font-size: 12px !important; }div.ewd-ufaq-faq-title h5 { font-size: 9 !important; }div.ewd-ufaq-faq-post p { font-size: 7 !important; }div.ewd-ufaq-faq-post p { color: #007680 !important; }div.ewd-ufaq-author-date { font-size: 7 !important; }div.ewd-ufaq-author-date { color: #007680 !important; }div.ewd-ufaq-faq-categories, div.ewd-ufaq-faq-tags { font-size: 7 !important; }.ufaq-faq-title h5 {\r\nfont-weight:normal;\r\nmargin:10px!important;\r\n}\r\n\r\n.ufaq-faq-body .submit {\r\ncolor:#fff;\r\n}\r\n\r\n.ufaq-faq-display-style-Minimalist {\r\nborder-bottom:1px solid #007680;\r\n}\r\n\r\n.ewd-otp-field-label {\r\nwidth:auto!important;\r\ndisplay:none;\r\n}<\/style><div  class=\"ewd-ufaq-faq-list ewd-ufaq-page-type-load_more ewd-ufaq-category-tabs-\" id='ewd-ufaq-faq-list'>\n\n\t<input type='hidden' name='show_on_load' value='' id='ewd-ufaq-show-on-load' \/>\n<input type='hidden' name='include_category' value='' id='ewd-ufaq-include-category' \/>\n<input type='hidden' name='exclude_category' value='' id='ewd-ufaq-exclude-category' \/>\n<input type='hidden' name='orderby' value='date' id='ewd-ufaq-orderby' \/>\n<input type='hidden' name='order' value='desc' id='ewd-ufaq-order' \/>\n<input type='hidden' name='post_count' value='-1' id='ewd-ufaq-post-count' \/>\n<input type='hidden' name='current_url' value='\/en\/wp-json\/wp\/v2\/ufaq\/6710' id='ewd-ufaq-current-url' \/>\n\t\n\t\n\t<div class='ewd-ufaq-faqs'>\n\n\t\t<div  class=\"ewd-ufaq-faq-div ewd-ufaq-faq-column-count-one ewd-ufaq-faq-responsive-columns- ewd-ufaq-faq-display-style-one ewd-ufaq-can-be-toggled\" id='ewd-ufaq-post-6710-jWqkSxM2uv' data-post_id='6710'>\n\n\t\t\n\t<div class='ewd-ufaq-faq-title ewd-ufaq-faq-toggle'>\n\t\n\t<a class='ewd-ufaq-post-margin'  href='#' role=\"button\">\n\n\t\t<div class='ewd-ufaq-post-margin-symbol ewd-ufaq-square'>\n\t\t\t<span >B<\/span>\n\t\t<\/div>\n\n\t\t<div class='ewd-ufaq-faq-title-text'>\n\n\t\t\t<h5>\n\t\t\t\tLe mercredi 19 ao\u00fbt 2015 \u00e0 20:59\u00a0Amal\u00a0dit: Bonjour, je voudrais savoir si cette huile est vraiment efficace pour la chute de cheveux. Merci!\t\t\t<\/h5>\n\n\t\t<\/div>\n\n\t\t<div class='ewd-ufaq-clear'><\/div>\n\n\t<\/a>\n\t\n<\/div>\n\t\n\t<div class='ewd-ufaq-faq-body' >\n\n\t\t\n\t\t\t\n\t\t\n\t\t\t<div class='ewd-ufaq-post-margin ewd-ufaq-faq-post'>\n\t<p>Le jeudi 20 ao\u00fbt 2015 \u00e0 09:22\u00a0Emeu Charlevoix\u00a0dit: Bonjour, selon les litt\u00e9ratures, l&#8217;huile d&#8217;\u00e9meu, de par ses Om\u00e9gas 3, 6, 7 et 9 qui sont des acides gras bienfaisants pour la sant\u00e9, p\u00e9n\u00e8tre efficacement la tige du cheveu jusqu&#8217;\u00e0 la racine afin d&#8217;y apporter les nutriments n\u00e9cessaires pour permettre aux follicules endommag\u00e9s en phase active de se renforcir tout en favorisant la croissance des cheveux. Il est toutefois bien important de comprendre que les follicules inactifs (morts) ne peuvent \u00eatre r\u00e9activ\u00e9s \u00e0 l&#8217;aide de l&#8217;huile d&#8217;\u00e9meu ou quelconque produit. L&#8217;huile d&#8217;\u00e9meu agit comme moyen pr\u00e9ventif naturel \u00e0 la perte de cheveux et permet de compl\u00e9ter le besoin en apport nutritif des cheveux encore actifs.<\/p>\n<\/div>\n\t\t\n\t\t\t<div class='ewd-ufaq-faq-custom-fields'>\n\n\t\n<\/div>\n\t\t\n\t\t\t\n\t\t\n\t\t\t\n\t\t\n\t\t\t\n\t\t\n\t\t\t\n\t\t\n\t\t\t\n\t\t\n\t\t\t\n\t\t\n\t\t\t\n\t\t\n\t<\/div>\n\n<\/div>\n\t<\/div>\n\n\t\n<\/div>","protected":false},"excerpt":{"rendered":"<p>B Le mercredi 19 ao\u00fbt 2015 \u00e0 20:59\u00a0Amal\u00a0dit: Bonjour, je voudrais savoir si cette huile est vraiment efficace pour la chute de cheveux. Merci! Le jeudi 20 ao\u00fbt 2015 \u00e0 09:22\u00a0Emeu Charlevoix\u00a0dit: Bonjour, selon les litt\u00e9ratures, l&#8217;huile d&#8217;\u00e9meu, de par ses Om\u00e9gas 3, 6, 7 et 9 qui sont des acides gras bienfaisants pour la [&#8230;]\n","protected":false},"author":1,"featured_media":0,"comment_status":"closed","ping_status":"closed","template":"","ufaq-category":[339,573],"ufaq-tag":[608],"class_list":["post-6710","ufaq","type-ufaq","status-publish","hentry","ufaq-category-emu-oil","ufaq-category-hair-loss","ufaq-tag-huile-emeu-en"],"yoast_head":"<!-- This site is optimized with the Yoast SEO plugin v27.1.1 - https:\/\/yoast.com\/product\/yoast-seo-wordpress\/ -->\n<title>Le mercredi 19 ao\u00fbt 2015 \u00e0 20:59\u00a0Amal\u00a0dit: Bonjour, je voudrais savoir si cette huile est vraiment efficace pour la chute de cheveux. Merci! - Emeu Charlevoix<\/title>\n<meta name=\"robots\" content=\"index, follow, max-snippet:-1, max-image-preview:large, max-video-preview:-1\" \/>\n<link rel=\"canonical\" href=\"https:\/\/emeucharlevoix.com\/en\/ufaqs\/le-mercredi-19-aout-2015-a-2059-amal-dit-bonjour-je-voudrais-savoir-si-cette-huile-est-vraiment-efficace-pour-la-chute-de-cheveux-merci\/\" \/>\n<meta property=\"og:locale\" content=\"en_US\" \/>\n<meta property=\"og:type\" content=\"article\" \/>\n<meta property=\"og:title\" content=\"Le mercredi 19 ao\u00fbt 2015 \u00e0 20:59\u00a0Amal\u00a0dit: Bonjour, je voudrais savoir si cette huile est vraiment efficace pour la chute de cheveux. Merci! - Emeu Charlevoix\" \/>\n<meta property=\"og:description\" content=\"B Le mercredi 19 ao\u00fbt 2015 \u00e0 20:59\u00a0Amal\u00a0dit: Bonjour, je voudrais savoir si cette huile est vraiment efficace pour la chute de cheveux. Merci! Le jeudi 20 ao\u00fbt 2015 \u00e0 09:22\u00a0Emeu Charlevoix\u00a0dit: Bonjour, selon les litt\u00e9ratures, l&#8217;huile d&#8217;\u00e9meu, de par ses Om\u00e9gas 3, 6, 7 et 9 qui sont des acides gras bienfaisants pour la [...]\" \/>\n<meta property=\"og:url\" content=\"https:\/\/emeucharlevoix.com\/en\/ufaqs\/le-mercredi-19-aout-2015-a-2059-amal-dit-bonjour-je-voudrais-savoir-si-cette-huile-est-vraiment-efficace-pour-la-chute-de-cheveux-merci\/\" \/>\n<meta property=\"og:site_name\" content=\"Emeu Charlevoix\" \/>\n<meta property=\"article:publisher\" content=\"https:\/\/www.facebook.com\/Emeucharlevoix\" \/>\n<meta name=\"twitter:card\" content=\"summary_large_image\" \/>\n<meta name=\"twitter:site\" content=\"@emeucharlevoix\" \/>\n<meta name=\"twitter:label1\" content=\"Est. reading time\" \/>\n\t<meta name=\"twitter:data1\" content=\"1 minute\" \/>\n<script type=\"application\/ld+json\" class=\"yoast-schema-graph\">{\"@context\":\"https:\/\/schema.org\",\"@graph\":[{\"@type\":[\"WebPage\",\"FAQPage\"],\"@id\":\"https:\/\/emeucharlevoix.com\/en\/ufaqs\/le-mercredi-19-aout-2015-a-2059-amal-dit-bonjour-je-voudrais-savoir-si-cette-huile-est-vraiment-efficace-pour-la-chute-de-cheveux-merci\/\",\"url\":\"https:\/\/emeucharlevoix.com\/en\/ufaqs\/le-mercredi-19-aout-2015-a-2059-amal-dit-bonjour-je-voudrais-savoir-si-cette-huile-est-vraiment-efficace-pour-la-chute-de-cheveux-merci\/\",\"name\":\"Le mercredi 19 ao\u00fbt 2015 \u00e0 20:59\u00a0Amal\u00a0dit: Bonjour, je voudrais savoir si cette huile est vraiment efficace pour la chute de cheveux. Merci! - Emeu Charlevoix\",\"isPartOf\":{\"@id\":\"https:\/\/emeucharlevoix.com\/en\/#website\"},\"datePublished\":\"2017-09-28T21:37:29+00:00\",\"breadcrumb\":{\"@id\":\"https:\/\/emeucharlevoix.com\/en\/ufaqs\/le-mercredi-19-aout-2015-a-2059-amal-dit-bonjour-je-voudrais-savoir-si-cette-huile-est-vraiment-efficace-pour-la-chute-de-cheveux-merci\/#breadcrumb\"},\"inLanguage\":\"en-CA\",\"potentialAction\":[{\"@type\":\"ReadAction\",\"target\":[\"https:\/\/emeucharlevoix.com\/en\/ufaqs\/le-mercredi-19-aout-2015-a-2059-amal-dit-bonjour-je-voudrais-savoir-si-cette-huile-est-vraiment-efficace-pour-la-chute-de-cheveux-merci\/\"]}]},{\"@type\":\"BreadcrumbList\",\"@id\":\"https:\/\/emeucharlevoix.com\/en\/ufaqs\/le-mercredi-19-aout-2015-a-2059-amal-dit-bonjour-je-voudrais-savoir-si-cette-huile-est-vraiment-efficace-pour-la-chute-de-cheveux-merci\/#breadcrumb\",\"itemListElement\":[{\"@type\":\"ListItem\",\"position\":1,\"name\":\"FAQs\",\"item\":\"https:\/\/emeucharlevoix.com\/en\/ufaqs\/\"},{\"@type\":\"ListItem\",\"position\":2,\"name\":\"Le mercredi 19 ao\u00fbt 2015 \u00e0 20:59\u00a0Amal\u00a0dit: Bonjour, je voudrais savoir si cette huile est vraiment efficace pour la chute de cheveux. Merci!\"}]},{\"@type\":\"WebSite\",\"@id\":\"https:\/\/emeucharlevoix.com\/en\/#website\",\"url\":\"https:\/\/emeucharlevoix.com\/en\/\",\"name\":\"Emeu Charlevoix\",\"description\":\"Nature&#039;s gift to your skin\",\"publisher\":{\"@id\":\"https:\/\/emeucharlevoix.com\/en\/#organization\"},\"potentialAction\":[{\"@type\":\"SearchAction\",\"target\":{\"@type\":\"EntryPoint\",\"urlTemplate\":\"https:\/\/emeucharlevoix.com\/en\/?s={search_term_string}\"},\"query-input\":{\"@type\":\"PropertyValueSpecification\",\"valueRequired\":true,\"valueName\":\"search_term_string\"}}],\"inLanguage\":\"en-CA\"},{\"@type\":\"Organization\",\"@id\":\"https:\/\/emeucharlevoix.com\/en\/#organization\",\"name\":\"Emeu Charlevoix\",\"url\":\"https:\/\/emeucharlevoix.com\/en\/\",\"logo\":{\"@type\":\"ImageObject\",\"inLanguage\":\"en-CA\",\"@id\":\"https:\/\/emeucharlevoix.com\/en\/#\/schema\/logo\/image\/\",\"url\":\"https:\/\/emeucharlevoix.com\/wp-content\/uploads\/2017\/07\/emeu-charlevoix-top.png\",\"contentUrl\":\"https:\/\/emeucharlevoix.com\/wp-content\/uploads\/2017\/07\/emeu-charlevoix-top.png\",\"width\":288,\"height\":229,\"caption\":\"Emeu Charlevoix\"},\"image\":{\"@id\":\"https:\/\/emeucharlevoix.com\/en\/#\/schema\/logo\/image\/\"},\"sameAs\":[\"https:\/\/www.facebook.com\/Emeucharlevoix\",\"https:\/\/x.com\/emeucharlevoix\",\"https:\/\/www.youtube.com\/channel\/UCsaMSpbpc9n05S0brEVo7jg\"]}]}<\/script>\n<!-- \/ Yoast SEO plugin. -->","yoast_head_json":{"title":"Le mercredi 19 ao\u00fbt 2015 \u00e0 20:59\u00a0Amal\u00a0dit: Bonjour, je voudrais savoir si cette huile est vraiment efficace pour la chute de cheveux. Merci! - Emeu Charlevoix","robots":{"index":"index","follow":"follow","max-snippet":"max-snippet:-1","max-image-preview":"max-image-preview:large","max-video-preview":"max-video-preview:-1"},"canonical":"https:\/\/emeucharlevoix.com\/en\/ufaqs\/le-mercredi-19-aout-2015-a-2059-amal-dit-bonjour-je-voudrais-savoir-si-cette-huile-est-vraiment-efficace-pour-la-chute-de-cheveux-merci\/","og_locale":"en_US","og_type":"article","og_title":"Le mercredi 19 ao\u00fbt 2015 \u00e0 20:59\u00a0Amal\u00a0dit: Bonjour, je voudrais savoir si cette huile est vraiment efficace pour la chute de cheveux. Merci! - Emeu Charlevoix","og_description":"B Le mercredi 19 ao\u00fbt 2015 \u00e0 20:59\u00a0Amal\u00a0dit: Bonjour, je voudrais savoir si cette huile est vraiment efficace pour la chute de cheveux. Merci! Le jeudi 20 ao\u00fbt 2015 \u00e0 09:22\u00a0Emeu Charlevoix\u00a0dit: Bonjour, selon les litt\u00e9ratures, l&#8217;huile d&#8217;\u00e9meu, de par ses Om\u00e9gas 3, 6, 7 et 9 qui sont des acides gras bienfaisants pour la [...]","og_url":"https:\/\/emeucharlevoix.com\/en\/ufaqs\/le-mercredi-19-aout-2015-a-2059-amal-dit-bonjour-je-voudrais-savoir-si-cette-huile-est-vraiment-efficace-pour-la-chute-de-cheveux-merci\/","og_site_name":"Emeu Charlevoix","article_publisher":"https:\/\/www.facebook.com\/Emeucharlevoix","twitter_card":"summary_large_image","twitter_site":"@emeucharlevoix","twitter_misc":{"Est. reading time":"1 minute"},"schema":{"@context":"https:\/\/schema.org","@graph":[{"@type":["WebPage","FAQPage"],"@id":"https:\/\/emeucharlevoix.com\/en\/ufaqs\/le-mercredi-19-aout-2015-a-2059-amal-dit-bonjour-je-voudrais-savoir-si-cette-huile-est-vraiment-efficace-pour-la-chute-de-cheveux-merci\/","url":"https:\/\/emeucharlevoix.com\/en\/ufaqs\/le-mercredi-19-aout-2015-a-2059-amal-dit-bonjour-je-voudrais-savoir-si-cette-huile-est-vraiment-efficace-pour-la-chute-de-cheveux-merci\/","name":"Le mercredi 19 ao\u00fbt 2015 \u00e0 20:59\u00a0Amal\u00a0dit: Bonjour, je voudrais savoir si cette huile est vraiment efficace pour la chute de cheveux. Merci! - Emeu Charlevoix","isPartOf":{"@id":"https:\/\/emeucharlevoix.com\/en\/#website"},"datePublished":"2017-09-28T21:37:29+00:00","breadcrumb":{"@id":"https:\/\/emeucharlevoix.com\/en\/ufaqs\/le-mercredi-19-aout-2015-a-2059-amal-dit-bonjour-je-voudrais-savoir-si-cette-huile-est-vraiment-efficace-pour-la-chute-de-cheveux-merci\/#breadcrumb"},"inLanguage":"en-CA","potentialAction":[{"@type":"ReadAction","target":["https:\/\/emeucharlevoix.com\/en\/ufaqs\/le-mercredi-19-aout-2015-a-2059-amal-dit-bonjour-je-voudrais-savoir-si-cette-huile-est-vraiment-efficace-pour-la-chute-de-cheveux-merci\/"]}]},{"@type":"BreadcrumbList","@id":"https:\/\/emeucharlevoix.com\/en\/ufaqs\/le-mercredi-19-aout-2015-a-2059-amal-dit-bonjour-je-voudrais-savoir-si-cette-huile-est-vraiment-efficace-pour-la-chute-de-cheveux-merci\/#breadcrumb","itemListElement":[{"@type":"ListItem","position":1,"name":"FAQs","item":"https:\/\/emeucharlevoix.com\/en\/ufaqs\/"},{"@type":"ListItem","position":2,"name":"Le mercredi 19 ao\u00fbt 2015 \u00e0 20:59\u00a0Amal\u00a0dit: Bonjour, je voudrais savoir si cette huile est vraiment efficace pour la chute de cheveux. Merci!"}]},{"@type":"WebSite","@id":"https:\/\/emeucharlevoix.com\/en\/#website","url":"https:\/\/emeucharlevoix.com\/en\/","name":"Emeu Charlevoix","description":"Nature&#039;s gift to your skin","publisher":{"@id":"https:\/\/emeucharlevoix.com\/en\/#organization"},"potentialAction":[{"@type":"SearchAction","target":{"@type":"EntryPoint","urlTemplate":"https:\/\/emeucharlevoix.com\/en\/?s={search_term_string}"},"query-input":{"@type":"PropertyValueSpecification","valueRequired":true,"valueName":"search_term_string"}}],"inLanguage":"en-CA"},{"@type":"Organization","@id":"https:\/\/emeucharlevoix.com\/en\/#organization","name":"Emeu Charlevoix","url":"https:\/\/emeucharlevoix.com\/en\/","logo":{"@type":"ImageObject","inLanguage":"en-CA","@id":"https:\/\/emeucharlevoix.com\/en\/#\/schema\/logo\/image\/","url":"https:\/\/emeucharlevoix.com\/wp-content\/uploads\/2017\/07\/emeu-charlevoix-top.png","contentUrl":"https:\/\/emeucharlevoix.com\/wp-content\/uploads\/2017\/07\/emeu-charlevoix-top.png","width":288,"height":229,"caption":"Emeu Charlevoix"},"image":{"@id":"https:\/\/emeucharlevoix.com\/en\/#\/schema\/logo\/image\/"},"sameAs":["https:\/\/www.facebook.com\/Emeucharlevoix","https:\/\/x.com\/emeucharlevoix","https:\/\/www.youtube.com\/channel\/UCsaMSpbpc9n05S0brEVo7jg"]}]}},"_links":{"self":[{"href":"https:\/\/emeucharlevoix.com\/en\/wp-json\/wp\/v2\/ufaq\/6710","targetHints":{"allow":["GET"]}}],"collection":[{"href":"https:\/\/emeucharlevoix.com\/en\/wp-json\/wp\/v2\/ufaq"}],"about":[{"href":"https:\/\/emeucharlevoix.com\/en\/wp-json\/wp\/v2\/types\/ufaq"}],"author":[{"embeddable":true,"href":"https:\/\/emeucharlevoix.com\/en\/wp-json\/wp\/v2\/users\/1"}],"replies":[{"embeddable":true,"href":"https:\/\/emeucharlevoix.com\/en\/wp-json\/wp\/v2\/comments?post=6710"}],"wp:attachment":[{"href":"https:\/\/emeucharlevoix.com\/en\/wp-json\/wp\/v2\/media?parent=6710"}],"wp:term":[{"taxonomy":"ufaq-category","embeddable":true,"href":"https:\/\/emeucharlevoix.com\/en\/wp-json\/wp\/v2\/ufaq-category?post=6710"},{"taxonomy":"ufaq-tag","embeddable":true,"href":"https:\/\/emeucharlevoix.com\/en\/wp-json\/wp\/v2\/ufaq-tag?post=6710"}],"curies":[{"name":"wp","href":"https:\/\/api.w.org\/{rel}","templated":true}]}}