{"id":6719,"date":"2017-09-28T17:37:28","date_gmt":"2017-09-28T21:37:28","guid":{"rendered":"https:\/\/emeucom.mywhc.ca\/ufaqs\/le-dimanche-10-janvier-2016-a-2351-beran-dit-bonjour-j-ai-un-urticaire-chronique-depuis-presque-un-an-je-me-gratte-non-stop-et-des-plaques-rouges-qui-sont-tres-genantes-les-cachets-et-anti\/"},"modified":"2017-09-28T17:37:28","modified_gmt":"2017-09-28T21:37:28","slug":"le-dimanche-10-janvier-2016-a-2351-beran-dit-bonjour-j-ai-un-urticaire-chronique-depuis-presque-un-an-je-me-gratte-non-stop-et-des-plaques-rouges-qui-sont-tres-genantes-les-cachets-et-anti","status":"publish","type":"ufaq","link":"https:\/\/emeucharlevoix.com\/en\/ufaqs\/le-dimanche-10-janvier-2016-a-2351-beran-dit-bonjour-j-ai-un-urticaire-chronique-depuis-presque-un-an-je-me-gratte-non-stop-et-des-plaques-rouges-qui-sont-tres-genantes-les-cachets-et-anti\/","title":{"rendered":"Le dimanche 10 janvier 2016 \u00e0 23:51\u00a0beran\u00a0dit: Bonjour j ai un urticaire chronique depuis presque un an je me gratte non stop et des plaques rouges qui sont tr\u00e8s g\u00eanantes les cachets et antistaminique ne font rien j ai essayer l ortie ainsi que candalulla cr\u00e8me hydratante ect pensez vous que sa pourrait me aider? cdt"},"content":{"rendered":"<style>.ewd-ufaq-faq-title .ewd-ufaq-post-margin-symbol span { font-size: 12px !important; }div.ewd-ufaq-faq-title h5 { font-size: 9 !important; }div.ewd-ufaq-faq-post p { font-size: 7 !important; }div.ewd-ufaq-faq-post p { color: #007680 !important; }div.ewd-ufaq-author-date { font-size: 7 !important; }div.ewd-ufaq-author-date { color: #007680 !important; }div.ewd-ufaq-faq-categories, div.ewd-ufaq-faq-tags { font-size: 7 !important; }.ufaq-faq-title h5 {\r\nfont-weight:normal;\r\nmargin:10px!important;\r\n}\r\n\r\n.ufaq-faq-body .submit {\r\ncolor:#fff;\r\n}\r\n\r\n.ufaq-faq-display-style-Minimalist {\r\nborder-bottom:1px solid #007680;\r\n}\r\n\r\n.ewd-otp-field-label {\r\nwidth:auto!important;\r\ndisplay:none;\r\n}<\/style><div  class=\"ewd-ufaq-faq-list ewd-ufaq-page-type-load_more ewd-ufaq-category-tabs-\" id='ewd-ufaq-faq-list'>\n\n\t<input type='hidden' name='show_on_load' value='' id='ewd-ufaq-show-on-load' \/>\n<input type='hidden' name='include_category' value='' id='ewd-ufaq-include-category' \/>\n<input type='hidden' name='exclude_category' value='' id='ewd-ufaq-exclude-category' \/>\n<input type='hidden' name='orderby' value='date' id='ewd-ufaq-orderby' \/>\n<input type='hidden' name='order' value='desc' id='ewd-ufaq-order' \/>\n<input type='hidden' name='post_count' value='-1' id='ewd-ufaq-post-count' \/>\n<input type='hidden' name='current_url' value='\/en\/wp-json\/wp\/v2\/ufaq\/6719' id='ewd-ufaq-current-url' \/>\n\t\n\t\n\t<div class='ewd-ufaq-faqs'>\n\n\t\t<div  class=\"ewd-ufaq-faq-div ewd-ufaq-faq-column-count-one ewd-ufaq-faq-responsive-columns- ewd-ufaq-faq-display-style-one ewd-ufaq-can-be-toggled\" id='ewd-ufaq-post-6719-APVtN7fGTr' data-post_id='6719'>\n\n\t\t\n\t<div class='ewd-ufaq-faq-title ewd-ufaq-faq-toggle'>\n\t\n\t<a class='ewd-ufaq-post-margin'  href='#' role=\"button\">\n\n\t\t<div class='ewd-ufaq-post-margin-symbol ewd-ufaq-square'>\n\t\t\t<span >B<\/span>\n\t\t<\/div>\n\n\t\t<div class='ewd-ufaq-faq-title-text'>\n\n\t\t\t<h5>\n\t\t\t\tLe dimanche 10 janvier 2016 \u00e0 23:51\u00a0beran\u00a0dit: Bonjour j ai un urticaire chronique depuis presque un an je me gratte non stop et des plaques rouges qui sont tr\u00e8s g\u00eanantes les cachets et antistaminique ne font rien j ai essayer l ortie ainsi que candalulla cr\u00e8me hydratante ect pensez vous que sa pourrait me aider? cdt\t\t\t<\/h5>\n\n\t\t<\/div>\n\n\t\t<div class='ewd-ufaq-clear'><\/div>\n\n\t<\/a>\n\t\n<\/div>\n\t\n\t<div class='ewd-ufaq-faq-body' >\n\n\t\t\n\t\t\t\n\t\t\n\t\t\t<div class='ewd-ufaq-post-margin ewd-ufaq-faq-post'>\n\t<p>Le lundi 11 janvier 2016 \u00e0 21:21\u00a0Emeu Charlevoix\u00a0dit:nBonjour, en effet l&#8217;Huile d&#8217;\u00e9meu 100 % pure pourrait probablement vous aider \u00e0 r\u00e9duire vos d\u00e9mangeaisons et vos plaques rouges. Cette huile est reconnue comme \u00e9tant un hydratant exceptionnel et comporte \u00e9galement comme propri\u00e9t\u00e9 de r\u00e9g\u00e9n\u00e9rer et d&#8217;aider la peau \u00e0 cicatriser afin de r\u00e9duire les rougeurs et boursouflures engendr\u00e9es par les pouss\u00e9es d&#8217;urticaire. Elle est hypoallerg\u00e9nique et anti-inflammatoire, de l\u00e0 son efficacit\u00e9 pour aider \u00e0 soulager les r\u00e9cidives de cette affection. Nous pouvons vous conseillons aussi le pain de savon \u00e0 l&#8217;huile d&#8217;\u00e9meu et lait de ch\u00e8vre pure douceur (tout \u00e0 fait naturel, inodore et enrichi de Vitamine E). Il mousse bien sans laisser de r\u00e9sidus sur la peau, il hydrate bien et surtout ne donne pas de d\u00e9mangeaisons. C&#8217;est le pain de savon recommand\u00e9 pour les b\u00e9b\u00e9s naissants et pour les personnes intol\u00e9rantes au parfum ou pr\u00e9sentant une peau tr\u00e8s sensible. Il est excellent pour aider dans le cas de r\u00e9actions de peau comme l&#8217;urticaire, en compl\u00e9ment avec l&#8217;huile d&#8217;\u00e9meu pure. Nous vous invitons \u00e0 lire les informations sur notre site concernant l&#8217;urticaire et l&#8217;huile d&#8217;\u00e9meu :\u00a0http:\/\/emeucharlevoix.com\/corporatif\/huile-d-emeu-fr96.html. Merci et bonne journ\u00e9e !<\/p>\n<\/div>\n\t\t\n\t\t\t<div class='ewd-ufaq-faq-custom-fields'>\n\n\t\n<\/div>\n\t\t\n\t\t\t\n\t\t\n\t\t\t\n\t\t\n\t\t\t\n\t\t\n\t\t\t\n\t\t\n\t\t\t\n\t\t\n\t\t\t\n\t\t\n\t\t\t\n\t\t\n\t<\/div>\n\n<\/div>\n\t<\/div>\n\n\t\n<\/div>","protected":false},"excerpt":{"rendered":"<p>B Le dimanche 10 janvier 2016 \u00e0 23:51\u00a0beran\u00a0dit: Bonjour j ai un urticaire chronique depuis presque un an je me gratte non stop et des plaques rouges qui sont tr\u00e8s g\u00eanantes les cachets et antistaminique ne font rien j ai essayer l ortie ainsi que candalulla cr\u00e8me hydratante ect pensez vous que sa pourrait me [&#8230;]\n","protected":false},"author":1,"featured_media":0,"comment_status":"closed","ping_status":"closed","template":"","ufaq-category":[339,592],"ufaq-tag":[608],"class_list":["post-6719","ufaq","type-ufaq","status-publish","hentry","ufaq-category-emu-oil","ufaq-category-urticaria","ufaq-tag-huile-emeu-en"],"yoast_head":"<!-- This site is optimized with the Yoast SEO plugin v27.1.1 - https:\/\/yoast.com\/product\/yoast-seo-wordpress\/ -->\n<title>Le dimanche 10 janvier 2016 \u00e0 23:51\u00a0beran\u00a0dit: Bonjour j ai un urticaire chronique depuis presque un an je me gratte non stop et des plaques rouges qui sont tr\u00e8s g\u00eanantes les cachets et antistaminique ne font rien j ai essayer l ortie ainsi que candalulla cr\u00e8me hydratante ect pensez vous que sa pourrait me aider? cdt - Emeu Charlevoix<\/title>\n<meta name=\"robots\" content=\"index, follow, max-snippet:-1, max-image-preview:large, max-video-preview:-1\" \/>\n<link rel=\"canonical\" href=\"https:\/\/emeucharlevoix.com\/en\/ufaqs\/le-dimanche-10-janvier-2016-a-2351-beran-dit-bonjour-j-ai-un-urticaire-chronique-depuis-presque-un-an-je-me-gratte-non-stop-et-des-plaques-rouges-qui-sont-tres-genantes-les-cachets-et-anti\/\" \/>\n<meta property=\"og:locale\" content=\"en_US\" \/>\n<meta property=\"og:type\" content=\"article\" \/>\n<meta property=\"og:title\" content=\"Le dimanche 10 janvier 2016 \u00e0 23:51\u00a0beran\u00a0dit: Bonjour j ai un urticaire chronique depuis presque un an je me gratte non stop et des plaques rouges qui sont tr\u00e8s g\u00eanantes les cachets et antistaminique ne font rien j ai essayer l ortie ainsi que candalulla cr\u00e8me hydratante ect pensez vous que sa pourrait me aider? cdt - Emeu Charlevoix\" \/>\n<meta property=\"og:description\" content=\"B Le dimanche 10 janvier 2016 \u00e0 23:51\u00a0beran\u00a0dit: Bonjour j ai un urticaire chronique depuis presque un an je me gratte non stop et des plaques rouges qui sont tr\u00e8s g\u00eanantes les cachets et antistaminique ne font rien j ai essayer l ortie ainsi que candalulla cr\u00e8me hydratante ect pensez vous que sa pourrait me [...]\" \/>\n<meta property=\"og:url\" content=\"https:\/\/emeucharlevoix.com\/en\/ufaqs\/le-dimanche-10-janvier-2016-a-2351-beran-dit-bonjour-j-ai-un-urticaire-chronique-depuis-presque-un-an-je-me-gratte-non-stop-et-des-plaques-rouges-qui-sont-tres-genantes-les-cachets-et-anti\/\" \/>\n<meta property=\"og:site_name\" content=\"Emeu Charlevoix\" \/>\n<meta property=\"article:publisher\" content=\"https:\/\/www.facebook.com\/Emeucharlevoix\" \/>\n<meta name=\"twitter:card\" content=\"summary_large_image\" \/>\n<meta name=\"twitter:site\" content=\"@emeucharlevoix\" \/>\n<meta name=\"twitter:label1\" content=\"Est. reading time\" \/>\n\t<meta name=\"twitter:data1\" content=\"1 minute\" \/>\n<script type=\"application\/ld+json\" class=\"yoast-schema-graph\">{\"@context\":\"https:\/\/schema.org\",\"@graph\":[{\"@type\":[\"WebPage\",\"FAQPage\"],\"@id\":\"https:\/\/emeucharlevoix.com\/en\/ufaqs\/le-dimanche-10-janvier-2016-a-2351-beran-dit-bonjour-j-ai-un-urticaire-chronique-depuis-presque-un-an-je-me-gratte-non-stop-et-des-plaques-rouges-qui-sont-tres-genantes-les-cachets-et-anti\/\",\"url\":\"https:\/\/emeucharlevoix.com\/en\/ufaqs\/le-dimanche-10-janvier-2016-a-2351-beran-dit-bonjour-j-ai-un-urticaire-chronique-depuis-presque-un-an-je-me-gratte-non-stop-et-des-plaques-rouges-qui-sont-tres-genantes-les-cachets-et-anti\/\",\"name\":\"Le dimanche 10 janvier 2016 \u00e0 23:51\u00a0beran\u00a0dit: Bonjour j ai un urticaire chronique depuis presque un an je me gratte non stop et des plaques rouges qui sont tr\u00e8s g\u00eanantes les cachets et antistaminique ne font rien j ai essayer l ortie ainsi que candalulla cr\u00e8me hydratante ect pensez vous que sa pourrait me aider? cdt - Emeu Charlevoix\",\"isPartOf\":{\"@id\":\"https:\/\/emeucharlevoix.com\/en\/#website\"},\"datePublished\":\"2017-09-28T21:37:28+00:00\",\"breadcrumb\":{\"@id\":\"https:\/\/emeucharlevoix.com\/en\/ufaqs\/le-dimanche-10-janvier-2016-a-2351-beran-dit-bonjour-j-ai-un-urticaire-chronique-depuis-presque-un-an-je-me-gratte-non-stop-et-des-plaques-rouges-qui-sont-tres-genantes-les-cachets-et-anti\/#breadcrumb\"},\"inLanguage\":\"en-CA\",\"potentialAction\":[{\"@type\":\"ReadAction\",\"target\":[\"https:\/\/emeucharlevoix.com\/en\/ufaqs\/le-dimanche-10-janvier-2016-a-2351-beran-dit-bonjour-j-ai-un-urticaire-chronique-depuis-presque-un-an-je-me-gratte-non-stop-et-des-plaques-rouges-qui-sont-tres-genantes-les-cachets-et-anti\/\"]}]},{\"@type\":\"BreadcrumbList\",\"@id\":\"https:\/\/emeucharlevoix.com\/en\/ufaqs\/le-dimanche-10-janvier-2016-a-2351-beran-dit-bonjour-j-ai-un-urticaire-chronique-depuis-presque-un-an-je-me-gratte-non-stop-et-des-plaques-rouges-qui-sont-tres-genantes-les-cachets-et-anti\/#breadcrumb\",\"itemListElement\":[{\"@type\":\"ListItem\",\"position\":1,\"name\":\"FAQs\",\"item\":\"https:\/\/emeucharlevoix.com\/en\/ufaqs\/\"},{\"@type\":\"ListItem\",\"position\":2,\"name\":\"Le dimanche 10 janvier 2016 \u00e0 23:51\u00a0beran\u00a0dit: Bonjour j ai un urticaire chronique depuis presque un an je me gratte non stop et des plaques rouges qui sont tr\u00e8s g\u00eanantes les cachets et antistaminique ne font rien j ai essayer l ortie ainsi que candalulla cr\u00e8me hydratante ect pensez vous que sa pourrait me aider? cdt\"}]},{\"@type\":\"WebSite\",\"@id\":\"https:\/\/emeucharlevoix.com\/en\/#website\",\"url\":\"https:\/\/emeucharlevoix.com\/en\/\",\"name\":\"Emeu Charlevoix\",\"description\":\"Nature&#039;s gift to your skin\",\"publisher\":{\"@id\":\"https:\/\/emeucharlevoix.com\/en\/#organization\"},\"potentialAction\":[{\"@type\":\"SearchAction\",\"target\":{\"@type\":\"EntryPoint\",\"urlTemplate\":\"https:\/\/emeucharlevoix.com\/en\/?s={search_term_string}\"},\"query-input\":{\"@type\":\"PropertyValueSpecification\",\"valueRequired\":true,\"valueName\":\"search_term_string\"}}],\"inLanguage\":\"en-CA\"},{\"@type\":\"Organization\",\"@id\":\"https:\/\/emeucharlevoix.com\/en\/#organization\",\"name\":\"Emeu Charlevoix\",\"url\":\"https:\/\/emeucharlevoix.com\/en\/\",\"logo\":{\"@type\":\"ImageObject\",\"inLanguage\":\"en-CA\",\"@id\":\"https:\/\/emeucharlevoix.com\/en\/#\/schema\/logo\/image\/\",\"url\":\"https:\/\/emeucharlevoix.com\/wp-content\/uploads\/2017\/07\/emeu-charlevoix-top.png\",\"contentUrl\":\"https:\/\/emeucharlevoix.com\/wp-content\/uploads\/2017\/07\/emeu-charlevoix-top.png\",\"width\":288,\"height\":229,\"caption\":\"Emeu Charlevoix\"},\"image\":{\"@id\":\"https:\/\/emeucharlevoix.com\/en\/#\/schema\/logo\/image\/\"},\"sameAs\":[\"https:\/\/www.facebook.com\/Emeucharlevoix\",\"https:\/\/x.com\/emeucharlevoix\",\"https:\/\/www.youtube.com\/channel\/UCsaMSpbpc9n05S0brEVo7jg\"]}]}<\/script>\n<!-- \/ Yoast SEO plugin. -->","yoast_head_json":{"title":"Le dimanche 10 janvier 2016 \u00e0 23:51\u00a0beran\u00a0dit: Bonjour j ai un urticaire chronique depuis presque un an je me gratte non stop et des plaques rouges qui sont tr\u00e8s g\u00eanantes les cachets et antistaminique ne font rien j ai essayer l ortie ainsi que candalulla cr\u00e8me hydratante ect pensez vous que sa pourrait me aider? cdt - Emeu Charlevoix","robots":{"index":"index","follow":"follow","max-snippet":"max-snippet:-1","max-image-preview":"max-image-preview:large","max-video-preview":"max-video-preview:-1"},"canonical":"https:\/\/emeucharlevoix.com\/en\/ufaqs\/le-dimanche-10-janvier-2016-a-2351-beran-dit-bonjour-j-ai-un-urticaire-chronique-depuis-presque-un-an-je-me-gratte-non-stop-et-des-plaques-rouges-qui-sont-tres-genantes-les-cachets-et-anti\/","og_locale":"en_US","og_type":"article","og_title":"Le dimanche 10 janvier 2016 \u00e0 23:51\u00a0beran\u00a0dit: Bonjour j ai un urticaire chronique depuis presque un an je me gratte non stop et des plaques rouges qui sont tr\u00e8s g\u00eanantes les cachets et antistaminique ne font rien j ai essayer l ortie ainsi que candalulla cr\u00e8me hydratante ect pensez vous que sa pourrait me aider? cdt - Emeu Charlevoix","og_description":"B Le dimanche 10 janvier 2016 \u00e0 23:51\u00a0beran\u00a0dit: Bonjour j ai un urticaire chronique depuis presque un an je me gratte non stop et des plaques rouges qui sont tr\u00e8s g\u00eanantes les cachets et antistaminique ne font rien j ai essayer l ortie ainsi que candalulla cr\u00e8me hydratante ect pensez vous que sa pourrait me [...]","og_url":"https:\/\/emeucharlevoix.com\/en\/ufaqs\/le-dimanche-10-janvier-2016-a-2351-beran-dit-bonjour-j-ai-un-urticaire-chronique-depuis-presque-un-an-je-me-gratte-non-stop-et-des-plaques-rouges-qui-sont-tres-genantes-les-cachets-et-anti\/","og_site_name":"Emeu Charlevoix","article_publisher":"https:\/\/www.facebook.com\/Emeucharlevoix","twitter_card":"summary_large_image","twitter_site":"@emeucharlevoix","twitter_misc":{"Est. reading time":"1 minute"},"schema":{"@context":"https:\/\/schema.org","@graph":[{"@type":["WebPage","FAQPage"],"@id":"https:\/\/emeucharlevoix.com\/en\/ufaqs\/le-dimanche-10-janvier-2016-a-2351-beran-dit-bonjour-j-ai-un-urticaire-chronique-depuis-presque-un-an-je-me-gratte-non-stop-et-des-plaques-rouges-qui-sont-tres-genantes-les-cachets-et-anti\/","url":"https:\/\/emeucharlevoix.com\/en\/ufaqs\/le-dimanche-10-janvier-2016-a-2351-beran-dit-bonjour-j-ai-un-urticaire-chronique-depuis-presque-un-an-je-me-gratte-non-stop-et-des-plaques-rouges-qui-sont-tres-genantes-les-cachets-et-anti\/","name":"Le dimanche 10 janvier 2016 \u00e0 23:51\u00a0beran\u00a0dit: Bonjour j ai un urticaire chronique depuis presque un an je me gratte non stop et des plaques rouges qui sont tr\u00e8s g\u00eanantes les cachets et antistaminique ne font rien j ai essayer l ortie ainsi que candalulla cr\u00e8me hydratante ect pensez vous que sa pourrait me aider? cdt - Emeu Charlevoix","isPartOf":{"@id":"https:\/\/emeucharlevoix.com\/en\/#website"},"datePublished":"2017-09-28T21:37:28+00:00","breadcrumb":{"@id":"https:\/\/emeucharlevoix.com\/en\/ufaqs\/le-dimanche-10-janvier-2016-a-2351-beran-dit-bonjour-j-ai-un-urticaire-chronique-depuis-presque-un-an-je-me-gratte-non-stop-et-des-plaques-rouges-qui-sont-tres-genantes-les-cachets-et-anti\/#breadcrumb"},"inLanguage":"en-CA","potentialAction":[{"@type":"ReadAction","target":["https:\/\/emeucharlevoix.com\/en\/ufaqs\/le-dimanche-10-janvier-2016-a-2351-beran-dit-bonjour-j-ai-un-urticaire-chronique-depuis-presque-un-an-je-me-gratte-non-stop-et-des-plaques-rouges-qui-sont-tres-genantes-les-cachets-et-anti\/"]}]},{"@type":"BreadcrumbList","@id":"https:\/\/emeucharlevoix.com\/en\/ufaqs\/le-dimanche-10-janvier-2016-a-2351-beran-dit-bonjour-j-ai-un-urticaire-chronique-depuis-presque-un-an-je-me-gratte-non-stop-et-des-plaques-rouges-qui-sont-tres-genantes-les-cachets-et-anti\/#breadcrumb","itemListElement":[{"@type":"ListItem","position":1,"name":"FAQs","item":"https:\/\/emeucharlevoix.com\/en\/ufaqs\/"},{"@type":"ListItem","position":2,"name":"Le dimanche 10 janvier 2016 \u00e0 23:51\u00a0beran\u00a0dit: Bonjour j ai un urticaire chronique depuis presque un an je me gratte non stop et des plaques rouges qui sont tr\u00e8s g\u00eanantes les cachets et antistaminique ne font rien j ai essayer l ortie ainsi que candalulla cr\u00e8me hydratante ect pensez vous que sa pourrait me aider? cdt"}]},{"@type":"WebSite","@id":"https:\/\/emeucharlevoix.com\/en\/#website","url":"https:\/\/emeucharlevoix.com\/en\/","name":"Emeu Charlevoix","description":"Nature&#039;s gift to your skin","publisher":{"@id":"https:\/\/emeucharlevoix.com\/en\/#organization"},"potentialAction":[{"@type":"SearchAction","target":{"@type":"EntryPoint","urlTemplate":"https:\/\/emeucharlevoix.com\/en\/?s={search_term_string}"},"query-input":{"@type":"PropertyValueSpecification","valueRequired":true,"valueName":"search_term_string"}}],"inLanguage":"en-CA"},{"@type":"Organization","@id":"https:\/\/emeucharlevoix.com\/en\/#organization","name":"Emeu Charlevoix","url":"https:\/\/emeucharlevoix.com\/en\/","logo":{"@type":"ImageObject","inLanguage":"en-CA","@id":"https:\/\/emeucharlevoix.com\/en\/#\/schema\/logo\/image\/","url":"https:\/\/emeucharlevoix.com\/wp-content\/uploads\/2017\/07\/emeu-charlevoix-top.png","contentUrl":"https:\/\/emeucharlevoix.com\/wp-content\/uploads\/2017\/07\/emeu-charlevoix-top.png","width":288,"height":229,"caption":"Emeu Charlevoix"},"image":{"@id":"https:\/\/emeucharlevoix.com\/en\/#\/schema\/logo\/image\/"},"sameAs":["https:\/\/www.facebook.com\/Emeucharlevoix","https:\/\/x.com\/emeucharlevoix","https:\/\/www.youtube.com\/channel\/UCsaMSpbpc9n05S0brEVo7jg"]}]}},"_links":{"self":[{"href":"https:\/\/emeucharlevoix.com\/en\/wp-json\/wp\/v2\/ufaq\/6719","targetHints":{"allow":["GET"]}}],"collection":[{"href":"https:\/\/emeucharlevoix.com\/en\/wp-json\/wp\/v2\/ufaq"}],"about":[{"href":"https:\/\/emeucharlevoix.com\/en\/wp-json\/wp\/v2\/types\/ufaq"}],"author":[{"embeddable":true,"href":"https:\/\/emeucharlevoix.com\/en\/wp-json\/wp\/v2\/users\/1"}],"replies":[{"embeddable":true,"href":"https:\/\/emeucharlevoix.com\/en\/wp-json\/wp\/v2\/comments?post=6719"}],"wp:attachment":[{"href":"https:\/\/emeucharlevoix.com\/en\/wp-json\/wp\/v2\/media?parent=6719"}],"wp:term":[{"taxonomy":"ufaq-category","embeddable":true,"href":"https:\/\/emeucharlevoix.com\/en\/wp-json\/wp\/v2\/ufaq-category?post=6719"},{"taxonomy":"ufaq-tag","embeddable":true,"href":"https:\/\/emeucharlevoix.com\/en\/wp-json\/wp\/v2\/ufaq-tag?post=6719"}],"curies":[{"name":"wp","href":"https:\/\/api.w.org\/{rel}","templated":true}]}}