{"id":6751,"date":"2017-09-28T17:37:25","date_gmt":"2017-09-28T21:37:25","guid":{"rendered":"https:\/\/emeucom.mywhc.ca\/ufaqs\/le-jeudi-20-octobre-2016-a-0930-diane-dit-bonjour-voici-mon-probleme-moi-j-ai-les-levres-gercees-et-rouges-et-sa-forme-un-tour-rouge-autour-de-mes-levres-ses-comme-un-dedoublement-de-la\/"},"modified":"2017-09-28T17:37:25","modified_gmt":"2017-09-28T21:37:25","slug":"le-jeudi-20-octobre-2016-a-0930-diane-dit-bonjour-voici-mon-probleme-moi-j-ai-les-levres-gercees-et-rouges-et-sa-forme-un-tour-rouge-autour-de-mes-levres-ses-comme-un-dedoublement-de-la","status":"publish","type":"ufaq","link":"https:\/\/emeucharlevoix.com\/en\/ufaqs\/le-jeudi-20-octobre-2016-a-0930-diane-dit-bonjour-voici-mon-probleme-moi-j-ai-les-levres-gercees-et-rouges-et-sa-forme-un-tour-rouge-autour-de-mes-levres-ses-comme-un-dedoublement-de-la\/","title":{"rendered":"Le jeudi 20 octobre 2016 \u00e0 09:30\u00a0Diane\u00a0dit: Bonjour , voici mon probleme ,moi j ai les levres gerc\u00e9es et rouges et sa forme un tour rouge autour de mes levres ses comme un d\u00e9doublement de la levre ,sa chauffe et des tite peaux se d\u00e9tachent je ne sais plus quoi faire ,j ai tout essayer sans succes meme le baume d \u00e9mu ne fonctionne pas que faire merci j attend de vos nouvelles"},"content":{"rendered":"<style>.ewd-ufaq-faq-title .ewd-ufaq-post-margin-symbol span { font-size: 12px !important; }div.ewd-ufaq-faq-title h5 { font-size: 9 !important; }div.ewd-ufaq-faq-post p { font-size: 7 !important; }div.ewd-ufaq-faq-post p { color: #007680 !important; }div.ewd-ufaq-author-date { font-size: 7 !important; }div.ewd-ufaq-author-date { color: #007680 !important; }div.ewd-ufaq-faq-categories, div.ewd-ufaq-faq-tags { font-size: 7 !important; }.ufaq-faq-title h5 {\r\nfont-weight:normal;\r\nmargin:10px!important;\r\n}\r\n\r\n.ufaq-faq-body .submit {\r\ncolor:#fff;\r\n}\r\n\r\n.ufaq-faq-display-style-Minimalist {\r\nborder-bottom:1px solid #007680;\r\n}\r\n\r\n.ewd-otp-field-label {\r\nwidth:auto!important;\r\ndisplay:none;\r\n}<\/style><div  class=\"ewd-ufaq-faq-list ewd-ufaq-page-type-load_more ewd-ufaq-category-tabs-\" id='ewd-ufaq-faq-list'>\n\n\t<input type='hidden' name='show_on_load' value='' id='ewd-ufaq-show-on-load' \/>\n<input type='hidden' name='include_category' value='' id='ewd-ufaq-include-category' \/>\n<input type='hidden' name='exclude_category' value='' id='ewd-ufaq-exclude-category' \/>\n<input type='hidden' name='orderby' value='date' id='ewd-ufaq-orderby' \/>\n<input type='hidden' name='order' value='desc' id='ewd-ufaq-order' \/>\n<input type='hidden' name='post_count' value='-1' id='ewd-ufaq-post-count' \/>\n<input type='hidden' name='current_url' value='\/en\/wp-json\/wp\/v2\/ufaq\/6751' id='ewd-ufaq-current-url' \/>\n\t\n\t\n\t<div class='ewd-ufaq-faqs'>\n\n\t\t<div  class=\"ewd-ufaq-faq-div ewd-ufaq-faq-column-count-one ewd-ufaq-faq-responsive-columns- ewd-ufaq-faq-display-style-one ewd-ufaq-can-be-toggled\" id='ewd-ufaq-post-6751-4UMwoF43BR' data-post_id='6751'>\n\n\t\t\n\t<div class='ewd-ufaq-faq-title ewd-ufaq-faq-toggle'>\n\t\n\t<a class='ewd-ufaq-post-margin'  href='#' role=\"button\">\n\n\t\t<div class='ewd-ufaq-post-margin-symbol ewd-ufaq-square'>\n\t\t\t<span >B<\/span>\n\t\t<\/div>\n\n\t\t<div class='ewd-ufaq-faq-title-text'>\n\n\t\t\t<h5>\n\t\t\t\tLe jeudi 20 octobre 2016 \u00e0 09:30\u00a0Diane\u00a0dit: Bonjour , voici mon probleme ,moi j ai les levres gerc\u00e9es et rouges et sa forme un tour rouge autour de mes levres ses comme un d\u00e9doublement de la levre ,sa chauffe et des tite peaux se d\u00e9tachent je ne sais plus quoi faire ,j ai tout essayer sans succes meme le baume d \u00e9mu ne fonctionne pas que faire merci j attend de vos nouvelles\t\t\t<\/h5>\n\n\t\t<\/div>\n\n\t\t<div class='ewd-ufaq-clear'><\/div>\n\n\t<\/a>\n\t\n<\/div>\n\t\n\t<div class='ewd-ufaq-faq-body' >\n\n\t\t\n\t\t\t\n\t\t\n\t\t\t<div class='ewd-ufaq-post-margin ewd-ufaq-faq-post'>\n\t<p>Le jeudi 20 octobre 2016 \u00e0 15:35\u00a0Emeu Charlevoix\u00a0dit: Bonjour, nous vous conseillons alors l&#8217;huile d&#8217;\u00e9meu 100 % pure qui un hydratant exceptionnel et qui est reconnu mondialement pour ses b\u00e9n\u00e9fices sur la peau. Comme l&#8217;huile est compos\u00e9e de 100 % d&#8217;huile, elle devrait avoir un meilleur effet sur vos l\u00e8vres et autour de vos l\u00e8vres. Vous pouvez en appliquer au moins 3 fois par jour. Appliquez-en plus souvent en petites quantit\u00e9s, c&#8217;est mieux que d&#8217;en appliquer moins souvent en grosse quantit\u00e9. Esp\u00e9rant que cela pourra vous aider. Merci et bonne journ\u00e9e !<\/p>\n<\/div>\n\t\t\n\t\t\t<div class='ewd-ufaq-faq-custom-fields'>\n\n\t\n<\/div>\n\t\t\n\t\t\t\n\t\t\n\t\t\t\n\t\t\n\t\t\t\n\t\t\n\t\t\t\n\t\t\n\t\t\t\n\t\t\n\t\t\t\n\t\t\n\t\t\t\n\t\t\n\t<\/div>\n\n<\/div>\n\t<\/div>\n\n\t\n<\/div>","protected":false},"excerpt":{"rendered":"<p>B Le jeudi 20 octobre 2016 \u00e0 09:30\u00a0Diane\u00a0dit: Bonjour , voici mon probleme ,moi j ai les levres gerc\u00e9es et rouges et sa forme un tour rouge autour de mes levres ses comme un d\u00e9doublement de la levre ,sa chauffe et des tite peaux se d\u00e9tachent je ne sais plus quoi faire ,j ai tout [&#8230;]\n","protected":false},"author":1,"featured_media":0,"comment_status":"closed","ping_status":"closed","template":"","ufaq-category":[339,533],"ufaq-tag":[598,608],"class_list":["post-6751","ufaq","type-ufaq","status-publish","hentry","ufaq-category-emu-oil","ufaq-category-lip-balm","ufaq-tag-baume-a-levres-en","ufaq-tag-huile-emeu-en"],"yoast_head":"<!-- This site is optimized with the Yoast SEO plugin v27.1.1 - https:\/\/yoast.com\/product\/yoast-seo-wordpress\/ -->\n<title>Le jeudi 20 octobre 2016 \u00e0 09:30\u00a0Diane\u00a0dit: Bonjour , voici mon probleme ,moi j ai les levres gerc\u00e9es et rouges et sa forme un tour rouge autour de mes levres ses comme un d\u00e9doublement de la levre ,sa chauffe et des tite peaux se d\u00e9tachent je ne sais plus quoi faire ,j ai tout essayer sans succes meme le baume d \u00e9mu ne fonctionne pas que faire merci j attend de vos nouvelles - Emeu Charlevoix<\/title>\n<meta name=\"robots\" content=\"index, follow, max-snippet:-1, max-image-preview:large, max-video-preview:-1\" \/>\n<link rel=\"canonical\" href=\"https:\/\/emeucharlevoix.com\/en\/ufaqs\/le-jeudi-20-octobre-2016-a-0930-diane-dit-bonjour-voici-mon-probleme-moi-j-ai-les-levres-gercees-et-rouges-et-sa-forme-un-tour-rouge-autour-de-mes-levres-ses-comme-un-dedoublement-de-la\/\" \/>\n<meta property=\"og:locale\" content=\"en_US\" \/>\n<meta property=\"og:type\" content=\"article\" \/>\n<meta property=\"og:title\" content=\"Le jeudi 20 octobre 2016 \u00e0 09:30\u00a0Diane\u00a0dit: Bonjour , voici mon probleme ,moi j ai les levres gerc\u00e9es et rouges et sa forme un tour rouge autour de mes levres ses comme un d\u00e9doublement de la levre ,sa chauffe et des tite peaux se d\u00e9tachent je ne sais plus quoi faire ,j ai tout essayer sans succes meme le baume d \u00e9mu ne fonctionne pas que faire merci j attend de vos nouvelles - Emeu Charlevoix\" \/>\n<meta property=\"og:description\" content=\"B Le jeudi 20 octobre 2016 \u00e0 09:30\u00a0Diane\u00a0dit: Bonjour , voici mon probleme ,moi j ai les levres gerc\u00e9es et rouges et sa forme un tour rouge autour de mes levres ses comme un d\u00e9doublement de la levre ,sa chauffe et des tite peaux se d\u00e9tachent je ne sais plus quoi faire ,j ai tout [...]\" \/>\n<meta property=\"og:url\" content=\"https:\/\/emeucharlevoix.com\/en\/ufaqs\/le-jeudi-20-octobre-2016-a-0930-diane-dit-bonjour-voici-mon-probleme-moi-j-ai-les-levres-gercees-et-rouges-et-sa-forme-un-tour-rouge-autour-de-mes-levres-ses-comme-un-dedoublement-de-la\/\" \/>\n<meta property=\"og:site_name\" content=\"Emeu Charlevoix\" \/>\n<meta property=\"article:publisher\" content=\"https:\/\/www.facebook.com\/Emeucharlevoix\" \/>\n<meta name=\"twitter:card\" content=\"summary_large_image\" \/>\n<meta name=\"twitter:site\" content=\"@emeucharlevoix\" \/>\n<script type=\"application\/ld+json\" class=\"yoast-schema-graph\">{\"@context\":\"https:\/\/schema.org\",\"@graph\":[{\"@type\":[\"WebPage\",\"FAQPage\"],\"@id\":\"https:\/\/emeucharlevoix.com\/en\/ufaqs\/le-jeudi-20-octobre-2016-a-0930-diane-dit-bonjour-voici-mon-probleme-moi-j-ai-les-levres-gercees-et-rouges-et-sa-forme-un-tour-rouge-autour-de-mes-levres-ses-comme-un-dedoublement-de-la\/\",\"url\":\"https:\/\/emeucharlevoix.com\/en\/ufaqs\/le-jeudi-20-octobre-2016-a-0930-diane-dit-bonjour-voici-mon-probleme-moi-j-ai-les-levres-gercees-et-rouges-et-sa-forme-un-tour-rouge-autour-de-mes-levres-ses-comme-un-dedoublement-de-la\/\",\"name\":\"Le jeudi 20 octobre 2016 \u00e0 09:30\u00a0Diane\u00a0dit: Bonjour , voici mon probleme ,moi j ai les levres gerc\u00e9es et rouges et sa forme un tour rouge autour de mes levres ses comme un d\u00e9doublement de la levre ,sa chauffe et des tite peaux se d\u00e9tachent je ne sais plus quoi faire ,j ai tout essayer sans succes meme le baume d \u00e9mu ne fonctionne pas que faire merci j attend de vos nouvelles - Emeu Charlevoix\",\"isPartOf\":{\"@id\":\"https:\/\/emeucharlevoix.com\/en\/#website\"},\"datePublished\":\"2017-09-28T21:37:25+00:00\",\"breadcrumb\":{\"@id\":\"https:\/\/emeucharlevoix.com\/en\/ufaqs\/le-jeudi-20-octobre-2016-a-0930-diane-dit-bonjour-voici-mon-probleme-moi-j-ai-les-levres-gercees-et-rouges-et-sa-forme-un-tour-rouge-autour-de-mes-levres-ses-comme-un-dedoublement-de-la\/#breadcrumb\"},\"inLanguage\":\"en-CA\",\"potentialAction\":[{\"@type\":\"ReadAction\",\"target\":[\"https:\/\/emeucharlevoix.com\/en\/ufaqs\/le-jeudi-20-octobre-2016-a-0930-diane-dit-bonjour-voici-mon-probleme-moi-j-ai-les-levres-gercees-et-rouges-et-sa-forme-un-tour-rouge-autour-de-mes-levres-ses-comme-un-dedoublement-de-la\/\"]}]},{\"@type\":\"BreadcrumbList\",\"@id\":\"https:\/\/emeucharlevoix.com\/en\/ufaqs\/le-jeudi-20-octobre-2016-a-0930-diane-dit-bonjour-voici-mon-probleme-moi-j-ai-les-levres-gercees-et-rouges-et-sa-forme-un-tour-rouge-autour-de-mes-levres-ses-comme-un-dedoublement-de-la\/#breadcrumb\",\"itemListElement\":[{\"@type\":\"ListItem\",\"position\":1,\"name\":\"FAQs\",\"item\":\"https:\/\/emeucharlevoix.com\/en\/ufaqs\/\"},{\"@type\":\"ListItem\",\"position\":2,\"name\":\"Le jeudi 20 octobre 2016 \u00e0 09:30\u00a0Diane\u00a0dit: Bonjour , voici mon probleme ,moi j ai les levres gerc\u00e9es et rouges et sa forme un tour rouge autour de mes levres ses comme un d\u00e9doublement de la levre ,sa chauffe et des tite peaux se d\u00e9tachent je ne sais plus quoi faire ,j ai tout essayer sans succes meme le baume d \u00e9mu ne fonctionne pas que faire merci j attend de vos nouvelles\"}]},{\"@type\":\"WebSite\",\"@id\":\"https:\/\/emeucharlevoix.com\/en\/#website\",\"url\":\"https:\/\/emeucharlevoix.com\/en\/\",\"name\":\"Emeu Charlevoix\",\"description\":\"Nature&#039;s gift to your skin\",\"publisher\":{\"@id\":\"https:\/\/emeucharlevoix.com\/en\/#organization\"},\"potentialAction\":[{\"@type\":\"SearchAction\",\"target\":{\"@type\":\"EntryPoint\",\"urlTemplate\":\"https:\/\/emeucharlevoix.com\/en\/?s={search_term_string}\"},\"query-input\":{\"@type\":\"PropertyValueSpecification\",\"valueRequired\":true,\"valueName\":\"search_term_string\"}}],\"inLanguage\":\"en-CA\"},{\"@type\":\"Organization\",\"@id\":\"https:\/\/emeucharlevoix.com\/en\/#organization\",\"name\":\"Emeu Charlevoix\",\"url\":\"https:\/\/emeucharlevoix.com\/en\/\",\"logo\":{\"@type\":\"ImageObject\",\"inLanguage\":\"en-CA\",\"@id\":\"https:\/\/emeucharlevoix.com\/en\/#\/schema\/logo\/image\/\",\"url\":\"https:\/\/emeucharlevoix.com\/wp-content\/uploads\/2017\/07\/emeu-charlevoix-top.png\",\"contentUrl\":\"https:\/\/emeucharlevoix.com\/wp-content\/uploads\/2017\/07\/emeu-charlevoix-top.png\",\"width\":288,\"height\":229,\"caption\":\"Emeu Charlevoix\"},\"image\":{\"@id\":\"https:\/\/emeucharlevoix.com\/en\/#\/schema\/logo\/image\/\"},\"sameAs\":[\"https:\/\/www.facebook.com\/Emeucharlevoix\",\"https:\/\/x.com\/emeucharlevoix\",\"https:\/\/www.youtube.com\/channel\/UCsaMSpbpc9n05S0brEVo7jg\"]}]}<\/script>\n<!-- \/ Yoast SEO plugin. -->","yoast_head_json":{"title":"Le jeudi 20 octobre 2016 \u00e0 09:30\u00a0Diane\u00a0dit: Bonjour , voici mon probleme ,moi j ai les levres gerc\u00e9es et rouges et sa forme un tour rouge autour de mes levres ses comme un d\u00e9doublement de la levre ,sa chauffe et des tite peaux se d\u00e9tachent je ne sais plus quoi faire ,j ai tout essayer sans succes meme le baume d \u00e9mu ne fonctionne pas que faire merci j attend de vos nouvelles - Emeu Charlevoix","robots":{"index":"index","follow":"follow","max-snippet":"max-snippet:-1","max-image-preview":"max-image-preview:large","max-video-preview":"max-video-preview:-1"},"canonical":"https:\/\/emeucharlevoix.com\/en\/ufaqs\/le-jeudi-20-octobre-2016-a-0930-diane-dit-bonjour-voici-mon-probleme-moi-j-ai-les-levres-gercees-et-rouges-et-sa-forme-un-tour-rouge-autour-de-mes-levres-ses-comme-un-dedoublement-de-la\/","og_locale":"en_US","og_type":"article","og_title":"Le jeudi 20 octobre 2016 \u00e0 09:30\u00a0Diane\u00a0dit: Bonjour , voici mon probleme ,moi j ai les levres gerc\u00e9es et rouges et sa forme un tour rouge autour de mes levres ses comme un d\u00e9doublement de la levre ,sa chauffe et des tite peaux se d\u00e9tachent je ne sais plus quoi faire ,j ai tout essayer sans succes meme le baume d \u00e9mu ne fonctionne pas que faire merci j attend de vos nouvelles - Emeu Charlevoix","og_description":"B Le jeudi 20 octobre 2016 \u00e0 09:30\u00a0Diane\u00a0dit: Bonjour , voici mon probleme ,moi j ai les levres gerc\u00e9es et rouges et sa forme un tour rouge autour de mes levres ses comme un d\u00e9doublement de la levre ,sa chauffe et des tite peaux se d\u00e9tachent je ne sais plus quoi faire ,j ai tout [...]","og_url":"https:\/\/emeucharlevoix.com\/en\/ufaqs\/le-jeudi-20-octobre-2016-a-0930-diane-dit-bonjour-voici-mon-probleme-moi-j-ai-les-levres-gercees-et-rouges-et-sa-forme-un-tour-rouge-autour-de-mes-levres-ses-comme-un-dedoublement-de-la\/","og_site_name":"Emeu Charlevoix","article_publisher":"https:\/\/www.facebook.com\/Emeucharlevoix","twitter_card":"summary_large_image","twitter_site":"@emeucharlevoix","schema":{"@context":"https:\/\/schema.org","@graph":[{"@type":["WebPage","FAQPage"],"@id":"https:\/\/emeucharlevoix.com\/en\/ufaqs\/le-jeudi-20-octobre-2016-a-0930-diane-dit-bonjour-voici-mon-probleme-moi-j-ai-les-levres-gercees-et-rouges-et-sa-forme-un-tour-rouge-autour-de-mes-levres-ses-comme-un-dedoublement-de-la\/","url":"https:\/\/emeucharlevoix.com\/en\/ufaqs\/le-jeudi-20-octobre-2016-a-0930-diane-dit-bonjour-voici-mon-probleme-moi-j-ai-les-levres-gercees-et-rouges-et-sa-forme-un-tour-rouge-autour-de-mes-levres-ses-comme-un-dedoublement-de-la\/","name":"Le jeudi 20 octobre 2016 \u00e0 09:30\u00a0Diane\u00a0dit: Bonjour , voici mon probleme ,moi j ai les levres gerc\u00e9es et rouges et sa forme un tour rouge autour de mes levres ses comme un d\u00e9doublement de la levre ,sa chauffe et des tite peaux se d\u00e9tachent je ne sais plus quoi faire ,j ai tout essayer sans succes meme le baume d \u00e9mu ne fonctionne pas que faire merci j attend de vos nouvelles - Emeu Charlevoix","isPartOf":{"@id":"https:\/\/emeucharlevoix.com\/en\/#website"},"datePublished":"2017-09-28T21:37:25+00:00","breadcrumb":{"@id":"https:\/\/emeucharlevoix.com\/en\/ufaqs\/le-jeudi-20-octobre-2016-a-0930-diane-dit-bonjour-voici-mon-probleme-moi-j-ai-les-levres-gercees-et-rouges-et-sa-forme-un-tour-rouge-autour-de-mes-levres-ses-comme-un-dedoublement-de-la\/#breadcrumb"},"inLanguage":"en-CA","potentialAction":[{"@type":"ReadAction","target":["https:\/\/emeucharlevoix.com\/en\/ufaqs\/le-jeudi-20-octobre-2016-a-0930-diane-dit-bonjour-voici-mon-probleme-moi-j-ai-les-levres-gercees-et-rouges-et-sa-forme-un-tour-rouge-autour-de-mes-levres-ses-comme-un-dedoublement-de-la\/"]}]},{"@type":"BreadcrumbList","@id":"https:\/\/emeucharlevoix.com\/en\/ufaqs\/le-jeudi-20-octobre-2016-a-0930-diane-dit-bonjour-voici-mon-probleme-moi-j-ai-les-levres-gercees-et-rouges-et-sa-forme-un-tour-rouge-autour-de-mes-levres-ses-comme-un-dedoublement-de-la\/#breadcrumb","itemListElement":[{"@type":"ListItem","position":1,"name":"FAQs","item":"https:\/\/emeucharlevoix.com\/en\/ufaqs\/"},{"@type":"ListItem","position":2,"name":"Le jeudi 20 octobre 2016 \u00e0 09:30\u00a0Diane\u00a0dit: Bonjour , voici mon probleme ,moi j ai les levres gerc\u00e9es et rouges et sa forme un tour rouge autour de mes levres ses comme un d\u00e9doublement de la levre ,sa chauffe et des tite peaux se d\u00e9tachent je ne sais plus quoi faire ,j ai tout essayer sans succes meme le baume d \u00e9mu ne fonctionne pas que faire merci j attend de vos nouvelles"}]},{"@type":"WebSite","@id":"https:\/\/emeucharlevoix.com\/en\/#website","url":"https:\/\/emeucharlevoix.com\/en\/","name":"Emeu Charlevoix","description":"Nature&#039;s gift to your skin","publisher":{"@id":"https:\/\/emeucharlevoix.com\/en\/#organization"},"potentialAction":[{"@type":"SearchAction","target":{"@type":"EntryPoint","urlTemplate":"https:\/\/emeucharlevoix.com\/en\/?s={search_term_string}"},"query-input":{"@type":"PropertyValueSpecification","valueRequired":true,"valueName":"search_term_string"}}],"inLanguage":"en-CA"},{"@type":"Organization","@id":"https:\/\/emeucharlevoix.com\/en\/#organization","name":"Emeu Charlevoix","url":"https:\/\/emeucharlevoix.com\/en\/","logo":{"@type":"ImageObject","inLanguage":"en-CA","@id":"https:\/\/emeucharlevoix.com\/en\/#\/schema\/logo\/image\/","url":"https:\/\/emeucharlevoix.com\/wp-content\/uploads\/2017\/07\/emeu-charlevoix-top.png","contentUrl":"https:\/\/emeucharlevoix.com\/wp-content\/uploads\/2017\/07\/emeu-charlevoix-top.png","width":288,"height":229,"caption":"Emeu Charlevoix"},"image":{"@id":"https:\/\/emeucharlevoix.com\/en\/#\/schema\/logo\/image\/"},"sameAs":["https:\/\/www.facebook.com\/Emeucharlevoix","https:\/\/x.com\/emeucharlevoix","https:\/\/www.youtube.com\/channel\/UCsaMSpbpc9n05S0brEVo7jg"]}]}},"_links":{"self":[{"href":"https:\/\/emeucharlevoix.com\/en\/wp-json\/wp\/v2\/ufaq\/6751","targetHints":{"allow":["GET"]}}],"collection":[{"href":"https:\/\/emeucharlevoix.com\/en\/wp-json\/wp\/v2\/ufaq"}],"about":[{"href":"https:\/\/emeucharlevoix.com\/en\/wp-json\/wp\/v2\/types\/ufaq"}],"author":[{"embeddable":true,"href":"https:\/\/emeucharlevoix.com\/en\/wp-json\/wp\/v2\/users\/1"}],"replies":[{"embeddable":true,"href":"https:\/\/emeucharlevoix.com\/en\/wp-json\/wp\/v2\/comments?post=6751"}],"wp:attachment":[{"href":"https:\/\/emeucharlevoix.com\/en\/wp-json\/wp\/v2\/media?parent=6751"}],"wp:term":[{"taxonomy":"ufaq-category","embeddable":true,"href":"https:\/\/emeucharlevoix.com\/en\/wp-json\/wp\/v2\/ufaq-category?post=6751"},{"taxonomy":"ufaq-tag","embeddable":true,"href":"https:\/\/emeucharlevoix.com\/en\/wp-json\/wp\/v2\/ufaq-tag?post=6751"}],"curies":[{"name":"wp","href":"https:\/\/api.w.org\/{rel}","templated":true}]}}