{"id":6762,"date":"2017-09-28T17:37:24","date_gmt":"2017-09-28T21:37:24","guid":{"rendered":"https:\/\/emeucom.mywhc.ca\/ufaqs\/le-dimanche-13-novembre-2016-a-1858-dalia-dit-bonjour-jai-des-vergetures-sur-le-haut-des-epaules-et-ca-me-complexe-enormement-je-voudrais-savoir-si-ca-fonctionne-vraiment-merci\/"},"modified":"2017-09-28T17:37:24","modified_gmt":"2017-09-28T21:37:24","slug":"le-dimanche-13-novembre-2016-a-1858-dalia-dit-bonjour-jai-des-vergetures-sur-le-haut-des-epaules-et-ca-me-complexe-enormement-je-voudrais-savoir-si-ca-fonctionne-vraiment-merci","status":"publish","type":"ufaq","link":"https:\/\/emeucharlevoix.com\/en\/ufaqs\/le-dimanche-13-novembre-2016-a-1858-dalia-dit-bonjour-jai-des-vergetures-sur-le-haut-des-epaules-et-ca-me-complexe-enormement-je-voudrais-savoir-si-ca-fonctionne-vraiment-merci\/","title":{"rendered":"Le dimanche 13 novembre 2016 \u00e0 18:58\u00a0dalia\u00a0dit: bonjour j&#8217;ai des vergetures sur le haut des \u00e9paules et \u00e7a me complexe enorm\u00e9ment je voudrais savoir si \u00e7a fonctionne vraiment? merci"},"content":{"rendered":"<style>.ewd-ufaq-faq-title .ewd-ufaq-post-margin-symbol span { font-size: 12px !important; }div.ewd-ufaq-faq-title h5 { font-size: 9 !important; }div.ewd-ufaq-faq-post p { font-size: 7 !important; }div.ewd-ufaq-faq-post p { color: #007680 !important; }div.ewd-ufaq-author-date { font-size: 7 !important; }div.ewd-ufaq-author-date { color: #007680 !important; }div.ewd-ufaq-faq-categories, div.ewd-ufaq-faq-tags { font-size: 7 !important; }.ufaq-faq-title h5 {\r\nfont-weight:normal;\r\nmargin:10px!important;\r\n}\r\n\r\n.ufaq-faq-body .submit {\r\ncolor:#fff;\r\n}\r\n\r\n.ufaq-faq-display-style-Minimalist {\r\nborder-bottom:1px solid #007680;\r\n}\r\n\r\n.ewd-otp-field-label {\r\nwidth:auto!important;\r\ndisplay:none;\r\n}<\/style><div  class=\"ewd-ufaq-faq-list ewd-ufaq-page-type-load_more ewd-ufaq-category-tabs-\" id='ewd-ufaq-faq-list'>\n\n\t<input type='hidden' name='show_on_load' value='' id='ewd-ufaq-show-on-load' \/>\n<input type='hidden' name='include_category' value='' id='ewd-ufaq-include-category' \/>\n<input type='hidden' name='exclude_category' value='' id='ewd-ufaq-exclude-category' \/>\n<input type='hidden' name='orderby' value='date' id='ewd-ufaq-orderby' \/>\n<input type='hidden' name='order' value='desc' id='ewd-ufaq-order' \/>\n<input type='hidden' name='post_count' value='-1' id='ewd-ufaq-post-count' \/>\n<input type='hidden' name='current_url' value='\/en\/wp-json\/wp\/v2\/ufaq\/6762' id='ewd-ufaq-current-url' \/>\n\t\n\t\n\t<div class='ewd-ufaq-faqs'>\n\n\t\t<div  class=\"ewd-ufaq-faq-div ewd-ufaq-faq-column-count-one ewd-ufaq-faq-responsive-columns- ewd-ufaq-faq-display-style-one ewd-ufaq-can-be-toggled\" id='ewd-ufaq-post-6762-PzA5m6SGJq' data-post_id='6762'>\n\n\t\t\n\t<div class='ewd-ufaq-faq-title ewd-ufaq-faq-toggle'>\n\t\n\t<a class='ewd-ufaq-post-margin'  href='#' role=\"button\">\n\n\t\t<div class='ewd-ufaq-post-margin-symbol ewd-ufaq-square'>\n\t\t\t<span >B<\/span>\n\t\t<\/div>\n\n\t\t<div class='ewd-ufaq-faq-title-text'>\n\n\t\t\t<h5>\n\t\t\t\tLe dimanche 13 novembre 2016 \u00e0 18:58\u00a0dalia\u00a0dit: bonjour j&#8217;ai des vergetures sur le haut des \u00e9paules et \u00e7a me complexe enorm\u00e9ment je voudrais savoir si \u00e7a fonctionne vraiment? merci\t\t\t<\/h5>\n\n\t\t<\/div>\n\n\t\t<div class='ewd-ufaq-clear'><\/div>\n\n\t<\/a>\n\t\n<\/div>\n\t\n\t<div class='ewd-ufaq-faq-body' >\n\n\t\t\n\t\t\t\n\t\t\n\t\t\t<div class='ewd-ufaq-post-margin ewd-ufaq-faq-post'>\n\t<p>Le lundi 14 novembre 2016 \u00e0 09:19\u00a0Emeucharlevoix\u00a0dit: Bonjour, en effet, l\u2019huile d\u2019\u00e9meu aide a r\u00e9duire les vergetures. L&#8217;huile d&#8217;\u00e9meu est un hydratant exceptionnel. Elle est reconnue mondialement pour ses b\u00e9n\u00e9fices sur la peau. Cette huile contient des om\u00e9gas 3, 6, 7 et 9. L\u2019huile d\u2019\u00e9meu est une huile s\u00e8che donc elle p\u00e9n\u00e8tre en profondeur et rapidement dans la peau. Nous vous conseillons d\u2019en appliquer au moins 2 fois par jour (matin et soir) en petite quantit\u00e9. Il est mieux d\u2019en appliquer en petite quantit\u00e9 plus souvent que d\u2019en appliquer en grosse quantit\u00e9 moins souvent. Nous vous conseillons \u00e9galement notre pain de savon pure douceur qui est 100 % naturel fait \u00e0 l\u2019huile d\u2019\u00e9meu, \u00e0 base de lait de ch\u00e8vre et enrichi de vitamine E. C\u2019est un savon qui est conseill\u00e9 pour les b\u00e9b\u00e9s et les personnes ayant la peau sensible. Il ne laisse pas de r\u00e9sidus, il hydrate et ne donne pas de d\u00e9mangeaisons. Le savon en compl\u00e9ment \u00e0 l&#8217;huile donne de bons r\u00e9sultats selon plusieurs clients. Merci et bonne journ\u00e9e !<\/p>\n<\/div>\n\t\t\n\t\t\t<div class='ewd-ufaq-faq-custom-fields'>\n\n\t\n<\/div>\n\t\t\n\t\t\t\n\t\t\n\t\t\t\n\t\t\n\t\t\t\n\t\t\n\t\t\t\n\t\t\n\t\t\t\n\t\t\n\t\t\t\n\t\t\n\t\t\t\n\t\t\n\t<\/div>\n\n<\/div>\n\t<\/div>\n\n\t\n<\/div>","protected":false},"excerpt":{"rendered":"<p>B Le dimanche 13 novembre 2016 \u00e0 18:58\u00a0dalia\u00a0dit: bonjour j&#8217;ai des vergetures sur le haut des \u00e9paules et \u00e7a me complexe enorm\u00e9ment je voudrais savoir si \u00e7a fonctionne vraiment? merci Le lundi 14 novembre 2016 \u00e0 09:19\u00a0Emeucharlevoix\u00a0dit: Bonjour, en effet, l\u2019huile d\u2019\u00e9meu aide a r\u00e9duire les vergetures. L&#8217;huile d&#8217;\u00e9meu est un hydratant exceptionnel. Elle est [&#8230;]\n","protected":false},"author":1,"featured_media":0,"comment_status":"closed","ping_status":"closed","template":"","ufaq-category":[339,593],"ufaq-tag":[608],"class_list":["post-6762","ufaq","type-ufaq","status-publish","hentry","ufaq-category-emu-oil","ufaq-category-stretch-marks","ufaq-tag-huile-emeu-en"],"yoast_head":"<!-- This site is optimized with the Yoast SEO plugin v27.1.1 - https:\/\/yoast.com\/product\/yoast-seo-wordpress\/ -->\n<title>Le dimanche 13 novembre 2016 \u00e0 18:58\u00a0dalia\u00a0dit: bonjour j&#039;ai des vergetures sur le haut des \u00e9paules et \u00e7a me complexe enorm\u00e9ment je voudrais savoir si \u00e7a fonctionne vraiment? merci - Emeu Charlevoix<\/title>\n<meta name=\"robots\" content=\"index, follow, max-snippet:-1, max-image-preview:large, max-video-preview:-1\" \/>\n<link rel=\"canonical\" href=\"https:\/\/emeucharlevoix.com\/en\/ufaqs\/le-dimanche-13-novembre-2016-a-1858-dalia-dit-bonjour-jai-des-vergetures-sur-le-haut-des-epaules-et-ca-me-complexe-enormement-je-voudrais-savoir-si-ca-fonctionne-vraiment-merci\/\" \/>\n<meta property=\"og:locale\" content=\"en_US\" \/>\n<meta property=\"og:type\" content=\"article\" \/>\n<meta property=\"og:title\" content=\"Le dimanche 13 novembre 2016 \u00e0 18:58\u00a0dalia\u00a0dit: bonjour j&#039;ai des vergetures sur le haut des \u00e9paules et \u00e7a me complexe enorm\u00e9ment je voudrais savoir si \u00e7a fonctionne vraiment? merci - Emeu Charlevoix\" \/>\n<meta property=\"og:description\" content=\"B Le dimanche 13 novembre 2016 \u00e0 18:58\u00a0dalia\u00a0dit: bonjour j&#8217;ai des vergetures sur le haut des \u00e9paules et \u00e7a me complexe enorm\u00e9ment je voudrais savoir si \u00e7a fonctionne vraiment? merci Le lundi 14 novembre 2016 \u00e0 09:19\u00a0Emeucharlevoix\u00a0dit: Bonjour, en effet, l\u2019huile d\u2019\u00e9meu aide a r\u00e9duire les vergetures. L&#8217;huile d&#8217;\u00e9meu est un hydratant exceptionnel. Elle est [...]\" \/>\n<meta property=\"og:url\" content=\"https:\/\/emeucharlevoix.com\/en\/ufaqs\/le-dimanche-13-novembre-2016-a-1858-dalia-dit-bonjour-jai-des-vergetures-sur-le-haut-des-epaules-et-ca-me-complexe-enormement-je-voudrais-savoir-si-ca-fonctionne-vraiment-merci\/\" \/>\n<meta property=\"og:site_name\" content=\"Emeu Charlevoix\" \/>\n<meta property=\"article:publisher\" content=\"https:\/\/www.facebook.com\/Emeucharlevoix\" \/>\n<meta name=\"twitter:card\" content=\"summary_large_image\" \/>\n<meta name=\"twitter:site\" content=\"@emeucharlevoix\" \/>\n<meta name=\"twitter:label1\" content=\"Est. reading time\" \/>\n\t<meta name=\"twitter:data1\" content=\"1 minute\" \/>\n<script type=\"application\/ld+json\" class=\"yoast-schema-graph\">{\"@context\":\"https:\/\/schema.org\",\"@graph\":[{\"@type\":[\"WebPage\",\"FAQPage\"],\"@id\":\"https:\/\/emeucharlevoix.com\/en\/ufaqs\/le-dimanche-13-novembre-2016-a-1858-dalia-dit-bonjour-jai-des-vergetures-sur-le-haut-des-epaules-et-ca-me-complexe-enormement-je-voudrais-savoir-si-ca-fonctionne-vraiment-merci\/\",\"url\":\"https:\/\/emeucharlevoix.com\/en\/ufaqs\/le-dimanche-13-novembre-2016-a-1858-dalia-dit-bonjour-jai-des-vergetures-sur-le-haut-des-epaules-et-ca-me-complexe-enormement-je-voudrais-savoir-si-ca-fonctionne-vraiment-merci\/\",\"name\":\"Le dimanche 13 novembre 2016 \u00e0 18:58\u00a0dalia\u00a0dit: bonjour j'ai des vergetures sur le haut des \u00e9paules et \u00e7a me complexe enorm\u00e9ment je voudrais savoir si \u00e7a fonctionne vraiment? merci - Emeu Charlevoix\",\"isPartOf\":{\"@id\":\"https:\/\/emeucharlevoix.com\/en\/#website\"},\"datePublished\":\"2017-09-28T21:37:24+00:00\",\"breadcrumb\":{\"@id\":\"https:\/\/emeucharlevoix.com\/en\/ufaqs\/le-dimanche-13-novembre-2016-a-1858-dalia-dit-bonjour-jai-des-vergetures-sur-le-haut-des-epaules-et-ca-me-complexe-enormement-je-voudrais-savoir-si-ca-fonctionne-vraiment-merci\/#breadcrumb\"},\"inLanguage\":\"en-CA\",\"potentialAction\":[{\"@type\":\"ReadAction\",\"target\":[\"https:\/\/emeucharlevoix.com\/en\/ufaqs\/le-dimanche-13-novembre-2016-a-1858-dalia-dit-bonjour-jai-des-vergetures-sur-le-haut-des-epaules-et-ca-me-complexe-enormement-je-voudrais-savoir-si-ca-fonctionne-vraiment-merci\/\"]}]},{\"@type\":\"BreadcrumbList\",\"@id\":\"https:\/\/emeucharlevoix.com\/en\/ufaqs\/le-dimanche-13-novembre-2016-a-1858-dalia-dit-bonjour-jai-des-vergetures-sur-le-haut-des-epaules-et-ca-me-complexe-enormement-je-voudrais-savoir-si-ca-fonctionne-vraiment-merci\/#breadcrumb\",\"itemListElement\":[{\"@type\":\"ListItem\",\"position\":1,\"name\":\"FAQs\",\"item\":\"https:\/\/emeucharlevoix.com\/en\/ufaqs\/\"},{\"@type\":\"ListItem\",\"position\":2,\"name\":\"Le dimanche 13 novembre 2016 \u00e0 18:58\u00a0dalia\u00a0dit: bonjour j&#8217;ai des vergetures sur le haut des \u00e9paules et \u00e7a me complexe enorm\u00e9ment je voudrais savoir si \u00e7a fonctionne vraiment? merci\"}]},{\"@type\":\"WebSite\",\"@id\":\"https:\/\/emeucharlevoix.com\/en\/#website\",\"url\":\"https:\/\/emeucharlevoix.com\/en\/\",\"name\":\"Emeu Charlevoix\",\"description\":\"Nature&#039;s gift to your skin\",\"publisher\":{\"@id\":\"https:\/\/emeucharlevoix.com\/en\/#organization\"},\"potentialAction\":[{\"@type\":\"SearchAction\",\"target\":{\"@type\":\"EntryPoint\",\"urlTemplate\":\"https:\/\/emeucharlevoix.com\/en\/?s={search_term_string}\"},\"query-input\":{\"@type\":\"PropertyValueSpecification\",\"valueRequired\":true,\"valueName\":\"search_term_string\"}}],\"inLanguage\":\"en-CA\"},{\"@type\":\"Organization\",\"@id\":\"https:\/\/emeucharlevoix.com\/en\/#organization\",\"name\":\"Emeu Charlevoix\",\"url\":\"https:\/\/emeucharlevoix.com\/en\/\",\"logo\":{\"@type\":\"ImageObject\",\"inLanguage\":\"en-CA\",\"@id\":\"https:\/\/emeucharlevoix.com\/en\/#\/schema\/logo\/image\/\",\"url\":\"https:\/\/emeucharlevoix.com\/wp-content\/uploads\/2017\/07\/emeu-charlevoix-top.png\",\"contentUrl\":\"https:\/\/emeucharlevoix.com\/wp-content\/uploads\/2017\/07\/emeu-charlevoix-top.png\",\"width\":288,\"height\":229,\"caption\":\"Emeu Charlevoix\"},\"image\":{\"@id\":\"https:\/\/emeucharlevoix.com\/en\/#\/schema\/logo\/image\/\"},\"sameAs\":[\"https:\/\/www.facebook.com\/Emeucharlevoix\",\"https:\/\/x.com\/emeucharlevoix\",\"https:\/\/www.youtube.com\/channel\/UCsaMSpbpc9n05S0brEVo7jg\"]}]}<\/script>\n<!-- \/ Yoast SEO plugin. -->","yoast_head_json":{"title":"Le dimanche 13 novembre 2016 \u00e0 18:58\u00a0dalia\u00a0dit: bonjour j'ai des vergetures sur le haut des \u00e9paules et \u00e7a me complexe enorm\u00e9ment je voudrais savoir si \u00e7a fonctionne vraiment? merci - Emeu Charlevoix","robots":{"index":"index","follow":"follow","max-snippet":"max-snippet:-1","max-image-preview":"max-image-preview:large","max-video-preview":"max-video-preview:-1"},"canonical":"https:\/\/emeucharlevoix.com\/en\/ufaqs\/le-dimanche-13-novembre-2016-a-1858-dalia-dit-bonjour-jai-des-vergetures-sur-le-haut-des-epaules-et-ca-me-complexe-enormement-je-voudrais-savoir-si-ca-fonctionne-vraiment-merci\/","og_locale":"en_US","og_type":"article","og_title":"Le dimanche 13 novembre 2016 \u00e0 18:58\u00a0dalia\u00a0dit: bonjour j'ai des vergetures sur le haut des \u00e9paules et \u00e7a me complexe enorm\u00e9ment je voudrais savoir si \u00e7a fonctionne vraiment? merci - Emeu Charlevoix","og_description":"B Le dimanche 13 novembre 2016 \u00e0 18:58\u00a0dalia\u00a0dit: bonjour j&#8217;ai des vergetures sur le haut des \u00e9paules et \u00e7a me complexe enorm\u00e9ment je voudrais savoir si \u00e7a fonctionne vraiment? merci Le lundi 14 novembre 2016 \u00e0 09:19\u00a0Emeucharlevoix\u00a0dit: Bonjour, en effet, l\u2019huile d\u2019\u00e9meu aide a r\u00e9duire les vergetures. L&#8217;huile d&#8217;\u00e9meu est un hydratant exceptionnel. Elle est [...]","og_url":"https:\/\/emeucharlevoix.com\/en\/ufaqs\/le-dimanche-13-novembre-2016-a-1858-dalia-dit-bonjour-jai-des-vergetures-sur-le-haut-des-epaules-et-ca-me-complexe-enormement-je-voudrais-savoir-si-ca-fonctionne-vraiment-merci\/","og_site_name":"Emeu Charlevoix","article_publisher":"https:\/\/www.facebook.com\/Emeucharlevoix","twitter_card":"summary_large_image","twitter_site":"@emeucharlevoix","twitter_misc":{"Est. reading time":"1 minute"},"schema":{"@context":"https:\/\/schema.org","@graph":[{"@type":["WebPage","FAQPage"],"@id":"https:\/\/emeucharlevoix.com\/en\/ufaqs\/le-dimanche-13-novembre-2016-a-1858-dalia-dit-bonjour-jai-des-vergetures-sur-le-haut-des-epaules-et-ca-me-complexe-enormement-je-voudrais-savoir-si-ca-fonctionne-vraiment-merci\/","url":"https:\/\/emeucharlevoix.com\/en\/ufaqs\/le-dimanche-13-novembre-2016-a-1858-dalia-dit-bonjour-jai-des-vergetures-sur-le-haut-des-epaules-et-ca-me-complexe-enormement-je-voudrais-savoir-si-ca-fonctionne-vraiment-merci\/","name":"Le dimanche 13 novembre 2016 \u00e0 18:58\u00a0dalia\u00a0dit: bonjour j'ai des vergetures sur le haut des \u00e9paules et \u00e7a me complexe enorm\u00e9ment je voudrais savoir si \u00e7a fonctionne vraiment? merci - Emeu Charlevoix","isPartOf":{"@id":"https:\/\/emeucharlevoix.com\/en\/#website"},"datePublished":"2017-09-28T21:37:24+00:00","breadcrumb":{"@id":"https:\/\/emeucharlevoix.com\/en\/ufaqs\/le-dimanche-13-novembre-2016-a-1858-dalia-dit-bonjour-jai-des-vergetures-sur-le-haut-des-epaules-et-ca-me-complexe-enormement-je-voudrais-savoir-si-ca-fonctionne-vraiment-merci\/#breadcrumb"},"inLanguage":"en-CA","potentialAction":[{"@type":"ReadAction","target":["https:\/\/emeucharlevoix.com\/en\/ufaqs\/le-dimanche-13-novembre-2016-a-1858-dalia-dit-bonjour-jai-des-vergetures-sur-le-haut-des-epaules-et-ca-me-complexe-enormement-je-voudrais-savoir-si-ca-fonctionne-vraiment-merci\/"]}]},{"@type":"BreadcrumbList","@id":"https:\/\/emeucharlevoix.com\/en\/ufaqs\/le-dimanche-13-novembre-2016-a-1858-dalia-dit-bonjour-jai-des-vergetures-sur-le-haut-des-epaules-et-ca-me-complexe-enormement-je-voudrais-savoir-si-ca-fonctionne-vraiment-merci\/#breadcrumb","itemListElement":[{"@type":"ListItem","position":1,"name":"FAQs","item":"https:\/\/emeucharlevoix.com\/en\/ufaqs\/"},{"@type":"ListItem","position":2,"name":"Le dimanche 13 novembre 2016 \u00e0 18:58\u00a0dalia\u00a0dit: bonjour j&#8217;ai des vergetures sur le haut des \u00e9paules et \u00e7a me complexe enorm\u00e9ment je voudrais savoir si \u00e7a fonctionne vraiment? merci"}]},{"@type":"WebSite","@id":"https:\/\/emeucharlevoix.com\/en\/#website","url":"https:\/\/emeucharlevoix.com\/en\/","name":"Emeu Charlevoix","description":"Nature&#039;s gift to your skin","publisher":{"@id":"https:\/\/emeucharlevoix.com\/en\/#organization"},"potentialAction":[{"@type":"SearchAction","target":{"@type":"EntryPoint","urlTemplate":"https:\/\/emeucharlevoix.com\/en\/?s={search_term_string}"},"query-input":{"@type":"PropertyValueSpecification","valueRequired":true,"valueName":"search_term_string"}}],"inLanguage":"en-CA"},{"@type":"Organization","@id":"https:\/\/emeucharlevoix.com\/en\/#organization","name":"Emeu Charlevoix","url":"https:\/\/emeucharlevoix.com\/en\/","logo":{"@type":"ImageObject","inLanguage":"en-CA","@id":"https:\/\/emeucharlevoix.com\/en\/#\/schema\/logo\/image\/","url":"https:\/\/emeucharlevoix.com\/wp-content\/uploads\/2017\/07\/emeu-charlevoix-top.png","contentUrl":"https:\/\/emeucharlevoix.com\/wp-content\/uploads\/2017\/07\/emeu-charlevoix-top.png","width":288,"height":229,"caption":"Emeu Charlevoix"},"image":{"@id":"https:\/\/emeucharlevoix.com\/en\/#\/schema\/logo\/image\/"},"sameAs":["https:\/\/www.facebook.com\/Emeucharlevoix","https:\/\/x.com\/emeucharlevoix","https:\/\/www.youtube.com\/channel\/UCsaMSpbpc9n05S0brEVo7jg"]}]}},"_links":{"self":[{"href":"https:\/\/emeucharlevoix.com\/en\/wp-json\/wp\/v2\/ufaq\/6762","targetHints":{"allow":["GET"]}}],"collection":[{"href":"https:\/\/emeucharlevoix.com\/en\/wp-json\/wp\/v2\/ufaq"}],"about":[{"href":"https:\/\/emeucharlevoix.com\/en\/wp-json\/wp\/v2\/types\/ufaq"}],"author":[{"embeddable":true,"href":"https:\/\/emeucharlevoix.com\/en\/wp-json\/wp\/v2\/users\/1"}],"replies":[{"embeddable":true,"href":"https:\/\/emeucharlevoix.com\/en\/wp-json\/wp\/v2\/comments?post=6762"}],"wp:attachment":[{"href":"https:\/\/emeucharlevoix.com\/en\/wp-json\/wp\/v2\/media?parent=6762"}],"wp:term":[{"taxonomy":"ufaq-category","embeddable":true,"href":"https:\/\/emeucharlevoix.com\/en\/wp-json\/wp\/v2\/ufaq-category?post=6762"},{"taxonomy":"ufaq-tag","embeddable":true,"href":"https:\/\/emeucharlevoix.com\/en\/wp-json\/wp\/v2\/ufaq-tag?post=6762"}],"curies":[{"name":"wp","href":"https:\/\/api.w.org\/{rel}","templated":true}]}}