{"id":6770,"date":"2017-09-28T17:37:27","date_gmt":"2017-09-28T21:37:27","guid":{"rendered":"https:\/\/emeucom.mywhc.ca\/ufaqs\/le-vendredi-5-fevrier-2016-a-0055-lise-robert-dit-bonsoir-jaimerais-partager-avec-vous-la-deception-de-la-nouvelle-formule-amelioree-pour-la-creme-de-friction-je-viens-de-macheter-un\/"},"modified":"2017-12-08T13:15:54","modified_gmt":"2017-12-08T18:15:54","slug":"le-vendredi-5-fevrier-2016-a-0055-lise-robert-dit-bonsoir-jaimerais-partager-avec-vous-la-deception-de-la-nouvelle-formule-amelioree-pour-la-creme-de-friction-je-viens-de-macheter-un","status":"publish","type":"ufaq","link":"https:\/\/emeucharlevoix.com\/en\/ufaqs\/le-vendredi-5-fevrier-2016-a-0055-lise-robert-dit-bonsoir-jaimerais-partager-avec-vous-la-deception-de-la-nouvelle-formule-amelioree-pour-la-creme-de-friction-je-viens-de-macheter-un\/","title":{"rendered":"Le vendredi 5 f\u00e9vrier 2016 \u00e0 00:55\u00a0Lise R. dit: Bonsoir, J&#8217;aimerais partager avec vous la d\u00e9ception de la nouvelle formule am\u00e9lior\u00e9e pour la cr\u00e8me de friction. Je viens de m&#8217;acheter une bouteille de 500 ml et \u00e0 ma grande surprise la cr\u00e8me n&#8217;a pas la m\u00eame odeur qu&#8217;auparavant. Je trouve que l&#8217;Eucalyptus sent beaucoup moins et que maintenant la cr\u00e8me a une odeur de maladie. Je suis tellement d\u00e9\u00e7ue, j&#8217;adorais me mettre cette cr\u00e8me par sa fra\u00eecheur et le bienfait qu&#8217;elle me donnait. Maintenant j&#8217;attends avant de mettre cette cr\u00e8me, elle doit faire le m\u00eame bienfait mais on dirait que je ne ressens plus. J&#8217;adore tous vos produits mais ma cr\u00e8me&#8230;beaucoup moins qu&#8217;avant. Merci de me lire."},"content":{"rendered":"<style>.ewd-ufaq-faq-title .ewd-ufaq-post-margin-symbol span { font-size: 12px !important; }div.ewd-ufaq-faq-title h5 { font-size: 9 !important; }div.ewd-ufaq-faq-post p { font-size: 7 !important; }div.ewd-ufaq-faq-post p { color: #007680 !important; }div.ewd-ufaq-author-date { font-size: 7 !important; }div.ewd-ufaq-author-date { color: #007680 !important; }div.ewd-ufaq-faq-categories, div.ewd-ufaq-faq-tags { font-size: 7 !important; }.ufaq-faq-title h5 {\r\nfont-weight:normal;\r\nmargin:10px!important;\r\n}\r\n\r\n.ufaq-faq-body .submit {\r\ncolor:#fff;\r\n}\r\n\r\n.ufaq-faq-display-style-Minimalist {\r\nborder-bottom:1px solid #007680;\r\n}\r\n\r\n.ewd-otp-field-label {\r\nwidth:auto!important;\r\ndisplay:none;\r\n}<\/style><div  class=\"ewd-ufaq-faq-list ewd-ufaq-page-type-load_more ewd-ufaq-category-tabs-\" id='ewd-ufaq-faq-list'>\n\n\t<input type='hidden' name='show_on_load' value='' id='ewd-ufaq-show-on-load' \/>\n<input type='hidden' name='include_category' value='' id='ewd-ufaq-include-category' \/>\n<input type='hidden' name='exclude_category' value='' id='ewd-ufaq-exclude-category' \/>\n<input type='hidden' name='orderby' value='date' id='ewd-ufaq-orderby' \/>\n<input type='hidden' name='order' value='desc' id='ewd-ufaq-order' \/>\n<input type='hidden' name='post_count' value='-1' id='ewd-ufaq-post-count' \/>\n<input type='hidden' name='current_url' value='\/en\/wp-json\/wp\/v2\/ufaq\/6770' id='ewd-ufaq-current-url' \/>\n\t\n\t\n\t<div class='ewd-ufaq-faqs'>\n\n\t\t<div  class=\"ewd-ufaq-faq-div ewd-ufaq-faq-column-count-one ewd-ufaq-faq-responsive-columns- ewd-ufaq-faq-display-style-one ewd-ufaq-can-be-toggled\" id='ewd-ufaq-post-6770-Cvu2YeeV3Z' data-post_id='6770'>\n\n\t\t\n\t<div class='ewd-ufaq-faq-title ewd-ufaq-faq-toggle'>\n\t\n\t<a class='ewd-ufaq-post-margin'  href='#' role=\"button\">\n\n\t\t<div class='ewd-ufaq-post-margin-symbol ewd-ufaq-square'>\n\t\t\t<span >B<\/span>\n\t\t<\/div>\n\n\t\t<div class='ewd-ufaq-faq-title-text'>\n\n\t\t\t<h5>\n\t\t\t\tLe vendredi 5 f\u00e9vrier 2016 \u00e0 00:55\u00a0Lise R. dit: Bonsoir, J&#8217;aimerais partager avec vous la d\u00e9ception de la nouvelle formule am\u00e9lior\u00e9e pour la cr\u00e8me de friction. Je viens de m&#8217;acheter une bouteille de 500 ml et \u00e0 ma grande surprise la cr\u00e8me n&#8217;a pas la m\u00eame odeur qu&#8217;auparavant. Je trouve que l&#8217;Eucalyptus sent beaucoup moins et que maintenant la cr\u00e8me a une odeur de maladie. Je suis tellement d\u00e9\u00e7ue, j&#8217;adorais me mettre cette cr\u00e8me par sa fra\u00eecheur et le bienfait qu&#8217;elle me donnait. Maintenant j&#8217;attends avant de mettre cette cr\u00e8me, elle doit faire le m\u00eame bienfait mais on dirait que je ne ressens plus. J&#8217;adore tous vos produits mais ma cr\u00e8me&#8230;beaucoup moins qu&#8217;avant. Merci de me lire.\t\t\t<\/h5>\n\n\t\t<\/div>\n\n\t\t<div class='ewd-ufaq-clear'><\/div>\n\n\t<\/a>\n\t\n<\/div>\n\t\n\t<div class='ewd-ufaq-faq-body' >\n\n\t\t\n\t\t\t\n\t\t\n\t\t\t<div class='ewd-ufaq-post-margin ewd-ufaq-faq-post'>\n\t<p>Le mardi 9 f\u00e9vrier 2016 \u00e0 23:13\u00a0Emeu Charlevoix\u00a0dit: Bonjour et nous vous remercions de votre commentaire concernant la cr\u00e8me friction. Nous avons modifi\u00e9 notre formule en changeant certains agents de conservation afin de mieux r\u00e9pondre aux besoins exprim\u00e9s par la client\u00e8le des Produits naturels. Aucune modification sur les ingr\u00e9dients actifs ni sur l&#8217;huile d&#8217;\u00c9meu. Produit am\u00e9lior\u00e9 test\u00e9 par diff\u00e9rents clients \u00e0 leur satisfaction. Nous vous remercions encore de votre commentaire, car il va nous aider dans la mise au point de cette formule am\u00e9lior\u00e9e. Bonne fin de journ\u00e9e.<\/p>\n<\/div>\n\t\t\n\t\t\t<div class='ewd-ufaq-faq-custom-fields'>\n\n\t\n<\/div>\n\t\t\n\t\t\t\n\t\t\n\t\t\t\n\t\t\n\t\t\t\n\t\t\n\t\t\t\n\t\t\n\t\t\t\n\t\t\n\t\t\t\n\t\t\n\t\t\t\n\t\t\n\t<\/div>\n\n<\/div>\n\t<\/div>\n\n\t\n<\/div>","protected":false},"excerpt":{"rendered":"<p>B Le vendredi 5 f\u00e9vrier 2016 \u00e0 00:55\u00a0Lise R. dit: Bonsoir, J&#8217;aimerais partager avec vous la d\u00e9ception de la nouvelle formule am\u00e9lior\u00e9e pour la cr\u00e8me de friction. Je viens de m&#8217;acheter une bouteille de 500 ml et \u00e0 ma grande surprise la cr\u00e8me n&#8217;a pas la m\u00eame odeur qu&#8217;auparavant. Je trouve que l&#8217;Eucalyptus sent beaucoup [&#8230;]\n","protected":false},"author":1,"featured_media":0,"comment_status":"closed","ping_status":"closed","template":"","ufaq-category":[339],"ufaq-tag":[608],"class_list":["post-6770","ufaq","type-ufaq","status-publish","hentry","ufaq-category-emu-oil","ufaq-tag-huile-emeu-en"],"yoast_head":"<!-- This site is optimized with the Yoast SEO plugin v27.1.1 - https:\/\/yoast.com\/product\/yoast-seo-wordpress\/ -->\n<title>Le vendredi 5 f\u00e9vrier 2016 \u00e0 00:55\u00a0Lise R. dit: Bonsoir, J&#039;aimerais partager avec vous la d\u00e9ception de la nouvelle formule am\u00e9lior\u00e9e pour la cr\u00e8me de friction. Je viens de m&#039;acheter une bouteille de 500 ml et \u00e0 ma grande surprise la cr\u00e8me n&#039;a pas la m\u00eame odeur qu&#039;auparavant. Je trouve que l&#039;Eucalyptus sent beaucoup moins et que maintenant la cr\u00e8me a une odeur de maladie. Je suis tellement d\u00e9\u00e7ue, j&#039;adorais me mettre cette cr\u00e8me par sa fra\u00eecheur et le bienfait qu&#039;elle me donnait. Maintenant j&#039;attends avant de mettre cette cr\u00e8me, elle doit faire le m\u00eame bienfait mais on dirait que je ne ressens plus. J&#039;adore tous vos produits mais ma cr\u00e8me...beaucoup moins qu&#039;avant. Merci de me lire. - Emeu Charlevoix<\/title>\n<meta name=\"robots\" content=\"index, follow, max-snippet:-1, max-image-preview:large, max-video-preview:-1\" \/>\n<link rel=\"canonical\" href=\"https:\/\/emeucharlevoix.com\/en\/ufaqs\/le-vendredi-5-fevrier-2016-a-0055-lise-robert-dit-bonsoir-jaimerais-partager-avec-vous-la-deception-de-la-nouvelle-formule-amelioree-pour-la-creme-de-friction-je-viens-de-macheter-un\/\" \/>\n<meta property=\"og:locale\" content=\"en_US\" \/>\n<meta property=\"og:type\" content=\"article\" \/>\n<meta property=\"og:title\" content=\"Le vendredi 5 f\u00e9vrier 2016 \u00e0 00:55\u00a0Lise R. dit: Bonsoir, J&#039;aimerais partager avec vous la d\u00e9ception de la nouvelle formule am\u00e9lior\u00e9e pour la cr\u00e8me de friction. Je viens de m&#039;acheter une bouteille de 500 ml et \u00e0 ma grande surprise la cr\u00e8me n&#039;a pas la m\u00eame odeur qu&#039;auparavant. Je trouve que l&#039;Eucalyptus sent beaucoup moins et que maintenant la cr\u00e8me a une odeur de maladie. Je suis tellement d\u00e9\u00e7ue, j&#039;adorais me mettre cette cr\u00e8me par sa fra\u00eecheur et le bienfait qu&#039;elle me donnait. Maintenant j&#039;attends avant de mettre cette cr\u00e8me, elle doit faire le m\u00eame bienfait mais on dirait que je ne ressens plus. J&#039;adore tous vos produits mais ma cr\u00e8me...beaucoup moins qu&#039;avant. Merci de me lire. - Emeu Charlevoix\" \/>\n<meta property=\"og:description\" content=\"B Le vendredi 5 f\u00e9vrier 2016 \u00e0 00:55\u00a0Lise R. dit: Bonsoir, J&#8217;aimerais partager avec vous la d\u00e9ception de la nouvelle formule am\u00e9lior\u00e9e pour la cr\u00e8me de friction. Je viens de m&#8217;acheter une bouteille de 500 ml et \u00e0 ma grande surprise la cr\u00e8me n&#8217;a pas la m\u00eame odeur qu&#8217;auparavant. Je trouve que l&#8217;Eucalyptus sent beaucoup [...]\" \/>\n<meta property=\"og:url\" content=\"https:\/\/emeucharlevoix.com\/en\/ufaqs\/le-vendredi-5-fevrier-2016-a-0055-lise-robert-dit-bonsoir-jaimerais-partager-avec-vous-la-deception-de-la-nouvelle-formule-amelioree-pour-la-creme-de-friction-je-viens-de-macheter-un\/\" \/>\n<meta property=\"og:site_name\" content=\"Emeu Charlevoix\" \/>\n<meta property=\"article:publisher\" content=\"https:\/\/www.facebook.com\/Emeucharlevoix\" \/>\n<meta property=\"article:modified_time\" content=\"2017-12-08T18:15:54+00:00\" \/>\n<meta name=\"twitter:card\" content=\"summary_large_image\" \/>\n<meta name=\"twitter:site\" content=\"@emeucharlevoix\" \/>\n<script type=\"application\/ld+json\" class=\"yoast-schema-graph\">{\"@context\":\"https:\/\/schema.org\",\"@graph\":[{\"@type\":[\"WebPage\",\"FAQPage\"],\"@id\":\"https:\/\/emeucharlevoix.com\/en\/ufaqs\/le-vendredi-5-fevrier-2016-a-0055-lise-robert-dit-bonsoir-jaimerais-partager-avec-vous-la-deception-de-la-nouvelle-formule-amelioree-pour-la-creme-de-friction-je-viens-de-macheter-un\/\",\"url\":\"https:\/\/emeucharlevoix.com\/en\/ufaqs\/le-vendredi-5-fevrier-2016-a-0055-lise-robert-dit-bonsoir-jaimerais-partager-avec-vous-la-deception-de-la-nouvelle-formule-amelioree-pour-la-creme-de-friction-je-viens-de-macheter-un\/\",\"name\":\"Le vendredi 5 f\u00e9vrier 2016 \u00e0 00:55\u00a0Lise R. dit: Bonsoir, J'aimerais partager avec vous la d\u00e9ception de la nouvelle formule am\u00e9lior\u00e9e pour la cr\u00e8me de friction. Je viens de m'acheter une bouteille de 500 ml et \u00e0 ma grande surprise la cr\u00e8me n'a pas la m\u00eame odeur qu'auparavant. Je trouve que l'Eucalyptus sent beaucoup moins et que maintenant la cr\u00e8me a une odeur de maladie. Je suis tellement d\u00e9\u00e7ue, j'adorais me mettre cette cr\u00e8me par sa fra\u00eecheur et le bienfait qu'elle me donnait. Maintenant j'attends avant de mettre cette cr\u00e8me, elle doit faire le m\u00eame bienfait mais on dirait que je ne ressens plus. J'adore tous vos produits mais ma cr\u00e8me...beaucoup moins qu'avant. Merci de me lire. - Emeu Charlevoix\",\"isPartOf\":{\"@id\":\"https:\/\/emeucharlevoix.com\/en\/#website\"},\"datePublished\":\"2017-09-28T21:37:27+00:00\",\"dateModified\":\"2017-12-08T18:15:54+00:00\",\"breadcrumb\":{\"@id\":\"https:\/\/emeucharlevoix.com\/en\/ufaqs\/le-vendredi-5-fevrier-2016-a-0055-lise-robert-dit-bonsoir-jaimerais-partager-avec-vous-la-deception-de-la-nouvelle-formule-amelioree-pour-la-creme-de-friction-je-viens-de-macheter-un\/#breadcrumb\"},\"inLanguage\":\"en-CA\",\"potentialAction\":[{\"@type\":\"ReadAction\",\"target\":[\"https:\/\/emeucharlevoix.com\/en\/ufaqs\/le-vendredi-5-fevrier-2016-a-0055-lise-robert-dit-bonsoir-jaimerais-partager-avec-vous-la-deception-de-la-nouvelle-formule-amelioree-pour-la-creme-de-friction-je-viens-de-macheter-un\/\"]}]},{\"@type\":\"BreadcrumbList\",\"@id\":\"https:\/\/emeucharlevoix.com\/en\/ufaqs\/le-vendredi-5-fevrier-2016-a-0055-lise-robert-dit-bonsoir-jaimerais-partager-avec-vous-la-deception-de-la-nouvelle-formule-amelioree-pour-la-creme-de-friction-je-viens-de-macheter-un\/#breadcrumb\",\"itemListElement\":[{\"@type\":\"ListItem\",\"position\":1,\"name\":\"FAQs\",\"item\":\"https:\/\/emeucharlevoix.com\/en\/ufaqs\/\"},{\"@type\":\"ListItem\",\"position\":2,\"name\":\"Le vendredi 5 f\u00e9vrier 2016 \u00e0 00:55\u00a0Lise R. dit: Bonsoir, J&#8217;aimerais partager avec vous la d\u00e9ception de la nouvelle formule am\u00e9lior\u00e9e pour la cr\u00e8me de friction. Je viens de m&#8217;acheter une bouteille de 500 ml et \u00e0 ma grande surprise la cr\u00e8me n&#8217;a pas la m\u00eame odeur qu&#8217;auparavant. Je trouve que l&#8217;Eucalyptus sent beaucoup moins et que maintenant la cr\u00e8me a une odeur de maladie. Je suis tellement d\u00e9\u00e7ue, j&#8217;adorais me mettre cette cr\u00e8me par sa fra\u00eecheur et le bienfait qu&#8217;elle me donnait. Maintenant j&#8217;attends avant de mettre cette cr\u00e8me, elle doit faire le m\u00eame bienfait mais on dirait que je ne ressens plus. J&#8217;adore tous vos produits mais ma cr\u00e8me&#8230;beaucoup moins qu&#8217;avant. Merci de me lire.\"}]},{\"@type\":\"WebSite\",\"@id\":\"https:\/\/emeucharlevoix.com\/en\/#website\",\"url\":\"https:\/\/emeucharlevoix.com\/en\/\",\"name\":\"Emeu Charlevoix\",\"description\":\"Nature&#039;s gift to your skin\",\"publisher\":{\"@id\":\"https:\/\/emeucharlevoix.com\/en\/#organization\"},\"potentialAction\":[{\"@type\":\"SearchAction\",\"target\":{\"@type\":\"EntryPoint\",\"urlTemplate\":\"https:\/\/emeucharlevoix.com\/en\/?s={search_term_string}\"},\"query-input\":{\"@type\":\"PropertyValueSpecification\",\"valueRequired\":true,\"valueName\":\"search_term_string\"}}],\"inLanguage\":\"en-CA\"},{\"@type\":\"Organization\",\"@id\":\"https:\/\/emeucharlevoix.com\/en\/#organization\",\"name\":\"Emeu Charlevoix\",\"url\":\"https:\/\/emeucharlevoix.com\/en\/\",\"logo\":{\"@type\":\"ImageObject\",\"inLanguage\":\"en-CA\",\"@id\":\"https:\/\/emeucharlevoix.com\/en\/#\/schema\/logo\/image\/\",\"url\":\"https:\/\/emeucharlevoix.com\/wp-content\/uploads\/2017\/07\/emeu-charlevoix-top.png\",\"contentUrl\":\"https:\/\/emeucharlevoix.com\/wp-content\/uploads\/2017\/07\/emeu-charlevoix-top.png\",\"width\":288,\"height\":229,\"caption\":\"Emeu Charlevoix\"},\"image\":{\"@id\":\"https:\/\/emeucharlevoix.com\/en\/#\/schema\/logo\/image\/\"},\"sameAs\":[\"https:\/\/www.facebook.com\/Emeucharlevoix\",\"https:\/\/x.com\/emeucharlevoix\",\"https:\/\/www.youtube.com\/channel\/UCsaMSpbpc9n05S0brEVo7jg\"]}]}<\/script>\n<!-- \/ Yoast SEO plugin. -->","yoast_head_json":{"title":"Le vendredi 5 f\u00e9vrier 2016 \u00e0 00:55\u00a0Lise R. dit: Bonsoir, J'aimerais partager avec vous la d\u00e9ception de la nouvelle formule am\u00e9lior\u00e9e pour la cr\u00e8me de friction. Je viens de m'acheter une bouteille de 500 ml et \u00e0 ma grande surprise la cr\u00e8me n'a pas la m\u00eame odeur qu'auparavant. Je trouve que l'Eucalyptus sent beaucoup moins et que maintenant la cr\u00e8me a une odeur de maladie. Je suis tellement d\u00e9\u00e7ue, j'adorais me mettre cette cr\u00e8me par sa fra\u00eecheur et le bienfait qu'elle me donnait. Maintenant j'attends avant de mettre cette cr\u00e8me, elle doit faire le m\u00eame bienfait mais on dirait que je ne ressens plus. J'adore tous vos produits mais ma cr\u00e8me...beaucoup moins qu'avant. Merci de me lire. - Emeu Charlevoix","robots":{"index":"index","follow":"follow","max-snippet":"max-snippet:-1","max-image-preview":"max-image-preview:large","max-video-preview":"max-video-preview:-1"},"canonical":"https:\/\/emeucharlevoix.com\/en\/ufaqs\/le-vendredi-5-fevrier-2016-a-0055-lise-robert-dit-bonsoir-jaimerais-partager-avec-vous-la-deception-de-la-nouvelle-formule-amelioree-pour-la-creme-de-friction-je-viens-de-macheter-un\/","og_locale":"en_US","og_type":"article","og_title":"Le vendredi 5 f\u00e9vrier 2016 \u00e0 00:55\u00a0Lise R. dit: Bonsoir, J'aimerais partager avec vous la d\u00e9ception de la nouvelle formule am\u00e9lior\u00e9e pour la cr\u00e8me de friction. Je viens de m'acheter une bouteille de 500 ml et \u00e0 ma grande surprise la cr\u00e8me n'a pas la m\u00eame odeur qu'auparavant. Je trouve que l'Eucalyptus sent beaucoup moins et que maintenant la cr\u00e8me a une odeur de maladie. Je suis tellement d\u00e9\u00e7ue, j'adorais me mettre cette cr\u00e8me par sa fra\u00eecheur et le bienfait qu'elle me donnait. Maintenant j'attends avant de mettre cette cr\u00e8me, elle doit faire le m\u00eame bienfait mais on dirait que je ne ressens plus. J'adore tous vos produits mais ma cr\u00e8me...beaucoup moins qu'avant. Merci de me lire. - Emeu Charlevoix","og_description":"B Le vendredi 5 f\u00e9vrier 2016 \u00e0 00:55\u00a0Lise R. dit: Bonsoir, J&#8217;aimerais partager avec vous la d\u00e9ception de la nouvelle formule am\u00e9lior\u00e9e pour la cr\u00e8me de friction. Je viens de m&#8217;acheter une bouteille de 500 ml et \u00e0 ma grande surprise la cr\u00e8me n&#8217;a pas la m\u00eame odeur qu&#8217;auparavant. Je trouve que l&#8217;Eucalyptus sent beaucoup [...]","og_url":"https:\/\/emeucharlevoix.com\/en\/ufaqs\/le-vendredi-5-fevrier-2016-a-0055-lise-robert-dit-bonsoir-jaimerais-partager-avec-vous-la-deception-de-la-nouvelle-formule-amelioree-pour-la-creme-de-friction-je-viens-de-macheter-un\/","og_site_name":"Emeu Charlevoix","article_publisher":"https:\/\/www.facebook.com\/Emeucharlevoix","article_modified_time":"2017-12-08T18:15:54+00:00","twitter_card":"summary_large_image","twitter_site":"@emeucharlevoix","schema":{"@context":"https:\/\/schema.org","@graph":[{"@type":["WebPage","FAQPage"],"@id":"https:\/\/emeucharlevoix.com\/en\/ufaqs\/le-vendredi-5-fevrier-2016-a-0055-lise-robert-dit-bonsoir-jaimerais-partager-avec-vous-la-deception-de-la-nouvelle-formule-amelioree-pour-la-creme-de-friction-je-viens-de-macheter-un\/","url":"https:\/\/emeucharlevoix.com\/en\/ufaqs\/le-vendredi-5-fevrier-2016-a-0055-lise-robert-dit-bonsoir-jaimerais-partager-avec-vous-la-deception-de-la-nouvelle-formule-amelioree-pour-la-creme-de-friction-je-viens-de-macheter-un\/","name":"Le vendredi 5 f\u00e9vrier 2016 \u00e0 00:55\u00a0Lise R. dit: Bonsoir, J'aimerais partager avec vous la d\u00e9ception de la nouvelle formule am\u00e9lior\u00e9e pour la cr\u00e8me de friction. Je viens de m'acheter une bouteille de 500 ml et \u00e0 ma grande surprise la cr\u00e8me n'a pas la m\u00eame odeur qu'auparavant. Je trouve que l'Eucalyptus sent beaucoup moins et que maintenant la cr\u00e8me a une odeur de maladie. Je suis tellement d\u00e9\u00e7ue, j'adorais me mettre cette cr\u00e8me par sa fra\u00eecheur et le bienfait qu'elle me donnait. Maintenant j'attends avant de mettre cette cr\u00e8me, elle doit faire le m\u00eame bienfait mais on dirait que je ne ressens plus. J'adore tous vos produits mais ma cr\u00e8me...beaucoup moins qu'avant. Merci de me lire. - Emeu Charlevoix","isPartOf":{"@id":"https:\/\/emeucharlevoix.com\/en\/#website"},"datePublished":"2017-09-28T21:37:27+00:00","dateModified":"2017-12-08T18:15:54+00:00","breadcrumb":{"@id":"https:\/\/emeucharlevoix.com\/en\/ufaqs\/le-vendredi-5-fevrier-2016-a-0055-lise-robert-dit-bonsoir-jaimerais-partager-avec-vous-la-deception-de-la-nouvelle-formule-amelioree-pour-la-creme-de-friction-je-viens-de-macheter-un\/#breadcrumb"},"inLanguage":"en-CA","potentialAction":[{"@type":"ReadAction","target":["https:\/\/emeucharlevoix.com\/en\/ufaqs\/le-vendredi-5-fevrier-2016-a-0055-lise-robert-dit-bonsoir-jaimerais-partager-avec-vous-la-deception-de-la-nouvelle-formule-amelioree-pour-la-creme-de-friction-je-viens-de-macheter-un\/"]}]},{"@type":"BreadcrumbList","@id":"https:\/\/emeucharlevoix.com\/en\/ufaqs\/le-vendredi-5-fevrier-2016-a-0055-lise-robert-dit-bonsoir-jaimerais-partager-avec-vous-la-deception-de-la-nouvelle-formule-amelioree-pour-la-creme-de-friction-je-viens-de-macheter-un\/#breadcrumb","itemListElement":[{"@type":"ListItem","position":1,"name":"FAQs","item":"https:\/\/emeucharlevoix.com\/en\/ufaqs\/"},{"@type":"ListItem","position":2,"name":"Le vendredi 5 f\u00e9vrier 2016 \u00e0 00:55\u00a0Lise R. dit: Bonsoir, J&#8217;aimerais partager avec vous la d\u00e9ception de la nouvelle formule am\u00e9lior\u00e9e pour la cr\u00e8me de friction. Je viens de m&#8217;acheter une bouteille de 500 ml et \u00e0 ma grande surprise la cr\u00e8me n&#8217;a pas la m\u00eame odeur qu&#8217;auparavant. Je trouve que l&#8217;Eucalyptus sent beaucoup moins et que maintenant la cr\u00e8me a une odeur de maladie. Je suis tellement d\u00e9\u00e7ue, j&#8217;adorais me mettre cette cr\u00e8me par sa fra\u00eecheur et le bienfait qu&#8217;elle me donnait. Maintenant j&#8217;attends avant de mettre cette cr\u00e8me, elle doit faire le m\u00eame bienfait mais on dirait que je ne ressens plus. J&#8217;adore tous vos produits mais ma cr\u00e8me&#8230;beaucoup moins qu&#8217;avant. Merci de me lire."}]},{"@type":"WebSite","@id":"https:\/\/emeucharlevoix.com\/en\/#website","url":"https:\/\/emeucharlevoix.com\/en\/","name":"Emeu Charlevoix","description":"Nature&#039;s gift to your skin","publisher":{"@id":"https:\/\/emeucharlevoix.com\/en\/#organization"},"potentialAction":[{"@type":"SearchAction","target":{"@type":"EntryPoint","urlTemplate":"https:\/\/emeucharlevoix.com\/en\/?s={search_term_string}"},"query-input":{"@type":"PropertyValueSpecification","valueRequired":true,"valueName":"search_term_string"}}],"inLanguage":"en-CA"},{"@type":"Organization","@id":"https:\/\/emeucharlevoix.com\/en\/#organization","name":"Emeu Charlevoix","url":"https:\/\/emeucharlevoix.com\/en\/","logo":{"@type":"ImageObject","inLanguage":"en-CA","@id":"https:\/\/emeucharlevoix.com\/en\/#\/schema\/logo\/image\/","url":"https:\/\/emeucharlevoix.com\/wp-content\/uploads\/2017\/07\/emeu-charlevoix-top.png","contentUrl":"https:\/\/emeucharlevoix.com\/wp-content\/uploads\/2017\/07\/emeu-charlevoix-top.png","width":288,"height":229,"caption":"Emeu Charlevoix"},"image":{"@id":"https:\/\/emeucharlevoix.com\/en\/#\/schema\/logo\/image\/"},"sameAs":["https:\/\/www.facebook.com\/Emeucharlevoix","https:\/\/x.com\/emeucharlevoix","https:\/\/www.youtube.com\/channel\/UCsaMSpbpc9n05S0brEVo7jg"]}]}},"_links":{"self":[{"href":"https:\/\/emeucharlevoix.com\/en\/wp-json\/wp\/v2\/ufaq\/6770","targetHints":{"allow":["GET"]}}],"collection":[{"href":"https:\/\/emeucharlevoix.com\/en\/wp-json\/wp\/v2\/ufaq"}],"about":[{"href":"https:\/\/emeucharlevoix.com\/en\/wp-json\/wp\/v2\/types\/ufaq"}],"author":[{"embeddable":true,"href":"https:\/\/emeucharlevoix.com\/en\/wp-json\/wp\/v2\/users\/1"}],"replies":[{"embeddable":true,"href":"https:\/\/emeucharlevoix.com\/en\/wp-json\/wp\/v2\/comments?post=6770"}],"wp:attachment":[{"href":"https:\/\/emeucharlevoix.com\/en\/wp-json\/wp\/v2\/media?parent=6770"}],"wp:term":[{"taxonomy":"ufaq-category","embeddable":true,"href":"https:\/\/emeucharlevoix.com\/en\/wp-json\/wp\/v2\/ufaq-category?post=6770"},{"taxonomy":"ufaq-tag","embeddable":true,"href":"https:\/\/emeucharlevoix.com\/en\/wp-json\/wp\/v2\/ufaq-tag?post=6770"}],"curies":[{"name":"wp","href":"https:\/\/api.w.org\/{rel}","templated":true}]}}