{"id":6771,"date":"2017-09-28T17:37:25","date_gmt":"2017-09-28T21:37:25","guid":{"rendered":"https:\/\/emeucom.mywhc.ca\/ufaqs\/le-jeudi-15-septembre-2016-a-2214-stephanie-dit-bonjour-je-suis-tres-tres-tres-interessee-par-vos-produits-car-jai-enormement-de-probleme-au-visage-peau-mixte-rosacee-rougeur-du-visa\/"},"modified":"2017-09-28T17:37:25","modified_gmt":"2017-09-28T21:37:25","slug":"le-jeudi-15-septembre-2016-a-2214-stephanie-dit-bonjour-je-suis-tres-tres-tres-interessee-par-vos-produits-car-jai-enormement-de-probleme-au-visage-peau-mixte-rosacee-rougeur-du-visa","status":"publish","type":"ufaq","link":"https:\/\/emeucharlevoix.com\/en\/ufaqs\/le-jeudi-15-septembre-2016-a-2214-stephanie-dit-bonjour-je-suis-tres-tres-tres-interessee-par-vos-produits-car-jai-enormement-de-probleme-au-visage-peau-mixte-rosacee-rougeur-du-visa\/","title":{"rendered":"Le jeudi 15 septembre 2016 \u00e0 22:14\u00a0St\u00e9phanie\u00a0dit: Bonjour, je suis tr\u00e8s tr\u00e8s tr\u00e8s int\u00e9ress\u00e9e par vos produits car j&#8217;ai \u00e9norm\u00e9ment de probl\u00e8me au visage. Peau mixte, rosac\u00e9e (rougeur du visage et m\u00eame sur le d\u00e9collet\u00e9), ma peau est hyper r\u00e9active (mauvais produit = je deviens rouge homard), bref, m\u00eame les meilleures cr\u00e8mes peau sensible sur le march\u00e9 ne marche pas sur moi et parfois, elle me brule m\u00eame&#8230; Donc avant de me lancer dans les grosses d\u00e9penses de vos produits (savon, huile, gel douche, shampoing, hydratant, etc&#8230;), je me demandais si c&#8217;\u00e9tais possible d&#8217;avoir un petit \u00e9chantillon de votre huile pure histoire de tester quelques jours ? Merci d&#8217;avance pour votre r\u00e9ponse."},"content":{"rendered":"<style>.ewd-ufaq-faq-title .ewd-ufaq-post-margin-symbol span { font-size: 12px !important; }div.ewd-ufaq-faq-title h5 { font-size: 9 !important; }div.ewd-ufaq-faq-post p { font-size: 7 !important; }div.ewd-ufaq-faq-post p { color: #007680 !important; }div.ewd-ufaq-author-date { font-size: 7 !important; }div.ewd-ufaq-author-date { color: #007680 !important; }div.ewd-ufaq-faq-categories, div.ewd-ufaq-faq-tags { font-size: 7 !important; }.ufaq-faq-title h5 {\r\nfont-weight:normal;\r\nmargin:10px!important;\r\n}\r\n\r\n.ufaq-faq-body .submit {\r\ncolor:#fff;\r\n}\r\n\r\n.ufaq-faq-display-style-Minimalist {\r\nborder-bottom:1px solid #007680;\r\n}\r\n\r\n.ewd-otp-field-label {\r\nwidth:auto!important;\r\ndisplay:none;\r\n}<\/style><div  class=\"ewd-ufaq-faq-list ewd-ufaq-page-type-load_more ewd-ufaq-category-tabs-\" id='ewd-ufaq-faq-list'>\n\n\t<input type='hidden' name='show_on_load' value='' id='ewd-ufaq-show-on-load' \/>\n<input type='hidden' name='include_category' value='' id='ewd-ufaq-include-category' \/>\n<input type='hidden' name='exclude_category' value='' id='ewd-ufaq-exclude-category' \/>\n<input type='hidden' name='orderby' value='date' id='ewd-ufaq-orderby' \/>\n<input type='hidden' name='order' value='desc' id='ewd-ufaq-order' \/>\n<input type='hidden' name='post_count' value='-1' id='ewd-ufaq-post-count' \/>\n<input type='hidden' name='current_url' value='\/en\/wp-json\/wp\/v2\/ufaq\/6771' id='ewd-ufaq-current-url' \/>\n\t\n\t\n\t<div class='ewd-ufaq-faqs'>\n\n\t\t<div  class=\"ewd-ufaq-faq-div ewd-ufaq-faq-column-count-one ewd-ufaq-faq-responsive-columns- ewd-ufaq-faq-display-style-one ewd-ufaq-can-be-toggled\" id='ewd-ufaq-post-6771-pGNE4RaMEu' data-post_id='6771'>\n\n\t\t\n\t<div class='ewd-ufaq-faq-title ewd-ufaq-faq-toggle'>\n\t\n\t<a class='ewd-ufaq-post-margin'  href='#' role=\"button\">\n\n\t\t<div class='ewd-ufaq-post-margin-symbol ewd-ufaq-square'>\n\t\t\t<span >B<\/span>\n\t\t<\/div>\n\n\t\t<div class='ewd-ufaq-faq-title-text'>\n\n\t\t\t<h5>\n\t\t\t\tLe jeudi 15 septembre 2016 \u00e0 22:14\u00a0St\u00e9phanie\u00a0dit: Bonjour, je suis tr\u00e8s tr\u00e8s tr\u00e8s int\u00e9ress\u00e9e par vos produits car j&#8217;ai \u00e9norm\u00e9ment de probl\u00e8me au visage. Peau mixte, rosac\u00e9e (rougeur du visage et m\u00eame sur le d\u00e9collet\u00e9), ma peau est hyper r\u00e9active (mauvais produit = je deviens rouge homard), bref, m\u00eame les meilleures cr\u00e8mes peau sensible sur le march\u00e9 ne marche pas sur moi et parfois, elle me brule m\u00eame&#8230; Donc avant de me lancer dans les grosses d\u00e9penses de vos produits (savon, huile, gel douche, shampoing, hydratant, etc&#8230;), je me demandais si c&#8217;\u00e9tais possible d&#8217;avoir un petit \u00e9chantillon de votre huile pure histoire de tester quelques jours ? Merci d&#8217;avance pour votre r\u00e9ponse.\t\t\t<\/h5>\n\n\t\t<\/div>\n\n\t\t<div class='ewd-ufaq-clear'><\/div>\n\n\t<\/a>\n\t\n<\/div>\n\t\n\t<div class='ewd-ufaq-faq-body' >\n\n\t\t\n\t\t\t\n\t\t\n\t\t\t<div class='ewd-ufaq-post-margin ewd-ufaq-faq-post'>\n\t<p>Le mardi 20 septembre 2016 \u00e0 09:36\u00a0Emeucharlevoix\u00a0dit: Bonjour, nous comprenons tout \u00e0 fait. Vous pouvez communiquer avec nous par t\u00e9l\u00e9phone au 418-667-5443 afin de pouvoir discuter de votre situation. Nous vous envoyons aussi un courriel \u00e0 votre adresse. Merci et au plaisir. Bonne journ\u00e9e!<\/p>\n<\/div>\n\t\t\n\t\t\t<div class='ewd-ufaq-faq-custom-fields'>\n\n\t\n<\/div>\n\t\t\n\t\t\t\n\t\t\n\t\t\t\n\t\t\n\t\t\t\n\t\t\n\t\t\t\n\t\t\n\t\t\t\n\t\t\n\t\t\t\n\t\t\n\t\t\t\n\t\t\n\t<\/div>\n\n<\/div>\n\t<\/div>\n\n\t\n<\/div>","protected":false},"excerpt":{"rendered":"<p>B Le jeudi 15 septembre 2016 \u00e0 22:14\u00a0St\u00e9phanie\u00a0dit: Bonjour, je suis tr\u00e8s tr\u00e8s tr\u00e8s int\u00e9ress\u00e9e par vos produits car j&#8217;ai \u00e9norm\u00e9ment de probl\u00e8me au visage. Peau mixte, rosac\u00e9e (rougeur du visage et m\u00eame sur le d\u00e9collet\u00e9), ma peau est hyper r\u00e9active (mauvais produit = je deviens rouge homard), bref, m\u00eame les meilleures cr\u00e8mes peau sensible [&#8230;]\n","protected":false},"author":1,"featured_media":0,"comment_status":"closed","ping_status":"closed","template":"","ufaq-category":[339,572],"ufaq-tag":[608],"class_list":["post-6771","ufaq","type-ufaq","status-publish","hentry","ufaq-category-emu-oil","ufaq-category-sensitive-skin","ufaq-tag-huile-emeu-en"],"yoast_head":"<!-- This site is optimized with the Yoast SEO plugin v27.1.1 - https:\/\/yoast.com\/product\/yoast-seo-wordpress\/ -->\n<title>Le jeudi 15 septembre 2016 \u00e0 22:14\u00a0St\u00e9phanie\u00a0dit: Bonjour, je suis tr\u00e8s tr\u00e8s tr\u00e8s int\u00e9ress\u00e9e par vos produits car j&#039;ai \u00e9norm\u00e9ment de probl\u00e8me au visage. Peau mixte, rosac\u00e9e (rougeur du visage et m\u00eame sur le d\u00e9collet\u00e9), ma peau est hyper r\u00e9active (mauvais produit = je deviens rouge homard), bref, m\u00eame les meilleures cr\u00e8mes peau sensible sur le march\u00e9 ne marche pas sur moi et parfois, elle me brule m\u00eame... Donc avant de me lancer dans les grosses d\u00e9penses de vos produits (savon, huile, gel douche, shampoing, hydratant, etc...), je me demandais si c&#039;\u00e9tais possible d&#039;avoir un petit \u00e9chantillon de votre huile pure histoire de tester quelques jours ? Merci d&#039;avance pour votre r\u00e9ponse. - Emeu Charlevoix<\/title>\n<meta name=\"robots\" content=\"index, follow, max-snippet:-1, max-image-preview:large, max-video-preview:-1\" \/>\n<link rel=\"canonical\" href=\"https:\/\/emeucharlevoix.com\/en\/ufaqs\/le-jeudi-15-septembre-2016-a-2214-stephanie-dit-bonjour-je-suis-tres-tres-tres-interessee-par-vos-produits-car-jai-enormement-de-probleme-au-visage-peau-mixte-rosacee-rougeur-du-visa\/\" \/>\n<meta property=\"og:locale\" content=\"en_US\" \/>\n<meta property=\"og:type\" content=\"article\" \/>\n<meta property=\"og:title\" content=\"Le jeudi 15 septembre 2016 \u00e0 22:14\u00a0St\u00e9phanie\u00a0dit: Bonjour, je suis tr\u00e8s tr\u00e8s tr\u00e8s int\u00e9ress\u00e9e par vos produits car j&#039;ai \u00e9norm\u00e9ment de probl\u00e8me au visage. Peau mixte, rosac\u00e9e (rougeur du visage et m\u00eame sur le d\u00e9collet\u00e9), ma peau est hyper r\u00e9active (mauvais produit = je deviens rouge homard), bref, m\u00eame les meilleures cr\u00e8mes peau sensible sur le march\u00e9 ne marche pas sur moi et parfois, elle me brule m\u00eame... Donc avant de me lancer dans les grosses d\u00e9penses de vos produits (savon, huile, gel douche, shampoing, hydratant, etc...), je me demandais si c&#039;\u00e9tais possible d&#039;avoir un petit \u00e9chantillon de votre huile pure histoire de tester quelques jours ? Merci d&#039;avance pour votre r\u00e9ponse. - Emeu Charlevoix\" \/>\n<meta property=\"og:description\" content=\"B Le jeudi 15 septembre 2016 \u00e0 22:14\u00a0St\u00e9phanie\u00a0dit: Bonjour, je suis tr\u00e8s tr\u00e8s tr\u00e8s int\u00e9ress\u00e9e par vos produits car j&#8217;ai \u00e9norm\u00e9ment de probl\u00e8me au visage. Peau mixte, rosac\u00e9e (rougeur du visage et m\u00eame sur le d\u00e9collet\u00e9), ma peau est hyper r\u00e9active (mauvais produit = je deviens rouge homard), bref, m\u00eame les meilleures cr\u00e8mes peau sensible [...]\" \/>\n<meta property=\"og:url\" content=\"https:\/\/emeucharlevoix.com\/en\/ufaqs\/le-jeudi-15-septembre-2016-a-2214-stephanie-dit-bonjour-je-suis-tres-tres-tres-interessee-par-vos-produits-car-jai-enormement-de-probleme-au-visage-peau-mixte-rosacee-rougeur-du-visa\/\" \/>\n<meta property=\"og:site_name\" content=\"Emeu Charlevoix\" \/>\n<meta property=\"article:publisher\" content=\"https:\/\/www.facebook.com\/Emeucharlevoix\" \/>\n<meta name=\"twitter:card\" content=\"summary_large_image\" \/>\n<meta name=\"twitter:site\" content=\"@emeucharlevoix\" \/>\n<script type=\"application\/ld+json\" class=\"yoast-schema-graph\">{\"@context\":\"https:\/\/schema.org\",\"@graph\":[{\"@type\":[\"WebPage\",\"FAQPage\"],\"@id\":\"https:\/\/emeucharlevoix.com\/en\/ufaqs\/le-jeudi-15-septembre-2016-a-2214-stephanie-dit-bonjour-je-suis-tres-tres-tres-interessee-par-vos-produits-car-jai-enormement-de-probleme-au-visage-peau-mixte-rosacee-rougeur-du-visa\/\",\"url\":\"https:\/\/emeucharlevoix.com\/en\/ufaqs\/le-jeudi-15-septembre-2016-a-2214-stephanie-dit-bonjour-je-suis-tres-tres-tres-interessee-par-vos-produits-car-jai-enormement-de-probleme-au-visage-peau-mixte-rosacee-rougeur-du-visa\/\",\"name\":\"Le jeudi 15 septembre 2016 \u00e0 22:14\u00a0St\u00e9phanie\u00a0dit: Bonjour, je suis tr\u00e8s tr\u00e8s tr\u00e8s int\u00e9ress\u00e9e par vos produits car j'ai \u00e9norm\u00e9ment de probl\u00e8me au visage. Peau mixte, rosac\u00e9e (rougeur du visage et m\u00eame sur le d\u00e9collet\u00e9), ma peau est hyper r\u00e9active (mauvais produit = je deviens rouge homard), bref, m\u00eame les meilleures cr\u00e8mes peau sensible sur le march\u00e9 ne marche pas sur moi et parfois, elle me brule m\u00eame... Donc avant de me lancer dans les grosses d\u00e9penses de vos produits (savon, huile, gel douche, shampoing, hydratant, etc...), je me demandais si c'\u00e9tais possible d'avoir un petit \u00e9chantillon de votre huile pure histoire de tester quelques jours ? Merci d'avance pour votre r\u00e9ponse. - Emeu Charlevoix\",\"isPartOf\":{\"@id\":\"https:\/\/emeucharlevoix.com\/en\/#website\"},\"datePublished\":\"2017-09-28T21:37:25+00:00\",\"breadcrumb\":{\"@id\":\"https:\/\/emeucharlevoix.com\/en\/ufaqs\/le-jeudi-15-septembre-2016-a-2214-stephanie-dit-bonjour-je-suis-tres-tres-tres-interessee-par-vos-produits-car-jai-enormement-de-probleme-au-visage-peau-mixte-rosacee-rougeur-du-visa\/#breadcrumb\"},\"inLanguage\":\"en-CA\",\"potentialAction\":[{\"@type\":\"ReadAction\",\"target\":[\"https:\/\/emeucharlevoix.com\/en\/ufaqs\/le-jeudi-15-septembre-2016-a-2214-stephanie-dit-bonjour-je-suis-tres-tres-tres-interessee-par-vos-produits-car-jai-enormement-de-probleme-au-visage-peau-mixte-rosacee-rougeur-du-visa\/\"]}]},{\"@type\":\"BreadcrumbList\",\"@id\":\"https:\/\/emeucharlevoix.com\/en\/ufaqs\/le-jeudi-15-septembre-2016-a-2214-stephanie-dit-bonjour-je-suis-tres-tres-tres-interessee-par-vos-produits-car-jai-enormement-de-probleme-au-visage-peau-mixte-rosacee-rougeur-du-visa\/#breadcrumb\",\"itemListElement\":[{\"@type\":\"ListItem\",\"position\":1,\"name\":\"FAQs\",\"item\":\"https:\/\/emeucharlevoix.com\/en\/ufaqs\/\"},{\"@type\":\"ListItem\",\"position\":2,\"name\":\"Le jeudi 15 septembre 2016 \u00e0 22:14\u00a0St\u00e9phanie\u00a0dit: Bonjour, je suis tr\u00e8s tr\u00e8s tr\u00e8s int\u00e9ress\u00e9e par vos produits car j&#8217;ai \u00e9norm\u00e9ment de probl\u00e8me au visage. Peau mixte, rosac\u00e9e (rougeur du visage et m\u00eame sur le d\u00e9collet\u00e9), ma peau est hyper r\u00e9active (mauvais produit = je deviens rouge homard), bref, m\u00eame les meilleures cr\u00e8mes peau sensible sur le march\u00e9 ne marche pas sur moi et parfois, elle me brule m\u00eame&#8230; Donc avant de me lancer dans les grosses d\u00e9penses de vos produits (savon, huile, gel douche, shampoing, hydratant, etc&#8230;), je me demandais si c&#8217;\u00e9tais possible d&#8217;avoir un petit \u00e9chantillon de votre huile pure histoire de tester quelques jours ? Merci d&#8217;avance pour votre r\u00e9ponse.\"}]},{\"@type\":\"WebSite\",\"@id\":\"https:\/\/emeucharlevoix.com\/en\/#website\",\"url\":\"https:\/\/emeucharlevoix.com\/en\/\",\"name\":\"Emeu Charlevoix\",\"description\":\"Nature&#039;s gift to your skin\",\"publisher\":{\"@id\":\"https:\/\/emeucharlevoix.com\/en\/#organization\"},\"potentialAction\":[{\"@type\":\"SearchAction\",\"target\":{\"@type\":\"EntryPoint\",\"urlTemplate\":\"https:\/\/emeucharlevoix.com\/en\/?s={search_term_string}\"},\"query-input\":{\"@type\":\"PropertyValueSpecification\",\"valueRequired\":true,\"valueName\":\"search_term_string\"}}],\"inLanguage\":\"en-CA\"},{\"@type\":\"Organization\",\"@id\":\"https:\/\/emeucharlevoix.com\/en\/#organization\",\"name\":\"Emeu Charlevoix\",\"url\":\"https:\/\/emeucharlevoix.com\/en\/\",\"logo\":{\"@type\":\"ImageObject\",\"inLanguage\":\"en-CA\",\"@id\":\"https:\/\/emeucharlevoix.com\/en\/#\/schema\/logo\/image\/\",\"url\":\"https:\/\/emeucharlevoix.com\/wp-content\/uploads\/2017\/07\/emeu-charlevoix-top.png\",\"contentUrl\":\"https:\/\/emeucharlevoix.com\/wp-content\/uploads\/2017\/07\/emeu-charlevoix-top.png\",\"width\":288,\"height\":229,\"caption\":\"Emeu Charlevoix\"},\"image\":{\"@id\":\"https:\/\/emeucharlevoix.com\/en\/#\/schema\/logo\/image\/\"},\"sameAs\":[\"https:\/\/www.facebook.com\/Emeucharlevoix\",\"https:\/\/x.com\/emeucharlevoix\",\"https:\/\/www.youtube.com\/channel\/UCsaMSpbpc9n05S0brEVo7jg\"]}]}<\/script>\n<!-- \/ Yoast SEO plugin. -->","yoast_head_json":{"title":"Le jeudi 15 septembre 2016 \u00e0 22:14\u00a0St\u00e9phanie\u00a0dit: Bonjour, je suis tr\u00e8s tr\u00e8s tr\u00e8s int\u00e9ress\u00e9e par vos produits car j'ai \u00e9norm\u00e9ment de probl\u00e8me au visage. Peau mixte, rosac\u00e9e (rougeur du visage et m\u00eame sur le d\u00e9collet\u00e9), ma peau est hyper r\u00e9active (mauvais produit = je deviens rouge homard), bref, m\u00eame les meilleures cr\u00e8mes peau sensible sur le march\u00e9 ne marche pas sur moi et parfois, elle me brule m\u00eame... Donc avant de me lancer dans les grosses d\u00e9penses de vos produits (savon, huile, gel douche, shampoing, hydratant, etc...), je me demandais si c'\u00e9tais possible d'avoir un petit \u00e9chantillon de votre huile pure histoire de tester quelques jours ? Merci d'avance pour votre r\u00e9ponse. - Emeu Charlevoix","robots":{"index":"index","follow":"follow","max-snippet":"max-snippet:-1","max-image-preview":"max-image-preview:large","max-video-preview":"max-video-preview:-1"},"canonical":"https:\/\/emeucharlevoix.com\/en\/ufaqs\/le-jeudi-15-septembre-2016-a-2214-stephanie-dit-bonjour-je-suis-tres-tres-tres-interessee-par-vos-produits-car-jai-enormement-de-probleme-au-visage-peau-mixte-rosacee-rougeur-du-visa\/","og_locale":"en_US","og_type":"article","og_title":"Le jeudi 15 septembre 2016 \u00e0 22:14\u00a0St\u00e9phanie\u00a0dit: Bonjour, je suis tr\u00e8s tr\u00e8s tr\u00e8s int\u00e9ress\u00e9e par vos produits car j'ai \u00e9norm\u00e9ment de probl\u00e8me au visage. Peau mixte, rosac\u00e9e (rougeur du visage et m\u00eame sur le d\u00e9collet\u00e9), ma peau est hyper r\u00e9active (mauvais produit = je deviens rouge homard), bref, m\u00eame les meilleures cr\u00e8mes peau sensible sur le march\u00e9 ne marche pas sur moi et parfois, elle me brule m\u00eame... Donc avant de me lancer dans les grosses d\u00e9penses de vos produits (savon, huile, gel douche, shampoing, hydratant, etc...), je me demandais si c'\u00e9tais possible d'avoir un petit \u00e9chantillon de votre huile pure histoire de tester quelques jours ? Merci d'avance pour votre r\u00e9ponse. - Emeu Charlevoix","og_description":"B Le jeudi 15 septembre 2016 \u00e0 22:14\u00a0St\u00e9phanie\u00a0dit: Bonjour, je suis tr\u00e8s tr\u00e8s tr\u00e8s int\u00e9ress\u00e9e par vos produits car j&#8217;ai \u00e9norm\u00e9ment de probl\u00e8me au visage. Peau mixte, rosac\u00e9e (rougeur du visage et m\u00eame sur le d\u00e9collet\u00e9), ma peau est hyper r\u00e9active (mauvais produit = je deviens rouge homard), bref, m\u00eame les meilleures cr\u00e8mes peau sensible [...]","og_url":"https:\/\/emeucharlevoix.com\/en\/ufaqs\/le-jeudi-15-septembre-2016-a-2214-stephanie-dit-bonjour-je-suis-tres-tres-tres-interessee-par-vos-produits-car-jai-enormement-de-probleme-au-visage-peau-mixte-rosacee-rougeur-du-visa\/","og_site_name":"Emeu Charlevoix","article_publisher":"https:\/\/www.facebook.com\/Emeucharlevoix","twitter_card":"summary_large_image","twitter_site":"@emeucharlevoix","schema":{"@context":"https:\/\/schema.org","@graph":[{"@type":["WebPage","FAQPage"],"@id":"https:\/\/emeucharlevoix.com\/en\/ufaqs\/le-jeudi-15-septembre-2016-a-2214-stephanie-dit-bonjour-je-suis-tres-tres-tres-interessee-par-vos-produits-car-jai-enormement-de-probleme-au-visage-peau-mixte-rosacee-rougeur-du-visa\/","url":"https:\/\/emeucharlevoix.com\/en\/ufaqs\/le-jeudi-15-septembre-2016-a-2214-stephanie-dit-bonjour-je-suis-tres-tres-tres-interessee-par-vos-produits-car-jai-enormement-de-probleme-au-visage-peau-mixte-rosacee-rougeur-du-visa\/","name":"Le jeudi 15 septembre 2016 \u00e0 22:14\u00a0St\u00e9phanie\u00a0dit: Bonjour, je suis tr\u00e8s tr\u00e8s tr\u00e8s int\u00e9ress\u00e9e par vos produits car j'ai \u00e9norm\u00e9ment de probl\u00e8me au visage. Peau mixte, rosac\u00e9e (rougeur du visage et m\u00eame sur le d\u00e9collet\u00e9), ma peau est hyper r\u00e9active (mauvais produit = je deviens rouge homard), bref, m\u00eame les meilleures cr\u00e8mes peau sensible sur le march\u00e9 ne marche pas sur moi et parfois, elle me brule m\u00eame... Donc avant de me lancer dans les grosses d\u00e9penses de vos produits (savon, huile, gel douche, shampoing, hydratant, etc...), je me demandais si c'\u00e9tais possible d'avoir un petit \u00e9chantillon de votre huile pure histoire de tester quelques jours ? Merci d'avance pour votre r\u00e9ponse. - Emeu Charlevoix","isPartOf":{"@id":"https:\/\/emeucharlevoix.com\/en\/#website"},"datePublished":"2017-09-28T21:37:25+00:00","breadcrumb":{"@id":"https:\/\/emeucharlevoix.com\/en\/ufaqs\/le-jeudi-15-septembre-2016-a-2214-stephanie-dit-bonjour-je-suis-tres-tres-tres-interessee-par-vos-produits-car-jai-enormement-de-probleme-au-visage-peau-mixte-rosacee-rougeur-du-visa\/#breadcrumb"},"inLanguage":"en-CA","potentialAction":[{"@type":"ReadAction","target":["https:\/\/emeucharlevoix.com\/en\/ufaqs\/le-jeudi-15-septembre-2016-a-2214-stephanie-dit-bonjour-je-suis-tres-tres-tres-interessee-par-vos-produits-car-jai-enormement-de-probleme-au-visage-peau-mixte-rosacee-rougeur-du-visa\/"]}]},{"@type":"BreadcrumbList","@id":"https:\/\/emeucharlevoix.com\/en\/ufaqs\/le-jeudi-15-septembre-2016-a-2214-stephanie-dit-bonjour-je-suis-tres-tres-tres-interessee-par-vos-produits-car-jai-enormement-de-probleme-au-visage-peau-mixte-rosacee-rougeur-du-visa\/#breadcrumb","itemListElement":[{"@type":"ListItem","position":1,"name":"FAQs","item":"https:\/\/emeucharlevoix.com\/en\/ufaqs\/"},{"@type":"ListItem","position":2,"name":"Le jeudi 15 septembre 2016 \u00e0 22:14\u00a0St\u00e9phanie\u00a0dit: Bonjour, je suis tr\u00e8s tr\u00e8s tr\u00e8s int\u00e9ress\u00e9e par vos produits car j&#8217;ai \u00e9norm\u00e9ment de probl\u00e8me au visage. Peau mixte, rosac\u00e9e (rougeur du visage et m\u00eame sur le d\u00e9collet\u00e9), ma peau est hyper r\u00e9active (mauvais produit = je deviens rouge homard), bref, m\u00eame les meilleures cr\u00e8mes peau sensible sur le march\u00e9 ne marche pas sur moi et parfois, elle me brule m\u00eame&#8230; Donc avant de me lancer dans les grosses d\u00e9penses de vos produits (savon, huile, gel douche, shampoing, hydratant, etc&#8230;), je me demandais si c&#8217;\u00e9tais possible d&#8217;avoir un petit \u00e9chantillon de votre huile pure histoire de tester quelques jours ? Merci d&#8217;avance pour votre r\u00e9ponse."}]},{"@type":"WebSite","@id":"https:\/\/emeucharlevoix.com\/en\/#website","url":"https:\/\/emeucharlevoix.com\/en\/","name":"Emeu Charlevoix","description":"Nature&#039;s gift to your skin","publisher":{"@id":"https:\/\/emeucharlevoix.com\/en\/#organization"},"potentialAction":[{"@type":"SearchAction","target":{"@type":"EntryPoint","urlTemplate":"https:\/\/emeucharlevoix.com\/en\/?s={search_term_string}"},"query-input":{"@type":"PropertyValueSpecification","valueRequired":true,"valueName":"search_term_string"}}],"inLanguage":"en-CA"},{"@type":"Organization","@id":"https:\/\/emeucharlevoix.com\/en\/#organization","name":"Emeu Charlevoix","url":"https:\/\/emeucharlevoix.com\/en\/","logo":{"@type":"ImageObject","inLanguage":"en-CA","@id":"https:\/\/emeucharlevoix.com\/en\/#\/schema\/logo\/image\/","url":"https:\/\/emeucharlevoix.com\/wp-content\/uploads\/2017\/07\/emeu-charlevoix-top.png","contentUrl":"https:\/\/emeucharlevoix.com\/wp-content\/uploads\/2017\/07\/emeu-charlevoix-top.png","width":288,"height":229,"caption":"Emeu Charlevoix"},"image":{"@id":"https:\/\/emeucharlevoix.com\/en\/#\/schema\/logo\/image\/"},"sameAs":["https:\/\/www.facebook.com\/Emeucharlevoix","https:\/\/x.com\/emeucharlevoix","https:\/\/www.youtube.com\/channel\/UCsaMSpbpc9n05S0brEVo7jg"]}]}},"_links":{"self":[{"href":"https:\/\/emeucharlevoix.com\/en\/wp-json\/wp\/v2\/ufaq\/6771","targetHints":{"allow":["GET"]}}],"collection":[{"href":"https:\/\/emeucharlevoix.com\/en\/wp-json\/wp\/v2\/ufaq"}],"about":[{"href":"https:\/\/emeucharlevoix.com\/en\/wp-json\/wp\/v2\/types\/ufaq"}],"author":[{"embeddable":true,"href":"https:\/\/emeucharlevoix.com\/en\/wp-json\/wp\/v2\/users\/1"}],"replies":[{"embeddable":true,"href":"https:\/\/emeucharlevoix.com\/en\/wp-json\/wp\/v2\/comments?post=6771"}],"wp:attachment":[{"href":"https:\/\/emeucharlevoix.com\/en\/wp-json\/wp\/v2\/media?parent=6771"}],"wp:term":[{"taxonomy":"ufaq-category","embeddable":true,"href":"https:\/\/emeucharlevoix.com\/en\/wp-json\/wp\/v2\/ufaq-category?post=6771"},{"taxonomy":"ufaq-tag","embeddable":true,"href":"https:\/\/emeucharlevoix.com\/en\/wp-json\/wp\/v2\/ufaq-tag?post=6771"}],"curies":[{"name":"wp","href":"https:\/\/api.w.org\/{rel}","templated":true}]}}