{"id":6794,"date":"2017-09-28T17:37:22","date_gmt":"2017-09-28T21:37:22","guid":{"rendered":"https:\/\/emeucom.mywhc.ca\/ufaqs\/le-dimanche-1-decembre-2013-a-1115-chantal-dit-bonjour-a-vous-jadore-vos-produits-lhuile-demeu-est-fantastique-et-jai-le-shampoing-je-vous-demande-quoi-faire-mon-chum-fais-du-ps\/"},"modified":"2017-09-28T17:37:22","modified_gmt":"2017-09-28T21:37:22","slug":"le-dimanche-1-decembre-2013-a-1115-chantal-dit-bonjour-a-vous-jadore-vos-produits-lhuile-demeu-est-fantastique-et-jai-le-shampoing-je-vous-demande-quoi-faire-mon-chum-fais-du-ps","status":"publish","type":"ufaq","link":"https:\/\/emeucharlevoix.com\/en\/ufaqs\/le-dimanche-1-decembre-2013-a-1115-chantal-dit-bonjour-a-vous-jadore-vos-produits-lhuile-demeu-est-fantastique-et-jai-le-shampoing-je-vous-demande-quoi-faire-mon-chum-fais-du-ps\/","title":{"rendered":"Le dimanche 1 d\u00e9cembre 2013 \u00e0 11:15\u00a0Chantal\u00a0dit: Bonjour \u00e0 vous!!! J&#8217;adore vos produits l&#8217;huile d&#8217;\u00c9meu est fantastique et j&#8217;ai le shampoing je vous demande quoi faire mon chum fais du psoriasis cuir chevelu je me demande si il doit ce laver les cheveux a tout les jours ou au 2 jours mais je ne vois pas beaucoup de diff\u00e9rence car quand les cheveux s\u00e8che le tout reviens et c&#8217;est vraiment des grosses peau morte qui ressort alors j&#8217;aimerais avoir des trucs ou des conseils pour que sa diminue s.v.p. J&#8217;attends de vos nouvelles et merci encore."},"content":{"rendered":"<style>.ewd-ufaq-faq-title .ewd-ufaq-post-margin-symbol span { font-size: 12px !important; }div.ewd-ufaq-faq-title h5 { font-size: 9 !important; }div.ewd-ufaq-faq-post p { font-size: 7 !important; }div.ewd-ufaq-faq-post p { color: #007680 !important; }div.ewd-ufaq-author-date { font-size: 7 !important; }div.ewd-ufaq-author-date { color: #007680 !important; }div.ewd-ufaq-faq-categories, div.ewd-ufaq-faq-tags { font-size: 7 !important; }.ufaq-faq-title h5 {\r\nfont-weight:normal;\r\nmargin:10px!important;\r\n}\r\n\r\n.ufaq-faq-body .submit {\r\ncolor:#fff;\r\n}\r\n\r\n.ufaq-faq-display-style-Minimalist {\r\nborder-bottom:1px solid #007680;\r\n}\r\n\r\n.ewd-otp-field-label {\r\nwidth:auto!important;\r\ndisplay:none;\r\n}<\/style><div  class=\"ewd-ufaq-faq-list ewd-ufaq-page-type-load_more ewd-ufaq-category-tabs-\" id='ewd-ufaq-faq-list'>\n\n\t<input type='hidden' name='show_on_load' value='' id='ewd-ufaq-show-on-load' \/>\n<input type='hidden' name='include_category' value='' id='ewd-ufaq-include-category' \/>\n<input type='hidden' name='exclude_category' value='' id='ewd-ufaq-exclude-category' \/>\n<input type='hidden' name='orderby' value='date' id='ewd-ufaq-orderby' \/>\n<input type='hidden' name='order' value='desc' id='ewd-ufaq-order' \/>\n<input type='hidden' name='post_count' value='-1' id='ewd-ufaq-post-count' \/>\n<input type='hidden' name='current_url' value='\/en\/wp-json\/wp\/v2\/ufaq\/6794' id='ewd-ufaq-current-url' \/>\n\t\n\t\n\t<div class='ewd-ufaq-faqs'>\n\n\t\t<div  class=\"ewd-ufaq-faq-div ewd-ufaq-faq-column-count-one ewd-ufaq-faq-responsive-columns- ewd-ufaq-faq-display-style-one ewd-ufaq-can-be-toggled\" id='ewd-ufaq-post-6794-fFWViAiI6e' data-post_id='6794'>\n\n\t\t\n\t<div class='ewd-ufaq-faq-title ewd-ufaq-faq-toggle'>\n\t\n\t<a class='ewd-ufaq-post-margin'  href='#' role=\"button\">\n\n\t\t<div class='ewd-ufaq-post-margin-symbol ewd-ufaq-square'>\n\t\t\t<span >B<\/span>\n\t\t<\/div>\n\n\t\t<div class='ewd-ufaq-faq-title-text'>\n\n\t\t\t<h5>\n\t\t\t\tLe dimanche 1 d\u00e9cembre 2013 \u00e0 11:15\u00a0Chantal\u00a0dit: Bonjour \u00e0 vous!!! J&#8217;adore vos produits l&#8217;huile d&#8217;\u00c9meu est fantastique et j&#8217;ai le shampoing je vous demande quoi faire mon chum fais du psoriasis cuir chevelu je me demande si il doit ce laver les cheveux a tout les jours ou au 2 jours mais je ne vois pas beaucoup de diff\u00e9rence car quand les cheveux s\u00e8che le tout reviens et c&#8217;est vraiment des grosses peau morte qui ressort alors j&#8217;aimerais avoir des trucs ou des conseils pour que sa diminue s.v.p. J&#8217;attends de vos nouvelles et merci encore.\t\t\t<\/h5>\n\n\t\t<\/div>\n\n\t\t<div class='ewd-ufaq-clear'><\/div>\n\n\t<\/a>\n\t\n<\/div>\n\t\n\t<div class='ewd-ufaq-faq-body' >\n\n\t\t\n\t\t\t\n\t\t\n\t\t\t<div class='ewd-ufaq-post-margin ewd-ufaq-faq-post'>\n\t<p>Le dimanche 8 d\u00e9cembre 2013 \u00e0 20:58\u00a0Emeu Charlevoix\u00a0dit: Bonjour Chantal, pour une telle situation de psoriasis dans la t\u00eate, nous proposons d&#8217;utiliser l&#8217;Huile d\u2019\u00e9meu pure et le Shampooing hydratant \u00e0 l\u2019huile d\u2019\u00e9meu. Masser le cuir chevelu avec quelques gouttes d\u2019huile d\u2019\u00e9meu pure au moins 2 \u00e0 3 fois par semaine. Bien faire p\u00e9n\u00e9trer l\u2019huile sur le cuir chevelu et non sur les cheveux. Laisser p\u00e9n\u00e9trer toute la nuit. Vous laver les cheveux au maximum 2 \u00e0 3 fois semaine. Utiliser le Shampooing hydratant \u00e0 l\u2019huile d\u2019\u00e9meu. Il est doux et aide \u00e0 att\u00e9nuer les d\u00e9mangeaisons et les plaques. Dans le cas de plaques r\u00e9sistantes, appliquer une goutte d\u2019Huile d\u2019\u00e9meu pure sur la plaque \u00e0 chaque soir. Laisser p\u00e9n\u00e9trer l\u2019huile sans laver les cheveux. Si malgr\u00e9 ce soin, vos cheveux demeurent secs, je vous sugg\u00e8re de compl\u00e9ter l\u2019hydratation de votre chevelure avec le Revitalisant hydratant \u00e0 l\u2019huile d\u2019\u00e9meu qui est sans rin\u00e7age. Appliquer une petite noix sur les cheveux et masser l\u00e9g\u00e8rement.<\/p>\n<\/div>\n\t\t\n\t\t\t<div class='ewd-ufaq-faq-custom-fields'>\n\n\t\n<\/div>\n\t\t\n\t\t\t\n\t\t\n\t\t\t\n\t\t\n\t\t\t\n\t\t\n\t\t\t\n\t\t\n\t\t\t\n\t\t\n\t\t\t\n\t\t\n\t\t\t\n\t\t\n\t<\/div>\n\n<\/div>\n\t<\/div>\n\n\t\n<\/div>","protected":false},"excerpt":{"rendered":"<p>B Le dimanche 1 d\u00e9cembre 2013 \u00e0 11:15\u00a0Chantal\u00a0dit: Bonjour \u00e0 vous!!! J&#8217;adore vos produits l&#8217;huile d&#8217;\u00c9meu est fantastique et j&#8217;ai le shampoing je vous demande quoi faire mon chum fais du psoriasis cuir chevelu je me demande si il doit ce laver les cheveux a tout les jours ou au 2 jours mais je ne [&#8230;]\n","protected":false},"author":1,"featured_media":0,"comment_status":"closed","ping_status":"closed","template":"","ufaq-category":[585,425],"ufaq-tag":[600],"class_list":["post-6794","ufaq","type-ufaq","status-publish","hentry","ufaq-category-moisturizing-shampoo","ufaq-category-psoriasis-en","ufaq-tag-shampooing-hydratant-en"],"yoast_head":"<!-- This site is optimized with the Yoast SEO plugin v27.1.1 - https:\/\/yoast.com\/product\/yoast-seo-wordpress\/ -->\n<title>Le dimanche 1 d\u00e9cembre 2013 \u00e0 11:15\u00a0Chantal\u00a0dit: Bonjour \u00e0 vous!!! J&#039;adore vos produits l&#039;huile d&#039;\u00c9meu est fantastique et j&#039;ai le shampoing je vous demande quoi faire mon chum fais du psoriasis cuir chevelu je me demande si il doit ce laver les cheveux a tout les jours ou au 2 jours mais je ne vois pas beaucoup de diff\u00e9rence car quand les cheveux s\u00e8che le tout reviens et c&#039;est vraiment des grosses peau morte qui ressort alors j&#039;aimerais avoir des trucs ou des conseils pour que sa diminue s.v.p. J&#039;attends de vos nouvelles et merci encore. - Emeu Charlevoix<\/title>\n<meta name=\"robots\" content=\"index, follow, max-snippet:-1, max-image-preview:large, max-video-preview:-1\" \/>\n<link rel=\"canonical\" href=\"https:\/\/emeucharlevoix.com\/en\/ufaqs\/le-dimanche-1-decembre-2013-a-1115-chantal-dit-bonjour-a-vous-jadore-vos-produits-lhuile-demeu-est-fantastique-et-jai-le-shampoing-je-vous-demande-quoi-faire-mon-chum-fais-du-ps\/\" \/>\n<meta property=\"og:locale\" content=\"en_US\" \/>\n<meta property=\"og:type\" content=\"article\" \/>\n<meta property=\"og:title\" content=\"Le dimanche 1 d\u00e9cembre 2013 \u00e0 11:15\u00a0Chantal\u00a0dit: Bonjour \u00e0 vous!!! J&#039;adore vos produits l&#039;huile d&#039;\u00c9meu est fantastique et j&#039;ai le shampoing je vous demande quoi faire mon chum fais du psoriasis cuir chevelu je me demande si il doit ce laver les cheveux a tout les jours ou au 2 jours mais je ne vois pas beaucoup de diff\u00e9rence car quand les cheveux s\u00e8che le tout reviens et c&#039;est vraiment des grosses peau morte qui ressort alors j&#039;aimerais avoir des trucs ou des conseils pour que sa diminue s.v.p. J&#039;attends de vos nouvelles et merci encore. - Emeu Charlevoix\" \/>\n<meta property=\"og:description\" content=\"B Le dimanche 1 d\u00e9cembre 2013 \u00e0 11:15\u00a0Chantal\u00a0dit: Bonjour \u00e0 vous!!! J&#8217;adore vos produits l&#8217;huile d&#8217;\u00c9meu est fantastique et j&#8217;ai le shampoing je vous demande quoi faire mon chum fais du psoriasis cuir chevelu je me demande si il doit ce laver les cheveux a tout les jours ou au 2 jours mais je ne [...]\" \/>\n<meta property=\"og:url\" content=\"https:\/\/emeucharlevoix.com\/en\/ufaqs\/le-dimanche-1-decembre-2013-a-1115-chantal-dit-bonjour-a-vous-jadore-vos-produits-lhuile-demeu-est-fantastique-et-jai-le-shampoing-je-vous-demande-quoi-faire-mon-chum-fais-du-ps\/\" \/>\n<meta property=\"og:site_name\" content=\"Emeu Charlevoix\" \/>\n<meta property=\"article:publisher\" content=\"https:\/\/www.facebook.com\/Emeucharlevoix\" \/>\n<meta name=\"twitter:card\" content=\"summary_large_image\" \/>\n<meta name=\"twitter:site\" content=\"@emeucharlevoix\" \/>\n<meta name=\"twitter:label1\" content=\"Est. reading time\" \/>\n\t<meta name=\"twitter:data1\" content=\"1 minute\" \/>\n<script type=\"application\/ld+json\" class=\"yoast-schema-graph\">{\"@context\":\"https:\/\/schema.org\",\"@graph\":[{\"@type\":[\"WebPage\",\"FAQPage\"],\"@id\":\"https:\/\/emeucharlevoix.com\/en\/ufaqs\/le-dimanche-1-decembre-2013-a-1115-chantal-dit-bonjour-a-vous-jadore-vos-produits-lhuile-demeu-est-fantastique-et-jai-le-shampoing-je-vous-demande-quoi-faire-mon-chum-fais-du-ps\/\",\"url\":\"https:\/\/emeucharlevoix.com\/en\/ufaqs\/le-dimanche-1-decembre-2013-a-1115-chantal-dit-bonjour-a-vous-jadore-vos-produits-lhuile-demeu-est-fantastique-et-jai-le-shampoing-je-vous-demande-quoi-faire-mon-chum-fais-du-ps\/\",\"name\":\"Le dimanche 1 d\u00e9cembre 2013 \u00e0 11:15\u00a0Chantal\u00a0dit: Bonjour \u00e0 vous!!! J'adore vos produits l'huile d'\u00c9meu est fantastique et j'ai le shampoing je vous demande quoi faire mon chum fais du psoriasis cuir chevelu je me demande si il doit ce laver les cheveux a tout les jours ou au 2 jours mais je ne vois pas beaucoup de diff\u00e9rence car quand les cheveux s\u00e8che le tout reviens et c'est vraiment des grosses peau morte qui ressort alors j'aimerais avoir des trucs ou des conseils pour que sa diminue s.v.p. J'attends de vos nouvelles et merci encore. - Emeu Charlevoix\",\"isPartOf\":{\"@id\":\"https:\/\/emeucharlevoix.com\/en\/#website\"},\"datePublished\":\"2017-09-28T21:37:22+00:00\",\"breadcrumb\":{\"@id\":\"https:\/\/emeucharlevoix.com\/en\/ufaqs\/le-dimanche-1-decembre-2013-a-1115-chantal-dit-bonjour-a-vous-jadore-vos-produits-lhuile-demeu-est-fantastique-et-jai-le-shampoing-je-vous-demande-quoi-faire-mon-chum-fais-du-ps\/#breadcrumb\"},\"inLanguage\":\"en-CA\",\"potentialAction\":[{\"@type\":\"ReadAction\",\"target\":[\"https:\/\/emeucharlevoix.com\/en\/ufaqs\/le-dimanche-1-decembre-2013-a-1115-chantal-dit-bonjour-a-vous-jadore-vos-produits-lhuile-demeu-est-fantastique-et-jai-le-shampoing-je-vous-demande-quoi-faire-mon-chum-fais-du-ps\/\"]}]},{\"@type\":\"BreadcrumbList\",\"@id\":\"https:\/\/emeucharlevoix.com\/en\/ufaqs\/le-dimanche-1-decembre-2013-a-1115-chantal-dit-bonjour-a-vous-jadore-vos-produits-lhuile-demeu-est-fantastique-et-jai-le-shampoing-je-vous-demande-quoi-faire-mon-chum-fais-du-ps\/#breadcrumb\",\"itemListElement\":[{\"@type\":\"ListItem\",\"position\":1,\"name\":\"FAQs\",\"item\":\"https:\/\/emeucharlevoix.com\/en\/ufaqs\/\"},{\"@type\":\"ListItem\",\"position\":2,\"name\":\"Le dimanche 1 d\u00e9cembre 2013 \u00e0 11:15\u00a0Chantal\u00a0dit: Bonjour \u00e0 vous!!! J&#8217;adore vos produits l&#8217;huile d&#8217;\u00c9meu est fantastique et j&#8217;ai le shampoing je vous demande quoi faire mon chum fais du psoriasis cuir chevelu je me demande si il doit ce laver les cheveux a tout les jours ou au 2 jours mais je ne vois pas beaucoup de diff\u00e9rence car quand les cheveux s\u00e8che le tout reviens et c&#8217;est vraiment des grosses peau morte qui ressort alors j&#8217;aimerais avoir des trucs ou des conseils pour que sa diminue s.v.p. J&#8217;attends de vos nouvelles et merci encore.\"}]},{\"@type\":\"WebSite\",\"@id\":\"https:\/\/emeucharlevoix.com\/en\/#website\",\"url\":\"https:\/\/emeucharlevoix.com\/en\/\",\"name\":\"Emeu Charlevoix\",\"description\":\"Nature&#039;s gift to your skin\",\"publisher\":{\"@id\":\"https:\/\/emeucharlevoix.com\/en\/#organization\"},\"potentialAction\":[{\"@type\":\"SearchAction\",\"target\":{\"@type\":\"EntryPoint\",\"urlTemplate\":\"https:\/\/emeucharlevoix.com\/en\/?s={search_term_string}\"},\"query-input\":{\"@type\":\"PropertyValueSpecification\",\"valueRequired\":true,\"valueName\":\"search_term_string\"}}],\"inLanguage\":\"en-CA\"},{\"@type\":\"Organization\",\"@id\":\"https:\/\/emeucharlevoix.com\/en\/#organization\",\"name\":\"Emeu Charlevoix\",\"url\":\"https:\/\/emeucharlevoix.com\/en\/\",\"logo\":{\"@type\":\"ImageObject\",\"inLanguage\":\"en-CA\",\"@id\":\"https:\/\/emeucharlevoix.com\/en\/#\/schema\/logo\/image\/\",\"url\":\"https:\/\/emeucharlevoix.com\/wp-content\/uploads\/2017\/07\/emeu-charlevoix-top.png\",\"contentUrl\":\"https:\/\/emeucharlevoix.com\/wp-content\/uploads\/2017\/07\/emeu-charlevoix-top.png\",\"width\":288,\"height\":229,\"caption\":\"Emeu Charlevoix\"},\"image\":{\"@id\":\"https:\/\/emeucharlevoix.com\/en\/#\/schema\/logo\/image\/\"},\"sameAs\":[\"https:\/\/www.facebook.com\/Emeucharlevoix\",\"https:\/\/x.com\/emeucharlevoix\",\"https:\/\/www.youtube.com\/channel\/UCsaMSpbpc9n05S0brEVo7jg\"]}]}<\/script>\n<!-- \/ Yoast SEO plugin. -->","yoast_head_json":{"title":"Le dimanche 1 d\u00e9cembre 2013 \u00e0 11:15\u00a0Chantal\u00a0dit: Bonjour \u00e0 vous!!! J'adore vos produits l'huile d'\u00c9meu est fantastique et j'ai le shampoing je vous demande quoi faire mon chum fais du psoriasis cuir chevelu je me demande si il doit ce laver les cheveux a tout les jours ou au 2 jours mais je ne vois pas beaucoup de diff\u00e9rence car quand les cheveux s\u00e8che le tout reviens et c'est vraiment des grosses peau morte qui ressort alors j'aimerais avoir des trucs ou des conseils pour que sa diminue s.v.p. J'attends de vos nouvelles et merci encore. - Emeu Charlevoix","robots":{"index":"index","follow":"follow","max-snippet":"max-snippet:-1","max-image-preview":"max-image-preview:large","max-video-preview":"max-video-preview:-1"},"canonical":"https:\/\/emeucharlevoix.com\/en\/ufaqs\/le-dimanche-1-decembre-2013-a-1115-chantal-dit-bonjour-a-vous-jadore-vos-produits-lhuile-demeu-est-fantastique-et-jai-le-shampoing-je-vous-demande-quoi-faire-mon-chum-fais-du-ps\/","og_locale":"en_US","og_type":"article","og_title":"Le dimanche 1 d\u00e9cembre 2013 \u00e0 11:15\u00a0Chantal\u00a0dit: Bonjour \u00e0 vous!!! J'adore vos produits l'huile d'\u00c9meu est fantastique et j'ai le shampoing je vous demande quoi faire mon chum fais du psoriasis cuir chevelu je me demande si il doit ce laver les cheveux a tout les jours ou au 2 jours mais je ne vois pas beaucoup de diff\u00e9rence car quand les cheveux s\u00e8che le tout reviens et c'est vraiment des grosses peau morte qui ressort alors j'aimerais avoir des trucs ou des conseils pour que sa diminue s.v.p. J'attends de vos nouvelles et merci encore. - Emeu Charlevoix","og_description":"B Le dimanche 1 d\u00e9cembre 2013 \u00e0 11:15\u00a0Chantal\u00a0dit: Bonjour \u00e0 vous!!! J&#8217;adore vos produits l&#8217;huile d&#8217;\u00c9meu est fantastique et j&#8217;ai le shampoing je vous demande quoi faire mon chum fais du psoriasis cuir chevelu je me demande si il doit ce laver les cheveux a tout les jours ou au 2 jours mais je ne [...]","og_url":"https:\/\/emeucharlevoix.com\/en\/ufaqs\/le-dimanche-1-decembre-2013-a-1115-chantal-dit-bonjour-a-vous-jadore-vos-produits-lhuile-demeu-est-fantastique-et-jai-le-shampoing-je-vous-demande-quoi-faire-mon-chum-fais-du-ps\/","og_site_name":"Emeu Charlevoix","article_publisher":"https:\/\/www.facebook.com\/Emeucharlevoix","twitter_card":"summary_large_image","twitter_site":"@emeucharlevoix","twitter_misc":{"Est. reading time":"1 minute"},"schema":{"@context":"https:\/\/schema.org","@graph":[{"@type":["WebPage","FAQPage"],"@id":"https:\/\/emeucharlevoix.com\/en\/ufaqs\/le-dimanche-1-decembre-2013-a-1115-chantal-dit-bonjour-a-vous-jadore-vos-produits-lhuile-demeu-est-fantastique-et-jai-le-shampoing-je-vous-demande-quoi-faire-mon-chum-fais-du-ps\/","url":"https:\/\/emeucharlevoix.com\/en\/ufaqs\/le-dimanche-1-decembre-2013-a-1115-chantal-dit-bonjour-a-vous-jadore-vos-produits-lhuile-demeu-est-fantastique-et-jai-le-shampoing-je-vous-demande-quoi-faire-mon-chum-fais-du-ps\/","name":"Le dimanche 1 d\u00e9cembre 2013 \u00e0 11:15\u00a0Chantal\u00a0dit: Bonjour \u00e0 vous!!! J'adore vos produits l'huile d'\u00c9meu est fantastique et j'ai le shampoing je vous demande quoi faire mon chum fais du psoriasis cuir chevelu je me demande si il doit ce laver les cheveux a tout les jours ou au 2 jours mais je ne vois pas beaucoup de diff\u00e9rence car quand les cheveux s\u00e8che le tout reviens et c'est vraiment des grosses peau morte qui ressort alors j'aimerais avoir des trucs ou des conseils pour que sa diminue s.v.p. J'attends de vos nouvelles et merci encore. - Emeu Charlevoix","isPartOf":{"@id":"https:\/\/emeucharlevoix.com\/en\/#website"},"datePublished":"2017-09-28T21:37:22+00:00","breadcrumb":{"@id":"https:\/\/emeucharlevoix.com\/en\/ufaqs\/le-dimanche-1-decembre-2013-a-1115-chantal-dit-bonjour-a-vous-jadore-vos-produits-lhuile-demeu-est-fantastique-et-jai-le-shampoing-je-vous-demande-quoi-faire-mon-chum-fais-du-ps\/#breadcrumb"},"inLanguage":"en-CA","potentialAction":[{"@type":"ReadAction","target":["https:\/\/emeucharlevoix.com\/en\/ufaqs\/le-dimanche-1-decembre-2013-a-1115-chantal-dit-bonjour-a-vous-jadore-vos-produits-lhuile-demeu-est-fantastique-et-jai-le-shampoing-je-vous-demande-quoi-faire-mon-chum-fais-du-ps\/"]}]},{"@type":"BreadcrumbList","@id":"https:\/\/emeucharlevoix.com\/en\/ufaqs\/le-dimanche-1-decembre-2013-a-1115-chantal-dit-bonjour-a-vous-jadore-vos-produits-lhuile-demeu-est-fantastique-et-jai-le-shampoing-je-vous-demande-quoi-faire-mon-chum-fais-du-ps\/#breadcrumb","itemListElement":[{"@type":"ListItem","position":1,"name":"FAQs","item":"https:\/\/emeucharlevoix.com\/en\/ufaqs\/"},{"@type":"ListItem","position":2,"name":"Le dimanche 1 d\u00e9cembre 2013 \u00e0 11:15\u00a0Chantal\u00a0dit: Bonjour \u00e0 vous!!! J&#8217;adore vos produits l&#8217;huile d&#8217;\u00c9meu est fantastique et j&#8217;ai le shampoing je vous demande quoi faire mon chum fais du psoriasis cuir chevelu je me demande si il doit ce laver les cheveux a tout les jours ou au 2 jours mais je ne vois pas beaucoup de diff\u00e9rence car quand les cheveux s\u00e8che le tout reviens et c&#8217;est vraiment des grosses peau morte qui ressort alors j&#8217;aimerais avoir des trucs ou des conseils pour que sa diminue s.v.p. J&#8217;attends de vos nouvelles et merci encore."}]},{"@type":"WebSite","@id":"https:\/\/emeucharlevoix.com\/en\/#website","url":"https:\/\/emeucharlevoix.com\/en\/","name":"Emeu Charlevoix","description":"Nature&#039;s gift to your skin","publisher":{"@id":"https:\/\/emeucharlevoix.com\/en\/#organization"},"potentialAction":[{"@type":"SearchAction","target":{"@type":"EntryPoint","urlTemplate":"https:\/\/emeucharlevoix.com\/en\/?s={search_term_string}"},"query-input":{"@type":"PropertyValueSpecification","valueRequired":true,"valueName":"search_term_string"}}],"inLanguage":"en-CA"},{"@type":"Organization","@id":"https:\/\/emeucharlevoix.com\/en\/#organization","name":"Emeu Charlevoix","url":"https:\/\/emeucharlevoix.com\/en\/","logo":{"@type":"ImageObject","inLanguage":"en-CA","@id":"https:\/\/emeucharlevoix.com\/en\/#\/schema\/logo\/image\/","url":"https:\/\/emeucharlevoix.com\/wp-content\/uploads\/2017\/07\/emeu-charlevoix-top.png","contentUrl":"https:\/\/emeucharlevoix.com\/wp-content\/uploads\/2017\/07\/emeu-charlevoix-top.png","width":288,"height":229,"caption":"Emeu Charlevoix"},"image":{"@id":"https:\/\/emeucharlevoix.com\/en\/#\/schema\/logo\/image\/"},"sameAs":["https:\/\/www.facebook.com\/Emeucharlevoix","https:\/\/x.com\/emeucharlevoix","https:\/\/www.youtube.com\/channel\/UCsaMSpbpc9n05S0brEVo7jg"]}]}},"_links":{"self":[{"href":"https:\/\/emeucharlevoix.com\/en\/wp-json\/wp\/v2\/ufaq\/6794","targetHints":{"allow":["GET"]}}],"collection":[{"href":"https:\/\/emeucharlevoix.com\/en\/wp-json\/wp\/v2\/ufaq"}],"about":[{"href":"https:\/\/emeucharlevoix.com\/en\/wp-json\/wp\/v2\/types\/ufaq"}],"author":[{"embeddable":true,"href":"https:\/\/emeucharlevoix.com\/en\/wp-json\/wp\/v2\/users\/1"}],"replies":[{"embeddable":true,"href":"https:\/\/emeucharlevoix.com\/en\/wp-json\/wp\/v2\/comments?post=6794"}],"wp:attachment":[{"href":"https:\/\/emeucharlevoix.com\/en\/wp-json\/wp\/v2\/media?parent=6794"}],"wp:term":[{"taxonomy":"ufaq-category","embeddable":true,"href":"https:\/\/emeucharlevoix.com\/en\/wp-json\/wp\/v2\/ufaq-category?post=6794"},{"taxonomy":"ufaq-tag","embeddable":true,"href":"https:\/\/emeucharlevoix.com\/en\/wp-json\/wp\/v2\/ufaq-tag?post=6794"}],"curies":[{"name":"wp","href":"https:\/\/api.w.org\/{rel}","templated":true}]}}