{"id":6814,"date":"2017-09-28T17:37:20","date_gmt":"2017-09-28T21:37:20","guid":{"rendered":"https:\/\/emeucom.mywhc.ca\/ufaqs\/le-samedi-29-aout-2015-a-1200-ikram-dit-bonjour-jai-entendu-parler-des-biens-faits-de-lhuile-demeu-et-je-me-demandais-si-ca-va-vraiment-fonctionner-car-jai-beaucoup-de-cer\/"},"modified":"2017-09-28T17:37:20","modified_gmt":"2017-09-28T21:37:20","slug":"le-samedi-29-aout-2015-a-1200-ikram-dit-bonjour-jai-entendu-parler-des-biens-faits-de-lhuile-demeu-et-je-me-demandais-si-ca-va-vraiment-fonctionner-car-jai-beaucoup-de-cer","status":"publish","type":"ufaq","link":"https:\/\/emeucharlevoix.com\/en\/ufaqs\/le-samedi-29-aout-2015-a-1200-ikram-dit-bonjour-jai-entendu-parler-des-biens-faits-de-lhuile-demeu-et-je-me-demandais-si-ca-va-vraiment-fonctionner-car-jai-beaucoup-de-cer\/","title":{"rendered":"Le samedi 29 ao\u00fbt 2015 \u00e0 12:00\u00a0Ikram\u00a0dit: Bonjour, J&#8217;ai entendu parler des biens faits de l&#8217;huile d\u2019\u00e9meu et je me demandais si \u00e7a va vraiment fonctionner, car j&#8217;ai beaucoup de cerne autour des yeux qui sont assez noir. Je suis tanner de me maquiller \u00e0 tous les matins. Je me demande quelle serait la meilleur combinaison pour avoir un r\u00e9sultat. Merci"},"content":{"rendered":"<style>.ewd-ufaq-faq-title .ewd-ufaq-post-margin-symbol span { font-size: 12px !important; }div.ewd-ufaq-faq-title h5 { font-size: 9 !important; }div.ewd-ufaq-faq-post p { font-size: 7 !important; }div.ewd-ufaq-faq-post p { color: #007680 !important; }div.ewd-ufaq-author-date { font-size: 7 !important; }div.ewd-ufaq-author-date { color: #007680 !important; }div.ewd-ufaq-faq-categories, div.ewd-ufaq-faq-tags { font-size: 7 !important; }.ufaq-faq-title h5 {\r\nfont-weight:normal;\r\nmargin:10px!important;\r\n}\r\n\r\n.ufaq-faq-body .submit {\r\ncolor:#fff;\r\n}\r\n\r\n.ufaq-faq-display-style-Minimalist {\r\nborder-bottom:1px solid #007680;\r\n}\r\n\r\n.ewd-otp-field-label {\r\nwidth:auto!important;\r\ndisplay:none;\r\n}<\/style><div  class=\"ewd-ufaq-faq-list ewd-ufaq-page-type-load_more ewd-ufaq-category-tabs-\" id='ewd-ufaq-faq-list'>\n\n\t<input type='hidden' name='show_on_load' value='' id='ewd-ufaq-show-on-load' \/>\n<input type='hidden' name='include_category' value='' id='ewd-ufaq-include-category' \/>\n<input type='hidden' name='exclude_category' value='' id='ewd-ufaq-exclude-category' \/>\n<input type='hidden' name='orderby' value='date' id='ewd-ufaq-orderby' \/>\n<input type='hidden' name='order' value='desc' id='ewd-ufaq-order' \/>\n<input type='hidden' name='post_count' value='-1' id='ewd-ufaq-post-count' \/>\n<input type='hidden' name='current_url' value='\/en\/wp-json\/wp\/v2\/ufaq\/6814' id='ewd-ufaq-current-url' \/>\n\t\n\t\n\t<div class='ewd-ufaq-faqs'>\n\n\t\t<div  class=\"ewd-ufaq-faq-div ewd-ufaq-faq-column-count-one ewd-ufaq-faq-responsive-columns- ewd-ufaq-faq-display-style-one ewd-ufaq-can-be-toggled\" id='ewd-ufaq-post-6814-H7r93wDa6D' data-post_id='6814'>\n\n\t\t\n\t<div class='ewd-ufaq-faq-title ewd-ufaq-faq-toggle'>\n\t\n\t<a class='ewd-ufaq-post-margin'  href='#' role=\"button\">\n\n\t\t<div class='ewd-ufaq-post-margin-symbol ewd-ufaq-square'>\n\t\t\t<span >B<\/span>\n\t\t<\/div>\n\n\t\t<div class='ewd-ufaq-faq-title-text'>\n\n\t\t\t<h5>\n\t\t\t\tLe samedi 29 ao\u00fbt 2015 \u00e0 12:00\u00a0Ikram\u00a0dit: Bonjour, J&#8217;ai entendu parler des biens faits de l&#8217;huile d\u2019\u00e9meu et je me demandais si \u00e7a va vraiment fonctionner, car j&#8217;ai beaucoup de cerne autour des yeux qui sont assez noir. Je suis tanner de me maquiller \u00e0 tous les matins. Je me demande quelle serait la meilleur combinaison pour avoir un r\u00e9sultat. Merci\t\t\t<\/h5>\n\n\t\t<\/div>\n\n\t\t<div class='ewd-ufaq-clear'><\/div>\n\n\t<\/a>\n\t\n<\/div>\n\t\n\t<div class='ewd-ufaq-faq-body' >\n\n\t\t\n\t\t\t\n\t\t\n\t\t\t<div class='ewd-ufaq-post-margin ewd-ufaq-faq-post'>\n\t<p>Le lundi 31 ao\u00fbt 2015 \u00e0 09:12\u00a0Emeu Charlevoix\u00a0dit: Bonjour, En effet les produits \u00e0 l&#8217;huile d&#8217;\u00e9meu sont une excellente solution pour vous aider \u00e0 att\u00e9nuer les cernes et poches sous les yeux. Dans un premier temps, nous vous recommandons le S\u00e9rum. Ce s\u00e9rum est grandement appr\u00e9ci\u00e9 par sa p\u00e9n\u00e9tration et sa sensation de fermet\u00e9. Nous le qualifions de r\u00e9parateur cellulaire. Il a \u00e9galement remport\u00e9 la 3e position Weekend Beaut\u00e9 de la revue Les Nouvelles Esth\u00e9tiques &#038; Spa Canada de janvier 2015 en plus d&#8217;avoir \u00e9t\u00e9 s\u00e9lectionn\u00e9 pour le prix V\u00e9nus Canada 2014 de la revue Les Nouvelles Esth\u00e9tiques &#038; Spa de d\u00e9cembre 2014 parmi plusieurs grandes marques internationales. Bien \u00e9videmment, l&#8217;utiliser en compl\u00e9ment avec une cr\u00e8me de visage, comme la Cr\u00e8me de visage \u00e0 l&#8217;huile d&#8217;\u00e9meu HYDRA-FEM+, augmente consid\u00e9rablement la rapidit\u00e9 et la visibilit\u00e9 des r\u00e9sultats souhait\u00e9s. Les deux ensembles forment donc de puissants alli\u00e9s! Merci et bonne journ\u00e9e!<\/p>\n<\/div>\n\t\t\n\t\t\t<div class='ewd-ufaq-faq-custom-fields'>\n\n\t\n<\/div>\n\t\t\n\t\t\t\n\t\t\n\t\t\t\n\t\t\n\t\t\t\n\t\t\n\t\t\t\n\t\t\n\t\t\t\n\t\t\n\t\t\t\n\t\t\n\t\t\t\n\t\t\n\t<\/div>\n\n<\/div>\n\t<\/div>\n\n\t\n<\/div>","protected":false},"excerpt":{"rendered":"<p>B Le samedi 29 ao\u00fbt 2015 \u00e0 12:00\u00a0Ikram\u00a0dit: Bonjour, J&#8217;ai entendu parler des biens faits de l&#8217;huile d\u2019\u00e9meu et je me demandais si \u00e7a va vraiment fonctionner, car j&#8217;ai beaucoup de cerne autour des yeux qui sont assez noir. Je suis tanner de me maquiller \u00e0 tous les matins. Je me demande quelle serait la [&#8230;]\n","protected":false},"author":1,"featured_media":0,"comment_status":"closed","ping_status":"closed","template":"","ufaq-category":[584,544,536],"ufaq-tag":[596,604],"class_list":["post-6814","ufaq","type-ufaq","status-publish","hentry","ufaq-category-eye-contour-serum","ufaq-category-face-cream-hydra-fem","ufaq-category-facial-lines","ufaq-tag-creme-visage-hydra-fem-en","ufaq-tag-serum-contour-yeux-en"],"yoast_head":"<!-- This site is optimized with the Yoast SEO plugin v27.1.1 - https:\/\/yoast.com\/product\/yoast-seo-wordpress\/ -->\n<title>Le samedi 29 ao\u00fbt 2015 \u00e0 12:00\u00a0Ikram\u00a0dit: Bonjour, J&#039;ai entendu parler des biens faits de l&#039;huile d\u2019\u00e9meu et je me demandais si \u00e7a va vraiment fonctionner, car j&#039;ai beaucoup de cerne autour des yeux qui sont assez noir. Je suis tanner de me maquiller \u00e0 tous les matins. Je me demande quelle serait la meilleur combinaison pour avoir un r\u00e9sultat. Merci - Emeu Charlevoix<\/title>\n<meta name=\"robots\" content=\"index, follow, max-snippet:-1, max-image-preview:large, max-video-preview:-1\" \/>\n<link rel=\"canonical\" href=\"https:\/\/emeucharlevoix.com\/en\/ufaqs\/le-samedi-29-aout-2015-a-1200-ikram-dit-bonjour-jai-entendu-parler-des-biens-faits-de-lhuile-demeu-et-je-me-demandais-si-ca-va-vraiment-fonctionner-car-jai-beaucoup-de-cer\/\" \/>\n<meta property=\"og:locale\" content=\"en_US\" \/>\n<meta property=\"og:type\" content=\"article\" \/>\n<meta property=\"og:title\" content=\"Le samedi 29 ao\u00fbt 2015 \u00e0 12:00\u00a0Ikram\u00a0dit: Bonjour, J&#039;ai entendu parler des biens faits de l&#039;huile d\u2019\u00e9meu et je me demandais si \u00e7a va vraiment fonctionner, car j&#039;ai beaucoup de cerne autour des yeux qui sont assez noir. Je suis tanner de me maquiller \u00e0 tous les matins. Je me demande quelle serait la meilleur combinaison pour avoir un r\u00e9sultat. Merci - Emeu Charlevoix\" \/>\n<meta property=\"og:description\" content=\"B Le samedi 29 ao\u00fbt 2015 \u00e0 12:00\u00a0Ikram\u00a0dit: Bonjour, J&#8217;ai entendu parler des biens faits de l&#8217;huile d\u2019\u00e9meu et je me demandais si \u00e7a va vraiment fonctionner, car j&#8217;ai beaucoup de cerne autour des yeux qui sont assez noir. Je suis tanner de me maquiller \u00e0 tous les matins. Je me demande quelle serait la [...]\" \/>\n<meta property=\"og:url\" content=\"https:\/\/emeucharlevoix.com\/en\/ufaqs\/le-samedi-29-aout-2015-a-1200-ikram-dit-bonjour-jai-entendu-parler-des-biens-faits-de-lhuile-demeu-et-je-me-demandais-si-ca-va-vraiment-fonctionner-car-jai-beaucoup-de-cer\/\" \/>\n<meta property=\"og:site_name\" content=\"Emeu Charlevoix\" \/>\n<meta property=\"article:publisher\" content=\"https:\/\/www.facebook.com\/Emeucharlevoix\" \/>\n<meta name=\"twitter:card\" content=\"summary_large_image\" \/>\n<meta name=\"twitter:site\" content=\"@emeucharlevoix\" \/>\n<meta name=\"twitter:label1\" content=\"Est. reading time\" \/>\n\t<meta name=\"twitter:data1\" content=\"1 minute\" \/>\n<script type=\"application\/ld+json\" class=\"yoast-schema-graph\">{\"@context\":\"https:\/\/schema.org\",\"@graph\":[{\"@type\":[\"WebPage\",\"FAQPage\"],\"@id\":\"https:\/\/emeucharlevoix.com\/en\/ufaqs\/le-samedi-29-aout-2015-a-1200-ikram-dit-bonjour-jai-entendu-parler-des-biens-faits-de-lhuile-demeu-et-je-me-demandais-si-ca-va-vraiment-fonctionner-car-jai-beaucoup-de-cer\/\",\"url\":\"https:\/\/emeucharlevoix.com\/en\/ufaqs\/le-samedi-29-aout-2015-a-1200-ikram-dit-bonjour-jai-entendu-parler-des-biens-faits-de-lhuile-demeu-et-je-me-demandais-si-ca-va-vraiment-fonctionner-car-jai-beaucoup-de-cer\/\",\"name\":\"Le samedi 29 ao\u00fbt 2015 \u00e0 12:00\u00a0Ikram\u00a0dit: Bonjour, J'ai entendu parler des biens faits de l'huile d\u2019\u00e9meu et je me demandais si \u00e7a va vraiment fonctionner, car j'ai beaucoup de cerne autour des yeux qui sont assez noir. Je suis tanner de me maquiller \u00e0 tous les matins. Je me demande quelle serait la meilleur combinaison pour avoir un r\u00e9sultat. Merci - Emeu Charlevoix\",\"isPartOf\":{\"@id\":\"https:\/\/emeucharlevoix.com\/en\/#website\"},\"datePublished\":\"2017-09-28T21:37:20+00:00\",\"breadcrumb\":{\"@id\":\"https:\/\/emeucharlevoix.com\/en\/ufaqs\/le-samedi-29-aout-2015-a-1200-ikram-dit-bonjour-jai-entendu-parler-des-biens-faits-de-lhuile-demeu-et-je-me-demandais-si-ca-va-vraiment-fonctionner-car-jai-beaucoup-de-cer\/#breadcrumb\"},\"inLanguage\":\"en-CA\",\"potentialAction\":[{\"@type\":\"ReadAction\",\"target\":[\"https:\/\/emeucharlevoix.com\/en\/ufaqs\/le-samedi-29-aout-2015-a-1200-ikram-dit-bonjour-jai-entendu-parler-des-biens-faits-de-lhuile-demeu-et-je-me-demandais-si-ca-va-vraiment-fonctionner-car-jai-beaucoup-de-cer\/\"]}]},{\"@type\":\"BreadcrumbList\",\"@id\":\"https:\/\/emeucharlevoix.com\/en\/ufaqs\/le-samedi-29-aout-2015-a-1200-ikram-dit-bonjour-jai-entendu-parler-des-biens-faits-de-lhuile-demeu-et-je-me-demandais-si-ca-va-vraiment-fonctionner-car-jai-beaucoup-de-cer\/#breadcrumb\",\"itemListElement\":[{\"@type\":\"ListItem\",\"position\":1,\"name\":\"FAQs\",\"item\":\"https:\/\/emeucharlevoix.com\/en\/ufaqs\/\"},{\"@type\":\"ListItem\",\"position\":2,\"name\":\"Le samedi 29 ao\u00fbt 2015 \u00e0 12:00\u00a0Ikram\u00a0dit: Bonjour, J&#8217;ai entendu parler des biens faits de l&#8217;huile d\u2019\u00e9meu et je me demandais si \u00e7a va vraiment fonctionner, car j&#8217;ai beaucoup de cerne autour des yeux qui sont assez noir. Je suis tanner de me maquiller \u00e0 tous les matins. Je me demande quelle serait la meilleur combinaison pour avoir un r\u00e9sultat. Merci\"}]},{\"@type\":\"WebSite\",\"@id\":\"https:\/\/emeucharlevoix.com\/en\/#website\",\"url\":\"https:\/\/emeucharlevoix.com\/en\/\",\"name\":\"Emeu Charlevoix\",\"description\":\"Nature&#039;s gift to your skin\",\"publisher\":{\"@id\":\"https:\/\/emeucharlevoix.com\/en\/#organization\"},\"potentialAction\":[{\"@type\":\"SearchAction\",\"target\":{\"@type\":\"EntryPoint\",\"urlTemplate\":\"https:\/\/emeucharlevoix.com\/en\/?s={search_term_string}\"},\"query-input\":{\"@type\":\"PropertyValueSpecification\",\"valueRequired\":true,\"valueName\":\"search_term_string\"}}],\"inLanguage\":\"en-CA\"},{\"@type\":\"Organization\",\"@id\":\"https:\/\/emeucharlevoix.com\/en\/#organization\",\"name\":\"Emeu Charlevoix\",\"url\":\"https:\/\/emeucharlevoix.com\/en\/\",\"logo\":{\"@type\":\"ImageObject\",\"inLanguage\":\"en-CA\",\"@id\":\"https:\/\/emeucharlevoix.com\/en\/#\/schema\/logo\/image\/\",\"url\":\"https:\/\/emeucharlevoix.com\/wp-content\/uploads\/2017\/07\/emeu-charlevoix-top.png\",\"contentUrl\":\"https:\/\/emeucharlevoix.com\/wp-content\/uploads\/2017\/07\/emeu-charlevoix-top.png\",\"width\":288,\"height\":229,\"caption\":\"Emeu Charlevoix\"},\"image\":{\"@id\":\"https:\/\/emeucharlevoix.com\/en\/#\/schema\/logo\/image\/\"},\"sameAs\":[\"https:\/\/www.facebook.com\/Emeucharlevoix\",\"https:\/\/x.com\/emeucharlevoix\",\"https:\/\/www.youtube.com\/channel\/UCsaMSpbpc9n05S0brEVo7jg\"]}]}<\/script>\n<!-- \/ Yoast SEO plugin. -->","yoast_head_json":{"title":"Le samedi 29 ao\u00fbt 2015 \u00e0 12:00\u00a0Ikram\u00a0dit: Bonjour, J'ai entendu parler des biens faits de l'huile d\u2019\u00e9meu et je me demandais si \u00e7a va vraiment fonctionner, car j'ai beaucoup de cerne autour des yeux qui sont assez noir. Je suis tanner de me maquiller \u00e0 tous les matins. Je me demande quelle serait la meilleur combinaison pour avoir un r\u00e9sultat. Merci - Emeu Charlevoix","robots":{"index":"index","follow":"follow","max-snippet":"max-snippet:-1","max-image-preview":"max-image-preview:large","max-video-preview":"max-video-preview:-1"},"canonical":"https:\/\/emeucharlevoix.com\/en\/ufaqs\/le-samedi-29-aout-2015-a-1200-ikram-dit-bonjour-jai-entendu-parler-des-biens-faits-de-lhuile-demeu-et-je-me-demandais-si-ca-va-vraiment-fonctionner-car-jai-beaucoup-de-cer\/","og_locale":"en_US","og_type":"article","og_title":"Le samedi 29 ao\u00fbt 2015 \u00e0 12:00\u00a0Ikram\u00a0dit: Bonjour, J'ai entendu parler des biens faits de l'huile d\u2019\u00e9meu et je me demandais si \u00e7a va vraiment fonctionner, car j'ai beaucoup de cerne autour des yeux qui sont assez noir. Je suis tanner de me maquiller \u00e0 tous les matins. Je me demande quelle serait la meilleur combinaison pour avoir un r\u00e9sultat. Merci - Emeu Charlevoix","og_description":"B Le samedi 29 ao\u00fbt 2015 \u00e0 12:00\u00a0Ikram\u00a0dit: Bonjour, J&#8217;ai entendu parler des biens faits de l&#8217;huile d\u2019\u00e9meu et je me demandais si \u00e7a va vraiment fonctionner, car j&#8217;ai beaucoup de cerne autour des yeux qui sont assez noir. Je suis tanner de me maquiller \u00e0 tous les matins. Je me demande quelle serait la [...]","og_url":"https:\/\/emeucharlevoix.com\/en\/ufaqs\/le-samedi-29-aout-2015-a-1200-ikram-dit-bonjour-jai-entendu-parler-des-biens-faits-de-lhuile-demeu-et-je-me-demandais-si-ca-va-vraiment-fonctionner-car-jai-beaucoup-de-cer\/","og_site_name":"Emeu Charlevoix","article_publisher":"https:\/\/www.facebook.com\/Emeucharlevoix","twitter_card":"summary_large_image","twitter_site":"@emeucharlevoix","twitter_misc":{"Est. reading time":"1 minute"},"schema":{"@context":"https:\/\/schema.org","@graph":[{"@type":["WebPage","FAQPage"],"@id":"https:\/\/emeucharlevoix.com\/en\/ufaqs\/le-samedi-29-aout-2015-a-1200-ikram-dit-bonjour-jai-entendu-parler-des-biens-faits-de-lhuile-demeu-et-je-me-demandais-si-ca-va-vraiment-fonctionner-car-jai-beaucoup-de-cer\/","url":"https:\/\/emeucharlevoix.com\/en\/ufaqs\/le-samedi-29-aout-2015-a-1200-ikram-dit-bonjour-jai-entendu-parler-des-biens-faits-de-lhuile-demeu-et-je-me-demandais-si-ca-va-vraiment-fonctionner-car-jai-beaucoup-de-cer\/","name":"Le samedi 29 ao\u00fbt 2015 \u00e0 12:00\u00a0Ikram\u00a0dit: Bonjour, J'ai entendu parler des biens faits de l'huile d\u2019\u00e9meu et je me demandais si \u00e7a va vraiment fonctionner, car j'ai beaucoup de cerne autour des yeux qui sont assez noir. Je suis tanner de me maquiller \u00e0 tous les matins. Je me demande quelle serait la meilleur combinaison pour avoir un r\u00e9sultat. Merci - Emeu Charlevoix","isPartOf":{"@id":"https:\/\/emeucharlevoix.com\/en\/#website"},"datePublished":"2017-09-28T21:37:20+00:00","breadcrumb":{"@id":"https:\/\/emeucharlevoix.com\/en\/ufaqs\/le-samedi-29-aout-2015-a-1200-ikram-dit-bonjour-jai-entendu-parler-des-biens-faits-de-lhuile-demeu-et-je-me-demandais-si-ca-va-vraiment-fonctionner-car-jai-beaucoup-de-cer\/#breadcrumb"},"inLanguage":"en-CA","potentialAction":[{"@type":"ReadAction","target":["https:\/\/emeucharlevoix.com\/en\/ufaqs\/le-samedi-29-aout-2015-a-1200-ikram-dit-bonjour-jai-entendu-parler-des-biens-faits-de-lhuile-demeu-et-je-me-demandais-si-ca-va-vraiment-fonctionner-car-jai-beaucoup-de-cer\/"]}]},{"@type":"BreadcrumbList","@id":"https:\/\/emeucharlevoix.com\/en\/ufaqs\/le-samedi-29-aout-2015-a-1200-ikram-dit-bonjour-jai-entendu-parler-des-biens-faits-de-lhuile-demeu-et-je-me-demandais-si-ca-va-vraiment-fonctionner-car-jai-beaucoup-de-cer\/#breadcrumb","itemListElement":[{"@type":"ListItem","position":1,"name":"FAQs","item":"https:\/\/emeucharlevoix.com\/en\/ufaqs\/"},{"@type":"ListItem","position":2,"name":"Le samedi 29 ao\u00fbt 2015 \u00e0 12:00\u00a0Ikram\u00a0dit: Bonjour, J&#8217;ai entendu parler des biens faits de l&#8217;huile d\u2019\u00e9meu et je me demandais si \u00e7a va vraiment fonctionner, car j&#8217;ai beaucoup de cerne autour des yeux qui sont assez noir. Je suis tanner de me maquiller \u00e0 tous les matins. Je me demande quelle serait la meilleur combinaison pour avoir un r\u00e9sultat. Merci"}]},{"@type":"WebSite","@id":"https:\/\/emeucharlevoix.com\/en\/#website","url":"https:\/\/emeucharlevoix.com\/en\/","name":"Emeu Charlevoix","description":"Nature&#039;s gift to your skin","publisher":{"@id":"https:\/\/emeucharlevoix.com\/en\/#organization"},"potentialAction":[{"@type":"SearchAction","target":{"@type":"EntryPoint","urlTemplate":"https:\/\/emeucharlevoix.com\/en\/?s={search_term_string}"},"query-input":{"@type":"PropertyValueSpecification","valueRequired":true,"valueName":"search_term_string"}}],"inLanguage":"en-CA"},{"@type":"Organization","@id":"https:\/\/emeucharlevoix.com\/en\/#organization","name":"Emeu Charlevoix","url":"https:\/\/emeucharlevoix.com\/en\/","logo":{"@type":"ImageObject","inLanguage":"en-CA","@id":"https:\/\/emeucharlevoix.com\/en\/#\/schema\/logo\/image\/","url":"https:\/\/emeucharlevoix.com\/wp-content\/uploads\/2017\/07\/emeu-charlevoix-top.png","contentUrl":"https:\/\/emeucharlevoix.com\/wp-content\/uploads\/2017\/07\/emeu-charlevoix-top.png","width":288,"height":229,"caption":"Emeu Charlevoix"},"image":{"@id":"https:\/\/emeucharlevoix.com\/en\/#\/schema\/logo\/image\/"},"sameAs":["https:\/\/www.facebook.com\/Emeucharlevoix","https:\/\/x.com\/emeucharlevoix","https:\/\/www.youtube.com\/channel\/UCsaMSpbpc9n05S0brEVo7jg"]}]}},"_links":{"self":[{"href":"https:\/\/emeucharlevoix.com\/en\/wp-json\/wp\/v2\/ufaq\/6814","targetHints":{"allow":["GET"]}}],"collection":[{"href":"https:\/\/emeucharlevoix.com\/en\/wp-json\/wp\/v2\/ufaq"}],"about":[{"href":"https:\/\/emeucharlevoix.com\/en\/wp-json\/wp\/v2\/types\/ufaq"}],"author":[{"embeddable":true,"href":"https:\/\/emeucharlevoix.com\/en\/wp-json\/wp\/v2\/users\/1"}],"replies":[{"embeddable":true,"href":"https:\/\/emeucharlevoix.com\/en\/wp-json\/wp\/v2\/comments?post=6814"}],"wp:attachment":[{"href":"https:\/\/emeucharlevoix.com\/en\/wp-json\/wp\/v2\/media?parent=6814"}],"wp:term":[{"taxonomy":"ufaq-category","embeddable":true,"href":"https:\/\/emeucharlevoix.com\/en\/wp-json\/wp\/v2\/ufaq-category?post=6814"},{"taxonomy":"ufaq-tag","embeddable":true,"href":"https:\/\/emeucharlevoix.com\/en\/wp-json\/wp\/v2\/ufaq-tag?post=6814"}],"curies":[{"name":"wp","href":"https:\/\/api.w.org\/{rel}","templated":true}]}}