{"id":6874,"date":"2017-09-28T17:37:14","date_gmt":"2017-09-28T21:37:14","guid":{"rendered":"https:\/\/emeucom.mywhc.ca\/ufaqs\/le-mardi-15-juillet-2014-a-2136-francoise-breault-dit-bonjour-ma-petite-fille-a-5-ans-et-elle-a-ete-diagnostique-exzema-elle-en-a-dans-le-visage-sur-le-creux-des-bras-au-poignet-en-ar\/"},"modified":"2017-12-08T13:38:40","modified_gmt":"2017-12-08T18:38:40","slug":"le-mardi-15-juillet-2014-a-2136-francoise-breault-dit-bonjour-ma-petite-fille-a-5-ans-et-elle-a-ete-diagnostique-exzema-elle-en-a-dans-le-visage-sur-le-creux-des-bras-au-poignet-en-ar","status":"publish","type":"ufaq","link":"https:\/\/emeucharlevoix.com\/en\/ufaqs\/le-mardi-15-juillet-2014-a-2136-francoise-breault-dit-bonjour-ma-petite-fille-a-5-ans-et-elle-a-ete-diagnostique-exzema-elle-en-a-dans-le-visage-sur-le-creux-des-bras-au-poignet-en-ar\/","title":{"rendered":"Le mardi 15 juillet 2014 \u00e0 21:36\u00a0Fran\u00e7oise B. dit: bonjour, ma petite fille a 5 ans et elle a \u00e9t\u00e9 diagnostiqu\u00e9 exz\u00e9ma. elle en a dans le visage, sur le creux des bras, au poignet, en arri\u00e8re des genoux. on lui a presquit un ongent de cortisone. pouvez-vous me dire quelle huile ou cr\u00e8me pourrait-on utiliser pour voir si on pourrait lui aider \u00e0 se soulager et \u00e0 diminuer l&#8217;infection. merci beaucoup. une grand-maman attentionn\u00e9e."},"content":{"rendered":"<style>.ewd-ufaq-faq-title .ewd-ufaq-post-margin-symbol span { font-size: 12px !important; }div.ewd-ufaq-faq-title h5 { font-size: 9 !important; }div.ewd-ufaq-faq-post p { font-size: 7 !important; }div.ewd-ufaq-faq-post p { color: #007680 !important; }div.ewd-ufaq-author-date { font-size: 7 !important; }div.ewd-ufaq-author-date { color: #007680 !important; }div.ewd-ufaq-faq-categories, div.ewd-ufaq-faq-tags { font-size: 7 !important; }.ufaq-faq-title h5 {\r\nfont-weight:normal;\r\nmargin:10px!important;\r\n}\r\n\r\n.ufaq-faq-body .submit {\r\ncolor:#fff;\r\n}\r\n\r\n.ufaq-faq-display-style-Minimalist {\r\nborder-bottom:1px solid #007680;\r\n}\r\n\r\n.ewd-otp-field-label {\r\nwidth:auto!important;\r\ndisplay:none;\r\n}<\/style><div  class=\"ewd-ufaq-faq-list ewd-ufaq-page-type-load_more ewd-ufaq-category-tabs-\" id='ewd-ufaq-faq-list'>\n\n\t<input type='hidden' name='show_on_load' value='' id='ewd-ufaq-show-on-load' \/>\n<input type='hidden' name='include_category' value='' id='ewd-ufaq-include-category' \/>\n<input type='hidden' name='exclude_category' value='' id='ewd-ufaq-exclude-category' \/>\n<input type='hidden' name='orderby' value='date' id='ewd-ufaq-orderby' \/>\n<input type='hidden' name='order' value='desc' id='ewd-ufaq-order' \/>\n<input type='hidden' name='post_count' value='-1' id='ewd-ufaq-post-count' \/>\n<input type='hidden' name='current_url' value='\/en\/wp-json\/wp\/v2\/ufaq\/6874' id='ewd-ufaq-current-url' \/>\n\t\n\t\n\t<div class='ewd-ufaq-faqs'>\n\n\t\t<div  class=\"ewd-ufaq-faq-div ewd-ufaq-faq-column-count-one ewd-ufaq-faq-responsive-columns- ewd-ufaq-faq-display-style-one ewd-ufaq-can-be-toggled\" id='ewd-ufaq-post-6874-dfuVHNsERt' data-post_id='6874'>\n\n\t\t\n\t<div class='ewd-ufaq-faq-title ewd-ufaq-faq-toggle'>\n\t\n\t<a class='ewd-ufaq-post-margin'  href='#' role=\"button\">\n\n\t\t<div class='ewd-ufaq-post-margin-symbol ewd-ufaq-square'>\n\t\t\t<span >B<\/span>\n\t\t<\/div>\n\n\t\t<div class='ewd-ufaq-faq-title-text'>\n\n\t\t\t<h5>\n\t\t\t\tLe mardi 15 juillet 2014 \u00e0 21:36\u00a0Fran\u00e7oise B. dit: bonjour, ma petite fille a 5 ans et elle a \u00e9t\u00e9 diagnostiqu\u00e9 exz\u00e9ma. elle en a dans le visage, sur le creux des bras, au poignet, en arri\u00e8re des genoux. on lui a presquit un ongent de cortisone. pouvez-vous me dire quelle huile ou cr\u00e8me pourrait-on utiliser pour voir si on pourrait lui aider \u00e0 se soulager et \u00e0 diminuer l&#8217;infection. merci beaucoup. une grand-maman attentionn\u00e9e.\t\t\t<\/h5>\n\n\t\t<\/div>\n\n\t\t<div class='ewd-ufaq-clear'><\/div>\n\n\t<\/a>\n\t\n<\/div>\n\t\n\t<div class='ewd-ufaq-faq-body' >\n\n\t\t\n\t\t\t\n\t\t\n\t\t\t<div class='ewd-ufaq-post-margin ewd-ufaq-faq-post'>\n\t<p>Le mercredi 16 juillet 2014 \u00e0 09:52\u00a0Emeu Charlevoix\u00a0dit: Bonjour Mme Breault, nous sugg\u00e9rons pour votre petite fille d&#8217;utiliser avant tout l&#8217;Huile d&#8217;\u00e9meu 100% pure et d&#8217;en appliquer sur toutes les plaques d&#8217;ecz\u00e9ma; du visage jusqu&#8217;\u00e0 l&#8217;arri\u00e8re des genoux. L&#8217;id\u00e9al est d&#8217;en appliquer une petite quantit\u00e9 3 \u00e0 4 fois par jour sur les diff\u00e9rents endroits touch\u00e9s pour soulager les sympt\u00f4mes li\u00e9s \u00e0 l&#8217;ecz\u00e9ma. \u00c9galement, il est important d&#8217;utiliser un savon doux non parfum\u00e9 afin de diminuer les d\u00e9mangeaisons. Nous vous conseillons le Savon \u00e0 l&#8217;huile d&#8217;\u00e9meu pure douceur. Le matin et le soir, apr\u00e8s avoir fait l&#8217;application de l&#8217;Huile d&#8217;\u00e9meu 100% pure, appliquer le Lait hydratant corporel . L&#8217;ajout de vitamine E permet une hydratation sup\u00e9rieure et des r\u00e9sultats optimaux avec la combinaison des autres produits. Vous devriez voir des r\u00e9sultats dans les semaines qui suivent. Nous appr\u00e9cierions obtenir de vos commentaires. Merci et bonne chance \u00e0 votre petite fille.<\/p>\n<\/div>\n\t\t\n\t\t\t<div class='ewd-ufaq-faq-custom-fields'>\n\n\t\n<\/div>\n\t\t\n\t\t\t\n\t\t\n\t\t\t\n\t\t\n\t\t\t\n\t\t\n\t\t\t\n\t\t\n\t\t\t\n\t\t\n\t\t\t\n\t\t\n\t\t\t\n\t\t\n\t<\/div>\n\n<\/div>\n\t<\/div>\n\n\t\n<\/div>","protected":false},"excerpt":{"rendered":"<p>B Le mardi 15 juillet 2014 \u00e0 21:36\u00a0Fran\u00e7oise B. dit: bonjour, ma petite fille a 5 ans et elle a \u00e9t\u00e9 diagnostiqu\u00e9 exz\u00e9ma. elle en a dans le visage, sur le creux des bras, au poignet, en arri\u00e8re des genoux. on lui a presquit un ongent de cortisone. pouvez-vous me dire quelle huile ou cr\u00e8me [&#8230;]\n","protected":false},"author":1,"featured_media":0,"comment_status":"closed","ping_status":"closed","template":"","ufaq-category":[561,338,567,582],"ufaq-tag":[423,614,595],"class_list":["post-6874","ufaq","type-ufaq","status-publish","hentry","ufaq-category-100-pure-emu-oil","ufaq-category-eczema-en","ufaq-category-moisturizing-body-milk","ufaq-category-soap-pure-sweetness","ufaq-tag-huile-emeu-100pure-en","ufaq-tag-lait-hydratant-corporel-en","ufaq-tag-savon-pure-douceur-en"],"yoast_head":"<!-- This site is optimized with the Yoast SEO plugin v27.1.1 - https:\/\/yoast.com\/product\/yoast-seo-wordpress\/ -->\n<title>Le mardi 15 juillet 2014 \u00e0 21:36\u00a0Fran\u00e7oise B. dit: bonjour, ma petite fille a 5 ans et elle a \u00e9t\u00e9 diagnostiqu\u00e9 exz\u00e9ma. elle en a dans le visage, sur le creux des bras, au poignet, en arri\u00e8re des genoux. on lui a presquit un ongent de cortisone. pouvez-vous me dire quelle huile ou cr\u00e8me pourrait-on utiliser pour voir si on pourrait lui aider \u00e0 se soulager et \u00e0 diminuer l&#039;infection. merci beaucoup. une grand-maman attentionn\u00e9e. - Emeu Charlevoix<\/title>\n<meta name=\"robots\" content=\"index, follow, max-snippet:-1, max-image-preview:large, max-video-preview:-1\" \/>\n<link rel=\"canonical\" href=\"https:\/\/emeucharlevoix.com\/en\/ufaqs\/le-mardi-15-juillet-2014-a-2136-francoise-breault-dit-bonjour-ma-petite-fille-a-5-ans-et-elle-a-ete-diagnostique-exzema-elle-en-a-dans-le-visage-sur-le-creux-des-bras-au-poignet-en-ar\/\" \/>\n<meta property=\"og:locale\" content=\"en_US\" \/>\n<meta property=\"og:type\" content=\"article\" \/>\n<meta property=\"og:title\" content=\"Le mardi 15 juillet 2014 \u00e0 21:36\u00a0Fran\u00e7oise B. dit: bonjour, ma petite fille a 5 ans et elle a \u00e9t\u00e9 diagnostiqu\u00e9 exz\u00e9ma. elle en a dans le visage, sur le creux des bras, au poignet, en arri\u00e8re des genoux. on lui a presquit un ongent de cortisone. pouvez-vous me dire quelle huile ou cr\u00e8me pourrait-on utiliser pour voir si on pourrait lui aider \u00e0 se soulager et \u00e0 diminuer l&#039;infection. merci beaucoup. une grand-maman attentionn\u00e9e. - Emeu Charlevoix\" \/>\n<meta property=\"og:description\" content=\"B Le mardi 15 juillet 2014 \u00e0 21:36\u00a0Fran\u00e7oise B. dit: bonjour, ma petite fille a 5 ans et elle a \u00e9t\u00e9 diagnostiqu\u00e9 exz\u00e9ma. elle en a dans le visage, sur le creux des bras, au poignet, en arri\u00e8re des genoux. on lui a presquit un ongent de cortisone. pouvez-vous me dire quelle huile ou cr\u00e8me [...]\" \/>\n<meta property=\"og:url\" content=\"https:\/\/emeucharlevoix.com\/en\/ufaqs\/le-mardi-15-juillet-2014-a-2136-francoise-breault-dit-bonjour-ma-petite-fille-a-5-ans-et-elle-a-ete-diagnostique-exzema-elle-en-a-dans-le-visage-sur-le-creux-des-bras-au-poignet-en-ar\/\" \/>\n<meta property=\"og:site_name\" content=\"Emeu Charlevoix\" \/>\n<meta property=\"article:publisher\" content=\"https:\/\/www.facebook.com\/Emeucharlevoix\" \/>\n<meta property=\"article:modified_time\" content=\"2017-12-08T18:38:40+00:00\" \/>\n<meta name=\"twitter:card\" content=\"summary_large_image\" \/>\n<meta name=\"twitter:site\" content=\"@emeucharlevoix\" \/>\n<meta name=\"twitter:label1\" content=\"Est. reading time\" \/>\n\t<meta name=\"twitter:data1\" content=\"1 minute\" \/>\n<script type=\"application\/ld+json\" class=\"yoast-schema-graph\">{\"@context\":\"https:\/\/schema.org\",\"@graph\":[{\"@type\":[\"WebPage\",\"FAQPage\"],\"@id\":\"https:\/\/emeucharlevoix.com\/en\/ufaqs\/le-mardi-15-juillet-2014-a-2136-francoise-breault-dit-bonjour-ma-petite-fille-a-5-ans-et-elle-a-ete-diagnostique-exzema-elle-en-a-dans-le-visage-sur-le-creux-des-bras-au-poignet-en-ar\/\",\"url\":\"https:\/\/emeucharlevoix.com\/en\/ufaqs\/le-mardi-15-juillet-2014-a-2136-francoise-breault-dit-bonjour-ma-petite-fille-a-5-ans-et-elle-a-ete-diagnostique-exzema-elle-en-a-dans-le-visage-sur-le-creux-des-bras-au-poignet-en-ar\/\",\"name\":\"Le mardi 15 juillet 2014 \u00e0 21:36\u00a0Fran\u00e7oise B. dit: bonjour, ma petite fille a 5 ans et elle a \u00e9t\u00e9 diagnostiqu\u00e9 exz\u00e9ma. elle en a dans le visage, sur le creux des bras, au poignet, en arri\u00e8re des genoux. on lui a presquit un ongent de cortisone. pouvez-vous me dire quelle huile ou cr\u00e8me pourrait-on utiliser pour voir si on pourrait lui aider \u00e0 se soulager et \u00e0 diminuer l'infection. merci beaucoup. une grand-maman attentionn\u00e9e. - Emeu Charlevoix\",\"isPartOf\":{\"@id\":\"https:\/\/emeucharlevoix.com\/en\/#website\"},\"datePublished\":\"2017-09-28T21:37:14+00:00\",\"dateModified\":\"2017-12-08T18:38:40+00:00\",\"breadcrumb\":{\"@id\":\"https:\/\/emeucharlevoix.com\/en\/ufaqs\/le-mardi-15-juillet-2014-a-2136-francoise-breault-dit-bonjour-ma-petite-fille-a-5-ans-et-elle-a-ete-diagnostique-exzema-elle-en-a-dans-le-visage-sur-le-creux-des-bras-au-poignet-en-ar\/#breadcrumb\"},\"inLanguage\":\"en-CA\",\"potentialAction\":[{\"@type\":\"ReadAction\",\"target\":[\"https:\/\/emeucharlevoix.com\/en\/ufaqs\/le-mardi-15-juillet-2014-a-2136-francoise-breault-dit-bonjour-ma-petite-fille-a-5-ans-et-elle-a-ete-diagnostique-exzema-elle-en-a-dans-le-visage-sur-le-creux-des-bras-au-poignet-en-ar\/\"]}]},{\"@type\":\"BreadcrumbList\",\"@id\":\"https:\/\/emeucharlevoix.com\/en\/ufaqs\/le-mardi-15-juillet-2014-a-2136-francoise-breault-dit-bonjour-ma-petite-fille-a-5-ans-et-elle-a-ete-diagnostique-exzema-elle-en-a-dans-le-visage-sur-le-creux-des-bras-au-poignet-en-ar\/#breadcrumb\",\"itemListElement\":[{\"@type\":\"ListItem\",\"position\":1,\"name\":\"FAQs\",\"item\":\"https:\/\/emeucharlevoix.com\/en\/ufaqs\/\"},{\"@type\":\"ListItem\",\"position\":2,\"name\":\"Le mardi 15 juillet 2014 \u00e0 21:36\u00a0Fran\u00e7oise B. dit: bonjour, ma petite fille a 5 ans et elle a \u00e9t\u00e9 diagnostiqu\u00e9 exz\u00e9ma. elle en a dans le visage, sur le creux des bras, au poignet, en arri\u00e8re des genoux. on lui a presquit un ongent de cortisone. pouvez-vous me dire quelle huile ou cr\u00e8me pourrait-on utiliser pour voir si on pourrait lui aider \u00e0 se soulager et \u00e0 diminuer l&#8217;infection. merci beaucoup. une grand-maman attentionn\u00e9e.\"}]},{\"@type\":\"WebSite\",\"@id\":\"https:\/\/emeucharlevoix.com\/en\/#website\",\"url\":\"https:\/\/emeucharlevoix.com\/en\/\",\"name\":\"Emeu Charlevoix\",\"description\":\"Nature&#039;s gift to your skin\",\"publisher\":{\"@id\":\"https:\/\/emeucharlevoix.com\/en\/#organization\"},\"potentialAction\":[{\"@type\":\"SearchAction\",\"target\":{\"@type\":\"EntryPoint\",\"urlTemplate\":\"https:\/\/emeucharlevoix.com\/en\/?s={search_term_string}\"},\"query-input\":{\"@type\":\"PropertyValueSpecification\",\"valueRequired\":true,\"valueName\":\"search_term_string\"}}],\"inLanguage\":\"en-CA\"},{\"@type\":\"Organization\",\"@id\":\"https:\/\/emeucharlevoix.com\/en\/#organization\",\"name\":\"Emeu Charlevoix\",\"url\":\"https:\/\/emeucharlevoix.com\/en\/\",\"logo\":{\"@type\":\"ImageObject\",\"inLanguage\":\"en-CA\",\"@id\":\"https:\/\/emeucharlevoix.com\/en\/#\/schema\/logo\/image\/\",\"url\":\"https:\/\/emeucharlevoix.com\/wp-content\/uploads\/2017\/07\/emeu-charlevoix-top.png\",\"contentUrl\":\"https:\/\/emeucharlevoix.com\/wp-content\/uploads\/2017\/07\/emeu-charlevoix-top.png\",\"width\":288,\"height\":229,\"caption\":\"Emeu Charlevoix\"},\"image\":{\"@id\":\"https:\/\/emeucharlevoix.com\/en\/#\/schema\/logo\/image\/\"},\"sameAs\":[\"https:\/\/www.facebook.com\/Emeucharlevoix\",\"https:\/\/x.com\/emeucharlevoix\",\"https:\/\/www.youtube.com\/channel\/UCsaMSpbpc9n05S0brEVo7jg\"]}]}<\/script>\n<!-- \/ Yoast SEO plugin. -->","yoast_head_json":{"title":"Le mardi 15 juillet 2014 \u00e0 21:36\u00a0Fran\u00e7oise B. dit: bonjour, ma petite fille a 5 ans et elle a \u00e9t\u00e9 diagnostiqu\u00e9 exz\u00e9ma. elle en a dans le visage, sur le creux des bras, au poignet, en arri\u00e8re des genoux. on lui a presquit un ongent de cortisone. pouvez-vous me dire quelle huile ou cr\u00e8me pourrait-on utiliser pour voir si on pourrait lui aider \u00e0 se soulager et \u00e0 diminuer l'infection. merci beaucoup. une grand-maman attentionn\u00e9e. - Emeu Charlevoix","robots":{"index":"index","follow":"follow","max-snippet":"max-snippet:-1","max-image-preview":"max-image-preview:large","max-video-preview":"max-video-preview:-1"},"canonical":"https:\/\/emeucharlevoix.com\/en\/ufaqs\/le-mardi-15-juillet-2014-a-2136-francoise-breault-dit-bonjour-ma-petite-fille-a-5-ans-et-elle-a-ete-diagnostique-exzema-elle-en-a-dans-le-visage-sur-le-creux-des-bras-au-poignet-en-ar\/","og_locale":"en_US","og_type":"article","og_title":"Le mardi 15 juillet 2014 \u00e0 21:36\u00a0Fran\u00e7oise B. dit: bonjour, ma petite fille a 5 ans et elle a \u00e9t\u00e9 diagnostiqu\u00e9 exz\u00e9ma. elle en a dans le visage, sur le creux des bras, au poignet, en arri\u00e8re des genoux. on lui a presquit un ongent de cortisone. pouvez-vous me dire quelle huile ou cr\u00e8me pourrait-on utiliser pour voir si on pourrait lui aider \u00e0 se soulager et \u00e0 diminuer l'infection. merci beaucoup. une grand-maman attentionn\u00e9e. - Emeu Charlevoix","og_description":"B Le mardi 15 juillet 2014 \u00e0 21:36\u00a0Fran\u00e7oise B. dit: bonjour, ma petite fille a 5 ans et elle a \u00e9t\u00e9 diagnostiqu\u00e9 exz\u00e9ma. elle en a dans le visage, sur le creux des bras, au poignet, en arri\u00e8re des genoux. on lui a presquit un ongent de cortisone. pouvez-vous me dire quelle huile ou cr\u00e8me [...]","og_url":"https:\/\/emeucharlevoix.com\/en\/ufaqs\/le-mardi-15-juillet-2014-a-2136-francoise-breault-dit-bonjour-ma-petite-fille-a-5-ans-et-elle-a-ete-diagnostique-exzema-elle-en-a-dans-le-visage-sur-le-creux-des-bras-au-poignet-en-ar\/","og_site_name":"Emeu Charlevoix","article_publisher":"https:\/\/www.facebook.com\/Emeucharlevoix","article_modified_time":"2017-12-08T18:38:40+00:00","twitter_card":"summary_large_image","twitter_site":"@emeucharlevoix","twitter_misc":{"Est. reading time":"1 minute"},"schema":{"@context":"https:\/\/schema.org","@graph":[{"@type":["WebPage","FAQPage"],"@id":"https:\/\/emeucharlevoix.com\/en\/ufaqs\/le-mardi-15-juillet-2014-a-2136-francoise-breault-dit-bonjour-ma-petite-fille-a-5-ans-et-elle-a-ete-diagnostique-exzema-elle-en-a-dans-le-visage-sur-le-creux-des-bras-au-poignet-en-ar\/","url":"https:\/\/emeucharlevoix.com\/en\/ufaqs\/le-mardi-15-juillet-2014-a-2136-francoise-breault-dit-bonjour-ma-petite-fille-a-5-ans-et-elle-a-ete-diagnostique-exzema-elle-en-a-dans-le-visage-sur-le-creux-des-bras-au-poignet-en-ar\/","name":"Le mardi 15 juillet 2014 \u00e0 21:36\u00a0Fran\u00e7oise B. dit: bonjour, ma petite fille a 5 ans et elle a \u00e9t\u00e9 diagnostiqu\u00e9 exz\u00e9ma. elle en a dans le visage, sur le creux des bras, au poignet, en arri\u00e8re des genoux. on lui a presquit un ongent de cortisone. pouvez-vous me dire quelle huile ou cr\u00e8me pourrait-on utiliser pour voir si on pourrait lui aider \u00e0 se soulager et \u00e0 diminuer l'infection. merci beaucoup. une grand-maman attentionn\u00e9e. - Emeu Charlevoix","isPartOf":{"@id":"https:\/\/emeucharlevoix.com\/en\/#website"},"datePublished":"2017-09-28T21:37:14+00:00","dateModified":"2017-12-08T18:38:40+00:00","breadcrumb":{"@id":"https:\/\/emeucharlevoix.com\/en\/ufaqs\/le-mardi-15-juillet-2014-a-2136-francoise-breault-dit-bonjour-ma-petite-fille-a-5-ans-et-elle-a-ete-diagnostique-exzema-elle-en-a-dans-le-visage-sur-le-creux-des-bras-au-poignet-en-ar\/#breadcrumb"},"inLanguage":"en-CA","potentialAction":[{"@type":"ReadAction","target":["https:\/\/emeucharlevoix.com\/en\/ufaqs\/le-mardi-15-juillet-2014-a-2136-francoise-breault-dit-bonjour-ma-petite-fille-a-5-ans-et-elle-a-ete-diagnostique-exzema-elle-en-a-dans-le-visage-sur-le-creux-des-bras-au-poignet-en-ar\/"]}]},{"@type":"BreadcrumbList","@id":"https:\/\/emeucharlevoix.com\/en\/ufaqs\/le-mardi-15-juillet-2014-a-2136-francoise-breault-dit-bonjour-ma-petite-fille-a-5-ans-et-elle-a-ete-diagnostique-exzema-elle-en-a-dans-le-visage-sur-le-creux-des-bras-au-poignet-en-ar\/#breadcrumb","itemListElement":[{"@type":"ListItem","position":1,"name":"FAQs","item":"https:\/\/emeucharlevoix.com\/en\/ufaqs\/"},{"@type":"ListItem","position":2,"name":"Le mardi 15 juillet 2014 \u00e0 21:36\u00a0Fran\u00e7oise B. dit: bonjour, ma petite fille a 5 ans et elle a \u00e9t\u00e9 diagnostiqu\u00e9 exz\u00e9ma. elle en a dans le visage, sur le creux des bras, au poignet, en arri\u00e8re des genoux. on lui a presquit un ongent de cortisone. pouvez-vous me dire quelle huile ou cr\u00e8me pourrait-on utiliser pour voir si on pourrait lui aider \u00e0 se soulager et \u00e0 diminuer l&#8217;infection. merci beaucoup. une grand-maman attentionn\u00e9e."}]},{"@type":"WebSite","@id":"https:\/\/emeucharlevoix.com\/en\/#website","url":"https:\/\/emeucharlevoix.com\/en\/","name":"Emeu Charlevoix","description":"Nature&#039;s gift to your skin","publisher":{"@id":"https:\/\/emeucharlevoix.com\/en\/#organization"},"potentialAction":[{"@type":"SearchAction","target":{"@type":"EntryPoint","urlTemplate":"https:\/\/emeucharlevoix.com\/en\/?s={search_term_string}"},"query-input":{"@type":"PropertyValueSpecification","valueRequired":true,"valueName":"search_term_string"}}],"inLanguage":"en-CA"},{"@type":"Organization","@id":"https:\/\/emeucharlevoix.com\/en\/#organization","name":"Emeu Charlevoix","url":"https:\/\/emeucharlevoix.com\/en\/","logo":{"@type":"ImageObject","inLanguage":"en-CA","@id":"https:\/\/emeucharlevoix.com\/en\/#\/schema\/logo\/image\/","url":"https:\/\/emeucharlevoix.com\/wp-content\/uploads\/2017\/07\/emeu-charlevoix-top.png","contentUrl":"https:\/\/emeucharlevoix.com\/wp-content\/uploads\/2017\/07\/emeu-charlevoix-top.png","width":288,"height":229,"caption":"Emeu Charlevoix"},"image":{"@id":"https:\/\/emeucharlevoix.com\/en\/#\/schema\/logo\/image\/"},"sameAs":["https:\/\/www.facebook.com\/Emeucharlevoix","https:\/\/x.com\/emeucharlevoix","https:\/\/www.youtube.com\/channel\/UCsaMSpbpc9n05S0brEVo7jg"]}]}},"_links":{"self":[{"href":"https:\/\/emeucharlevoix.com\/en\/wp-json\/wp\/v2\/ufaq\/6874","targetHints":{"allow":["GET"]}}],"collection":[{"href":"https:\/\/emeucharlevoix.com\/en\/wp-json\/wp\/v2\/ufaq"}],"about":[{"href":"https:\/\/emeucharlevoix.com\/en\/wp-json\/wp\/v2\/types\/ufaq"}],"author":[{"embeddable":true,"href":"https:\/\/emeucharlevoix.com\/en\/wp-json\/wp\/v2\/users\/1"}],"replies":[{"embeddable":true,"href":"https:\/\/emeucharlevoix.com\/en\/wp-json\/wp\/v2\/comments?post=6874"}],"wp:attachment":[{"href":"https:\/\/emeucharlevoix.com\/en\/wp-json\/wp\/v2\/media?parent=6874"}],"wp:term":[{"taxonomy":"ufaq-category","embeddable":true,"href":"https:\/\/emeucharlevoix.com\/en\/wp-json\/wp\/v2\/ufaq-category?post=6874"},{"taxonomy":"ufaq-tag","embeddable":true,"href":"https:\/\/emeucharlevoix.com\/en\/wp-json\/wp\/v2\/ufaq-tag?post=6874"}],"curies":[{"name":"wp","href":"https:\/\/api.w.org\/{rel}","templated":true}]}}