{"id":6924,"date":"2017-09-28T17:37:10","date_gmt":"2017-09-28T21:37:10","guid":{"rendered":"https:\/\/emeucom.mywhc.ca\/ufaqs\/le-lundi-12-octobre-2015-a-1837-louise-roussel-dit-je-fais-une-dermatite-au-menton-depuis-2-mois-je-prends-de-la-metrocreme-rien-ne-fais-huile-demeu-peut-il-maider-une-reponse-s\/"},"modified":"2017-09-28T17:37:10","modified_gmt":"2017-09-28T21:37:10","slug":"le-lundi-12-octobre-2015-a-1837-louise-roussel-dit-je-fais-une-dermatite-au-menton-depuis-2-mois-je-prends-de-la-metrocreme-rien-ne-fais-huile-demeu-peut-il-maider-une-reponse-s","status":"publish","type":"ufaq","link":"https:\/\/emeucharlevoix.com\/en\/ufaqs\/le-lundi-12-octobre-2015-a-1837-louise-roussel-dit-je-fais-une-dermatite-au-menton-depuis-2-mois-je-prends-de-la-metrocreme-rien-ne-fais-huile-demeu-peut-il-maider-une-reponse-s\/","title":{"rendered":"Le lundi 12 octobre 2015 \u00e0 18:37\u00a0louise roussel\u00a0dit: je fais une dermatite au menton ..depuis 2 mois ..je prends de la metrocreme ..rien ne fais huile d&#8217;\u00e9meu peut-il m&#8217;aider .une r\u00e9ponse serais appr\u00e9ci\u00e9e.merci de m&#8217;aidern"},"content":{"rendered":"<style>.ewd-ufaq-faq-title .ewd-ufaq-post-margin-symbol span { font-size: 12px !important; }div.ewd-ufaq-faq-title h5 { font-size: 9 !important; }div.ewd-ufaq-faq-post p { font-size: 7 !important; }div.ewd-ufaq-faq-post p { color: #007680 !important; }div.ewd-ufaq-author-date { font-size: 7 !important; }div.ewd-ufaq-author-date { color: #007680 !important; }div.ewd-ufaq-faq-categories, div.ewd-ufaq-faq-tags { font-size: 7 !important; }.ufaq-faq-title h5 {\r\nfont-weight:normal;\r\nmargin:10px!important;\r\n}\r\n\r\n.ufaq-faq-body .submit {\r\ncolor:#fff;\r\n}\r\n\r\n.ufaq-faq-display-style-Minimalist {\r\nborder-bottom:1px solid #007680;\r\n}\r\n\r\n.ewd-otp-field-label {\r\nwidth:auto!important;\r\ndisplay:none;\r\n}<\/style><div  class=\"ewd-ufaq-faq-list ewd-ufaq-page-type-load_more ewd-ufaq-category-tabs-\" id='ewd-ufaq-faq-list'>\n\n\t<input type='hidden' name='show_on_load' value='' id='ewd-ufaq-show-on-load' \/>\n<input type='hidden' name='include_category' value='' id='ewd-ufaq-include-category' \/>\n<input type='hidden' name='exclude_category' value='' id='ewd-ufaq-exclude-category' \/>\n<input type='hidden' name='orderby' value='date' id='ewd-ufaq-orderby' \/>\n<input type='hidden' name='order' value='desc' id='ewd-ufaq-order' \/>\n<input type='hidden' name='post_count' value='-1' id='ewd-ufaq-post-count' \/>\n<input type='hidden' name='current_url' value='\/en\/wp-json\/wp\/v2\/ufaq\/6924' id='ewd-ufaq-current-url' \/>\n\t\n\t\n\t<div class='ewd-ufaq-faqs'>\n\n\t\t<div  class=\"ewd-ufaq-faq-div ewd-ufaq-faq-column-count-one ewd-ufaq-faq-responsive-columns- ewd-ufaq-faq-display-style-one ewd-ufaq-can-be-toggled\" id='ewd-ufaq-post-6924-cWpS73bJlM' data-post_id='6924'>\n\n\t\t\n\t<div class='ewd-ufaq-faq-title ewd-ufaq-faq-toggle'>\n\t\n\t<a class='ewd-ufaq-post-margin'  href='#' role=\"button\">\n\n\t\t<div class='ewd-ufaq-post-margin-symbol ewd-ufaq-square'>\n\t\t\t<span >B<\/span>\n\t\t<\/div>\n\n\t\t<div class='ewd-ufaq-faq-title-text'>\n\n\t\t\t<h5>\n\t\t\t\tLe lundi 12 octobre 2015 \u00e0 18:37\u00a0louise roussel\u00a0dit: je fais une dermatite au menton ..depuis 2 mois ..je prends de la metrocreme ..rien ne fais huile d&#8217;\u00e9meu peut-il m&#8217;aider .une r\u00e9ponse serais appr\u00e9ci\u00e9e.merci de m&#8217;aidern\t\t\t<\/h5>\n\n\t\t<\/div>\n\n\t\t<div class='ewd-ufaq-clear'><\/div>\n\n\t<\/a>\n\t\n<\/div>\n\t\n\t<div class='ewd-ufaq-faq-body' >\n\n\t\t\n\t\t\t\n\t\t\n\t\t\t<div class='ewd-ufaq-post-margin ewd-ufaq-faq-post'>\n\t<p>Le mardi 13 octobre 2015 \u00e0 09:01\u00a0Emeu Charlevoix\u00a0dit: Bonjour, la dermatite peri-orale (menton) se traduit par une inflammation cutan\u00e9e du visage avec des rougeurs et des petites papules qui se forment autour de la bouche. Cette maladie touche principalement les femmes entre 20 et 40 ans qui ont tendance \u00e0 avoir une peau tr\u00e8s s\u00e8che et qui surconsomme des cr\u00e8mes de visage pour y rem\u00e9dier et soulager les inconforts ; del\u00e0 une surhydratation cutan\u00e9e et un gonflement de la couche corn\u00e9e. Concernant la M\u00e9troCr\u00e8me, cet antibiotique est prescrit pour le traitement de certaines \u00e9ruptions cutan\u00e9es avec inflammation telles que la couperose, aussi appel\u00e9 \u00ab acn\u00e9 des adultes \u00bb. Cet antibiotique exerce une action qui tue les bact\u00e9ries et diminue l&#8217;inflammation, permettant d&#8217;att\u00e9nuer les sympt\u00f4mes de couperose ou de la dermatite comme l&#8217;inflammation et la rougeur de la peau. Vous devriez remarquer une am\u00e9lioration consid\u00e9rable de vos sympt\u00f4mes avec ce m\u00e9dicament entre 3 ou 4 semaines. Ce m\u00e9dicament peut tout de m\u00eame entra\u00eener des effets ind\u00e9sirables comme de l&#8217;inconfort cutan\u00e9 (sensations de br\u00fblure et de picotements), \u00e9ryth\u00e8me, irritation de la peau, prurit ou m\u00eame l&#8217;aggravation de la dermatite. Bien \u00e9videmment, il vous faudra un suivi serr\u00e9 avec votre m\u00e9decin si cela se produit. Pour votre cas, l&#8217;huile d&#8217;\u00e9meu serait une solution efficace pour \u00e9quilibrer le film hydrolipidique de la peau de votre visage. Souvenons-nous que la dermatite sur votre menton est le r\u00e9sultat d&#8217;un d\u00e9s\u00e9quilibre de ce film, nous ne vous conseillons donc de ne pas de m\u00e9langer votre traitement \u00e0 quelconque autre cr\u00e8me hydratante cosm\u00e9tique. Toutefois, \u00e9tant un produit naturel, l&#8217;option de l&#8217;Huile d&#8217;\u00e9meu 100% pure apr\u00e8s l&#8217;application de votre cr\u00e8me (lorsqu&#8217;il y a eu p\u00e9n\u00e9tration cutan\u00e9e), pourrait grandement vous aider puisque ce produit est compl\u00e8tement naturel, hydratant, anti-inflammatoire et hypoallerg\u00e9nique. Il aidera aussi votre peau \u00e0 se r\u00e9g\u00e9n\u00e9rer et \u00e0 cicatriser. Soyez \u00e9galement attentive \u00e0 votre nettoyant pour le visage ; privil\u00e9giez un savon doux comme le savon \u00e0 l&#8217;huile d&#8217;\u00e9meu par exemple. Merci et bonne journ\u00e9e.<\/p>\n<\/div>\n\t\t\n\t\t\t<div class='ewd-ufaq-faq-custom-fields'>\n\n\t\n<\/div>\n\t\t\n\t\t\t\n\t\t\n\t\t\t\n\t\t\n\t\t\t\n\t\t\n\t\t\t\n\t\t\n\t\t\t\n\t\t\n\t\t\t\n\t\t\n\t\t\t\n\t\t\n\t<\/div>\n\n<\/div>\n\t<\/div>\n\n\t\n<\/div>","protected":false},"excerpt":{"rendered":"<p>B Le lundi 12 octobre 2015 \u00e0 18:37\u00a0louise roussel\u00a0dit: je fais une dermatite au menton ..depuis 2 mois ..je prends de la metrocreme ..rien ne fais huile d&#8217;\u00e9meu peut-il m&#8217;aider .une r\u00e9ponse serais appr\u00e9ci\u00e9e.merci de m&#8217;aidern Le mardi 13 octobre 2015 \u00e0 09:01\u00a0Emeu Charlevoix\u00a0dit: Bonjour, la dermatite peri-orale (menton) se traduit par une inflammation cutan\u00e9e [&#8230;]\n","protected":false},"author":1,"featured_media":0,"comment_status":"closed","ping_status":"closed","template":"","ufaq-category":[561,551],"ufaq-tag":[423],"class_list":["post-6924","ufaq","type-ufaq","status-publish","hentry","ufaq-category-100-pure-emu-oil","ufaq-category-dermatitis-perioral","ufaq-tag-huile-emeu-100pure-en"],"yoast_head":"<!-- This site is optimized with the Yoast SEO plugin v27.1.1 - https:\/\/yoast.com\/product\/yoast-seo-wordpress\/ -->\n<title>Le lundi 12 octobre 2015 \u00e0 18:37\u00a0louise roussel\u00a0dit: je fais une dermatite au menton ..depuis 2 mois ..je prends de la metrocreme ..rien ne fais huile d&#039;\u00e9meu peut-il m&#039;aider .une r\u00e9ponse serais appr\u00e9ci\u00e9e.merci de m&#039;aidern - Emeu Charlevoix<\/title>\n<meta name=\"robots\" content=\"index, follow, max-snippet:-1, max-image-preview:large, max-video-preview:-1\" \/>\n<link rel=\"canonical\" href=\"https:\/\/emeucharlevoix.com\/en\/ufaqs\/le-lundi-12-octobre-2015-a-1837-louise-roussel-dit-je-fais-une-dermatite-au-menton-depuis-2-mois-je-prends-de-la-metrocreme-rien-ne-fais-huile-demeu-peut-il-maider-une-reponse-s\/\" \/>\n<meta property=\"og:locale\" content=\"en_US\" \/>\n<meta property=\"og:type\" content=\"article\" \/>\n<meta property=\"og:title\" content=\"Le lundi 12 octobre 2015 \u00e0 18:37\u00a0louise roussel\u00a0dit: je fais une dermatite au menton ..depuis 2 mois ..je prends de la metrocreme ..rien ne fais huile d&#039;\u00e9meu peut-il m&#039;aider .une r\u00e9ponse serais appr\u00e9ci\u00e9e.merci de m&#039;aidern - Emeu Charlevoix\" \/>\n<meta property=\"og:description\" content=\"B Le lundi 12 octobre 2015 \u00e0 18:37\u00a0louise roussel\u00a0dit: je fais une dermatite au menton ..depuis 2 mois ..je prends de la metrocreme ..rien ne fais huile d&#8217;\u00e9meu peut-il m&#8217;aider .une r\u00e9ponse serais appr\u00e9ci\u00e9e.merci de m&#8217;aidern Le mardi 13 octobre 2015 \u00e0 09:01\u00a0Emeu Charlevoix\u00a0dit: Bonjour, la dermatite peri-orale (menton) se traduit par une inflammation cutan\u00e9e [...]\" \/>\n<meta property=\"og:url\" content=\"https:\/\/emeucharlevoix.com\/en\/ufaqs\/le-lundi-12-octobre-2015-a-1837-louise-roussel-dit-je-fais-une-dermatite-au-menton-depuis-2-mois-je-prends-de-la-metrocreme-rien-ne-fais-huile-demeu-peut-il-maider-une-reponse-s\/\" \/>\n<meta property=\"og:site_name\" content=\"Emeu Charlevoix\" \/>\n<meta property=\"article:publisher\" content=\"https:\/\/www.facebook.com\/Emeucharlevoix\" \/>\n<meta name=\"twitter:card\" content=\"summary_large_image\" \/>\n<meta name=\"twitter:site\" content=\"@emeucharlevoix\" \/>\n<meta name=\"twitter:label1\" content=\"Est. reading time\" \/>\n\t<meta name=\"twitter:data1\" content=\"2 minutes\" \/>\n<script type=\"application\/ld+json\" class=\"yoast-schema-graph\">{\"@context\":\"https:\/\/schema.org\",\"@graph\":[{\"@type\":[\"WebPage\",\"FAQPage\"],\"@id\":\"https:\/\/emeucharlevoix.com\/en\/ufaqs\/le-lundi-12-octobre-2015-a-1837-louise-roussel-dit-je-fais-une-dermatite-au-menton-depuis-2-mois-je-prends-de-la-metrocreme-rien-ne-fais-huile-demeu-peut-il-maider-une-reponse-s\/\",\"url\":\"https:\/\/emeucharlevoix.com\/en\/ufaqs\/le-lundi-12-octobre-2015-a-1837-louise-roussel-dit-je-fais-une-dermatite-au-menton-depuis-2-mois-je-prends-de-la-metrocreme-rien-ne-fais-huile-demeu-peut-il-maider-une-reponse-s\/\",\"name\":\"Le lundi 12 octobre 2015 \u00e0 18:37\u00a0louise roussel\u00a0dit: je fais une dermatite au menton ..depuis 2 mois ..je prends de la metrocreme ..rien ne fais huile d'\u00e9meu peut-il m'aider .une r\u00e9ponse serais appr\u00e9ci\u00e9e.merci de m'aidern - Emeu Charlevoix\",\"isPartOf\":{\"@id\":\"https:\/\/emeucharlevoix.com\/en\/#website\"},\"datePublished\":\"2017-09-28T21:37:10+00:00\",\"breadcrumb\":{\"@id\":\"https:\/\/emeucharlevoix.com\/en\/ufaqs\/le-lundi-12-octobre-2015-a-1837-louise-roussel-dit-je-fais-une-dermatite-au-menton-depuis-2-mois-je-prends-de-la-metrocreme-rien-ne-fais-huile-demeu-peut-il-maider-une-reponse-s\/#breadcrumb\"},\"inLanguage\":\"en-CA\",\"potentialAction\":[{\"@type\":\"ReadAction\",\"target\":[\"https:\/\/emeucharlevoix.com\/en\/ufaqs\/le-lundi-12-octobre-2015-a-1837-louise-roussel-dit-je-fais-une-dermatite-au-menton-depuis-2-mois-je-prends-de-la-metrocreme-rien-ne-fais-huile-demeu-peut-il-maider-une-reponse-s\/\"]}]},{\"@type\":\"BreadcrumbList\",\"@id\":\"https:\/\/emeucharlevoix.com\/en\/ufaqs\/le-lundi-12-octobre-2015-a-1837-louise-roussel-dit-je-fais-une-dermatite-au-menton-depuis-2-mois-je-prends-de-la-metrocreme-rien-ne-fais-huile-demeu-peut-il-maider-une-reponse-s\/#breadcrumb\",\"itemListElement\":[{\"@type\":\"ListItem\",\"position\":1,\"name\":\"FAQs\",\"item\":\"https:\/\/emeucharlevoix.com\/en\/ufaqs\/\"},{\"@type\":\"ListItem\",\"position\":2,\"name\":\"Le lundi 12 octobre 2015 \u00e0 18:37\u00a0louise roussel\u00a0dit: je fais une dermatite au menton ..depuis 2 mois ..je prends de la metrocreme ..rien ne fais huile d&#8217;\u00e9meu peut-il m&#8217;aider .une r\u00e9ponse serais appr\u00e9ci\u00e9e.merci de m&#8217;aidern\"}]},{\"@type\":\"WebSite\",\"@id\":\"https:\/\/emeucharlevoix.com\/en\/#website\",\"url\":\"https:\/\/emeucharlevoix.com\/en\/\",\"name\":\"Emeu Charlevoix\",\"description\":\"Nature&#039;s gift to your skin\",\"publisher\":{\"@id\":\"https:\/\/emeucharlevoix.com\/en\/#organization\"},\"potentialAction\":[{\"@type\":\"SearchAction\",\"target\":{\"@type\":\"EntryPoint\",\"urlTemplate\":\"https:\/\/emeucharlevoix.com\/en\/?s={search_term_string}\"},\"query-input\":{\"@type\":\"PropertyValueSpecification\",\"valueRequired\":true,\"valueName\":\"search_term_string\"}}],\"inLanguage\":\"en-CA\"},{\"@type\":\"Organization\",\"@id\":\"https:\/\/emeucharlevoix.com\/en\/#organization\",\"name\":\"Emeu Charlevoix\",\"url\":\"https:\/\/emeucharlevoix.com\/en\/\",\"logo\":{\"@type\":\"ImageObject\",\"inLanguage\":\"en-CA\",\"@id\":\"https:\/\/emeucharlevoix.com\/en\/#\/schema\/logo\/image\/\",\"url\":\"https:\/\/emeucharlevoix.com\/wp-content\/uploads\/2017\/07\/emeu-charlevoix-top.png\",\"contentUrl\":\"https:\/\/emeucharlevoix.com\/wp-content\/uploads\/2017\/07\/emeu-charlevoix-top.png\",\"width\":288,\"height\":229,\"caption\":\"Emeu Charlevoix\"},\"image\":{\"@id\":\"https:\/\/emeucharlevoix.com\/en\/#\/schema\/logo\/image\/\"},\"sameAs\":[\"https:\/\/www.facebook.com\/Emeucharlevoix\",\"https:\/\/x.com\/emeucharlevoix\",\"https:\/\/www.youtube.com\/channel\/UCsaMSpbpc9n05S0brEVo7jg\"]}]}<\/script>\n<!-- \/ Yoast SEO plugin. -->","yoast_head_json":{"title":"Le lundi 12 octobre 2015 \u00e0 18:37\u00a0louise roussel\u00a0dit: je fais une dermatite au menton ..depuis 2 mois ..je prends de la metrocreme ..rien ne fais huile d'\u00e9meu peut-il m'aider .une r\u00e9ponse serais appr\u00e9ci\u00e9e.merci de m'aidern - Emeu Charlevoix","robots":{"index":"index","follow":"follow","max-snippet":"max-snippet:-1","max-image-preview":"max-image-preview:large","max-video-preview":"max-video-preview:-1"},"canonical":"https:\/\/emeucharlevoix.com\/en\/ufaqs\/le-lundi-12-octobre-2015-a-1837-louise-roussel-dit-je-fais-une-dermatite-au-menton-depuis-2-mois-je-prends-de-la-metrocreme-rien-ne-fais-huile-demeu-peut-il-maider-une-reponse-s\/","og_locale":"en_US","og_type":"article","og_title":"Le lundi 12 octobre 2015 \u00e0 18:37\u00a0louise roussel\u00a0dit: je fais une dermatite au menton ..depuis 2 mois ..je prends de la metrocreme ..rien ne fais huile d'\u00e9meu peut-il m'aider .une r\u00e9ponse serais appr\u00e9ci\u00e9e.merci de m'aidern - Emeu Charlevoix","og_description":"B Le lundi 12 octobre 2015 \u00e0 18:37\u00a0louise roussel\u00a0dit: je fais une dermatite au menton ..depuis 2 mois ..je prends de la metrocreme ..rien ne fais huile d&#8217;\u00e9meu peut-il m&#8217;aider .une r\u00e9ponse serais appr\u00e9ci\u00e9e.merci de m&#8217;aidern Le mardi 13 octobre 2015 \u00e0 09:01\u00a0Emeu Charlevoix\u00a0dit: Bonjour, la dermatite peri-orale (menton) se traduit par une inflammation cutan\u00e9e [...]","og_url":"https:\/\/emeucharlevoix.com\/en\/ufaqs\/le-lundi-12-octobre-2015-a-1837-louise-roussel-dit-je-fais-une-dermatite-au-menton-depuis-2-mois-je-prends-de-la-metrocreme-rien-ne-fais-huile-demeu-peut-il-maider-une-reponse-s\/","og_site_name":"Emeu Charlevoix","article_publisher":"https:\/\/www.facebook.com\/Emeucharlevoix","twitter_card":"summary_large_image","twitter_site":"@emeucharlevoix","twitter_misc":{"Est. reading time":"2 minutes"},"schema":{"@context":"https:\/\/schema.org","@graph":[{"@type":["WebPage","FAQPage"],"@id":"https:\/\/emeucharlevoix.com\/en\/ufaqs\/le-lundi-12-octobre-2015-a-1837-louise-roussel-dit-je-fais-une-dermatite-au-menton-depuis-2-mois-je-prends-de-la-metrocreme-rien-ne-fais-huile-demeu-peut-il-maider-une-reponse-s\/","url":"https:\/\/emeucharlevoix.com\/en\/ufaqs\/le-lundi-12-octobre-2015-a-1837-louise-roussel-dit-je-fais-une-dermatite-au-menton-depuis-2-mois-je-prends-de-la-metrocreme-rien-ne-fais-huile-demeu-peut-il-maider-une-reponse-s\/","name":"Le lundi 12 octobre 2015 \u00e0 18:37\u00a0louise roussel\u00a0dit: je fais une dermatite au menton ..depuis 2 mois ..je prends de la metrocreme ..rien ne fais huile d'\u00e9meu peut-il m'aider .une r\u00e9ponse serais appr\u00e9ci\u00e9e.merci de m'aidern - Emeu Charlevoix","isPartOf":{"@id":"https:\/\/emeucharlevoix.com\/en\/#website"},"datePublished":"2017-09-28T21:37:10+00:00","breadcrumb":{"@id":"https:\/\/emeucharlevoix.com\/en\/ufaqs\/le-lundi-12-octobre-2015-a-1837-louise-roussel-dit-je-fais-une-dermatite-au-menton-depuis-2-mois-je-prends-de-la-metrocreme-rien-ne-fais-huile-demeu-peut-il-maider-une-reponse-s\/#breadcrumb"},"inLanguage":"en-CA","potentialAction":[{"@type":"ReadAction","target":["https:\/\/emeucharlevoix.com\/en\/ufaqs\/le-lundi-12-octobre-2015-a-1837-louise-roussel-dit-je-fais-une-dermatite-au-menton-depuis-2-mois-je-prends-de-la-metrocreme-rien-ne-fais-huile-demeu-peut-il-maider-une-reponse-s\/"]}]},{"@type":"BreadcrumbList","@id":"https:\/\/emeucharlevoix.com\/en\/ufaqs\/le-lundi-12-octobre-2015-a-1837-louise-roussel-dit-je-fais-une-dermatite-au-menton-depuis-2-mois-je-prends-de-la-metrocreme-rien-ne-fais-huile-demeu-peut-il-maider-une-reponse-s\/#breadcrumb","itemListElement":[{"@type":"ListItem","position":1,"name":"FAQs","item":"https:\/\/emeucharlevoix.com\/en\/ufaqs\/"},{"@type":"ListItem","position":2,"name":"Le lundi 12 octobre 2015 \u00e0 18:37\u00a0louise roussel\u00a0dit: je fais une dermatite au menton ..depuis 2 mois ..je prends de la metrocreme ..rien ne fais huile d&#8217;\u00e9meu peut-il m&#8217;aider .une r\u00e9ponse serais appr\u00e9ci\u00e9e.merci de m&#8217;aidern"}]},{"@type":"WebSite","@id":"https:\/\/emeucharlevoix.com\/en\/#website","url":"https:\/\/emeucharlevoix.com\/en\/","name":"Emeu Charlevoix","description":"Nature&#039;s gift to your skin","publisher":{"@id":"https:\/\/emeucharlevoix.com\/en\/#organization"},"potentialAction":[{"@type":"SearchAction","target":{"@type":"EntryPoint","urlTemplate":"https:\/\/emeucharlevoix.com\/en\/?s={search_term_string}"},"query-input":{"@type":"PropertyValueSpecification","valueRequired":true,"valueName":"search_term_string"}}],"inLanguage":"en-CA"},{"@type":"Organization","@id":"https:\/\/emeucharlevoix.com\/en\/#organization","name":"Emeu Charlevoix","url":"https:\/\/emeucharlevoix.com\/en\/","logo":{"@type":"ImageObject","inLanguage":"en-CA","@id":"https:\/\/emeucharlevoix.com\/en\/#\/schema\/logo\/image\/","url":"https:\/\/emeucharlevoix.com\/wp-content\/uploads\/2017\/07\/emeu-charlevoix-top.png","contentUrl":"https:\/\/emeucharlevoix.com\/wp-content\/uploads\/2017\/07\/emeu-charlevoix-top.png","width":288,"height":229,"caption":"Emeu Charlevoix"},"image":{"@id":"https:\/\/emeucharlevoix.com\/en\/#\/schema\/logo\/image\/"},"sameAs":["https:\/\/www.facebook.com\/Emeucharlevoix","https:\/\/x.com\/emeucharlevoix","https:\/\/www.youtube.com\/channel\/UCsaMSpbpc9n05S0brEVo7jg"]}]}},"_links":{"self":[{"href":"https:\/\/emeucharlevoix.com\/en\/wp-json\/wp\/v2\/ufaq\/6924","targetHints":{"allow":["GET"]}}],"collection":[{"href":"https:\/\/emeucharlevoix.com\/en\/wp-json\/wp\/v2\/ufaq"}],"about":[{"href":"https:\/\/emeucharlevoix.com\/en\/wp-json\/wp\/v2\/types\/ufaq"}],"author":[{"embeddable":true,"href":"https:\/\/emeucharlevoix.com\/en\/wp-json\/wp\/v2\/users\/1"}],"replies":[{"embeddable":true,"href":"https:\/\/emeucharlevoix.com\/en\/wp-json\/wp\/v2\/comments?post=6924"}],"wp:attachment":[{"href":"https:\/\/emeucharlevoix.com\/en\/wp-json\/wp\/v2\/media?parent=6924"}],"wp:term":[{"taxonomy":"ufaq-category","embeddable":true,"href":"https:\/\/emeucharlevoix.com\/en\/wp-json\/wp\/v2\/ufaq-category?post=6924"},{"taxonomy":"ufaq-tag","embeddable":true,"href":"https:\/\/emeucharlevoix.com\/en\/wp-json\/wp\/v2\/ufaq-tag?post=6924"}],"curies":[{"name":"wp","href":"https:\/\/api.w.org\/{rel}","templated":true}]}}