{"id":6934,"date":"2017-09-28T17:37:09","date_gmt":"2017-09-28T21:37:09","guid":{"rendered":"https:\/\/emeucom.mywhc.ca\/ufaqs\/le-lundi-7-decembre-2015-a-0053-sonis-dit-bonjour-mon-petit-fils-de-10-mois-fait-du-sporiasis-est-ce-que-nous-pouvons-lui-mettre-du-lhuile-demu-a-cet-age-merci-sonia-morillon\/"},"modified":"2017-09-28T17:37:09","modified_gmt":"2017-09-28T21:37:09","slug":"le-lundi-7-decembre-2015-a-0053-sonis-dit-bonjour-mon-petit-fils-de-10-mois-fait-du-sporiasis-est-ce-que-nous-pouvons-lui-mettre-du-lhuile-demu-a-cet-age-merci-sonia-morillon","status":"publish","type":"ufaq","link":"https:\/\/emeucharlevoix.com\/en\/ufaqs\/le-lundi-7-decembre-2015-a-0053-sonis-dit-bonjour-mon-petit-fils-de-10-mois-fait-du-sporiasis-est-ce-que-nous-pouvons-lui-mettre-du-lhuile-demu-a-cet-age-merci-sonia-morillon\/","title":{"rendered":"Le lundi 7 d\u00e9cembre 2015 \u00e0 00:53\u00a0Sonis\u00a0dit: Bonjour, Mon petit fils de 10 mois fait du sporiasis Est-ce que nous pouvons lui mettre du l&#8217;huile d&#8217;\u00e9mu \u00e0 cet \u00e2ge? merci, Sonia Morillon"},"content":{"rendered":"<style>.ewd-ufaq-faq-title .ewd-ufaq-post-margin-symbol span { font-size: 12px !important; }div.ewd-ufaq-faq-title h5 { font-size: 9 !important; }div.ewd-ufaq-faq-post p { font-size: 7 !important; }div.ewd-ufaq-faq-post p { color: #007680 !important; }div.ewd-ufaq-author-date { font-size: 7 !important; }div.ewd-ufaq-author-date { color: #007680 !important; }div.ewd-ufaq-faq-categories, div.ewd-ufaq-faq-tags { font-size: 7 !important; }.ufaq-faq-title h5 {\r\nfont-weight:normal;\r\nmargin:10px!important;\r\n}\r\n\r\n.ufaq-faq-body .submit {\r\ncolor:#fff;\r\n}\r\n\r\n.ufaq-faq-display-style-Minimalist {\r\nborder-bottom:1px solid #007680;\r\n}\r\n\r\n.ewd-otp-field-label {\r\nwidth:auto!important;\r\ndisplay:none;\r\n}<\/style><div  class=\"ewd-ufaq-faq-list ewd-ufaq-page-type-load_more ewd-ufaq-category-tabs-\" id='ewd-ufaq-faq-list'>\n\n\t<input type='hidden' name='show_on_load' value='' id='ewd-ufaq-show-on-load' \/>\n<input type='hidden' name='include_category' value='' id='ewd-ufaq-include-category' \/>\n<input type='hidden' name='exclude_category' value='' id='ewd-ufaq-exclude-category' \/>\n<input type='hidden' name='orderby' value='date' id='ewd-ufaq-orderby' \/>\n<input type='hidden' name='order' value='desc' id='ewd-ufaq-order' \/>\n<input type='hidden' name='post_count' value='-1' id='ewd-ufaq-post-count' \/>\n<input type='hidden' name='current_url' value='\/en\/wp-json\/wp\/v2\/ufaq\/6934' id='ewd-ufaq-current-url' \/>\n\t\n\t\n\t<div class='ewd-ufaq-faqs'>\n\n\t\t<div  class=\"ewd-ufaq-faq-div ewd-ufaq-faq-column-count-one ewd-ufaq-faq-responsive-columns- ewd-ufaq-faq-display-style-one ewd-ufaq-can-be-toggled\" id='ewd-ufaq-post-6934-tseW6nnup5' data-post_id='6934'>\n\n\t\t\n\t<div class='ewd-ufaq-faq-title ewd-ufaq-faq-toggle'>\n\t\n\t<a class='ewd-ufaq-post-margin'  href='#' role=\"button\">\n\n\t\t<div class='ewd-ufaq-post-margin-symbol ewd-ufaq-square'>\n\t\t\t<span >B<\/span>\n\t\t<\/div>\n\n\t\t<div class='ewd-ufaq-faq-title-text'>\n\n\t\t\t<h5>\n\t\t\t\tLe lundi 7 d\u00e9cembre 2015 \u00e0 00:53\u00a0Sonis\u00a0dit: Bonjour, Mon petit fils de 10 mois fait du sporiasis Est-ce que nous pouvons lui mettre du l&#8217;huile d&#8217;\u00e9mu \u00e0 cet \u00e2ge? merci, Sonia Morillon\t\t\t<\/h5>\n\n\t\t<\/div>\n\n\t\t<div class='ewd-ufaq-clear'><\/div>\n\n\t<\/a>\n\t\n<\/div>\n\t\n\t<div class='ewd-ufaq-faq-body' >\n\n\t\t\n\t\t\t\n\t\t\n\t\t\t<div class='ewd-ufaq-post-margin ewd-ufaq-faq-post'>\n\t<p>Le lundi 7 d\u00e9cembre 2015 \u00e0 21:02\u00a0Emeu Charlevoix\u00a0dit: Bonjour, vous pouvez appliquer de l&#8217;Huile d&#8217;\u00e9meu sur votre petit fils de 10 mois. L\u2019Huile d\u2019\u00e9meu 100 % pure aide beaucoup pour le psoriasis. C\u2019est une huile s\u00e8che qui p\u00e9n\u00e8tre en profondeur, elle hydrate, aide \u00e0 r\u00e9g\u00e9n\u00e9rer la peau. Cette huile est plus aidante lorsqu&#8217;elle est appliqu\u00e9e en petite quantit\u00e9 et ce, sur une base quotidienne ( 2 \u00e0 3 fois\/ jour). Nous vous conseillons \u00e9galement le pain de savon \u00e0 l&#8217;huile d&#8217;\u00c9meu et lait de ch\u00e8vre pure Douceur ( tout \u00e0 fait naturel, inodore et enrichi de Vitamine E). Il mousse bien sans laisser de r\u00e9sidus sur la peau, hydrate bien la peau et surtout ne donne pas de d\u00e9mangeaisons. C&#8217;est le pain de savon recommand\u00e9 pour les b\u00e9b\u00e9s naissants et pour les personnes intol\u00e9rantes au parfum ou pr\u00e9sentant une peau tr\u00e8s sensible. C\u2019est un bon compl\u00e9ment \u00e0 l\u2019utilisation de l\u2019huile d\u2019\u00e9meu pour aider la peau \u00e0 se r\u00e9g\u00e9n\u00e9rer. Nous vous invitons \u00e0 lire sur notre site la pastille concernant le psoriasis :\u00a0http:\/\/emeucharlevoix.com\/corporatif\/l-huile-d-emeu-et-le-psoriasis-fr48.html. Merci et bonne journ\u00e9e !<\/p>\n<\/div>\n\t\t\n\t\t\t<div class='ewd-ufaq-faq-custom-fields'>\n\n\t\n<\/div>\n\t\t\n\t\t\t\n\t\t\n\t\t\t\n\t\t\n\t\t\t\n\t\t\n\t\t\t\n\t\t\n\t\t\t\n\t\t\n\t\t\t\n\t\t\n\t\t\t\n\t\t\n\t<\/div>\n\n<\/div>\n\t<\/div>\n\n\t\n<\/div>","protected":false},"excerpt":{"rendered":"<p>B Le lundi 7 d\u00e9cembre 2015 \u00e0 00:53\u00a0Sonis\u00a0dit: Bonjour, Mon petit fils de 10 mois fait du sporiasis Est-ce que nous pouvons lui mettre du l&#8217;huile d&#8217;\u00e9mu \u00e0 cet \u00e2ge? merci, Sonia Morillon Le lundi 7 d\u00e9cembre 2015 \u00e0 21:02\u00a0Emeu Charlevoix\u00a0dit: Bonjour, vous pouvez appliquer de l&#8217;Huile d&#8217;\u00e9meu sur votre petit fils de 10 mois. [&#8230;]\n","protected":false},"author":1,"featured_media":0,"comment_status":"closed","ping_status":"closed","template":"","ufaq-category":[561,425],"ufaq-tag":[423],"class_list":["post-6934","ufaq","type-ufaq","status-publish","hentry","ufaq-category-100-pure-emu-oil","ufaq-category-psoriasis-en","ufaq-tag-huile-emeu-100pure-en"],"yoast_head":"<!-- This site is optimized with the Yoast SEO plugin v27.1.1 - https:\/\/yoast.com\/product\/yoast-seo-wordpress\/ -->\n<title>Le lundi 7 d\u00e9cembre 2015 \u00e0 00:53\u00a0Sonis\u00a0dit: Bonjour, Mon petit fils de 10 mois fait du sporiasis Est-ce que nous pouvons lui mettre du l&#039;huile d&#039;\u00e9mu \u00e0 cet \u00e2ge? merci, Sonia Morillon - Emeu Charlevoix<\/title>\n<meta name=\"robots\" content=\"index, follow, max-snippet:-1, max-image-preview:large, max-video-preview:-1\" \/>\n<link rel=\"canonical\" href=\"https:\/\/emeucharlevoix.com\/en\/ufaqs\/le-lundi-7-decembre-2015-a-0053-sonis-dit-bonjour-mon-petit-fils-de-10-mois-fait-du-sporiasis-est-ce-que-nous-pouvons-lui-mettre-du-lhuile-demu-a-cet-age-merci-sonia-morillon\/\" \/>\n<meta property=\"og:locale\" content=\"en_US\" \/>\n<meta property=\"og:type\" content=\"article\" \/>\n<meta property=\"og:title\" content=\"Le lundi 7 d\u00e9cembre 2015 \u00e0 00:53\u00a0Sonis\u00a0dit: Bonjour, Mon petit fils de 10 mois fait du sporiasis Est-ce que nous pouvons lui mettre du l&#039;huile d&#039;\u00e9mu \u00e0 cet \u00e2ge? merci, Sonia Morillon - Emeu Charlevoix\" \/>\n<meta property=\"og:description\" content=\"B Le lundi 7 d\u00e9cembre 2015 \u00e0 00:53\u00a0Sonis\u00a0dit: Bonjour, Mon petit fils de 10 mois fait du sporiasis Est-ce que nous pouvons lui mettre du l&#8217;huile d&#8217;\u00e9mu \u00e0 cet \u00e2ge? merci, Sonia Morillon Le lundi 7 d\u00e9cembre 2015 \u00e0 21:02\u00a0Emeu Charlevoix\u00a0dit: Bonjour, vous pouvez appliquer de l&#8217;Huile d&#8217;\u00e9meu sur votre petit fils de 10 mois. [...]\" \/>\n<meta property=\"og:url\" content=\"https:\/\/emeucharlevoix.com\/en\/ufaqs\/le-lundi-7-decembre-2015-a-0053-sonis-dit-bonjour-mon-petit-fils-de-10-mois-fait-du-sporiasis-est-ce-que-nous-pouvons-lui-mettre-du-lhuile-demu-a-cet-age-merci-sonia-morillon\/\" \/>\n<meta property=\"og:site_name\" content=\"Emeu Charlevoix\" \/>\n<meta property=\"article:publisher\" content=\"https:\/\/www.facebook.com\/Emeucharlevoix\" \/>\n<meta name=\"twitter:card\" content=\"summary_large_image\" \/>\n<meta name=\"twitter:site\" content=\"@emeucharlevoix\" \/>\n<meta name=\"twitter:label1\" content=\"Est. reading time\" \/>\n\t<meta name=\"twitter:data1\" content=\"1 minute\" \/>\n<script type=\"application\/ld+json\" class=\"yoast-schema-graph\">{\"@context\":\"https:\/\/schema.org\",\"@graph\":[{\"@type\":[\"WebPage\",\"FAQPage\"],\"@id\":\"https:\/\/emeucharlevoix.com\/en\/ufaqs\/le-lundi-7-decembre-2015-a-0053-sonis-dit-bonjour-mon-petit-fils-de-10-mois-fait-du-sporiasis-est-ce-que-nous-pouvons-lui-mettre-du-lhuile-demu-a-cet-age-merci-sonia-morillon\/\",\"url\":\"https:\/\/emeucharlevoix.com\/en\/ufaqs\/le-lundi-7-decembre-2015-a-0053-sonis-dit-bonjour-mon-petit-fils-de-10-mois-fait-du-sporiasis-est-ce-que-nous-pouvons-lui-mettre-du-lhuile-demu-a-cet-age-merci-sonia-morillon\/\",\"name\":\"Le lundi 7 d\u00e9cembre 2015 \u00e0 00:53\u00a0Sonis\u00a0dit: Bonjour, Mon petit fils de 10 mois fait du sporiasis Est-ce que nous pouvons lui mettre du l'huile d'\u00e9mu \u00e0 cet \u00e2ge? merci, Sonia Morillon - Emeu Charlevoix\",\"isPartOf\":{\"@id\":\"https:\/\/emeucharlevoix.com\/en\/#website\"},\"datePublished\":\"2017-09-28T21:37:09+00:00\",\"breadcrumb\":{\"@id\":\"https:\/\/emeucharlevoix.com\/en\/ufaqs\/le-lundi-7-decembre-2015-a-0053-sonis-dit-bonjour-mon-petit-fils-de-10-mois-fait-du-sporiasis-est-ce-que-nous-pouvons-lui-mettre-du-lhuile-demu-a-cet-age-merci-sonia-morillon\/#breadcrumb\"},\"inLanguage\":\"en-CA\",\"potentialAction\":[{\"@type\":\"ReadAction\",\"target\":[\"https:\/\/emeucharlevoix.com\/en\/ufaqs\/le-lundi-7-decembre-2015-a-0053-sonis-dit-bonjour-mon-petit-fils-de-10-mois-fait-du-sporiasis-est-ce-que-nous-pouvons-lui-mettre-du-lhuile-demu-a-cet-age-merci-sonia-morillon\/\"]}]},{\"@type\":\"BreadcrumbList\",\"@id\":\"https:\/\/emeucharlevoix.com\/en\/ufaqs\/le-lundi-7-decembre-2015-a-0053-sonis-dit-bonjour-mon-petit-fils-de-10-mois-fait-du-sporiasis-est-ce-que-nous-pouvons-lui-mettre-du-lhuile-demu-a-cet-age-merci-sonia-morillon\/#breadcrumb\",\"itemListElement\":[{\"@type\":\"ListItem\",\"position\":1,\"name\":\"FAQs\",\"item\":\"https:\/\/emeucharlevoix.com\/en\/ufaqs\/\"},{\"@type\":\"ListItem\",\"position\":2,\"name\":\"Le lundi 7 d\u00e9cembre 2015 \u00e0 00:53\u00a0Sonis\u00a0dit: Bonjour, Mon petit fils de 10 mois fait du sporiasis Est-ce que nous pouvons lui mettre du l&#8217;huile d&#8217;\u00e9mu \u00e0 cet \u00e2ge? merci, Sonia Morillon\"}]},{\"@type\":\"WebSite\",\"@id\":\"https:\/\/emeucharlevoix.com\/en\/#website\",\"url\":\"https:\/\/emeucharlevoix.com\/en\/\",\"name\":\"Emeu Charlevoix\",\"description\":\"Nature&#039;s gift to your skin\",\"publisher\":{\"@id\":\"https:\/\/emeucharlevoix.com\/en\/#organization\"},\"potentialAction\":[{\"@type\":\"SearchAction\",\"target\":{\"@type\":\"EntryPoint\",\"urlTemplate\":\"https:\/\/emeucharlevoix.com\/en\/?s={search_term_string}\"},\"query-input\":{\"@type\":\"PropertyValueSpecification\",\"valueRequired\":true,\"valueName\":\"search_term_string\"}}],\"inLanguage\":\"en-CA\"},{\"@type\":\"Organization\",\"@id\":\"https:\/\/emeucharlevoix.com\/en\/#organization\",\"name\":\"Emeu Charlevoix\",\"url\":\"https:\/\/emeucharlevoix.com\/en\/\",\"logo\":{\"@type\":\"ImageObject\",\"inLanguage\":\"en-CA\",\"@id\":\"https:\/\/emeucharlevoix.com\/en\/#\/schema\/logo\/image\/\",\"url\":\"https:\/\/emeucharlevoix.com\/wp-content\/uploads\/2017\/07\/emeu-charlevoix-top.png\",\"contentUrl\":\"https:\/\/emeucharlevoix.com\/wp-content\/uploads\/2017\/07\/emeu-charlevoix-top.png\",\"width\":288,\"height\":229,\"caption\":\"Emeu Charlevoix\"},\"image\":{\"@id\":\"https:\/\/emeucharlevoix.com\/en\/#\/schema\/logo\/image\/\"},\"sameAs\":[\"https:\/\/www.facebook.com\/Emeucharlevoix\",\"https:\/\/x.com\/emeucharlevoix\",\"https:\/\/www.youtube.com\/channel\/UCsaMSpbpc9n05S0brEVo7jg\"]}]}<\/script>\n<!-- \/ Yoast SEO plugin. -->","yoast_head_json":{"title":"Le lundi 7 d\u00e9cembre 2015 \u00e0 00:53\u00a0Sonis\u00a0dit: Bonjour, Mon petit fils de 10 mois fait du sporiasis Est-ce que nous pouvons lui mettre du l'huile d'\u00e9mu \u00e0 cet \u00e2ge? merci, Sonia Morillon - Emeu Charlevoix","robots":{"index":"index","follow":"follow","max-snippet":"max-snippet:-1","max-image-preview":"max-image-preview:large","max-video-preview":"max-video-preview:-1"},"canonical":"https:\/\/emeucharlevoix.com\/en\/ufaqs\/le-lundi-7-decembre-2015-a-0053-sonis-dit-bonjour-mon-petit-fils-de-10-mois-fait-du-sporiasis-est-ce-que-nous-pouvons-lui-mettre-du-lhuile-demu-a-cet-age-merci-sonia-morillon\/","og_locale":"en_US","og_type":"article","og_title":"Le lundi 7 d\u00e9cembre 2015 \u00e0 00:53\u00a0Sonis\u00a0dit: Bonjour, Mon petit fils de 10 mois fait du sporiasis Est-ce que nous pouvons lui mettre du l'huile d'\u00e9mu \u00e0 cet \u00e2ge? merci, Sonia Morillon - Emeu Charlevoix","og_description":"B Le lundi 7 d\u00e9cembre 2015 \u00e0 00:53\u00a0Sonis\u00a0dit: Bonjour, Mon petit fils de 10 mois fait du sporiasis Est-ce que nous pouvons lui mettre du l&#8217;huile d&#8217;\u00e9mu \u00e0 cet \u00e2ge? merci, Sonia Morillon Le lundi 7 d\u00e9cembre 2015 \u00e0 21:02\u00a0Emeu Charlevoix\u00a0dit: Bonjour, vous pouvez appliquer de l&#8217;Huile d&#8217;\u00e9meu sur votre petit fils de 10 mois. [...]","og_url":"https:\/\/emeucharlevoix.com\/en\/ufaqs\/le-lundi-7-decembre-2015-a-0053-sonis-dit-bonjour-mon-petit-fils-de-10-mois-fait-du-sporiasis-est-ce-que-nous-pouvons-lui-mettre-du-lhuile-demu-a-cet-age-merci-sonia-morillon\/","og_site_name":"Emeu Charlevoix","article_publisher":"https:\/\/www.facebook.com\/Emeucharlevoix","twitter_card":"summary_large_image","twitter_site":"@emeucharlevoix","twitter_misc":{"Est. reading time":"1 minute"},"schema":{"@context":"https:\/\/schema.org","@graph":[{"@type":["WebPage","FAQPage"],"@id":"https:\/\/emeucharlevoix.com\/en\/ufaqs\/le-lundi-7-decembre-2015-a-0053-sonis-dit-bonjour-mon-petit-fils-de-10-mois-fait-du-sporiasis-est-ce-que-nous-pouvons-lui-mettre-du-lhuile-demu-a-cet-age-merci-sonia-morillon\/","url":"https:\/\/emeucharlevoix.com\/en\/ufaqs\/le-lundi-7-decembre-2015-a-0053-sonis-dit-bonjour-mon-petit-fils-de-10-mois-fait-du-sporiasis-est-ce-que-nous-pouvons-lui-mettre-du-lhuile-demu-a-cet-age-merci-sonia-morillon\/","name":"Le lundi 7 d\u00e9cembre 2015 \u00e0 00:53\u00a0Sonis\u00a0dit: Bonjour, Mon petit fils de 10 mois fait du sporiasis Est-ce que nous pouvons lui mettre du l'huile d'\u00e9mu \u00e0 cet \u00e2ge? merci, Sonia Morillon - Emeu Charlevoix","isPartOf":{"@id":"https:\/\/emeucharlevoix.com\/en\/#website"},"datePublished":"2017-09-28T21:37:09+00:00","breadcrumb":{"@id":"https:\/\/emeucharlevoix.com\/en\/ufaqs\/le-lundi-7-decembre-2015-a-0053-sonis-dit-bonjour-mon-petit-fils-de-10-mois-fait-du-sporiasis-est-ce-que-nous-pouvons-lui-mettre-du-lhuile-demu-a-cet-age-merci-sonia-morillon\/#breadcrumb"},"inLanguage":"en-CA","potentialAction":[{"@type":"ReadAction","target":["https:\/\/emeucharlevoix.com\/en\/ufaqs\/le-lundi-7-decembre-2015-a-0053-sonis-dit-bonjour-mon-petit-fils-de-10-mois-fait-du-sporiasis-est-ce-que-nous-pouvons-lui-mettre-du-lhuile-demu-a-cet-age-merci-sonia-morillon\/"]}]},{"@type":"BreadcrumbList","@id":"https:\/\/emeucharlevoix.com\/en\/ufaqs\/le-lundi-7-decembre-2015-a-0053-sonis-dit-bonjour-mon-petit-fils-de-10-mois-fait-du-sporiasis-est-ce-que-nous-pouvons-lui-mettre-du-lhuile-demu-a-cet-age-merci-sonia-morillon\/#breadcrumb","itemListElement":[{"@type":"ListItem","position":1,"name":"FAQs","item":"https:\/\/emeucharlevoix.com\/en\/ufaqs\/"},{"@type":"ListItem","position":2,"name":"Le lundi 7 d\u00e9cembre 2015 \u00e0 00:53\u00a0Sonis\u00a0dit: Bonjour, Mon petit fils de 10 mois fait du sporiasis Est-ce que nous pouvons lui mettre du l&#8217;huile d&#8217;\u00e9mu \u00e0 cet \u00e2ge? merci, Sonia Morillon"}]},{"@type":"WebSite","@id":"https:\/\/emeucharlevoix.com\/en\/#website","url":"https:\/\/emeucharlevoix.com\/en\/","name":"Emeu Charlevoix","description":"Nature&#039;s gift to your skin","publisher":{"@id":"https:\/\/emeucharlevoix.com\/en\/#organization"},"potentialAction":[{"@type":"SearchAction","target":{"@type":"EntryPoint","urlTemplate":"https:\/\/emeucharlevoix.com\/en\/?s={search_term_string}"},"query-input":{"@type":"PropertyValueSpecification","valueRequired":true,"valueName":"search_term_string"}}],"inLanguage":"en-CA"},{"@type":"Organization","@id":"https:\/\/emeucharlevoix.com\/en\/#organization","name":"Emeu Charlevoix","url":"https:\/\/emeucharlevoix.com\/en\/","logo":{"@type":"ImageObject","inLanguage":"en-CA","@id":"https:\/\/emeucharlevoix.com\/en\/#\/schema\/logo\/image\/","url":"https:\/\/emeucharlevoix.com\/wp-content\/uploads\/2017\/07\/emeu-charlevoix-top.png","contentUrl":"https:\/\/emeucharlevoix.com\/wp-content\/uploads\/2017\/07\/emeu-charlevoix-top.png","width":288,"height":229,"caption":"Emeu Charlevoix"},"image":{"@id":"https:\/\/emeucharlevoix.com\/en\/#\/schema\/logo\/image\/"},"sameAs":["https:\/\/www.facebook.com\/Emeucharlevoix","https:\/\/x.com\/emeucharlevoix","https:\/\/www.youtube.com\/channel\/UCsaMSpbpc9n05S0brEVo7jg"]}]}},"_links":{"self":[{"href":"https:\/\/emeucharlevoix.com\/en\/wp-json\/wp\/v2\/ufaq\/6934","targetHints":{"allow":["GET"]}}],"collection":[{"href":"https:\/\/emeucharlevoix.com\/en\/wp-json\/wp\/v2\/ufaq"}],"about":[{"href":"https:\/\/emeucharlevoix.com\/en\/wp-json\/wp\/v2\/types\/ufaq"}],"author":[{"embeddable":true,"href":"https:\/\/emeucharlevoix.com\/en\/wp-json\/wp\/v2\/users\/1"}],"replies":[{"embeddable":true,"href":"https:\/\/emeucharlevoix.com\/en\/wp-json\/wp\/v2\/comments?post=6934"}],"wp:attachment":[{"href":"https:\/\/emeucharlevoix.com\/en\/wp-json\/wp\/v2\/media?parent=6934"}],"wp:term":[{"taxonomy":"ufaq-category","embeddable":true,"href":"https:\/\/emeucharlevoix.com\/en\/wp-json\/wp\/v2\/ufaq-category?post=6934"},{"taxonomy":"ufaq-tag","embeddable":true,"href":"https:\/\/emeucharlevoix.com\/en\/wp-json\/wp\/v2\/ufaq-tag?post=6934"}],"curies":[{"name":"wp","href":"https:\/\/api.w.org\/{rel}","templated":true}]}}